{"id":41226,"date":"2023-12-13T15:32:01","date_gmt":"2023-12-13T15:32:01","guid":{"rendered":"https:\/\/discoverdouro.digiupdev.com\/municipio\/torre-de-moncorvo"},"modified":"2024-04-03T11:50:11","modified_gmt":"2024-04-03T10:50:11","slug":"torre-de-moncorvo","status":"publish","type":"municipio","link":"https:\/\/discoverdouro.pt\/en\/municipio\/torre-de-moncorvo","title":{"rendered":"Torre de Moncorvo"},"content":{"rendered":"\t\t<div data-elementor-type=\"wp-post\" data-elementor-id=\"41226\" class=\"elementor elementor-41226 elementor-40656\" data-elementor-post-type=\"municipio\">\n\t\t\t\t\t\t<section class=\"elementor-section elementor-top-section elementor-element elementor-element-be643b7 elementor-section-stretched elementor-section-boxed elementor-section-height-default elementor-section-height-default\" data-id=\"be643b7\" data-element_type=\"section\" data-settings=\"{&quot;stretch_section&quot;:&quot;section-stretched&quot;,&quot;background_background&quot;:&quot;classic&quot;}\">\n\t\t\t\t\t\t\t<div class=\"elementor-background-overlay\"><\/div>\n\t\t\t\t\t\t\t<div class=\"elementor-container elementor-column-gap-default\">\n\t\t\t\t\t<div class=\"elementor-column elementor-col-100 elementor-top-column elementor-element elementor-element-cde8fbd\" data-id=\"cde8fbd\" data-element_type=\"column\">\n\t\t\t<div class=\"elementor-widget-wrap elementor-element-populated\">\n\t\t\t\t\t\t\t<\/div>\n\t\t<\/div>\n\t\t\t\t\t<\/div>\n\t\t<\/section>\n\t\t<div class=\"elementor-element elementor-element-ac459af e-flex e-con-boxed e-con e-parent\" data-id=\"ac459af\" data-element_type=\"container\">\n\t\t\t\t\t<div class=\"e-con-inner\">\n\t\t<div class=\"elementor-element elementor-element-4fb31d3 e-con-full e-flex e-con e-child\" data-id=\"4fb31d3\" data-element_type=\"container\">\n\t\t\t\t<div class=\"elementor-element elementor-element-3a9739b elementor-widget elementor-widget-text-editor\" data-id=\"3a9739b\" data-element_type=\"widget\" data-widget_type=\"text-editor.default\">\n\t\t\t\t<div class=\"elementor-widget-container\">\n\t\t\t\t\t\t\t\t\t<p>The municipality of Torre de Moncorvo is located in the north-east of Tr\u00e1s-os-Montes in the south of the Bragan\u00e7a district, bordered to the north by Alf\u00e2ndega da F\u00e9, to the north-east by Mogadouro, to the north-west by Vila Flor, and to the south and south-west by Vila Nova de Foz-C\u00f4a and Freixo de Espada-\u00e0-Cinta, respectively.<\/p><p>This municipality is currently part of the Douro Intermunicipal Community, whose headquarters are in Vila Real, with a delegation in Lamego and another in Torre de Moncorvo.<\/p><p>At an altitude of around 400 meters, halfway up the Serra do Reboredo, close to the border with Spain, at the confluence of the Sabor and Douro rivers, which are a hallmark of the municipality, as is the Vilari\u00e7a valley, it covers an area of 532 km2, spread over thirteen parishes. A large area of the municipality belongs to the so-called Douro Demarcated Region and, to a small extent, to the UNESCO World Heritage Site. Being a predominantly rural municipality, its main crops are olive trees, almond trees and vines, which, together with pastoralism, define the main aspects of its agricultural identity. Torre de Moncorvo is a town that is surprising for the diversity of its heritage: Architectural, Archaeological, Natural, Geological, Industrial, Gastronomic.<\/p><p>A stroll through the historic center, with its architectural legacies, manor houses, the minor Basilica N. Sra. d&#8217;Assun\u00e7\u00e3o, chapels, fountains, leaps from the past to embrace the present and the imagination of those seeking an encounter with culture and identity.<\/p><p>These are good reasons for you to get to know and enjoy all the potential that the municipality of Torre de Moncorvo has to offer. Because in Torre de Moncorvo, we are waiting for you 365 days a week!<\/p>\t\t\t\t\t\t\t\t<\/div>\n\t\t\t\t<\/div>\n\t\t\t\t<div class=\"elementor-element elementor-element-6f73901 elementor-widget elementor-widget-video\" data-id=\"6f73901\" data-element_type=\"widget\" data-settings=\"{&quot;youtube_url&quot;:&quot;https:\\\/\\\/youtu.be\\\/nqDq4GQ6R0E&quot;,&quot;modestbranding&quot;:&quot;yes&quot;,&quot;yt_privacy&quot;:&quot;yes&quot;,&quot;lazy_load&quot;:&quot;yes&quot;,&quot;video_type&quot;:&quot;youtube&quot;,&quot;controls&quot;:&quot;yes&quot;}\" data-widget_type=\"video.default\">\n\t\t\t\t<div class=\"elementor-widget-container\">\n\t\t\t\t\t\t\t<div class=\"elementor-wrapper elementor-open-inline\">\n\t\t\t<div class=\"elementor-video\"><\/div>\t\t<\/div>\n\t\t\t\t\t\t<\/div>\n\t\t\t\t<\/div>\n\t\t\t\t<div class=\"elementor-element elementor-element-7d289c1 elementor-widget elementor-widget-shortcode\" data-id=\"7d289c1\" data-element_type=\"widget\" data-widget_type=\"shortcode.default\">\n\t\t\t\t<div class=\"elementor-widget-container\">\n\t\t\t\t\t\t\t<div class=\"elementor-shortcode\">      \n\n\n\n    <div class=\"icons\">\n\n        <div class=\"single_icon\">\n            <a href=\"\/onde-comer?mun=645117c9e8f4278a169127ba\">\n                <img decoding=\"async\" src=\"\/wp-content\/uploads\/2024\/01\/comer-2.png\">\n                <p class=\"title_icon\">Where to eat<\/p>\n            <\/a>\n        <\/div>\n        <div class=\"single_icon\">\n            <a href=\"\/onde-dormir?mun=645117c9e8f4278a169127ba\">\n                <img decoding=\"async\" src=\"\/wp-content\/uploads\/2024\/01\/dormir-2.png\">\n                <p class=\"title_icon\">Where to sleep<\/p>\n            <\/a>\n        <\/div>\n        <div class=\"single_icon\">\n            <a href=\"\/o-que-visitar?mun=645117c9e8f4278a169127ba\">\n                <img decoding=\"async\" src=\"\/wp-content\/uploads\/2024\/01\/patrimonio-2.png\">\n                <p class=\"title_icon\">What to see<\/p>\n            <\/a>\n        <\/div>\n        <div class=\"single_icon\">\n            <a href=\"\/onde-se-divertir?mun=645117c9e8f4278a169127ba\">\n                <img decoding=\"async\" src=\"\/wp-content\/uploads\/2024\/01\/Onde-se-Divertir-3.png\">\n                <p class=\"title_icon\">Where to have fun<\/p>\n            <\/a>\n        <\/div>\n        <div class=\"single_icon\">\n            <a href=\"\/itinerarios-municipio?mun=torre-moncorvo\">\n                <img decoding=\"async\" src=\"\/wp-content\/uploads\/2024\/02\/itinerarios.png\">\n                <p class=\"title_icon\">Itineraries<\/p>\n            <\/a>\n        <\/div>\n    \n    <\/div>     \n\n    <style>\n\n        .icons {\n            display: flex;\n            gap: 30px;\n        }\n\n        .single_icon {\n            text-align: center;\n        }\n\n        .icons img {\n            width: 58px !important;\n        }\n\n        p.title_icon {\n            margin: 32px 0 0;\n            color: #384B98;\n            font-size: 16px;\n            font-weight: 500;\n            text-transform: capitalize;\n            line-height: 42px;\n            word-wrap: break-word;\n        }\n\n        @media only screen and (max-width: 768px) {\n\n            .icons {\n                display: flex;\n                gap: 10px;\n            }\n\n            p.title_icon {\n                margin: 25px 0 0;\n                font-size: 12px;\n            }\n\n            .single_icon img {\n                width: 48px !important;\n                height: 48px;\n            }\n\n        }\n\n\n\n\n    <\/style>\n\n    <\/div>\n\t\t\t\t\t\t<\/div>\n\t\t\t\t<\/div>\n\t\t\t\t<\/div>\n\t\t<div class=\"elementor-element elementor-element-379822f e-con-full e-flex e-con e-child\" data-id=\"379822f\" data-element_type=\"container\">\n\t\t<div class=\"elementor-element elementor-element-73b9c0e e-flex e-con-boxed e-con e-child\" data-id=\"73b9c0e\" data-element_type=\"container\">\n\t\t\t\t\t<div class=\"e-con-inner\">\n\t\t\t\t<div class=\"elementor-element elementor-element-b33605e elementor-widget elementor-widget-image\" data-id=\"b33605e\" data-element_type=\"widget\" data-widget_type=\"image.default\">\n\t\t\t\t<div class=\"elementor-widget-container\">\n\t\t\t\t\t\t\t\t\t\t\t\t\t\t\t<img decoding=\"async\" width=\"251\" height=\"150\" src=\"https:\/\/discoverdouro.pt\/wp-content\/uploads\/2023\/07\/TorredeMoncorvo-White.png\" class=\"attachment-full size-full wp-image-23821\" alt=\"\" \/>\t\t\t\t\t\t\t\t\t\t\t\t\t\t\t<\/div>\n\t\t\t\t<\/div>\n\t\t\t\t\t<\/div>\n\t\t\t\t<\/div>\n\t\t<div class=\"elementor-element elementor-element-e0ef9a4 e-flex e-con-boxed e-con e-child\" data-id=\"e0ef9a4\" data-element_type=\"container\">\n\t\t\t\t\t<div class=\"e-con-inner\">\n\t\t\t\t<div class=\"elementor-element elementor-element-e603a16 elementor-widget elementor-widget-image\" data-id=\"e603a16\" data-element_type=\"widget\" data-widget_type=\"image.default\">\n\t\t\t\t<div class=\"elementor-widget-container\">\n\t\t\t\t\t\t\t\t\t\t\t\t\t\t\t<img fetchpriority=\"high\" decoding=\"async\" width=\"1000\" height=\"1000\" src=\"https:\/\/discoverdouro.pt\/wp-content\/uploads\/2023\/12\/Mapa_TorredeMoncorvo.png\" class=\"attachment-full size-full wp-image-42591\" alt=\"\" srcset=\"https:\/\/discoverdouro.pt\/wp-content\/uploads\/2023\/12\/Mapa_TorredeMoncorvo.png 1000w, https:\/\/discoverdouro.pt\/wp-content\/uploads\/2023\/12\/Mapa_TorredeMoncorvo-300x300.png 300w, https:\/\/discoverdouro.pt\/wp-content\/uploads\/2023\/12\/Mapa_TorredeMoncorvo-150x150.png 150w, https:\/\/discoverdouro.pt\/wp-content\/uploads\/2023\/12\/Mapa_TorredeMoncorvo-768x768.png 768w\" sizes=\"(max-width: 1000px) 100vw, 1000px\" \/>\t\t\t\t\t\t\t\t\t\t\t\t\t\t\t<\/div>\n\t\t\t\t<\/div>\n\t\t\t\t\t<\/div>\n\t\t\t\t<\/div>\n\t\t<div class=\"elementor-element elementor-element-a55a3d4 e-flex e-con-boxed e-con e-child\" data-id=\"a55a3d4\" data-element_type=\"container\">\n\t\t\t\t\t<div class=\"e-con-inner\">\n\t\t\t\t<div class=\"elementor-element elementor-element-7097426 elementor-widget elementor-widget-text-editor\" data-id=\"7097426\" data-element_type=\"widget\" data-widget_type=\"text-editor.default\">\n\t\t\t\t<div class=\"elementor-widget-container\">\n\t\t\t\t\t\t\t\t\t<p><strong>Postcode:<\/strong> 5160 <br \/><strong>Population density:<\/strong> 16,1 hab.\/km\u00b2 -( 8572 Habitantes)<br \/><strong>District: <\/strong>Bragan\u00e7a<strong><br \/>Municipal holiday:<\/strong> 19 de mar\u00e7o <br \/><strong>Foundation of the municipality (or charter):<\/strong> 1285 &#8211; Foral de D. Dinis <br \/><strong>N.\u00ba de freguesias:<\/strong> 13<br \/><strong>Oratory:<\/strong> Nossa Senhora D\u00b4Assun\u00e7\u00e3o<\/p>\t\t\t\t\t\t\t\t<\/div>\n\t\t\t\t<\/div>\n\t\t\t\t\t<\/div>\n\t\t\t\t<\/div>\n\t\t\t\t<\/div>\n\t\t\t\t\t<\/div>\n\t\t\t\t<\/div>\n\t\t<div class=\"elementor-element elementor-element-d90cf0a e-flex e-con-boxed e-con e-parent\" data-id=\"d90cf0a\" data-element_type=\"container\">\n\t\t\t\t\t<div class=\"e-con-inner\">\n\t\t\t\t<div class=\"elementor-element elementor-element-83bf959 elementor-widget elementor-widget-shortcode\" data-id=\"83bf959\" data-element_type=\"widget\" data-widget_type=\"shortcode.default\">\n\t\t\t\t<div class=\"elementor-widget-container\">\n\t\t\t\t\t\t\t<div class=\"elementor-shortcode\">        \n\n        \n                <h2 class=\"title_events\">Events<\/h2>\n        <div class=\"list\">   \n\n            \n                <div class=\"card_record\">\n                    <div class=\"image_record\">\n                        <a href=\"\/en\/evento?slug=festival-do-solsticio2026\">\n\n                                            <img decoding=\"async\" class=\"\" loading=\"lazy\" style=\"\" src=\"https:\/\/api.discoverdouro.pt\/images\/6953fb70a802cb06571caed9\" \/>\n                                    <\/a>\n                    <\/div>\n\n                    <div class=\"infos_record\">\n                        <div class=\"column1\">\n                            <div class=\"title_record\">\n                                <a href=\"\/en\/evento?slug=festival-do-solsticio2026\">\n                                    <h2> Solstice Festival <\/h2>\n                                <\/a>\n\n                            <\/div>\n\n\n                            <div class=\"local\">\n\n                                <div class=\"icon_list\">\n                                    <div class=\"icon\">\n                                        <img decoding=\"async\" src=\"\/wp-content\/plugins\/discover-douro\/imgs\/calendar.svg\">\n                                    <\/div>\n                                    <div class=\"city\">19 Jun 2026<\/div>\n                                <\/div>\n\n                                <div class=\"icon_list\" >\n                                    <div class=\"icon\" style=\"padding-top:2px\">\n                                        <img decoding=\"async\" src=\"\/wp-content\/plugins\/discover-douro\/imgs\/time.svg\">\n                                    <\/div>\n                                    <div class=\"city\">10:00h<\/div>\n                                <\/div>\n\n                            <\/div>\n                            <div class=\"local\" style=\"padding-top: 5px;\">\n                                <div class=\"icon\">\n                                    <img decoding=\"async\" src=\"\/wp-content\/plugins\/discover-douro\/imgs\/place.svg\">\n                                <\/div>\n                                <div class=\"city\">Torre de Moncorvo<\/div>\n                            <\/div>\n\n                        <\/div>\n\n\n                    <\/div>\n                <\/div>\n\n            \n                <div class=\"card_record\">\n                    <div class=\"image_record\">\n                        <a href=\"\/en\/evento?slug=procissao-de-barcos-foz-do-sabor-2026\">\n\n                                            <img decoding=\"async\" class=\"\" loading=\"lazy\" style=\"\" src=\"https:\/\/api.discoverdouro.pt\/images\/6953f8fda802cb06571cab2a\" \/>\n                                    <\/a>\n                    <\/div>\n\n                    <div class=\"infos_record\">\n                        <div class=\"column1\">\n                            <div class=\"title_record\">\n                                <a href=\"\/en\/evento?slug=procissao-de-barcos-foz-do-sabor-2026\">\n                                    <h2> Traditional Boat Procession - Foz do Sabor<\/h2>\n                                <\/a>\n\n                            <\/div>\n\n\n                            <div class=\"local\">\n\n                                <div class=\"icon_list\">\n                                    <div class=\"icon\">\n                                        <img decoding=\"async\" src=\"\/wp-content\/plugins\/discover-douro\/imgs\/calendar.svg\">\n                                    <\/div>\n                                    <div class=\"city\">08 Ago 2026<\/div>\n                                <\/div>\n\n                                <div class=\"icon_list\" >\n                                    <div class=\"icon\" style=\"padding-top:2px\">\n                                        <img decoding=\"async\" src=\"\/wp-content\/plugins\/discover-douro\/imgs\/time.svg\">\n                                    <\/div>\n                                    <div class=\"city\">17:00h<\/div>\n                                <\/div>\n\n                            <\/div>\n                            <div class=\"local\" style=\"padding-top: 5px;\">\n                                <div class=\"icon\">\n                                    <img decoding=\"async\" src=\"\/wp-content\/plugins\/discover-douro\/imgs\/place.svg\">\n                                <\/div>\n                                <div class=\"city\">Torre de Moncorvo<\/div>\n                            <\/div>\n\n                        <\/div>\n\n\n                    <\/div>\n                <\/div>\n\n            \n                <div class=\"card_record\">\n                    <div class=\"image_record\">\n                        <a href=\"\/en\/evento?slug=festas-da-vila-13-agosto-2026-torre-de-moncorvo\">\n\n                                            <img decoding=\"async\" class=\"\" loading=\"lazy\" style=\"\" src=\"https:\/\/api.discoverdouro.pt\/images\/6943d920a802cb065712a823\" \/>\n                                    <\/a>\n                    <\/div>\n\n                    <div class=\"infos_record\">\n                        <div class=\"column1\">\n                            <div class=\"title_record\">\n                                <a href=\"\/en\/evento?slug=festas-da-vila-13-agosto-2026-torre-de-moncorvo\">\n                                    <h2> Town Festivities <\/h2>\n                                <\/a>\n\n                            <\/div>\n\n\n                            <div class=\"local\">\n\n                                <div class=\"icon_list\">\n                                    <div class=\"icon\">\n                                        <img decoding=\"async\" src=\"\/wp-content\/plugins\/discover-douro\/imgs\/calendar.svg\">\n                                    <\/div>\n                                    <div class=\"city\">13 Ago 2026<\/div>\n                                <\/div>\n\n                                <div class=\"icon_list\" >\n                                    <div class=\"icon\" style=\"padding-top:2px\">\n                                        <img decoding=\"async\" src=\"\/wp-content\/plugins\/discover-douro\/imgs\/time.svg\">\n                                    <\/div>\n                                    <div class=\"city\">10:00h<\/div>\n                                <\/div>\n\n                            <\/div>\n                            <div class=\"local\" style=\"padding-top: 5px;\">\n                                <div class=\"icon\">\n                                    <img decoding=\"async\" src=\"\/wp-content\/plugins\/discover-douro\/imgs\/place.svg\">\n                                <\/div>\n                                <div class=\"city\">Torre de Moncorvo<\/div>\n                            <\/div>\n\n                        <\/div>\n\n\n                    <\/div>\n                <\/div>\n\n            \n                <div class=\"card_record\">\n                    <div class=\"image_record\">\n                        <a href=\"\/en\/evento?slug=festas-da-vila-14-agosto-2026-torre-de-moncorvo\">\n\n                                            <img decoding=\"async\" class=\"\" loading=\"lazy\" style=\"\" src=\"https:\/\/api.discoverdouro.pt\/images\/6943dad2a802cb065712aae9\" \/>\n                                    <\/a>\n                    <\/div>\n\n                    <div class=\"infos_record\">\n                        <div class=\"column1\">\n                            <div class=\"title_record\">\n                                <a href=\"\/en\/evento?slug=festas-da-vila-14-agosto-2026-torre-de-moncorvo\">\n                                    <h2> Town Festivities <\/h2>\n                                <\/a>\n\n                            <\/div>\n\n\n                            <div class=\"local\">\n\n                                <div class=\"icon_list\">\n                                    <div class=\"icon\">\n                                        <img decoding=\"async\" src=\"\/wp-content\/plugins\/discover-douro\/imgs\/calendar.svg\">\n                                    <\/div>\n                                    <div class=\"city\">14 Ago 2026<\/div>\n                                <\/div>\n\n                                <div class=\"icon_list\" >\n                                    <div class=\"icon\" style=\"padding-top:2px\">\n                                        <img decoding=\"async\" src=\"\/wp-content\/plugins\/discover-douro\/imgs\/time.svg\">\n                                    <\/div>\n                                    <div class=\"city\">01:00h<\/div>\n                                <\/div>\n\n                            <\/div>\n                            <div class=\"local\" style=\"padding-top: 5px;\">\n                                <div class=\"icon\">\n                                    <img decoding=\"async\" src=\"\/wp-content\/plugins\/discover-douro\/imgs\/place.svg\">\n                                <\/div>\n                                <div class=\"city\">Torre de Moncorvo<\/div>\n                            <\/div>\n\n                        <\/div>\n\n\n                    <\/div>\n                <\/div>\n\n            \n                <div class=\"card_record\">\n                    <div class=\"image_record\">\n                        <a href=\"\/en\/evento?slug=festas-da-vila-15-agosto-2026-torre-de-moncorvo\">\n\n                                            <img decoding=\"async\" class=\"\" loading=\"lazy\" style=\"\" src=\"https:\/\/api.discoverdouro.pt\/images\/6943daf3a802cb065712ab42\" \/>\n                                    <\/a>\n                    <\/div>\n\n                    <div class=\"infos_record\">\n                        <div class=\"column1\">\n                            <div class=\"title_record\">\n                                <a href=\"\/en\/evento?slug=festas-da-vila-15-agosto-2026-torre-de-moncorvo\">\n                                    <h2> Town Festivities <\/h2>\n                                <\/a>\n\n                            <\/div>\n\n\n                            <div class=\"local\">\n\n                                <div class=\"icon_list\">\n                                    <div class=\"icon\">\n                                        <img decoding=\"async\" src=\"\/wp-content\/plugins\/discover-douro\/imgs\/calendar.svg\">\n                                    <\/div>\n                                    <div class=\"city\">15 Ago 2026<\/div>\n                                <\/div>\n\n                                <div class=\"icon_list\" >\n                                    <div class=\"icon\" style=\"padding-top:2px\">\n                                        <img decoding=\"async\" src=\"\/wp-content\/plugins\/discover-douro\/imgs\/time.svg\">\n                                    <\/div>\n                                    <div class=\"city\">01:00h<\/div>\n                                <\/div>\n\n                            <\/div>\n                            <div class=\"local\" style=\"padding-top: 5px;\">\n                                <div class=\"icon\">\n                                    <img decoding=\"async\" src=\"\/wp-content\/plugins\/discover-douro\/imgs\/place.svg\">\n                                <\/div>\n                                <div class=\"city\">Torre de Moncorvo<\/div>\n                            <\/div>\n\n                        <\/div>\n\n\n                    <\/div>\n                <\/div>\n\n            \n                <div class=\"card_record\">\n                    <div class=\"image_record\">\n                        <a href=\"\/en\/evento?slug=vinho-sabor-douro-12-e-13-setembro-2026\">\n\n                                            <img decoding=\"async\" class=\"\" loading=\"lazy\" style=\"\" src=\"https:\/\/api.discoverdouro.pt\/images\/6953f939a802cb06571cabb4\" \/>\n                                    <\/a>\n                    <\/div>\n\n                    <div class=\"infos_record\">\n                        <div class=\"column1\">\n                            <div class=\"title_record\">\n                                <a href=\"\/en\/evento?slug=vinho-sabor-douro-12-e-13-setembro-2026\">\n                                    <h2> Douro Sabor Wine Festival <\/h2>\n                                <\/a>\n\n                            <\/div>\n\n\n                            <div class=\"local\">\n\n                                <div class=\"icon_list\">\n                                    <div class=\"icon\">\n                                        <img decoding=\"async\" src=\"\/wp-content\/plugins\/discover-douro\/imgs\/calendar.svg\">\n                                    <\/div>\n                                    <div class=\"city\">12 Set 2026<\/div>\n                                <\/div>\n\n                                <div class=\"icon_list\" >\n                                    <div class=\"icon\" style=\"padding-top:2px\">\n                                        <img decoding=\"async\" src=\"\/wp-content\/plugins\/discover-douro\/imgs\/time.svg\">\n                                    <\/div>\n                                    <div class=\"city\">16:00h<\/div>\n                                <\/div>\n\n                            <\/div>\n                            <div class=\"local\" style=\"padding-top: 5px;\">\n                                <div class=\"icon\">\n                                    <img decoding=\"async\" src=\"\/wp-content\/plugins\/discover-douro\/imgs\/place.svg\">\n                                <\/div>\n                                <div class=\"city\">Torre de Moncorvo<\/div>\n                            <\/div>\n\n                        <\/div>\n\n\n                    <\/div>\n                <\/div>\n\n            \n                <div class=\"card_record\">\n                    <div class=\"image_record\">\n                        <a href=\"\/en\/evento?slug=expo-moncorvo-terra-da-amendoa-2026\">\n\n                                            <img decoding=\"async\" class=\"\" loading=\"lazy\" style=\"\" src=\"https:\/\/api.discoverdouro.pt\/images\/6953fae0a802cb06571cad94\" \/>\n                                    <\/a>\n                    <\/div>\n\n                    <div class=\"infos_record\">\n                        <div class=\"column1\">\n                            <div class=\"title_record\">\n                                <a href=\"\/en\/evento?slug=expo-moncorvo-terra-da-amendoa-2026\">\n                                    <h2> ExpoMoncorvo - Land of Almonds <\/h2>\n                                <\/a>\n\n                            <\/div>\n\n\n                            <div class=\"local\">\n\n                                <div class=\"icon_list\">\n                                    <div class=\"icon\">\n                                        <img decoding=\"async\" src=\"\/wp-content\/plugins\/discover-douro\/imgs\/calendar.svg\">\n                                    <\/div>\n                                    <div class=\"city\">30 Oct 2026<\/div>\n                                <\/div>\n\n                                <div class=\"icon_list\" >\n                                    <div class=\"icon\" style=\"padding-top:2px\">\n                                        <img decoding=\"async\" src=\"\/wp-content\/plugins\/discover-douro\/imgs\/time.svg\">\n                                    <\/div>\n                                    <div class=\"city\">00:00h<\/div>\n                                <\/div>\n\n                            <\/div>\n                            <div class=\"local\" style=\"padding-top: 5px;\">\n                                <div class=\"icon\">\n                                    <img decoding=\"async\" src=\"\/wp-content\/plugins\/discover-douro\/imgs\/place.svg\">\n                                <\/div>\n                                <div class=\"city\">Torre de Moncorvo<\/div>\n                            <\/div>\n\n                        <\/div>\n\n\n                    <\/div>\n                <\/div>\n\n            \n                <div class=\"card_record\">\n                    <div class=\"image_record\">\n                        <a href=\"\/en\/evento?slug=sao-martinho-de-macores-2026\">\n\n                                            <img decoding=\"async\" class=\"\" loading=\"lazy\" style=\"\" src=\"https:\/\/api.discoverdouro.pt\/images\/6953f96ea802cb06571cac0c\" \/>\n                                    <\/a>\n                    <\/div>\n\n                    <div class=\"infos_record\">\n                        <div class=\"column1\">\n                            <div class=\"title_record\">\n                                <a href=\"\/en\/evento?slug=sao-martinho-de-macores-2026\">\n                                    <h2> Feast of St. Martin - Ma\u00e7ores<\/h2>\n                                <\/a>\n\n                            <\/div>\n\n\n                            <div class=\"local\">\n\n                                <div class=\"icon_list\">\n                                    <div class=\"icon\">\n                                        <img decoding=\"async\" src=\"\/wp-content\/plugins\/discover-douro\/imgs\/calendar.svg\">\n                                    <\/div>\n                                    <div class=\"city\">13 Nov 2026<\/div>\n                                <\/div>\n\n                                <div class=\"icon_list\" >\n                                    <div class=\"icon\" style=\"padding-top:2px\">\n                                        <img decoding=\"async\" src=\"\/wp-content\/plugins\/discover-douro\/imgs\/time.svg\">\n                                    <\/div>\n                                    <div class=\"city\">00:00h<\/div>\n                                <\/div>\n\n                            <\/div>\n                            <div class=\"local\" style=\"padding-top: 5px;\">\n                                <div class=\"icon\">\n                                    <img decoding=\"async\" src=\"\/wp-content\/plugins\/discover-douro\/imgs\/place.svg\">\n                                <\/div>\n                                <div class=\"city\">Torre de Moncorvo<\/div>\n                            <\/div>\n\n                        <\/div>\n\n\n                    <\/div>\n                <\/div>\n\n            \n                <div class=\"card_record\">\n                    <div class=\"image_record\">\n                        <a href=\"\/en\/evento?slug=festas-da-boa-nova-2026\">\n\n                                            <img decoding=\"async\" class=\"\" loading=\"lazy\" style=\"\" src=\"https:\/\/api.discoverdouro.pt\/images\/6953f9aaa802cb06571cac8c\" \/>\n                                    <\/a>\n                    <\/div>\n\n                    <div class=\"infos_record\">\n                        <div class=\"column1\">\n                            <div class=\"title_record\">\n                                <a href=\"\/en\/evento?slug=festas-da-boa-nova-2026\">\n                                    <h2> Christmas Festivities <\/h2>\n                                <\/a>\n\n                            <\/div>\n\n\n                            <div class=\"local\">\n\n                                <div class=\"icon_list\">\n                                    <div class=\"icon\">\n                                        <img decoding=\"async\" src=\"\/wp-content\/plugins\/discover-douro\/imgs\/calendar.svg\">\n                                    <\/div>\n                                    <div class=\"city\">01 Dec 2026<\/div>\n                                <\/div>\n\n                                <div class=\"icon_list\" >\n                                    <div class=\"icon\" style=\"padding-top:2px\">\n                                        <img decoding=\"async\" src=\"\/wp-content\/plugins\/discover-douro\/imgs\/time.svg\">\n                                    <\/div>\n                                    <div class=\"city\">00:00h<\/div>\n                                <\/div>\n\n                            <\/div>\n                            <div class=\"local\" style=\"padding-top: 5px;\">\n                                <div class=\"icon\">\n                                    <img decoding=\"async\" src=\"\/wp-content\/plugins\/discover-douro\/imgs\/place.svg\">\n                                <\/div>\n                                <div class=\"city\">Torre de Moncorvo<\/div>\n                            <\/div>\n\n                        <\/div>\n\n\n                    <\/div>\n                <\/div>\n\n                          \n        <\/div>  \n    \n    <!--Styles para teste-->\n\n    <style>\n\n        h2.not_found {\n            text-align: left;\n            font-size:20px;\n        }\n        \n        \n        .list:has(.not_found) {\n            grid-template-columns: repeat(1, 1fr) !important;\n        }\n\n        h2.title_events{\n            font-size: 30px;\n            font-weight: 700;\n            line-height: 1.3em;\n        }\n\n        .list, .pagination {\n            display: grid;\n            grid-template-columns: repeat(3, 4fr);\n            gap: 64px 20px;\n        }\n\n        .card_record{\n            border-radius: 30px;\n            box-shadow: 0px 0px 5px 0px rgba(0,0,0,0.5);\n\n        }\n\n        .image_record img {\n            border-radius: 30px 30px 0 0;\n            height: 300px;\n            width: 100%;\n            object-fit: cover;\n            background-color: white;\n        }\n\n        .infos_record{\n            background-color: white;\n            height: 179px;\n            border-radius: 0px 0px 30px 30px ;\n            padding: 19px 19px;\n            display: flex;\n        }\n\n        .infos_record .column1 {\n            width: 90%;\n        }\n\n        .infos_record .column2 {\n            width: 10%;\n            text-align: center;\n            margin-left: 5px;\n        }\n\n        .title_record {\n            min-height: 70px;\n        }\n\n        .infos_record h2{\n            font-weight: 400;\n            font-size: 19px;\n            line-height: 21px;\n            color:black;\n            margin: 0;\n        }\n\n        .list{\n            margin-top:50px;\n            margin-bottom:80px;\n        }\n\n\n        .local {\n            display: flex;\n            gap: 12px;\n            padding-top: 18px;\n            width: 100%;\n            align-items: flex-end;\n        }\n\n        .icon img{\n            height: 16px;\n        }\n\n        .icon_list {\n            gap: 8px;\n            display: flex;\n            flex-direction: row;\n        }\n\n        .city{\n            font-size: 13px;\n        }\n\n\n        a.favourite_icon:hover img {\n            content: url(\/wp-content\/plugins\/discover-douro\/imgs\/heart-blue.svg);\n        }\n\n\n\n\n        @media only screen and (max-width: 768px) {\n\n\n            .list, .pagination {\n                display: grid;\n                grid-template-columns: repeat(1, 4fr);\n                \/* grid-template-rows: repeat(3, 600px); *\/\n                gap: 24px 20px;\n                padding: 10px;\n            }\n\n            .total{\n                text-align: center;\n            }\n\n            .pagination {\n                margin-top: 15px;\n            }\n\n            h2.not_found {\n                text-align: center;\n                margin: 120px 40px 100px 40px !important;\n                font-size:27px;\n            }\n\n        }\n\n\n\n\n    <\/style>\n\n\n\n\n\n    <\/div>\n\t\t\t\t\t\t<\/div>\n\t\t\t\t<\/div>\n\t\t\t\t\t<\/div>\n\t\t\t\t<\/div>\n\t\t<div class=\"elementor-element elementor-element-19544f7 e-flex e-con-boxed e-con e-parent\" data-id=\"19544f7\" data-element_type=\"container\">\n\t\t\t\t\t<div class=\"e-con-inner\">\n\t\t\t\t<div class=\"elementor-element elementor-element-9045623 elementor-widget elementor-widget-toggle\" data-id=\"9045623\" data-element_type=\"widget\" data-widget_type=\"toggle.default\">\n\t\t\t\t<div class=\"elementor-widget-container\">\n\t\t\t\t\t\t\t<div class=\"elementor-toggle\">\n\t\t\t\t\t\t\t<div class=\"elementor-toggle-item\">\n\t\t\t\t\t<div id=\"elementor-tab-title-1511\" class=\"elementor-tab-title\" data-tab=\"1\" role=\"button\" aria-controls=\"elementor-tab-content-1511\" aria-expanded=\"false\">\n\t\t\t\t\t\t\t\t\t\t\t\t<span class=\"elementor-toggle-icon elementor-toggle-icon-left\" aria-hidden=\"true\">\n\t\t\t\t\t\t\t\t\t\t\t\t\t\t\t<span class=\"elementor-toggle-icon-closed\"><svg class=\"e-font-icon-svg e-fas-chevron-down\" viewBox=\"0 0 448 512\" xmlns=\"http:\/\/www.w3.org\/2000\/svg\"><path d=\"M207.029 381.476L12.686 187.132c-9.373-9.373-9.373-24.569 0-33.941l22.667-22.667c9.357-9.357 24.522-9.375 33.901-.04L224 284.505l154.745-154.021c9.379-9.335 24.544-9.317 33.901.04l22.667 22.667c9.373 9.373 9.373 24.569 0 33.941L240.971 381.476c-9.373 9.372-24.569 9.372-33.942 0z\"><\/path><\/svg><\/span>\n\t\t\t\t\t\t\t\t<span class=\"elementor-toggle-icon-opened\"><svg class=\"elementor-toggle-icon-opened e-font-icon-svg e-fas-chevron-up\" viewBox=\"0 0 448 512\" xmlns=\"http:\/\/www.w3.org\/2000\/svg\"><path d=\"M240.971 130.524l194.343 194.343c9.373 9.373 9.373 24.569 0 33.941l-22.667 22.667c-9.357 9.357-24.522 9.375-33.901.04L224 227.495 69.255 381.516c-9.379 9.335-24.544 9.317-33.901-.04l-22.667-22.667c-9.373-9.373-9.373-24.569 0-33.941L207.03 130.525c9.372-9.373 24.568-9.373 33.941-.001z\"><\/path><\/svg><\/span>\n\t\t\t\t\t\t\t\t\t\t\t\t\t<\/span>\n\t\t\t\t\t\t\t\t\t\t\t\t<a class=\"elementor-toggle-title\" tabindex=\"0\">Useful Contacts<\/a>\n\t\t\t\t\t<\/div>\n\n\t\t\t\t\t<div id=\"elementor-tab-content-1511\" class=\"elementor-tab-content elementor-clearfix\" data-tab=\"1\" role=\"region\" aria-labelledby=\"elementor-tab-title-1511\"><p id=\"E769\" class=\"x-scope qowt-word-para-2\"><span id=\"E770\"><strong>N\u00famero Nacional de Emerg\u00eancia:<\/strong> 112<\/span><\/p>\n<p id=\"E771\" class=\"x-scope qowt-word-para-2\"><span id=\"E772\"><strong>Bombeiros \u2013 Linha Verde:<\/strong> 800 202 425<\/span><\/p>\n<p id=\"E773\" class=\"x-scope qowt-word-para-2\"><strong><span id=\"E774\">C\u00e2mara Municipal de Torre de Moncorvo<br \/><\/span><\/strong><span id=\"E776\">Largo Dr. Campos Monteiro | 5160-303 Torre de Moncorvo | GPS. 41.175265, -7.052109 | T. +351 279 200<\/span> <span id=\"E777\"> 220 | <\/span><a id=\"E778\" contenteditable=\"false\" href=\"mailto:geral@torredemoncorvo.pt\" target=\"_blank\" rel=\"noopener\"><span id=\"E779\">geral@torredemoncorvo.pt<\/span><\/a><span id=\"E780\"> | <\/span><a href=\"http:\/\/www.cm-moncorvo.pt\"><span id=\"E781\">www.cm-moncorvo.pt<\/span><\/a><\/p>\n<p id=\"E782\" class=\"x-scope qowt-word-para-2\"><strong><span id=\"E783\">Loja <\/span><span id=\"E785\">Interactiva<\/span><span id=\"E787\">de Turismo<br \/><\/span><\/strong><span id=\"E789\">Rua dos Sapateiros 15 | 5160-278 Torre de Moncorvo | GPS. 41.175281, -7.051454 | T. +351 279 252 289 | turismo@torredemoncorvo.pt<\/span><\/p>\n<p id=\"E790\" class=\"x-scope qowt-word-para-2\"><strong><span id=\"E791\">UCSP &#8211; Unidade de Cuidados de Sa\u00fade Prim\u00e1rios de Torre de Moncorvo<br \/><\/span><\/strong><span id=\"E793\">Av. das Amendoeiras | 5160-304 Torre de Moncorvo | GPS. 41.174543, -7.046429 | T. +351 279 200 770 | cstmv@ulsne.min-saude.pt<\/span><\/p>\n<p id=\"E794\" class=\"x-scope qowt-word-para-2\"><strong><span id=\"E795\">Guarda Nacional Republicana &#8211; Posto Territoria<br \/><\/span><\/strong><span id=\"E797\">Av. Jorge Lu\u00eds Borges 34 | 5160-220 Torre de Moncorvo | GPS. 41.175011, -7.043879 | T. +351 279 254 115 | <\/span><a id=\"E798\" contenteditable=\"false\" href=\"mailto:ct.bgc.dtmc.ptmc@gnr.pt\" target=\"_blank\" rel=\"noopener\"><span id=\"E799\">ct.bgc.dtmc.ptmc@gnr.pt<\/span><\/a><span id=\"E800\">| <a href=\"http:\/\/www.gnr.pt\">www.gnr.pt<\/a><\/span><\/p>\n<\/div>\n\t\t\t\t<\/div>\n\t\t\t\t\t\t\t\t<\/div>\n\t\t\t\t\t\t<\/div>\n\t\t\t\t<\/div>\n\t\t\t\t\t<\/div>\n\t\t\t\t<\/div>\n\t\t<div class=\"elementor-element elementor-element-6e1bbb2 e-con-full e-flex e-con e-parent\" data-id=\"6e1bbb2\" data-element_type=\"container\">\n\t\t\t\t<div class=\"elementor-element elementor-element-bcc2c61 elementor-widget elementor-widget-shortcode\" data-id=\"bcc2c61\" data-element_type=\"widget\" data-widget_type=\"shortcode.default\">\n\t\t\t\t<div class=\"elementor-widget-container\">\n\t\t\t\t\t\t\t<div class=\"elementor-shortcode\">        \n    <div id=\"map\"><\/div>\n    <script async defer src=\"https:\/\/maps.googleapis.com\/maps\/api\/js?key=AIzaSyBlxeEJOXg6CEUTXDHxu-BmmzL02cXTKp0&callback=initMap\"><\/script>\n\n    <style>\n        #map {\n            height: 450px;\n            width: 100%;\n        }\n    <\/style>\n\n    <script>\n                                         \n\n        function initMap() {\n        var center = {lat: 41.175061, lng: -7.052077 };\n        var locations = [\n     ['<b><a href=\"\/poiss?slug=basilica-menor-de-nossa-senhora-da-assuncao\">Bas\u00edlica Menor de Nossa Senhora da Assun\u00e7\u00e3o <\/a><\/b>', 41.173828, -7.052834, \"\/wp-content\/plugins\/discover-douro\/imgs\/o_que_visitar.png\"],\n     ['<b><a href=\"\/poiss?slug=miradouro-vale-do-sabor\">Miradouro Vale do Sabor<\/a><\/b>', 41.223917, -7.080528, \"\/wp-content\/plugins\/discover-douro\/imgs\/o_que_visitar.png\"],\n     ['<b><a href=\"\/poiss?slug=capela-do-sagrado-coracao-de-jesus\">Capela do Sagrado Cora\u00e7\u00e3o de Jesus<\/a><\/b>', 41.175429, -7.052584, \"\/wp-content\/plugins\/discover-douro\/imgs\/o_que_visitar.png\"],\n     ['<b><a href=\"\/poiss?slug=castelo-de-torre-de-moncorvo\">Torre De Moncorvo Castle<\/a><\/b>', 41.175129, -7.052567, \"\/wp-content\/plugins\/discover-douro\/imgs\/o_que_visitar.png\"],\n     ['<b><a href=\"\/poiss?slug=ermida-de-nossa-senhora-da-teixeira\">Chapel Of Nossa Senhora Da Teixeira<\/a><\/b>', 41.149544, -7.068409, \"\/wp-content\/plugins\/discover-douro\/imgs\/o_que_visitar.png\"],\n     ['<b><a href=\"\/poiss?slug=igreja-da-misericordia-2\">Miseric\u00f3rdia Church<\/a><\/b>', 41.175853, -7.052019, \"\/wp-content\/plugins\/discover-douro\/imgs\/o_que_visitar.png\"],\n     ['<b><a href=\"\/poiss?slug=igreja-de-santiago-maior\">Santiago Maior Church<\/a><\/b>', 41.274303, -7.049916, \"\/wp-content\/plugins\/discover-douro\/imgs\/o_que_visitar.png\"],\n     ['<b><a href=\"\/poiss?slug=casa-da-roda\"> Casa da Roda  Museum<\/a><\/b>', 41.175865, -7.052271, \"\/wp-content\/plugins\/discover-douro\/imgs\/o_que_visitar.png\"],\n     ['<b><a href=\"\/poiss?slug=centro-de-estudos-judaicos-maria-da-assuncao-carqueja-e-adriano-vasco-rodrigues\">Maria da Assun\u00e7\u00e3o Carqueja e Adriano Vasco Rodrigues Center for Jewish Studies <\/a><\/b>', 41.173228, -7.05305, \"\/wp-content\/plugins\/discover-douro\/imgs\/o_que_visitar.png\"],\n     ['<b><a href=\"\/poiss?slug=casas-da-cortinha\">Casas da Cortinha<\/a><\/b>', 41.208509, -6.935017, \"\/wp-content\/plugins\/discover-douro\/imgs\/onde_dormir.png\"],\n     ['<b><a href=\"\/poiss?slug=cineteatro-2\">Cine-theatre<\/a><\/b>', 41.172638, -7.053141, \"\/wp-content\/plugins\/discover-douro\/imgs\/o_que_visitar.png\"],\n     ['<b><a href=\"\/poiss?slug=lagar-da-cera\">Lagar da Cera<\/a><\/b>', 41.152799, -7.013027, \"\/wp-content\/plugins\/discover-douro\/imgs\/o_que_visitar.png\"],\n     ['<b><a href=\"\/poiss?slug=museu-de-arte-sacra\">Museum of Sacred Art<\/a><\/b>', 41.175851, -7.052034, \"\/wp-content\/plugins\/discover-douro\/imgs\/o_que_visitar.png\"],\n     ['<b><a href=\"\/poiss?slug=museu-do-castelo\">Castle Museum<\/a><\/b>', 41.175054, -7.052478, \"\/wp-content\/plugins\/discover-douro\/imgs\/o_que_visitar.png\"],\n     ['<b><a href=\"\/poiss?slug=museu-do-ferro-e-da-regiao-de-moncorvo\">Iron & Moncorvo Region Museum<\/a><\/b>', 41.173461, -7.053288, \"\/wp-content\/plugins\/discover-douro\/imgs\/o_que_visitar.png\"],\n     ['<b><a href=\"\/poiss?slug=casas-dona-matilde\">Casas Dona Matilde <\/a><\/b>', 41.17634, -7.052763, \"\/wp-content\/plugins\/discover-douro\/imgs\/onde_dormir.png\"],\n     ['<b><a href=\"\/poiss?slug=nucleo-museologico-de-fotografia-do-douro-superior\">Douro Superior Photography Museum<\/a><\/b>', 41.175677, -7.051968, \"\/wp-content\/plugins\/discover-douro\/imgs\/o_que_visitar.png\"],\n     ['<b><a href=\"\/poiss?slug=douro-aqualife\">Douro Aqualife<\/a><\/b>', 41.186779, -7.115726, \"\/wp-content\/plugins\/discover-douro\/imgs\/onde_se_divertir.png\"],\n     ['<b><a href=\"\/poiss?slug=miradouro-da-fraga-do-cao\">Fraga Do C\u00e3o Viewpoint<\/a><\/b>', 41.151016, -7.04153, \"\/wp-content\/plugins\/discover-douro\/imgs\/o_que_visitar.png\"],\n     ['<b><a href=\"\/poiss?slug=miradouro-da-fraga-do-facho\">Fraga Do Facho Viewpoint<\/a><\/b>', 41.16658, -7.03577, \"\/wp-content\/plugins\/discover-douro\/imgs\/o_que_visitar.png\"],\n     ['<b><a href=\"\/poiss?slug=miradouro-da-povoa\">Miradouro da P\u00f3voa<\/a><\/b>', 41.242028, -7.016444, \"\/wp-content\/plugins\/discover-douro\/imgs\/o_que_visitar.png\"],\n     ['<b><a href=\"\/poiss?slug=miradouro-de-santa-barbara-lousa\">Santa B\u00e1rbara Viewpoint<\/a><\/b>', 41.161418, -7.18315, \"\/wp-content\/plugins\/discover-douro\/imgs\/o_que_visitar.png\"],\n     ['<b><a href=\"\/poiss?slug=miradouro-de-sao-gregorio\">Miradouro de S\u00e3o Greg\u00f3rio<\/a><\/b>', 41.225162, -7.083595, \"\/wp-content\/plugins\/discover-douro\/imgs\/o_que_visitar.png\"],\n     ['<b><a href=\"\/poiss?slug=miradouro-de-sao-lourenco\">S\u00e3o Louren\u00e7o Viewpoint<\/a><\/b>', 41.23012, -6.971066, \"\/wp-content\/plugins\/discover-douro\/imgs\/o_que_visitar.png\"],\n     ['<b><a href=\"\/poiss?slug=miradouro-do-talegre\">Talegre Viewpoint<\/a><\/b>', 41.2254, -7.1567, \"\/wp-content\/plugins\/discover-douro\/imgs\/o_que_visitar.png\"],\n     ['<b><a href=\"\/poiss?slug=piscinas-municipais-descoberta\">Piscinas Municipais Descobertas<\/a><\/b>', 41.1805, -7.04114, \"\/wp-content\/plugins\/discover-douro\/imgs\/onde_se_divertir.png\"],\n     ['<b><a href=\"\/poiss?slug=espaco-de-lazer-da-foz-do-sabor\">Foz do Sabor Leisure Area<\/a><\/b>', 41.17752, -7.11204, \"\/wp-content\/plugins\/discover-douro\/imgs\/onde_se_divertir.png\"],\n     ['<b><a href=\"\/poiss?slug=miradouro-de-santa-leocadia\">Miradouro de Santa Leoc\u00e1dia<\/a><\/b>', 41.165961, -7.058947, \"\/wp-content\/plugins\/discover-douro\/imgs\/o_que_visitar.png\"],\n     ['<b><a href=\"\/poiss?slug=centro-historico-de-torre-de-moncorvo\">Torre De Moncorvo Historic Center<\/a><\/b>', 41.174849, -7.052078, \"\/wp-content\/plugins\/discover-douro\/imgs\/o_que_visitar.png\"],\n     ['<b><a href=\"\/poiss?slug=amendoa-coberta\">Moncorvo Covered Almond IGP<\/a><\/b>', 41.175278, -7.051444, \"\/wp-content\/plugins\/discover-douro\/imgs\/o_que_visitar.png\"],\n     ['<b><a href=\"\/poiss?slug=lagos-do-sabor\">Sabor Lakes<\/a><\/b>', 41.242028, -7.016444, \"\/wp-content\/plugins\/discover-douro\/imgs\/o_que_visitar.png\"],\n     ['<b><a href=\"\/poiss?slug=ecopista-do-sabor\">Sabor Eco-trail<\/a><\/b>', 41.170315, -7.057546, \"\/wp-content\/plugins\/discover-douro\/imgs\/o_que_visitar.png\"],\n     ['<b><a href=\"\/poiss?slug=loja-interativa-de-turismo-de-torre-de-moncorvo\">Torre de Moncorvo Interactive Tourist Office<\/a><\/b>', 41.175281, -7.051454, \"\/wp-content\/plugins\/discover-douro\/imgs\/o_que_visitar.png\"],\n     ['<b><a href=\"\/poiss?slug=casa-da-avo\">Casa da Av\u00f3<\/a><\/b>', 41.173808, -7.052349, \"\/wp-content\/plugins\/discover-douro\/imgs\/onde_dormir.png\"],\n     ['<b><a href=\"\/poiss?slug=casa-de-sao-luis\">Casa de S\u00e3o Lu\u00eds<\/a><\/b>', 41.18621, -7.12116, \"\/wp-content\/plugins\/discover-douro\/imgs\/onde_dormir.png\"],\n     ['<b><a href=\"\/poiss?slug=casa-dona-maria-luiza\">Casa Dona Maria Luiza<\/a><\/b>', 41.174322, -7.051039, \"\/wp-content\/plugins\/discover-douro\/imgs\/onde_dormir.png\"],\n     ['<b><a href=\"\/poiss?slug=nucleo-da-fotografia-douro-supeior\">Upper Douro Museum of Photography<\/a><\/b>', 41.175638, -7.052092, \"\/wp-content\/plugins\/discover-douro\/imgs\/o_que_visitar.png\"],\n     ['<b><a href=\"\/poiss?slug=taberna-do-carro\">Taberna do Carr\u00f3 <\/a><\/b>', 41.174265, -7.052554, \"\/wp-content\/plugins\/discover-douro\/imgs\/onde_comer.png\"],\n     ['<b><a href=\"\/poiss?slug=adega-o-caneco\">Adega  O Caneco <\/a><\/b>', 41.174388, -7.051216, \"\/wp-content\/plugins\/discover-douro\/imgs\/onde_comer.png\"],\n     ['<b><a href=\"\/poiss?slug=o-lameirinho\"> O Lameirinho\u201d Restaurant <\/a><\/b>', 41.1855, -7.11732, \"\/wp-content\/plugins\/discover-douro\/imgs\/onde_comer.png\"],\n     ['<b><a href=\"\/poiss?slug=o-frango-restaurante\"> O Frango  Restaurant<\/a><\/b>', 41.175384, -7.053048, \"\/wp-content\/plugins\/discover-douro\/imgs\/onde_comer.png\"],\n     ['<b><a href=\"\/poiss?slug=quinta-da-terrincha\">Quinta da Terrincha <\/a><\/b>', 41.237069, -7.086574, \"\/wp-content\/plugins\/discover-douro\/imgs\/onde_dormir.png\"],\n     ['<b><a href=\"\/poiss?slug=esquina-do-visconde\">Esquina do Visconde<\/a><\/b>', 41.173856, -7.0516, \"\/wp-content\/plugins\/discover-douro\/imgs\/onde_dormir.png\"],\n     ['<b><a href=\"\/poiss?slug=casa-de-santa-cruz\">Casa de Santa Cruz <\/a><\/b>', 41.210407, -6.957725, \"\/wp-content\/plugins\/discover-douro\/imgs\/onde_dormir.png\"],\n     ['<b><a href=\"\/poiss?slug=casa-don-diogo-guest-house\">Casa Don Diogo <\/a><\/b>', 41.18125, -6.893896, \"\/wp-content\/plugins\/discover-douro\/imgs\/onde_dormir.png\"],\n     ['<b><a href=\"\/poiss?slug=quinta-do-retiro\">Quinta do Retiro <\/a><\/b>', 41.208577, -6.95758, \"\/wp-content\/plugins\/discover-douro\/imgs\/onde_dormir.png\"],\n     ['<b><a href=\"\/poiss?slug=casa-do-avo-ze\">Casa do Av\u00f4 Z\u00e9 <\/a><\/b>', 41.179143, -7.111601, \"\/wp-content\/plugins\/discover-douro\/imgs\/onde_dormir.png\"],\n     ['<b><a href=\"\/poiss?slug=ph-in-alto-douro-vinhateiro\">PH In Alto Douro Vinhateiro<\/a><\/b>', 41.083956, -7.023353, \"\/wp-content\/plugins\/discover-douro\/imgs\/onde_dormir.png\"],\n     ['<b><a href=\"\/poiss?slug=vita-portucale\">Capalonga - Vita Portucale<\/a><\/b>', 41.205634, -7.013019, \"\/wp-content\/plugins\/discover-douro\/imgs\/onde_dormir.png\"],\n     ['<b><a href=\"\/poiss?slug=eira-do-cajado\">Eira do Cajado<\/a><\/b>', 41.126637, -6.999939, \"\/wp-content\/plugins\/discover-douro\/imgs\/onde_dormir.png\"],\n     ['<b><a href=\"\/poiss?slug=quinta-dos-baldo\">Quinta dos Baldo<\/a><\/b>', 41.152469, -6.836435, \"\/wp-content\/plugins\/discover-douro\/imgs\/onde_dormir.png\"],\n     ['<b><a href=\"\/poiss?slug=casa-da-tapada\">Casa da Tapada <\/a><\/b>', 41.147297, -7.080851, \"\/wp-content\/plugins\/discover-douro\/imgs\/onde_dormir.png\"],\n     ['<b><a href=\"\/poiss?slug=casa-do-padre-coxo\">Casa do Padre Coxo<\/a><\/b>', 41.184684, -6.879497, \"\/wp-content\/plugins\/discover-douro\/imgs\/onde_dormir.png\"],\n     ['<b><a href=\"\/poiss?slug=residencial-o-artur\">Residencial  O Artur <\/a><\/b>', 41.185274, -6.876341, \"\/wp-content\/plugins\/discover-douro\/imgs\/onde_dormir.png\"],\n     ['<b><a href=\"\/poiss?slug=bel-douro\">Bel Douro<\/a><\/b>', 41.19223, -6.96245, \"\/wp-content\/plugins\/discover-douro\/imgs\/onde_dormir.png\"],\n     ['<b><a href=\"\/poiss?slug=olhares-do-douro\">Olhares do Douro <\/a><\/b>', 41.18003, -7.113774, \"\/wp-content\/plugins\/discover-douro\/imgs\/onde_dormir.png\"],\n     ['<b><a href=\"\/poiss?slug=douro-elegance-suites\">Douro Elegance Suites<\/a><\/b>', 41.180132, -7.112389, \"\/wp-content\/plugins\/discover-douro\/imgs\/onde_dormir.png\"],\n     ['<b><a href=\"\/poiss?slug=cacula-alojamento-local\">Ca\u00e7ula<\/a><\/b>', 41.174347, -7.053198, \"\/wp-content\/plugins\/discover-douro\/imgs\/onde_dormir.png\"],\n     ['<b><a href=\"\/poiss?slug=casa-dr-ramiro-salgado\">Casa Dr. Ramiro Salgado<\/a><\/b>', 41.20641, -7.014, \"\/wp-content\/plugins\/discover-douro\/imgs\/onde_dormir.png\"],\n     ['<b><a href=\"\/poiss?slug=casa-da-praca-moncorvo\">Casa da Pra\u00e7a <\/a><\/b>', 41.17467, -7.05172, \"\/wp-content\/plugins\/discover-douro\/imgs\/onde_dormir.png\"],\n     ['<b><a href=\"\/poiss?slug=casa-dos-coelhos-moncorvo\">Casa dos Coelhos <\/a><\/b>', 41.152613, -7.067035, \"\/wp-content\/plugins\/discover-douro\/imgs\/onde_dormir.png\"],\n     ['<b><a href=\"\/poiss?slug=casarupa-do-viriato\">Casarupa do Viriato <\/a><\/b>', 41.173985, -7.051714, \"\/wp-content\/plugins\/discover-douro\/imgs\/onde_dormir.png\"],\n     ['<b><a href=\"\/poiss?slug=quinta-da-agua\">Quinta da \u00c1gua<\/a><\/b>', 41.183309, -7.024678, \"\/wp-content\/plugins\/discover-douro\/imgs\/onde_dormir.png\"],\n     ['<b><a href=\"\/poiss?slug=quinta-das-aveleiras\">Quintas das Aveleiras<\/a><\/b>', 41.170587, -7.055851, \"\/wp-content\/plugins\/discover-douro\/imgs\/onde_dormir.png\"],\n     ['<b><a href=\"\/poiss?slug=quintas-valbom-e-cucu-moncorvo\">Quinta do Valbom e Cucu<\/a><\/b>', 41.162139, -7.071548, \"\/wp-content\/plugins\/discover-douro\/imgs\/onde_dormir.png\"],\n     ['<b><a href=\"\/poiss?slug=residencial-popular-moncorvo\">Resid\u00eancial  O Popular <\/a><\/b>', 41.176074, -7.053052, \"\/wp-content\/plugins\/discover-douro\/imgs\/onde_dormir.png\"],\n     ['<b><a href=\"\/poiss?slug=rufiesca-alojamento\">Rufiesca <\/a><\/b>', 41.171628, -7.05295, \"\/wp-content\/plugins\/discover-douro\/imgs\/onde_dormir.png\"],\n     ['<b><a href=\"\/poiss?slug=restaurante-piscinas-moncorvo\">Restaurant \u201cAs Piscinas\u201d <\/a><\/b>', 41.180483, -7.04113, \"\/wp-content\/plugins\/discover-douro\/imgs\/onde_comer.png\"],\n     ['<b><a href=\"\/poiss?slug=jardim-restaurante-moncorvo\">Jardim Restaurant <\/a><\/b>', 41.17263, -7.053078, \"\/wp-content\/plugins\/discover-douro\/imgs\/onde_comer.png\"],\n     ['<b><a href=\"\/poiss?slug=restaurante-o-lagar-moncorvo\">Restaurante  O Lagar <\/a><\/b>', 41.173938, -7.053365, \"\/wp-content\/plugins\/discover-douro\/imgs\/onde_comer.png\"],\n     ['<b><a href=\"\/poiss?slug=taberna-ze-relhas\">Taberna do Z\u00e9 Relhas<\/a><\/b>', 41.180431, -7.112422, \"\/wp-content\/plugins\/discover-douro\/imgs\/onde_comer.png\"],\n     ['<b><a href=\"\/poiss?slug=restaurante-tipico\">Restaurante  T\u00edpico <\/a><\/b>', 41.17333, -7.05748, \"\/wp-content\/plugins\/discover-douro\/imgs\/onde_comer.png\"],\n     ['<b><a href=\"\/poiss?slug=chafariz-filipino\">Philippine Fountain <\/a><\/b>', 41.174704, -7.052028, \"\/wp-content\/plugins\/discover-douro\/imgs\/o_que_visitar.png\"],\n     ['<b><a href=\"\/poiss?slug=capela-nossa-senhora-da-esperanca\"> Nossa Senhora da Esperan\u00e7a  Chapel <\/a><\/b>', 41.166484, -7.07176, \"\/wp-content\/plugins\/discover-douro\/imgs\/o_que_visitar.png\"],\n     ['<b><a href=\"\/poiss?slug=capela-de-nossa-senhora-do-remedios\">Chapel of Our Lady of Remedies <\/a><\/b>', 41.176249, -7.051305, \"\/wp-content\/plugins\/discover-douro\/imgs\/o_que_visitar.png\"],\n     ['<b><a href=\"\/poiss?slug=foz-do-sabor-boats-tours\">Foz do Sabor Boat Tours<\/a><\/b>', 41.177162, -7.112072, \"\/wp-content\/plugins\/discover-douro\/imgs\/onde_se_divertir.png\"],\n     ['<b><a href=\"\/poiss?slug=restaurante-100-sabores\"> 100 Sabores  Restaurant<\/a><\/b>', 41.173795, -7.046101, \"\/wp-content\/plugins\/discover-douro\/imgs\/onde_comer.png\"],\n     ['<b><a href=\"\/poiss?slug=restaurante-cruzeiro\"> Cruzeiro  restaurant<\/a><\/b>', 41.26915, -7.082568, \"\/wp-content\/plugins\/discover-douro\/imgs\/onde_comer.png\"],\n     ['<b><a href=\"\/poiss?slug=pizzaria-panoramica\">Panoramic Pizzeria <\/a><\/b>', 41.175752, -7.056216, \"\/wp-content\/plugins\/discover-douro\/imgs\/onde_comer.png\"],\n     ['<b><a href=\"\/poiss?slug=restaurante-cantinho-da-terrincha\">Restaurant  Cantinho da Terrincha <\/a><\/b>', 41.2246, -7.0897, \"\/wp-content\/plugins\/discover-douro\/imgs\/onde_comer.png\"],\n     ['<b><a href=\"\/poiss?slug=alojamento-o-cantinho-da-auzenda\">O Cantinho da Auzenda<\/a><\/b>', 41.180663, -7.112265, \"\/wp-content\/plugins\/discover-douro\/imgs\/onde_dormir.png\"],\n     ['<b><a href=\"\/poiss?slug=casas-do-planalto-alojamento-local\">Casa da Igreja by Casas do Planalto <\/a><\/b>', 41.27467, -7.04993, \"\/wp-content\/plugins\/discover-douro\/imgs\/onde_dormir.png\"],\n     ['<b><a href=\"\/poiss?slug=quinta-de-gandarem-alojamento\">Quinta de Gandar\u00e9m<\/a><\/b>', 41.189442, -7.121061, \"\/wp-content\/plugins\/discover-douro\/imgs\/onde_dormir.png\"],\n     ['<b><a href=\"\/poiss?slug=casa-da-amendoa-alojamento-local\">Casa D  Am\u00eandoa <\/a><\/b>', 41.211218, -6.95862, \"\/wp-content\/plugins\/discover-douro\/imgs\/onde_dormir.png\"],\n     ['<b><a href=\"\/poiss?slug=ninho-do-corvo\">Ninho do Corvo<\/a><\/b>', 41.17426, -7.05141, \"\/wp-content\/plugins\/discover-douro\/imgs\/onde_dormir.png\"],\n     ['<b><a href=\"\/poiss?slug=o-encanto-da-aldeia\">O Encanto da Aldeia<\/a><\/b>', 41.180513, -7.11222, \"\/wp-content\/plugins\/discover-douro\/imgs\/onde_dormir.png\"],\n     ['<b><a href=\"\/poiss?slug=cantinho-da-aldeia\">Cantinho da Aldeia<\/a><\/b>', 41.23147, -7.17002, \"\/wp-content\/plugins\/discover-douro\/imgs\/onde_dormir.png\"],\n     ['<b><a href=\"\/poiss?slug=paraiso-da-foz-do-sabor\">Para\u00edso da Foz do Sabor<\/a><\/b>', 41.18058, -7.11241, \"\/wp-content\/plugins\/discover-douro\/imgs\/onde_dormir.png\"],\n     ['<b><a href=\"\/poiss?slug=quintal-do-gremio\">Quintal do Gr\u00e9mio<\/a><\/b>', 41.17334, -7.052506, \"\/wp-content\/plugins\/discover-douro\/imgs\/onde_dormir.png\"],\n     ['<b><a href=\"\/poiss?slug=foz-house-sabor-e-douro\">Foz House Sabor & Douro<\/a><\/b>', 41.179896, -7.111425, \"\/wp-content\/plugins\/discover-douro\/imgs\/onde_dormir.png\"],\n     ['<b><a href=\"\/poiss?slug=retiro-da-igreja-by-casas-do-planalto\">Retiro da Igreja by Casas do Planalto <\/a><\/b>', 41.173637, -7.052977, \"\/wp-content\/plugins\/discover-douro\/imgs\/onde_dormir.png\"],\n     ['<b><a href=\"\/poiss?slug=nature-house-lagos-do-sabor\">Nature House Lagos do Sabor <\/a><\/b>', 41.25245, -7.03568, \"\/wp-content\/plugins\/discover-douro\/imgs\/onde_dormir.png\"],\n     ['<b><a href=\"\/poiss?slug=junkeira-casa-douro-campo\">Junkeira - Casa, Douro e Campo <\/a><\/b>', 41.26931, -7.08143, \"\/wp-content\/plugins\/discover-douro\/imgs\/onde_dormir.png\"],\n            ];\n        var map = new google.maps.Map(document.getElementById('map'), {\n        zoom: 12,\n                center: center\n        });\n        var infowindow = new google.maps.InfoWindow({});\n        var marker, count;\n        for (count = 0; count < locations.length; count++) {\n        marker = new google.maps.Marker({\n        position: new google.maps.LatLng(locations[count][1], locations[count][2]),\n                map: map,\n                icon: locations[count][3],\n                title: locations[count][0]\n        });\n        google.maps.event.addListener(marker, 'click', (function (marker, count) {\n        return function () {\n        infowindow.setContent(locations[count][0]);\n        infowindow.open(map, marker);\n        }\n        })(marker, count));\n        }\n        }\n\n    <\/script>\n\n\n    <\/div>\n\t\t\t\t\t\t<\/div>\n\t\t\t\t<\/div>\n\t\t\t\t<\/div>\n\t\t\t\t<\/div>\n\t\t","protected":false},"featured_media":32225,"template":"","class_list":["post-41226","municipio","type-municipio","status-publish","has-post-thumbnail","hentry"],"acf":[],"yoast_head":"<!-- This site is optimized with the Yoast SEO plugin v26.2 - https:\/\/yoast.com\/wordpress\/plugins\/seo\/ -->\n<title>Torre de Moncorvo - Discover Douro<\/title>\n<meta name=\"robots\" content=\"index, follow, max-snippet:-1, max-image-preview:large, max-video-preview:-1\" \/>\n<link rel=\"canonical\" href=\"https:\/\/discoverdouro.pt\/en\/municipio\/torre-de-moncorvo\" \/>\n<meta property=\"og:locale\" content=\"en_US\" \/>\n<meta property=\"og:type\" content=\"article\" \/>\n<meta property=\"og:title\" content=\"Torre de Moncorvo - Discover Douro\" \/>\n<meta property=\"og:description\" content=\"The municipality of Torre de Moncorvo is located in the north-east of Tr\u00e1s-os-Montes in the south of the Bragan\u00e7a district, bordered to the north by Alf\u00e2ndega da F\u00e9, to the north-east by Mogadouro, to the north-west by Vila Flor, and to the south and south-west by Vila Nova de Foz-C\u00f4a and Freixo de Espada-\u00e0-Cinta, respectively. [&hellip;]\" \/>\n<meta property=\"og:url\" content=\"https:\/\/discoverdouro.pt\/en\/municipio\/torre-de-moncorvo\" \/>\n<meta property=\"og:site_name\" content=\"Discover Douro\" \/>\n<meta property=\"article:publisher\" content=\"https:\/\/www.facebook.com\/profile.php?id=61555234744391\" \/>\n<meta property=\"article:modified_time\" content=\"2024-04-03T10:50:11+00:00\" \/>\n<meta property=\"og:image\" content=\"https:\/\/discoverdouro.pt\/wp-content\/uploads\/2023\/09\/TorredeMoncorvo-Black.png\" \/>\n\t<meta property=\"og:image:width\" content=\"251\" \/>\n\t<meta property=\"og:image:height\" content=\"150\" \/>\n\t<meta property=\"og:image:type\" content=\"image\/png\" \/>\n<meta name=\"twitter:card\" content=\"summary_large_image\" \/>\n<meta name=\"twitter:site\" content=\"@DiscoverDouro\" \/>\n<meta name=\"twitter:label1\" content=\"Est. reading time\" \/>\n\t<meta name=\"twitter:data1\" content=\"3 minutes\" \/>\n<script type=\"application\/ld+json\" class=\"yoast-schema-graph\">{\"@context\":\"https:\/\/schema.org\",\"@graph\":[{\"@type\":\"WebPage\",\"@id\":\"https:\/\/discoverdouro.pt\/en\/municipio\/torre-de-moncorvo\",\"url\":\"https:\/\/discoverdouro.pt\/en\/municipio\/torre-de-moncorvo\",\"name\":\"Torre de Moncorvo - Discover Douro\",\"isPartOf\":{\"@id\":\"https:\/\/discoverdouro.pt\/en#website\"},\"primaryImageOfPage\":{\"@id\":\"https:\/\/discoverdouro.pt\/en\/municipio\/torre-de-moncorvo#primaryimage\"},\"image\":{\"@id\":\"https:\/\/discoverdouro.pt\/en\/municipio\/torre-de-moncorvo#primaryimage\"},\"thumbnailUrl\":\"https:\/\/discoverdouro.pt\/wp-content\/uploads\/2023\/09\/TorredeMoncorvo-Black.png\",\"datePublished\":\"2023-12-13T15:32:01+00:00\",\"dateModified\":\"2024-04-03T10:50:11+00:00\",\"breadcrumb\":{\"@id\":\"https:\/\/discoverdouro.pt\/en\/municipio\/torre-de-moncorvo#breadcrumb\"},\"inLanguage\":\"en\",\"potentialAction\":[{\"@type\":\"ReadAction\",\"target\":[\"https:\/\/discoverdouro.pt\/en\/municipio\/torre-de-moncorvo\"]}]},{\"@type\":\"ImageObject\",\"inLanguage\":\"en\",\"@id\":\"https:\/\/discoverdouro.pt\/en\/municipio\/torre-de-moncorvo#primaryimage\",\"url\":\"https:\/\/discoverdouro.pt\/wp-content\/uploads\/2023\/09\/TorredeMoncorvo-Black.png\",\"contentUrl\":\"https:\/\/discoverdouro.pt\/wp-content\/uploads\/2023\/09\/TorredeMoncorvo-Black.png\",\"width\":251,\"height\":150},{\"@type\":\"BreadcrumbList\",\"@id\":\"https:\/\/discoverdouro.pt\/en\/municipio\/torre-de-moncorvo#breadcrumb\",\"itemListElement\":[{\"@type\":\"ListItem\",\"position\":1,\"name\":\"Home\",\"item\":\"https:\/\/discoverdouro.pt\/en\"},{\"@type\":\"ListItem\",\"position\":2,\"name\":\"Munic\u00edpios\",\"item\":\"https:\/\/discoverdouro.pt\/en\/municipio\"},{\"@type\":\"ListItem\",\"position\":3,\"name\":\"Torre de Moncorvo\"}]},{\"@type\":\"WebSite\",\"@id\":\"https:\/\/discoverdouro.pt\/en#website\",\"url\":\"https:\/\/discoverdouro.pt\/en\",\"name\":\"Discover Douro\",\"description\":\"O Para\u00edso de Portugal\",\"publisher\":{\"@id\":\"https:\/\/discoverdouro.pt\/en#organization\"},\"potentialAction\":[{\"@type\":\"SearchAction\",\"target\":{\"@type\":\"EntryPoint\",\"urlTemplate\":\"https:\/\/discoverdouro.pt\/en?s={search_term_string}\"},\"query-input\":{\"@type\":\"PropertyValueSpecification\",\"valueRequired\":true,\"valueName\":\"search_term_string\"}}],\"inLanguage\":\"en\"},{\"@type\":\"Organization\",\"@id\":\"https:\/\/discoverdouro.pt\/en#organization\",\"name\":\"Discover Douro\",\"url\":\"https:\/\/discoverdouro.pt\/en\",\"logo\":{\"@type\":\"ImageObject\",\"inLanguage\":\"en\",\"@id\":\"https:\/\/discoverdouro.pt\/en#\/schema\/logo\/image\/\",\"url\":\"https:\/\/www.discoverdouro.pt\/wp-content\/uploads\/2024\/01\/cropped-Icon_Discover.png\",\"contentUrl\":\"https:\/\/www.discoverdouro.pt\/wp-content\/uploads\/2024\/01\/cropped-Icon_Discover.png\",\"width\":512,\"height\":512,\"caption\":\"Discover Douro\"},\"image\":{\"@id\":\"https:\/\/discoverdouro.pt\/en#\/schema\/logo\/image\/\"},\"sameAs\":[\"https:\/\/www.facebook.com\/profile.php?id=61555234744391\",\"https:\/\/x.com\/DiscoverDouro\",\"https:\/\/www.instagram.com\/discover.douro\",\"https:\/\/www.tiktok.com\/@discoverdouro\",\"https:\/\/www.linkedin.com\/company\/discover-douro\/\"]}]}<\/script>\n<!-- \/ Yoast SEO plugin. -->","yoast_head_json":{"title":"Torre de Moncorvo - Discover Douro","robots":{"index":"index","follow":"follow","max-snippet":"max-snippet:-1","max-image-preview":"max-image-preview:large","max-video-preview":"max-video-preview:-1"},"canonical":"https:\/\/discoverdouro.pt\/en\/municipio\/torre-de-moncorvo","og_locale":"en_US","og_type":"article","og_title":"Torre de Moncorvo - Discover Douro","og_description":"The municipality of Torre de Moncorvo is located in the north-east of Tr\u00e1s-os-Montes in the south of the Bragan\u00e7a district, bordered to the north by Alf\u00e2ndega da F\u00e9, to the north-east by Mogadouro, to the north-west by Vila Flor, and to the south and south-west by Vila Nova de Foz-C\u00f4a and Freixo de Espada-\u00e0-Cinta, respectively. [&hellip;]","og_url":"https:\/\/discoverdouro.pt\/en\/municipio\/torre-de-moncorvo","og_site_name":"Discover Douro","article_publisher":"https:\/\/www.facebook.com\/profile.php?id=61555234744391","article_modified_time":"2024-04-03T10:50:11+00:00","og_image":[{"width":251,"height":150,"url":"https:\/\/discoverdouro.pt\/wp-content\/uploads\/2023\/09\/TorredeMoncorvo-Black.png","type":"image\/png"}],"twitter_card":"summary_large_image","twitter_site":"@DiscoverDouro","twitter_misc":{"Est. reading time":"3 minutes"},"schema":{"@context":"https:\/\/schema.org","@graph":[{"@type":"WebPage","@id":"https:\/\/discoverdouro.pt\/en\/municipio\/torre-de-moncorvo","url":"https:\/\/discoverdouro.pt\/en\/municipio\/torre-de-moncorvo","name":"Torre de Moncorvo - Discover Douro","isPartOf":{"@id":"https:\/\/discoverdouro.pt\/en#website"},"primaryImageOfPage":{"@id":"https:\/\/discoverdouro.pt\/en\/municipio\/torre-de-moncorvo#primaryimage"},"image":{"@id":"https:\/\/discoverdouro.pt\/en\/municipio\/torre-de-moncorvo#primaryimage"},"thumbnailUrl":"https:\/\/discoverdouro.pt\/wp-content\/uploads\/2023\/09\/TorredeMoncorvo-Black.png","datePublished":"2023-12-13T15:32:01+00:00","dateModified":"2024-04-03T10:50:11+00:00","breadcrumb":{"@id":"https:\/\/discoverdouro.pt\/en\/municipio\/torre-de-moncorvo#breadcrumb"},"inLanguage":"en","potentialAction":[{"@type":"ReadAction","target":["https:\/\/discoverdouro.pt\/en\/municipio\/torre-de-moncorvo"]}]},{"@type":"ImageObject","inLanguage":"en","@id":"https:\/\/discoverdouro.pt\/en\/municipio\/torre-de-moncorvo#primaryimage","url":"https:\/\/discoverdouro.pt\/wp-content\/uploads\/2023\/09\/TorredeMoncorvo-Black.png","contentUrl":"https:\/\/discoverdouro.pt\/wp-content\/uploads\/2023\/09\/TorredeMoncorvo-Black.png","width":251,"height":150},{"@type":"BreadcrumbList","@id":"https:\/\/discoverdouro.pt\/en\/municipio\/torre-de-moncorvo#breadcrumb","itemListElement":[{"@type":"ListItem","position":1,"name":"Home","item":"https:\/\/discoverdouro.pt\/en"},{"@type":"ListItem","position":2,"name":"Munic\u00edpios","item":"https:\/\/discoverdouro.pt\/en\/municipio"},{"@type":"ListItem","position":3,"name":"Torre de Moncorvo"}]},{"@type":"WebSite","@id":"https:\/\/discoverdouro.pt\/en#website","url":"https:\/\/discoverdouro.pt\/en","name":"Discover Douro","description":"O Para\u00edso de Portugal","publisher":{"@id":"https:\/\/discoverdouro.pt\/en#organization"},"potentialAction":[{"@type":"SearchAction","target":{"@type":"EntryPoint","urlTemplate":"https:\/\/discoverdouro.pt\/en?s={search_term_string}"},"query-input":{"@type":"PropertyValueSpecification","valueRequired":true,"valueName":"search_term_string"}}],"inLanguage":"en"},{"@type":"Organization","@id":"https:\/\/discoverdouro.pt\/en#organization","name":"Discover Douro","url":"https:\/\/discoverdouro.pt\/en","logo":{"@type":"ImageObject","inLanguage":"en","@id":"https:\/\/discoverdouro.pt\/en#\/schema\/logo\/image\/","url":"https:\/\/www.discoverdouro.pt\/wp-content\/uploads\/2024\/01\/cropped-Icon_Discover.png","contentUrl":"https:\/\/www.discoverdouro.pt\/wp-content\/uploads\/2024\/01\/cropped-Icon_Discover.png","width":512,"height":512,"caption":"Discover Douro"},"image":{"@id":"https:\/\/discoverdouro.pt\/en#\/schema\/logo\/image\/"},"sameAs":["https:\/\/www.facebook.com\/profile.php?id=61555234744391","https:\/\/x.com\/DiscoverDouro","https:\/\/www.instagram.com\/discover.douro","https:\/\/www.tiktok.com\/@discoverdouro","https:\/\/www.linkedin.com\/company\/discover-douro\/"]}]}},"_links":{"self":[{"href":"https:\/\/discoverdouro.pt\/en\/wp-json\/wp\/v2\/municipio\/41226","targetHints":{"allow":["GET"]}}],"collection":[{"href":"https:\/\/discoverdouro.pt\/en\/wp-json\/wp\/v2\/municipio"}],"about":[{"href":"https:\/\/discoverdouro.pt\/en\/wp-json\/wp\/v2\/types\/municipio"}],"version-history":[{"count":28,"href":"https:\/\/discoverdouro.pt\/en\/wp-json\/wp\/v2\/municipio\/41226\/revisions"}],"predecessor-version":[{"id":53795,"href":"https:\/\/discoverdouro.pt\/en\/wp-json\/wp\/v2\/municipio\/41226\/revisions\/53795"}],"wp:featuredmedia":[{"embeddable":true,"href":"https:\/\/discoverdouro.pt\/en\/wp-json\/wp\/v2\/media\/32225"}],"wp:attachment":[{"href":"https:\/\/discoverdouro.pt\/en\/wp-json\/wp\/v2\/media?parent=41226"}],"curies":[{"name":"wp","href":"https:\/\/api.w.org\/{rel}","templated":true}]}}