{"id":41556,"date":"2023-12-15T22:41:58","date_gmt":"2023-12-15T22:41:58","guid":{"rendered":"https:\/\/discoverdouro.digiupdev.com\/saberes-e-sabores-de-vila-real"},"modified":"2024-01-22T12:57:45","modified_gmt":"2024-01-22T12:57:45","slug":"flavours-and-knowledge-vila-real","status":"publish","type":"page","link":"https:\/\/discoverdouro.pt\/en\/flavours-and-knowledge-vila-real","title":{"rendered":"Flavours and knowledge Vila Real"},"content":{"rendered":"\t\t<div data-elementor-type=\"wp-page\" data-elementor-id=\"41556\" class=\"elementor elementor-41556 elementor-41085\" data-elementor-post-type=\"page\">\n\t\t\t\t\t\t<section class=\"elementor-section elementor-top-section elementor-element elementor-element-fbc660c elementor-section-stretched elementor-section-boxed elementor-section-height-default elementor-section-height-default\" data-id=\"fbc660c\" data-element_type=\"section\" data-settings=\"{&quot;stretch_section&quot;:&quot;section-stretched&quot;,&quot;background_background&quot;:&quot;classic&quot;}\">\n\t\t\t\t\t\t\t<div class=\"elementor-background-overlay\"><\/div>\n\t\t\t\t\t\t\t<div class=\"elementor-container elementor-column-gap-default\">\n\t\t\t\t\t<div class=\"elementor-column elementor-col-100 elementor-top-column elementor-element elementor-element-b61beef\" data-id=\"b61beef\" data-element_type=\"column\">\n\t\t\t<div class=\"elementor-widget-wrap elementor-element-populated\">\n\t\t\t\t\t\t<div class=\"elementor-element elementor-element-94825bb elementor-widget elementor-widget-heading\" data-id=\"94825bb\" data-element_type=\"widget\" data-widget_type=\"heading.default\">\n\t\t\t\t<div class=\"elementor-widget-container\">\n\t\t\t\t\t<h1 class=\"elementor-heading-title elementor-size-default\">Flavours and Knowledge<\/h1>\t\t\t\t<\/div>\n\t\t\t\t<\/div>\n\t\t\t\t<div class=\"elementor-element elementor-element-6ad0a8a elementor-widget elementor-widget-heading\" data-id=\"6ad0a8a\" data-element_type=\"widget\" data-widget_type=\"heading.default\">\n\t\t\t\t<div class=\"elementor-widget-container\">\n\t\t\t\t\t<h1 class=\"elementor-heading-title elementor-size-default\">Vila Real<\/h1>\t\t\t\t<\/div>\n\t\t\t\t<\/div>\n\t\t\t\t\t<\/div>\n\t\t<\/div>\n\t\t\t\t\t<\/div>\n\t\t<\/section>\n\t\t<div class=\"elementor-element elementor-element-6674c45 e-flex e-con-boxed e-con e-parent\" data-id=\"6674c45\" data-element_type=\"container\">\n\t\t\t\t\t<div class=\"e-con-inner\">\n\t\t\t\t<div class=\"elementor-element elementor-element-7a1ad1a elementor-widget elementor-widget-heading\" data-id=\"7a1ad1a\" data-element_type=\"widget\" data-widget_type=\"heading.default\">\n\t\t\t\t<div class=\"elementor-widget-container\">\n\t\t\t\t\t<h2 class=\"elementor-heading-title elementor-size-default\">Arts and Crafts<\/h2>\t\t\t\t<\/div>\n\t\t\t\t<\/div>\n\t\t\t\t\t<\/div>\n\t\t\t\t<\/div>\n\t\t<div class=\"elementor-element elementor-element-7a74e74 e-flex e-con-boxed e-con e-parent\" data-id=\"7a74e74\" data-element_type=\"container\">\n\t\t\t\t\t<div class=\"e-con-inner\">\n\t\t<div class=\"elementor-element elementor-element-a5e7e55 e-con-full elementor-hidden-mobile e-flex e-con e-child\" data-id=\"a5e7e55\" data-element_type=\"container\" data-settings=\"{&quot;background_background&quot;:&quot;classic&quot;}\">\n\t\t\t\t<\/div>\n\t\t<div class=\"elementor-element elementor-element-91909a9 e-con-full e-flex e-con e-child\" data-id=\"91909a9\" data-element_type=\"container\">\n\t\t\t\t<div class=\"elementor-element elementor-element-4591b2a elementor-hidden-desktop elementor-hidden-laptop elementor-hidden-tablet elementor-widget elementor-widget-image\" data-id=\"4591b2a\" data-element_type=\"widget\" data-widget_type=\"image.default\">\n\t\t\t\t<div class=\"elementor-widget-container\">\n\t\t\t\t\t\t\t\t\t\t\t\t\t\t\t<img fetchpriority=\"high\" decoding=\"async\" width=\"800\" height=\"533\" src=\"https:\/\/discoverdouro.pt\/wp-content\/uploads\/2023\/12\/Olaria-Negra-de-Bisalhaes.jpg\" class=\"attachment-large size-large wp-image-41094\" alt=\"\" srcset=\"https:\/\/discoverdouro.pt\/wp-content\/uploads\/2023\/12\/Olaria-Negra-de-Bisalhaes.jpg 990w, https:\/\/discoverdouro.pt\/wp-content\/uploads\/2023\/12\/Olaria-Negra-de-Bisalhaes-300x200.jpg 300w, https:\/\/discoverdouro.pt\/wp-content\/uploads\/2023\/12\/Olaria-Negra-de-Bisalhaes-768x512.jpg 768w\" sizes=\"(max-width: 800px) 100vw, 800px\" \/>\t\t\t\t\t\t\t\t\t\t\t\t\t\t\t<\/div>\n\t\t\t\t<\/div>\n\t\t\t\t<div class=\"elementor-element elementor-element-62342ca elementor-widget elementor-widget-heading\" data-id=\"62342ca\" data-element_type=\"widget\" data-widget_type=\"heading.default\">\n\t\t\t\t<div class=\"elementor-widget-container\">\n\t\t\t\t\t<h2 class=\"elementor-heading-title elementor-size-default\">Black pottery from Bisalh\u00e3es<\/h2>\t\t\t\t<\/div>\n\t\t\t\t<\/div>\n\t\t\t\t<div class=\"elementor-element elementor-element-82644ae elementor-widget elementor-widget-text-editor\" data-id=\"82644ae\" data-element_type=\"widget\" data-widget_type=\"text-editor.default\">\n\t\t\t\t<div class=\"elementor-widget-container\">\n\t\t\t\t\t\t\t\t\t<p>Since 29 November 2016, the same process has been inscribed on UNESCO&#8217;s List of Intangible Cultural Heritage in Need of Urgent Safeguarding, a decision taken at the 11th meeting of the Intergovernmental Committee for the Safeguarding of the Intangible Cultural Heritage of the United Nations Educational, Scientific and Cultural Organisation, held in Addis Ababa, the capital of Ethiopia. After the process of making Lou\u00e7a Preta de Bisalh\u00e3es was recognised as National Cultural Heritage on 5 March 2015, by publication in the Di\u00e1rio da Rep\u00fablica and inscription on the National Inventory of Intangible Cultural Heritage, the Vila Real Municipality decided to apply for this ancient tradition to be included on UNESCO&#8217;s List of Intangible Cultural Heritage in Need of Urgent Safeguarding. This complex process took more than a year to complete, but it has come to an end with the news that everyone was waiting for. This international recognition will make it possible to share the ancestral knowledge of the Bisalh\u00e3es potters with the world, as well as motivating the implementation of a wide-ranging safeguard plan that the Municipality of Vila Real has devised, from training potters to certifying the process and even encouraging the emergence of new uses and designs for this unique material.<\/p>\t\t\t\t\t\t\t\t<\/div>\n\t\t\t\t<\/div>\n\t\t\t\t<\/div>\n\t\t\t\t\t<\/div>\n\t\t\t\t<\/div>\n\t\t<div class=\"elementor-element elementor-element-a79f591 e-flex e-con-boxed e-con e-parent\" data-id=\"a79f591\" data-element_type=\"container\">\n\t\t\t\t\t<div class=\"e-con-inner\">\n\t\t<div class=\"elementor-element elementor-element-dca07ba e-con-full e-flex e-con e-child\" data-id=\"dca07ba\" data-element_type=\"container\">\n\t\t\t\t<div class=\"elementor-element elementor-element-9e655a1 elementor-hidden-desktop elementor-hidden-laptop elementor-hidden-tablet elementor-widget elementor-widget-image\" data-id=\"9e655a1\" data-element_type=\"widget\" data-widget_type=\"image.default\">\n\t\t\t\t<div class=\"elementor-widget-container\">\n\t\t\t\t\t\t\t\t\t\t\t\t\t\t\t<img decoding=\"async\" width=\"800\" height=\"554\" src=\"https:\/\/discoverdouro.pt\/wp-content\/uploads\/2023\/12\/Linho-de-Agarez-1024x709.jpg\" class=\"attachment-large size-large wp-image-41098\" alt=\"\" srcset=\"https:\/\/discoverdouro.pt\/wp-content\/uploads\/2023\/12\/Linho-de-Agarez-1024x709.jpg 1024w, https:\/\/discoverdouro.pt\/wp-content\/uploads\/2023\/12\/Linho-de-Agarez-300x208.jpg 300w, https:\/\/discoverdouro.pt\/wp-content\/uploads\/2023\/12\/Linho-de-Agarez-768x532.jpg 768w, https:\/\/discoverdouro.pt\/wp-content\/uploads\/2023\/12\/Linho-de-Agarez.jpg 1200w\" sizes=\"(max-width: 800px) 100vw, 800px\" \/>\t\t\t\t\t\t\t\t\t\t\t\t\t\t\t<\/div>\n\t\t\t\t<\/div>\n\t\t\t\t<div class=\"elementor-element elementor-element-31c1369 elementor-widget elementor-widget-heading\" data-id=\"31c1369\" data-element_type=\"widget\" data-widget_type=\"heading.default\">\n\t\t\t\t<div class=\"elementor-widget-container\">\n\t\t\t\t\t<h2 class=\"elementor-heading-title elementor-size-default\">Agarez linens<\/h2>\t\t\t\t<\/div>\n\t\t\t\t<\/div>\n\t\t\t\t<div class=\"elementor-element elementor-element-8ba2b0c elementor-widget elementor-widget-text-editor\" data-id=\"8ba2b0c\" data-element_type=\"widget\" data-widget_type=\"text-editor.default\">\n\t\t\t\t<div class=\"elementor-widget-container\">\n\t\t\t\t\t\t\t\t\t<p>As a general rule, every farmhouse in the region used to have a loom, traces of which can still be seen in certain villages, such as Agarez, Mondr\u00f5es, Couto (Adoufe) and Mateus, where some craftswomen still work with linen. Today, local cultivation of the plant is rare, but the subsequent stages &#8211; stripping, scutching, spinning and weaving &#8211; are still practised. It is a highly prized type of handicraft, particularly bedspreads and towels.<\/p>\t\t\t\t\t\t\t\t<\/div>\n\t\t\t\t<\/div>\n\t\t\t\t<\/div>\n\t\t<div class=\"elementor-element elementor-element-1fe8fd4 e-con-full elementor-hidden-mobile e-flex e-con e-child\" data-id=\"1fe8fd4\" data-element_type=\"container\" data-settings=\"{&quot;background_background&quot;:&quot;classic&quot;}\">\n\t\t\t\t<\/div>\n\t\t\t\t\t<\/div>\n\t\t\t\t<\/div>\n\t\t<div class=\"elementor-element elementor-element-fe2fd2b e-flex e-con-boxed e-con e-parent\" data-id=\"fe2fd2b\" data-element_type=\"container\">\n\t\t\t\t\t<div class=\"e-con-inner\">\n\t\t<div class=\"elementor-element elementor-element-3f2988f e-con-full elementor-hidden-mobile e-flex e-con e-child\" data-id=\"3f2988f\" data-element_type=\"container\" data-settings=\"{&quot;background_background&quot;:&quot;classic&quot;}\">\n\t\t\t\t<\/div>\n\t\t<div class=\"elementor-element elementor-element-23133dc e-con-full e-flex e-con e-child\" data-id=\"23133dc\" data-element_type=\"container\">\n\t\t\t\t<div class=\"elementor-element elementor-element-07a0cd8 elementor-hidden-desktop elementor-hidden-laptop elementor-hidden-tablet elementor-widget elementor-widget-image\" data-id=\"07a0cd8\" data-element_type=\"widget\" data-widget_type=\"image.default\">\n\t\t\t\t<div class=\"elementor-widget-container\">\n\t\t\t\t\t\t\t\t\t\t\t\t\t\t\t<img decoding=\"async\" width=\"800\" height=\"600\" src=\"https:\/\/discoverdouro.pt\/wp-content\/uploads\/2023\/12\/Latoaria-1024x768.jpg\" class=\"attachment-large size-large wp-image-41102\" alt=\"\" srcset=\"https:\/\/discoverdouro.pt\/wp-content\/uploads\/2023\/12\/Latoaria-1024x768.jpg 1024w, https:\/\/discoverdouro.pt\/wp-content\/uploads\/2023\/12\/Latoaria-300x225.jpg 300w, https:\/\/discoverdouro.pt\/wp-content\/uploads\/2023\/12\/Latoaria-768x576.jpg 768w, https:\/\/discoverdouro.pt\/wp-content\/uploads\/2023\/12\/Latoaria-1536x1152.jpg 1536w, https:\/\/discoverdouro.pt\/wp-content\/uploads\/2023\/12\/Latoaria.jpg 1707w\" sizes=\"(max-width: 800px) 100vw, 800px\" \/>\t\t\t\t\t\t\t\t\t\t\t\t\t\t\t<\/div>\n\t\t\t\t<\/div>\n\t\t\t\t<div class=\"elementor-element elementor-element-3a5e364 elementor-widget elementor-widget-heading\" data-id=\"3a5e364\" data-element_type=\"widget\" data-widget_type=\"heading.default\">\n\t\t\t\t<div class=\"elementor-widget-container\">\n\t\t\t\t\t<h2 class=\"elementor-heading-title elementor-size-default\">Tinsmithing<\/h2>\t\t\t\t<\/div>\n\t\t\t\t<\/div>\n\t\t\t\t<div class=\"elementor-element elementor-element-c4be03b elementor-widget elementor-widget-text-editor\" data-id=\"c4be03b\" data-element_type=\"widget\" data-widget_type=\"text-editor.default\">\n\t\t\t\t<div class=\"elementor-widget-container\">\n\t\t\t\t\t\t\t\t\t<p>This activity uses materials such as tin, pewter, steel and tinplate, which are moulded and handled using traditional tools to create a wide variety of pieces &#8211; watering cans, pots and pans, buckets, lamps, etc.<\/p>\t\t\t\t\t\t\t\t<\/div>\n\t\t\t\t<\/div>\n\t\t\t\t<\/div>\n\t\t\t\t\t<\/div>\n\t\t\t\t<\/div>\n\t\t<div class=\"elementor-element elementor-element-fdd1fbb e-flex e-con-boxed e-con e-parent\" data-id=\"fdd1fbb\" data-element_type=\"container\">\n\t\t\t\t\t<div class=\"e-con-inner\">\n\t\t\t\t<div class=\"elementor-element elementor-element-c3d3222 elementor-widget elementor-widget-heading\" data-id=\"c3d3222\" data-element_type=\"widget\" data-widget_type=\"heading.default\">\n\t\t\t\t<div class=\"elementor-widget-container\">\n\t\t\t\t\t<h2 class=\"elementor-heading-title elementor-size-default\">Vila Real Bureau<\/h2>\t\t\t\t<\/div>\n\t\t\t\t<\/div>\n\t\t\t\t\t<\/div>\n\t\t\t\t<\/div>\n\t\t<div class=\"elementor-element elementor-element-01d812c e-flex e-con-boxed e-con e-parent\" data-id=\"01d812c\" data-element_type=\"container\">\n\t\t\t\t\t<div class=\"e-con-inner\">\n\t\t<div class=\"elementor-element elementor-element-0d622d5 e-con-full e-flex e-con e-child\" data-id=\"0d622d5\" data-element_type=\"container\">\n\t\t\t\t<div class=\"elementor-element elementor-element-c2394b1 elementor-hidden-desktop elementor-hidden-laptop elementor-hidden-tablet elementor-widget elementor-widget-image\" data-id=\"c2394b1\" data-element_type=\"widget\" data-widget_type=\"image.default\">\n\t\t\t\t<div class=\"elementor-widget-container\">\n\t\t\t\t\t\t\t\t\t\t\t\t\t\t\t<img loading=\"lazy\" decoding=\"async\" width=\"800\" height=\"534\" src=\"https:\/\/discoverdouro.pt\/wp-content\/uploads\/2023\/12\/Mesa-de-Vila-Real-1024x684.jpg\" class=\"attachment-large size-large wp-image-41109\" alt=\"\" srcset=\"https:\/\/discoverdouro.pt\/wp-content\/uploads\/2023\/12\/Mesa-de-Vila-Real-1024x684.jpg 1024w, https:\/\/discoverdouro.pt\/wp-content\/uploads\/2023\/12\/Mesa-de-Vila-Real-300x200.jpg 300w, https:\/\/discoverdouro.pt\/wp-content\/uploads\/2023\/12\/Mesa-de-Vila-Real-768x513.jpg 768w, https:\/\/discoverdouro.pt\/wp-content\/uploads\/2023\/12\/Mesa-de-Vila-Real.jpg 1211w\" sizes=\"(max-width: 800px) 100vw, 800px\" \/>\t\t\t\t\t\t\t\t\t\t\t\t\t\t\t<\/div>\n\t\t\t\t<\/div>\n\t\t\t\t<div class=\"elementor-element elementor-element-b8c4c36 elementor-widget elementor-widget-heading\" data-id=\"b8c4c36\" data-element_type=\"widget\" data-widget_type=\"heading.default\">\n\t\t\t\t<div class=\"elementor-widget-container\">\n\t\t\t\t\t<h2 class=\"elementor-heading-title elementor-size-default\">Maronesa DOP <\/h2>\t\t\t\t<\/div>\n\t\t\t\t<\/div>\n\t\t\t\t<div class=\"elementor-element elementor-element-ca8064f elementor-widget elementor-widget-text-editor\" data-id=\"ca8064f\" data-element_type=\"widget\" data-widget_type=\"text-editor.default\">\n\t\t\t\t<div class=\"elementor-widget-container\">\n\t\t\t\t\t\t\t\t\t<p>Carne Maronesa DOP is obtained from cattle of the Maronesa breed from the area bounded by the Mar\u00e3o, Alv\u00e3o and Padrela mountains. It is a meat with white to ivory-white fat, depending on whether it is a calf or an adult animal. The muscle is pink to dark red in colour, also depending on the age of the animal. The Maronesa breed is defined as a mountain breed, primitive, natural and rustic. Its main physical characteristics are its dark brown to black coat and the tuft of hair on its head, which is lighter in colour. These cattle are responsible for the simple and delicate flavour, extremely tasty and juicy Maronesa DOP meat.<\/p>\t\t\t\t\t\t\t\t<\/div>\n\t\t\t\t<\/div>\n\t\t\t\t<\/div>\n\t\t<div class=\"elementor-element elementor-element-c072767 e-con-full elementor-hidden-mobile e-flex e-con e-child\" data-id=\"c072767\" data-element_type=\"container\" data-settings=\"{&quot;background_background&quot;:&quot;classic&quot;}\">\n\t\t\t\t<\/div>\n\t\t\t\t\t<\/div>\n\t\t\t\t<\/div>\n\t\t<div class=\"elementor-element elementor-element-1f71e67 e-flex e-con-boxed e-con e-parent\" data-id=\"1f71e67\" data-element_type=\"container\">\n\t\t\t\t\t<div class=\"e-con-inner\">\n\t\t<div class=\"elementor-element elementor-element-649b633 e-con-full elementor-hidden-mobile e-flex e-con e-child\" data-id=\"649b633\" data-element_type=\"container\" data-settings=\"{&quot;background_background&quot;:&quot;classic&quot;}\">\n\t\t\t\t<\/div>\n\t\t<div class=\"elementor-element elementor-element-d212075 e-con-full e-flex e-con e-child\" data-id=\"d212075\" data-element_type=\"container\">\n\t\t\t\t<div class=\"elementor-element elementor-element-d6044b5 elementor-hidden-desktop elementor-hidden-laptop elementor-hidden-tablet elementor-widget elementor-widget-image\" data-id=\"d6044b5\" data-element_type=\"widget\" data-widget_type=\"image.default\">\n\t\t\t\t<div class=\"elementor-widget-container\">\n\t\t\t\t\t\t\t\t\t\t\t\t\t\t\t<img loading=\"lazy\" decoding=\"async\" width=\"800\" height=\"415\" src=\"https:\/\/discoverdouro.pt\/wp-content\/uploads\/2023\/12\/Tripas-aos-Molhos-1024x531.jpg\" class=\"attachment-large size-large wp-image-41116\" alt=\"\" srcset=\"https:\/\/discoverdouro.pt\/wp-content\/uploads\/2023\/12\/Tripas-aos-Molhos-1024x531.jpg 1024w, https:\/\/discoverdouro.pt\/wp-content\/uploads\/2023\/12\/Tripas-aos-Molhos-300x155.jpg 300w, https:\/\/discoverdouro.pt\/wp-content\/uploads\/2023\/12\/Tripas-aos-Molhos-768x398.jpg 768w, https:\/\/discoverdouro.pt\/wp-content\/uploads\/2023\/12\/Tripas-aos-Molhos-1536x796.jpg 1536w, https:\/\/discoverdouro.pt\/wp-content\/uploads\/2023\/12\/Tripas-aos-Molhos.jpg 1561w\" sizes=\"(max-width: 800px) 100vw, 800px\" \/>\t\t\t\t\t\t\t\t\t\t\t\t\t\t\t<\/div>\n\t\t\t\t<\/div>\n\t\t\t\t<div class=\"elementor-element elementor-element-309bbb0 elementor-widget elementor-widget-heading\" data-id=\"309bbb0\" data-element_type=\"widget\" data-widget_type=\"heading.default\">\n\t\t\t\t<div class=\"elementor-widget-container\">\n\t\t\t\t\t<h2 class=\"elementor-heading-title elementor-size-default\">Tripas aos molhos<\/h2>\t\t\t\t<\/div>\n\t\t\t\t<\/div>\n\t\t\t\t<div class=\"elementor-element elementor-element-cd1d845 elementor-widget elementor-widget-text-editor\" data-id=\"cd1d845\" data-element_type=\"widget\" data-widget_type=\"text-editor.default\">\n\t\t\t\t<div class=\"elementor-widget-container\">\n\t\t\t\t\t\t\t\t\t<p>Roll up pieces of tripe and beef tripe with ham and a sprig of parsley in the middle. Cook for a couple of hours so that it is tender and flavoursome. The tripe should be washed very well with boiling water and rinsed often with lemon to remove any unpleasant flavours. Do the same with the cow&#8217;s stomach. Then cut the tripe into small squares and add a finger-thick piece of ham and a sprig of parsley to each square. Wrap everything up with the thin casing, finishing with a bow.<\/p>\t\t\t\t\t\t\t\t<\/div>\n\t\t\t\t<\/div>\n\t\t\t\t<\/div>\n\t\t\t\t\t<\/div>\n\t\t\t\t<\/div>\n\t\t<div class=\"elementor-element elementor-element-7ce667c e-flex e-con-boxed e-con e-parent\" data-id=\"7ce667c\" data-element_type=\"container\">\n\t\t\t\t\t<div class=\"e-con-inner\">\n\t\t<div class=\"elementor-element elementor-element-9172233 e-con-full e-flex e-con e-child\" data-id=\"9172233\" data-element_type=\"container\">\n\t\t\t\t<div class=\"elementor-element elementor-element-919aa3c elementor-hidden-desktop elementor-hidden-laptop elementor-hidden-tablet elementor-widget elementor-widget-image\" data-id=\"919aa3c\" data-element_type=\"widget\" data-widget_type=\"image.default\">\n\t\t\t\t<div class=\"elementor-widget-container\">\n\t\t\t\t\t\t\t\t\t\t\t\t\t\t\t<img loading=\"lazy\" decoding=\"async\" width=\"800\" height=\"452\" src=\"https:\/\/discoverdouro.pt\/wp-content\/uploads\/2023\/12\/Covilhetes-1024x579.jpg\" class=\"attachment-large size-large wp-image-41120\" alt=\"\" srcset=\"https:\/\/discoverdouro.pt\/wp-content\/uploads\/2023\/12\/Covilhetes-1024x579.jpg 1024w, https:\/\/discoverdouro.pt\/wp-content\/uploads\/2023\/12\/Covilhetes-300x169.jpg 300w, https:\/\/discoverdouro.pt\/wp-content\/uploads\/2023\/12\/Covilhetes-768x434.jpg 768w, https:\/\/discoverdouro.pt\/wp-content\/uploads\/2023\/12\/Covilhetes.jpg 1432w\" sizes=\"(max-width: 800px) 100vw, 800px\" \/>\t\t\t\t\t\t\t\t\t\t\t\t\t\t\t<\/div>\n\t\t\t\t<\/div>\n\t\t\t\t<div class=\"elementor-element elementor-element-c372c25 elementor-widget elementor-widget-heading\" data-id=\"c372c25\" data-element_type=\"widget\" data-widget_type=\"heading.default\">\n\t\t\t\t<div class=\"elementor-widget-container\">\n\t\t\t\t\t<h2 class=\"elementor-heading-title elementor-size-default\">Covilhetes<\/h2>\t\t\t\t<\/div>\n\t\t\t\t<\/div>\n\t\t\t\t<div class=\"elementor-element elementor-element-6cc6867 elementor-widget elementor-widget-text-editor\" data-id=\"6cc6867\" data-element_type=\"widget\" data-widget_type=\"text-editor.default\">\n\t\t\t\t<div class=\"elementor-widget-container\">\n\t\t\t\t\t\t\t\t\t<p>Covilhetes are a type of pie that owe their name to the small black clay mould (from Bisalh\u00e3es) in which they were baked. Nowadays, the mould is no longer made of clay, but the name remains the same. The tradition of this speciality is very old and is linked to the feasts of Saint Anthony, the Lord of Calvary and the Lady of Almodena, which were the only occasions when this speciality was sold. Since the 19th century, Covilhetes began to gain notoriety in Vila-Realense gastronomy, with people selling them in the streets of the city on trays covered with linen cloths. Nowadays, you can buy Covilhetes in any pastry shop in Vila Real, as they are sold on a daily basis.<\/p>\t\t\t\t\t\t\t\t<\/div>\n\t\t\t\t<\/div>\n\t\t\t\t<\/div>\n\t\t<div class=\"elementor-element elementor-element-279e051 e-con-full elementor-hidden-mobile e-flex e-con e-child\" data-id=\"279e051\" data-element_type=\"container\" data-settings=\"{&quot;background_background&quot;:&quot;classic&quot;}\">\n\t\t\t\t<\/div>\n\t\t\t\t\t<\/div>\n\t\t\t\t<\/div>\n\t\t<div class=\"elementor-element elementor-element-0a648ae e-flex e-con-boxed e-con e-parent\" data-id=\"0a648ae\" data-element_type=\"container\">\n\t\t\t\t\t<div class=\"e-con-inner\">\n\t\t<div class=\"elementor-element elementor-element-417dfe5 e-con-full elementor-hidden-mobile e-flex e-con e-child\" data-id=\"417dfe5\" data-element_type=\"container\" data-settings=\"{&quot;background_background&quot;:&quot;classic&quot;}\">\n\t\t\t\t<\/div>\n\t\t<div class=\"elementor-element elementor-element-12c5deb e-con-full e-flex e-con e-child\" data-id=\"12c5deb\" data-element_type=\"container\">\n\t\t\t\t<div class=\"elementor-element elementor-element-8d17c6b elementor-hidden-desktop elementor-hidden-laptop elementor-hidden-tablet elementor-widget elementor-widget-image\" data-id=\"8d17c6b\" data-element_type=\"widget\" data-widget_type=\"image.default\">\n\t\t\t\t<div class=\"elementor-widget-container\">\n\t\t\t\t\t\t\t\t\t\t\t\t\t\t\t<img loading=\"lazy\" decoding=\"async\" width=\"800\" height=\"500\" src=\"https:\/\/discoverdouro.pt\/wp-content\/uploads\/2023\/12\/Cristas-de-Galo-1024x640.jpg\" class=\"attachment-large size-large wp-image-41124\" alt=\"\" srcset=\"https:\/\/discoverdouro.pt\/wp-content\/uploads\/2023\/12\/Cristas-de-Galo-1024x640.jpg 1024w, https:\/\/discoverdouro.pt\/wp-content\/uploads\/2023\/12\/Cristas-de-Galo-300x188.jpg 300w, https:\/\/discoverdouro.pt\/wp-content\/uploads\/2023\/12\/Cristas-de-Galo-768x480.jpg 768w, https:\/\/discoverdouro.pt\/wp-content\/uploads\/2023\/12\/Cristas-de-Galo.jpg 1200w\" sizes=\"(max-width: 800px) 100vw, 800px\" \/>\t\t\t\t\t\t\t\t\t\t\t\t\t\t\t<\/div>\n\t\t\t\t<\/div>\n\t\t\t\t<div class=\"elementor-element elementor-element-d78a570 elementor-widget elementor-widget-heading\" data-id=\"d78a570\" data-element_type=\"widget\" data-widget_type=\"heading.default\">\n\t\t\t\t<div class=\"elementor-widget-container\">\n\t\t\t\t\t<h2 class=\"elementor-heading-title elementor-size-default\">Cristas de Galo<\/h2>\t\t\t\t<\/div>\n\t\t\t\t<\/div>\n\t\t\t\t<div class=\"elementor-element elementor-element-cc19fa1 elementor-widget elementor-widget-text-editor\" data-id=\"cc19fa1\" data-element_type=\"widget\" data-widget_type=\"text-editor.default\">\n\t\t\t\t<div class=\"elementor-widget-container\">\n\t\t\t\t\t\t\t\t\t<p>Cristas de Galo are a conventual, handmade pastry typical of the city of Vila Real, shaped exactly like a rooster&#8217;s crest. The pastry is filled with almond jam and eggs. After baking in the oven, the past\u00e9is are sprinkled with sugar. Past\u00e9is de toucinho, also known as past\u00e9is de Vila Real and, more recently, as cristas or rooster crests, are a creation of the nuns of the Convent of Nossa Senhora do Amparo, of the Order of Santa Clara, and are certainly one of the most representative specialities of the conventual sweets of Vila Real.<\/p>\t\t\t\t\t\t\t\t<\/div>\n\t\t\t\t<\/div>\n\t\t\t\t<\/div>\n\t\t\t\t\t<\/div>\n\t\t\t\t<\/div>\n\t\t<div class=\"elementor-element elementor-element-9498036 e-flex e-con-boxed e-con e-parent\" data-id=\"9498036\" data-element_type=\"container\">\n\t\t\t\t\t<div class=\"e-con-inner\">\n\t\t<div class=\"elementor-element elementor-element-483f996 e-con-full e-flex e-con e-child\" data-id=\"483f996\" data-element_type=\"container\">\n\t\t\t\t<div class=\"elementor-element elementor-element-eb5fd0b elementor-hidden-desktop elementor-hidden-laptop elementor-hidden-tablet elementor-widget elementor-widget-image\" data-id=\"eb5fd0b\" data-element_type=\"widget\" data-widget_type=\"image.default\">\n\t\t\t\t<div class=\"elementor-widget-container\">\n\t\t\t\t\t\t\t\t\t\t\t\t\t\t\t<img loading=\"lazy\" decoding=\"async\" width=\"720\" height=\"480\" src=\"https:\/\/discoverdouro.pt\/wp-content\/uploads\/2023\/12\/Pitos-Santa-Luzia.jpg\" class=\"attachment-large size-large wp-image-41128\" alt=\"\" srcset=\"https:\/\/discoverdouro.pt\/wp-content\/uploads\/2023\/12\/Pitos-Santa-Luzia.jpg 720w, https:\/\/discoverdouro.pt\/wp-content\/uploads\/2023\/12\/Pitos-Santa-Luzia-300x200.jpg 300w\" sizes=\"(max-width: 720px) 100vw, 720px\" \/>\t\t\t\t\t\t\t\t\t\t\t\t\t\t\t<\/div>\n\t\t\t\t<\/div>\n\t\t\t\t<div class=\"elementor-element elementor-element-839a08b elementor-widget elementor-widget-heading\" data-id=\"839a08b\" data-element_type=\"widget\" data-widget_type=\"heading.default\">\n\t\t\t\t<div class=\"elementor-widget-container\">\n\t\t\t\t\t<h2 class=\"elementor-heading-title elementor-size-default\">Pitos de Santa Luzia<\/h2>\t\t\t\t<\/div>\n\t\t\t\t<\/div>\n\t\t\t\t<div class=\"elementor-element elementor-element-50fe0f3 elementor-widget elementor-widget-text-editor\" data-id=\"50fe0f3\" data-element_type=\"widget\" data-widget_type=\"text-editor.default\">\n\t\t\t\t<div class=\"elementor-widget-container\">\n\t\t\t\t\t\t\t\t\t<p>Cakes made from tender dough made with flour, sugar, lard, eggs and salt, 6cm square and about 3cm high. The cakes are more or less in the shape of a square pyramid or lavadeira&#8217;s bundle, as they are made from a square of dough whose edges are pulled towards the centre and upwards. The tender pastry is filled with pumpkin and cinnamon jam (made with pumpkin and sugar, the sugar being half the weight of the pumpkin and spiced with cinnamon and pepper).<\/p>\t\t\t\t\t\t\t\t<\/div>\n\t\t\t\t<\/div>\n\t\t\t\t<\/div>\n\t\t<div class=\"elementor-element elementor-element-1f32639 e-con-full elementor-hidden-mobile e-flex e-con e-child\" data-id=\"1f32639\" data-element_type=\"container\" data-settings=\"{&quot;background_background&quot;:&quot;classic&quot;}\">\n\t\t\t\t<\/div>\n\t\t\t\t\t<\/div>\n\t\t\t\t<\/div>\n\t\t<div class=\"elementor-element elementor-element-bd8588b e-flex e-con-boxed e-con e-parent\" data-id=\"bd8588b\" data-element_type=\"container\">\n\t\t\t\t\t<div class=\"e-con-inner\">\n\t\t<div class=\"elementor-element elementor-element-c59d29c e-con-full elementor-hidden-mobile e-flex e-con e-child\" data-id=\"c59d29c\" data-element_type=\"container\" data-settings=\"{&quot;background_background&quot;:&quot;classic&quot;}\">\n\t\t\t\t<\/div>\n\t\t<div class=\"elementor-element elementor-element-37dd009 e-con-full e-flex e-con e-child\" data-id=\"37dd009\" data-element_type=\"container\">\n\t\t\t\t<div class=\"elementor-element elementor-element-120cf76 elementor-hidden-desktop elementor-hidden-laptop elementor-hidden-tablet elementor-widget elementor-widget-image\" data-id=\"120cf76\" data-element_type=\"widget\" data-widget_type=\"image.default\">\n\t\t\t\t<div class=\"elementor-widget-container\">\n\t\t\t\t\t\t\t\t\t\t\t\t\t\t\t<img loading=\"lazy\" decoding=\"async\" width=\"800\" height=\"534\" src=\"https:\/\/discoverdouro.pt\/wp-content\/uploads\/2023\/12\/Cavacorios-1024x684.jpg\" class=\"attachment-large size-large wp-image-41132\" alt=\"\" srcset=\"https:\/\/discoverdouro.pt\/wp-content\/uploads\/2023\/12\/Cavacorios-1024x684.jpg 1024w, https:\/\/discoverdouro.pt\/wp-content\/uploads\/2023\/12\/Cavacorios-300x200.jpg 300w, https:\/\/discoverdouro.pt\/wp-content\/uploads\/2023\/12\/Cavacorios-768x513.jpg 768w, https:\/\/discoverdouro.pt\/wp-content\/uploads\/2023\/12\/Cavacorios.jpg 1212w\" sizes=\"(max-width: 800px) 100vw, 800px\" \/>\t\t\t\t\t\t\t\t\t\t\t\t\t\t\t<\/div>\n\t\t\t\t<\/div>\n\t\t\t\t<div class=\"elementor-element elementor-element-5510954 elementor-widget elementor-widget-heading\" data-id=\"5510954\" data-element_type=\"widget\" data-widget_type=\"heading.default\">\n\t\t\t\t<div class=\"elementor-widget-container\">\n\t\t\t\t\t<h2 class=\"elementor-heading-title elementor-size-default\">Cavac\u00f3rios<\/h2>\t\t\t\t<\/div>\n\t\t\t\t<\/div>\n\t\t\t\t<div class=\"elementor-element elementor-element-417a064 elementor-widget elementor-widget-text-editor\" data-id=\"417a064\" data-element_type=\"widget\" data-widget_type=\"text-editor.default\">\n\t\t\t\t<div class=\"elementor-widget-container\">\n\t\t\t\t\t\t\t\t\t<p>Cavac\u00f3rios are concave, bowl-shaped sweets that, together with Bexigas, are typical sweets at festivals in honour of S\u00e3o L\u00e1zaro, who is considered to be the protector against skin diseases (smallpox, blisters and others).<\/p>\t\t\t\t\t\t\t\t<\/div>\n\t\t\t\t<\/div>\n\t\t\t\t<\/div>\n\t\t\t\t\t<\/div>\n\t\t\t\t<\/div>\n\t\t<div class=\"elementor-element elementor-element-1b9a859 e-flex e-con-boxed e-con e-parent\" data-id=\"1b9a859\" data-element_type=\"container\">\n\t\t\t\t\t<div class=\"e-con-inner\">\n\t\t<div class=\"elementor-element elementor-element-573e79b e-con-full e-flex e-con e-child\" data-id=\"573e79b\" data-element_type=\"container\">\n\t\t\t\t<div class=\"elementor-element elementor-element-66d6e10 elementor-hidden-desktop elementor-hidden-laptop elementor-hidden-tablet elementor-widget elementor-widget-image\" data-id=\"66d6e10\" data-element_type=\"widget\" data-widget_type=\"image.default\">\n\t\t\t\t<div class=\"elementor-widget-container\">\n\t\t\t\t\t\t\t\t\t\t\t\t\t\t\t<img loading=\"lazy\" decoding=\"async\" width=\"800\" height=\"534\" src=\"https:\/\/discoverdouro.pt\/wp-content\/uploads\/2023\/12\/Ganchas-de-S.-Bras-1024x684.jpg\" class=\"attachment-large size-large wp-image-41136\" alt=\"\" srcset=\"https:\/\/discoverdouro.pt\/wp-content\/uploads\/2023\/12\/Ganchas-de-S.-Bras-1024x684.jpg 1024w, https:\/\/discoverdouro.pt\/wp-content\/uploads\/2023\/12\/Ganchas-de-S.-Bras-300x200.jpg 300w, https:\/\/discoverdouro.pt\/wp-content\/uploads\/2023\/12\/Ganchas-de-S.-Bras-768x513.jpg 768w, https:\/\/discoverdouro.pt\/wp-content\/uploads\/2023\/12\/Ganchas-de-S.-Bras.jpg 1212w\" sizes=\"(max-width: 800px) 100vw, 800px\" \/>\t\t\t\t\t\t\t\t\t\t\t\t\t\t\t<\/div>\n\t\t\t\t<\/div>\n\t\t\t\t<div class=\"elementor-element elementor-element-d0739d3 elementor-widget elementor-widget-heading\" data-id=\"d0739d3\" data-element_type=\"widget\" data-widget_type=\"heading.default\">\n\t\t\t\t<div class=\"elementor-widget-container\">\n\t\t\t\t\t<h2 class=\"elementor-heading-title elementor-size-default\">Ganchas de S\u00e3o Br\u00e1s<\/h2>\t\t\t\t<\/div>\n\t\t\t\t<\/div>\n\t\t\t\t<div class=\"elementor-element elementor-element-467e9b8 elementor-widget elementor-widget-text-editor\" data-id=\"467e9b8\" data-element_type=\"widget\" data-widget_type=\"text-editor.default\">\n\t\t\t\t<div class=\"elementor-widget-container\">\n\t\t\t\t\t\t\t\t\t<p>On 3 February every year, there is a festival in honour of S\u00e3o Br\u00e1s at the Church of S\u00e3o Dinis in Vila Real, where those who have made or kept promises walk around the cemetery, &#8220;without opening their mouths or saying a word so as not to get into trouble&#8221;. This tradition is linked to that of Santa Luzia when, on 13 December, the girls buy Pitos to give to the boys. The boys return the gift on 3 February, giving Ganchas to the girls, perhaps symbolising &#8220;a hook to catch girls in the mood for dating&#8221;.<\/p>\t\t\t\t\t\t\t\t<\/div>\n\t\t\t\t<\/div>\n\t\t\t\t<\/div>\n\t\t<div class=\"elementor-element elementor-element-86dace2 e-con-full elementor-hidden-mobile e-flex e-con e-child\" data-id=\"86dace2\" data-element_type=\"container\" data-settings=\"{&quot;background_background&quot;:&quot;classic&quot;}\">\n\t\t\t\t<\/div>\n\t\t\t\t\t<\/div>\n\t\t\t\t<\/div>\n\t\t<div class=\"elementor-element elementor-element-12af8b0 e-flex e-con-boxed e-con e-parent\" data-id=\"12af8b0\" data-element_type=\"container\">\n\t\t\t\t\t<div class=\"e-con-inner\">\n\t\t<div class=\"elementor-element elementor-element-d1daf70 e-con-full elementor-hidden-mobile e-flex e-con e-child\" data-id=\"d1daf70\" data-element_type=\"container\" data-settings=\"{&quot;background_background&quot;:&quot;classic&quot;}\">\n\t\t\t\t<\/div>\n\t\t<div class=\"elementor-element elementor-element-a37232c e-con-full e-flex e-con e-child\" data-id=\"a37232c\" data-element_type=\"container\">\n\t\t\t\t<div class=\"elementor-element elementor-element-e2ebbe9 elementor-hidden-desktop elementor-hidden-laptop elementor-hidden-tablet elementor-widget elementor-widget-image\" data-id=\"e2ebbe9\" data-element_type=\"widget\" data-widget_type=\"image.default\">\n\t\t\t\t<div class=\"elementor-widget-container\">\n\t\t\t\t\t\t\t\t\t\t\t\t\t\t\t<img loading=\"lazy\" decoding=\"async\" width=\"800\" height=\"648\" src=\"https:\/\/discoverdouro.pt\/wp-content\/uploads\/2023\/12\/Vinhos-Vila-Real.jpg\" class=\"attachment-large size-large wp-image-41140\" alt=\"\" srcset=\"https:\/\/discoverdouro.pt\/wp-content\/uploads\/2023\/12\/Vinhos-Vila-Real.jpg 999w, https:\/\/discoverdouro.pt\/wp-content\/uploads\/2023\/12\/Vinhos-Vila-Real-300x243.jpg 300w, https:\/\/discoverdouro.pt\/wp-content\/uploads\/2023\/12\/Vinhos-Vila-Real-768x622.jpg 768w\" sizes=\"(max-width: 800px) 100vw, 800px\" \/>\t\t\t\t\t\t\t\t\t\t\t\t\t\t\t<\/div>\n\t\t\t\t<\/div>\n\t\t\t\t<div class=\"elementor-element elementor-element-3872609 elementor-widget elementor-widget-heading\" data-id=\"3872609\" data-element_type=\"widget\" data-widget_type=\"heading.default\">\n\t\t\t\t<div class=\"elementor-widget-container\">\n\t\t\t\t\t<h2 class=\"elementor-heading-title elementor-size-default\">Wines<\/h2>\t\t\t\t<\/div>\n\t\t\t\t<\/div>\n\t\t\t\t<div class=\"elementor-element elementor-element-bcf1564 elementor-widget elementor-widget-text-editor\" data-id=\"bcf1564\" data-element_type=\"widget\" data-widget_type=\"text-editor.default\">\n\t\t\t\t<div class=\"elementor-widget-container\">\n\t\t\t\t\t\t\t\t\t<p>Protected from the Atlantic winds by the Mar\u00e3o mountain massif, the Baixo Cargo catchment area, formed by rugged, tight valleys, has a unique microclimate which, combined with the nature of its schist soil, allows vineyards cultivated using traditional processes to produce grapes of excellent quality. In the 18th century, in 1756, the unique characteristics of the region led the Marquis of Pombal to establish the Douro Demarcated Region, the first region in the world to be defined and regulated in order to protect the inimitable qualities of the wines produced there. It is also worth mentioning that the municipality of Vila Real is home to several wines whose quality is known and recognised internationally. An example of this is the famous Mateus Ros\u00e9, which since its inception has carried the famous Casa de Mateus on its label, and, more recently, the wines of the Adega de Vila Real, which has been distinguished nationally and internationally in various speciality competitions.<\/p>\t\t\t\t\t\t\t\t<\/div>\n\t\t\t\t<\/div>\n\t\t\t\t<\/div>\n\t\t\t\t\t<\/div>\n\t\t\t\t<\/div>\n\t\t\t\t<\/div>\n\t\t","protected":false},"excerpt":{"rendered":"<p>Flavours and Knowledge Vila Real Arts and Crafts Black pottery from Bisalh\u00e3es Since 29 November 2016, the same process has been inscribed on UNESCO&#8217;s List of Intangible Cultural Heritage in Need of Urgent Safeguarding, a decision taken at the 11th meeting of the Intergovernmental Committee for the Safeguarding of the Intangible Cultural Heritage of the [&hellip;]<\/p>\n","protected":false},"author":40,"featured_media":0,"parent":0,"menu_order":0,"comment_status":"closed","ping_status":"closed","template":"","meta":{"footnotes":""},"class_list":["post-41556","page","type-page","status-publish","hentry"],"acf":[],"yoast_head":"<!-- This site is optimized with the Yoast SEO plugin v26.2 - https:\/\/yoast.com\/wordpress\/plugins\/seo\/ -->\n<title>Flavours and knowledge Vila Real - Discover Douro<\/title>\n<meta name=\"robots\" content=\"index, follow, max-snippet:-1, max-image-preview:large, max-video-preview:-1\" \/>\n<link rel=\"canonical\" href=\"https:\/\/discoverdouro.pt\/en\/flavours-and-knowledge-vila-real\" \/>\n<meta property=\"og:locale\" content=\"en_US\" \/>\n<meta property=\"og:type\" content=\"article\" \/>\n<meta property=\"og:title\" content=\"Flavours and knowledge Vila Real - Discover Douro\" \/>\n<meta property=\"og:description\" content=\"Flavours and Knowledge Vila Real Arts and Crafts Black pottery from Bisalh\u00e3es Since 29 November 2016, the same process has been inscribed on UNESCO&#8217;s List of Intangible Cultural Heritage in Need of Urgent Safeguarding, a decision taken at the 11th meeting of the Intergovernmental Committee for the Safeguarding of the Intangible Cultural Heritage of the [&hellip;]\" \/>\n<meta property=\"og:url\" content=\"https:\/\/discoverdouro.pt\/en\/flavours-and-knowledge-vila-real\" \/>\n<meta property=\"og:site_name\" content=\"Discover Douro\" \/>\n<meta property=\"article:publisher\" content=\"https:\/\/www.facebook.com\/profile.php?id=61555234744391\" \/>\n<meta property=\"article:modified_time\" content=\"2024-01-22T12:57:45+00:00\" \/>\n<meta property=\"og:image\" content=\"https:\/\/www.discoverdouro.pt\/wp-content\/uploads\/2023\/12\/Olaria-Negra-de-Bisalhaes.jpg\" \/>\n<meta name=\"twitter:card\" content=\"summary_large_image\" \/>\n<meta name=\"twitter:site\" content=\"@DiscoverDouro\" \/>\n<meta name=\"twitter:label1\" content=\"Est. reading time\" \/>\n\t<meta name=\"twitter:data1\" content=\"8 minutes\" \/>\n<script type=\"application\/ld+json\" class=\"yoast-schema-graph\">{\"@context\":\"https:\/\/schema.org\",\"@graph\":[{\"@type\":\"WebPage\",\"@id\":\"https:\/\/discoverdouro.pt\/en\/flavours-and-knowledge-vila-real\",\"url\":\"https:\/\/discoverdouro.pt\/en\/flavours-and-knowledge-vila-real\",\"name\":\"Flavours and knowledge Vila Real - Discover Douro\",\"isPartOf\":{\"@id\":\"https:\/\/discoverdouro.pt\/en#website\"},\"primaryImageOfPage\":{\"@id\":\"https:\/\/discoverdouro.pt\/en\/flavours-and-knowledge-vila-real#primaryimage\"},\"image\":{\"@id\":\"https:\/\/discoverdouro.pt\/en\/flavours-and-knowledge-vila-real#primaryimage\"},\"thumbnailUrl\":\"https:\/\/www.discoverdouro.pt\/wp-content\/uploads\/2023\/12\/Olaria-Negra-de-Bisalhaes.jpg\",\"datePublished\":\"2023-12-15T22:41:58+00:00\",\"dateModified\":\"2024-01-22T12:57:45+00:00\",\"breadcrumb\":{\"@id\":\"https:\/\/discoverdouro.pt\/en\/flavours-and-knowledge-vila-real#breadcrumb\"},\"inLanguage\":\"en\",\"potentialAction\":[{\"@type\":\"ReadAction\",\"target\":[\"https:\/\/discoverdouro.pt\/en\/flavours-and-knowledge-vila-real\"]}]},{\"@type\":\"ImageObject\",\"inLanguage\":\"en\",\"@id\":\"https:\/\/discoverdouro.pt\/en\/flavours-and-knowledge-vila-real#primaryimage\",\"url\":\"https:\/\/www.discoverdouro.pt\/wp-content\/uploads\/2023\/12\/Olaria-Negra-de-Bisalhaes.jpg\",\"contentUrl\":\"https:\/\/www.discoverdouro.pt\/wp-content\/uploads\/2023\/12\/Olaria-Negra-de-Bisalhaes.jpg\"},{\"@type\":\"BreadcrumbList\",\"@id\":\"https:\/\/discoverdouro.pt\/en\/flavours-and-knowledge-vila-real#breadcrumb\",\"itemListElement\":[{\"@type\":\"ListItem\",\"position\":1,\"name\":\"Home\",\"item\":\"https:\/\/discoverdouro.pt\/en\"},{\"@type\":\"ListItem\",\"position\":2,\"name\":\"Flavours and knowledge Vila Real\"}]},{\"@type\":\"WebSite\",\"@id\":\"https:\/\/discoverdouro.pt\/en#website\",\"url\":\"https:\/\/discoverdouro.pt\/en\",\"name\":\"Discover Douro\",\"description\":\"O Para\u00edso de Portugal\",\"publisher\":{\"@id\":\"https:\/\/discoverdouro.pt\/en#organization\"},\"potentialAction\":[{\"@type\":\"SearchAction\",\"target\":{\"@type\":\"EntryPoint\",\"urlTemplate\":\"https:\/\/discoverdouro.pt\/en?s={search_term_string}\"},\"query-input\":{\"@type\":\"PropertyValueSpecification\",\"valueRequired\":true,\"valueName\":\"search_term_string\"}}],\"inLanguage\":\"en\"},{\"@type\":\"Organization\",\"@id\":\"https:\/\/discoverdouro.pt\/en#organization\",\"name\":\"Discover Douro\",\"url\":\"https:\/\/discoverdouro.pt\/en\",\"logo\":{\"@type\":\"ImageObject\",\"inLanguage\":\"en\",\"@id\":\"https:\/\/discoverdouro.pt\/en#\/schema\/logo\/image\/\",\"url\":\"https:\/\/www.discoverdouro.pt\/wp-content\/uploads\/2024\/01\/cropped-Icon_Discover.png\",\"contentUrl\":\"https:\/\/www.discoverdouro.pt\/wp-content\/uploads\/2024\/01\/cropped-Icon_Discover.png\",\"width\":512,\"height\":512,\"caption\":\"Discover Douro\"},\"image\":{\"@id\":\"https:\/\/discoverdouro.pt\/en#\/schema\/logo\/image\/\"},\"sameAs\":[\"https:\/\/www.facebook.com\/profile.php?id=61555234744391\",\"https:\/\/x.com\/DiscoverDouro\",\"https:\/\/www.instagram.com\/discover.douro\",\"https:\/\/www.tiktok.com\/@discoverdouro\",\"https:\/\/www.linkedin.com\/company\/discover-douro\/\"]}]}<\/script>\n<!-- \/ Yoast SEO plugin. -->","yoast_head_json":{"title":"Flavours and knowledge Vila Real - Discover Douro","robots":{"index":"index","follow":"follow","max-snippet":"max-snippet:-1","max-image-preview":"max-image-preview:large","max-video-preview":"max-video-preview:-1"},"canonical":"https:\/\/discoverdouro.pt\/en\/flavours-and-knowledge-vila-real","og_locale":"en_US","og_type":"article","og_title":"Flavours and knowledge Vila Real - Discover Douro","og_description":"Flavours and Knowledge Vila Real Arts and Crafts Black pottery from Bisalh\u00e3es Since 29 November 2016, the same process has been inscribed on UNESCO&#8217;s List of Intangible Cultural Heritage in Need of Urgent Safeguarding, a decision taken at the 11th meeting of the Intergovernmental Committee for the Safeguarding of the Intangible Cultural Heritage of the [&hellip;]","og_url":"https:\/\/discoverdouro.pt\/en\/flavours-and-knowledge-vila-real","og_site_name":"Discover Douro","article_publisher":"https:\/\/www.facebook.com\/profile.php?id=61555234744391","article_modified_time":"2024-01-22T12:57:45+00:00","og_image":[{"url":"https:\/\/www.discoverdouro.pt\/wp-content\/uploads\/2023\/12\/Olaria-Negra-de-Bisalhaes.jpg","type":"","width":"","height":""}],"twitter_card":"summary_large_image","twitter_site":"@DiscoverDouro","twitter_misc":{"Est. reading time":"8 minutes"},"schema":{"@context":"https:\/\/schema.org","@graph":[{"@type":"WebPage","@id":"https:\/\/discoverdouro.pt\/en\/flavours-and-knowledge-vila-real","url":"https:\/\/discoverdouro.pt\/en\/flavours-and-knowledge-vila-real","name":"Flavours and knowledge Vila Real - Discover Douro","isPartOf":{"@id":"https:\/\/discoverdouro.pt\/en#website"},"primaryImageOfPage":{"@id":"https:\/\/discoverdouro.pt\/en\/flavours-and-knowledge-vila-real#primaryimage"},"image":{"@id":"https:\/\/discoverdouro.pt\/en\/flavours-and-knowledge-vila-real#primaryimage"},"thumbnailUrl":"https:\/\/www.discoverdouro.pt\/wp-content\/uploads\/2023\/12\/Olaria-Negra-de-Bisalhaes.jpg","datePublished":"2023-12-15T22:41:58+00:00","dateModified":"2024-01-22T12:57:45+00:00","breadcrumb":{"@id":"https:\/\/discoverdouro.pt\/en\/flavours-and-knowledge-vila-real#breadcrumb"},"inLanguage":"en","potentialAction":[{"@type":"ReadAction","target":["https:\/\/discoverdouro.pt\/en\/flavours-and-knowledge-vila-real"]}]},{"@type":"ImageObject","inLanguage":"en","@id":"https:\/\/discoverdouro.pt\/en\/flavours-and-knowledge-vila-real#primaryimage","url":"https:\/\/www.discoverdouro.pt\/wp-content\/uploads\/2023\/12\/Olaria-Negra-de-Bisalhaes.jpg","contentUrl":"https:\/\/www.discoverdouro.pt\/wp-content\/uploads\/2023\/12\/Olaria-Negra-de-Bisalhaes.jpg"},{"@type":"BreadcrumbList","@id":"https:\/\/discoverdouro.pt\/en\/flavours-and-knowledge-vila-real#breadcrumb","itemListElement":[{"@type":"ListItem","position":1,"name":"Home","item":"https:\/\/discoverdouro.pt\/en"},{"@type":"ListItem","position":2,"name":"Flavours and knowledge Vila Real"}]},{"@type":"WebSite","@id":"https:\/\/discoverdouro.pt\/en#website","url":"https:\/\/discoverdouro.pt\/en","name":"Discover Douro","description":"O Para\u00edso de Portugal","publisher":{"@id":"https:\/\/discoverdouro.pt\/en#organization"},"potentialAction":[{"@type":"SearchAction","target":{"@type":"EntryPoint","urlTemplate":"https:\/\/discoverdouro.pt\/en?s={search_term_string}"},"query-input":{"@type":"PropertyValueSpecification","valueRequired":true,"valueName":"search_term_string"}}],"inLanguage":"en"},{"@type":"Organization","@id":"https:\/\/discoverdouro.pt\/en#organization","name":"Discover Douro","url":"https:\/\/discoverdouro.pt\/en","logo":{"@type":"ImageObject","inLanguage":"en","@id":"https:\/\/discoverdouro.pt\/en#\/schema\/logo\/image\/","url":"https:\/\/www.discoverdouro.pt\/wp-content\/uploads\/2024\/01\/cropped-Icon_Discover.png","contentUrl":"https:\/\/www.discoverdouro.pt\/wp-content\/uploads\/2024\/01\/cropped-Icon_Discover.png","width":512,"height":512,"caption":"Discover Douro"},"image":{"@id":"https:\/\/discoverdouro.pt\/en#\/schema\/logo\/image\/"},"sameAs":["https:\/\/www.facebook.com\/profile.php?id=61555234744391","https:\/\/x.com\/DiscoverDouro","https:\/\/www.instagram.com\/discover.douro","https:\/\/www.tiktok.com\/@discoverdouro","https:\/\/www.linkedin.com\/company\/discover-douro\/"]}]}},"_links":{"self":[{"href":"https:\/\/discoverdouro.pt\/en\/wp-json\/wp\/v2\/pages\/41556","targetHints":{"allow":["GET"]}}],"collection":[{"href":"https:\/\/discoverdouro.pt\/en\/wp-json\/wp\/v2\/pages"}],"about":[{"href":"https:\/\/discoverdouro.pt\/en\/wp-json\/wp\/v2\/types\/page"}],"author":[{"embeddable":true,"href":"https:\/\/discoverdouro.pt\/en\/wp-json\/wp\/v2\/users\/40"}],"replies":[{"embeddable":true,"href":"https:\/\/discoverdouro.pt\/en\/wp-json\/wp\/v2\/comments?post=41556"}],"version-history":[{"count":15,"href":"https:\/\/discoverdouro.pt\/en\/wp-json\/wp\/v2\/pages\/41556\/revisions"}],"predecessor-version":[{"id":46549,"href":"https:\/\/discoverdouro.pt\/en\/wp-json\/wp\/v2\/pages\/41556\/revisions\/46549"}],"wp:attachment":[{"href":"https:\/\/discoverdouro.pt\/en\/wp-json\/wp\/v2\/media?parent=41556"}],"curies":[{"name":"wp","href":"https:\/\/api.w.org\/{rel}","templated":true}]}}