{"id":41196,"date":"2023-12-13T15:59:43","date_gmt":"2023-12-13T15:59:43","guid":{"rendered":"https:\/\/discoverdouro.digiupdev.com\/municipio\/vila-real"},"modified":"2024-06-20T12:37:53","modified_gmt":"2024-06-20T11:37:53","slug":"vila-real","status":"publish","type":"municipio","link":"https:\/\/discoverdouro.pt\/es\/municipio\/vila-real","title":{"rendered":"Vila Real"},"content":{"rendered":"\t\t<div data-elementor-type=\"wp-post\" data-elementor-id=\"41196\" class=\"elementor elementor-41196 elementor-40689\" data-elementor-post-type=\"municipio\">\n\t\t\t\t\t\t<section class=\"elementor-section elementor-top-section elementor-element elementor-element-14ef994 elementor-section-stretched elementor-section-boxed elementor-section-height-default elementor-section-height-default\" data-id=\"14ef994\" data-element_type=\"section\" data-settings=\"{&quot;stretch_section&quot;:&quot;section-stretched&quot;,&quot;background_background&quot;:&quot;classic&quot;}\">\n\t\t\t\t\t\t\t<div class=\"elementor-background-overlay\"><\/div>\n\t\t\t\t\t\t\t<div class=\"elementor-container elementor-column-gap-default\">\n\t\t\t\t\t<div class=\"elementor-column elementor-col-100 elementor-top-column elementor-element elementor-element-540decf\" data-id=\"540decf\" data-element_type=\"column\">\n\t\t\t<div class=\"elementor-widget-wrap elementor-element-populated\">\n\t\t\t\t\t\t\t<\/div>\n\t\t<\/div>\n\t\t\t\t\t<\/div>\n\t\t<\/section>\n\t\t<div class=\"elementor-element elementor-element-3bbb1f1 e-flex e-con-boxed e-con e-parent\" data-id=\"3bbb1f1\" data-element_type=\"container\">\n\t\t\t\t\t<div class=\"e-con-inner\">\n\t\t<div class=\"elementor-element elementor-element-2b8be59 e-con-full e-flex e-con e-child\" data-id=\"2b8be59\" data-element_type=\"container\">\n\t\t\t\t<div class=\"elementor-element elementor-element-d52f3b8 elementor-widget elementor-widget-text-editor\" data-id=\"d52f3b8\" data-element_type=\"widget\" data-widget_type=\"text-editor.default\">\n\t\t\t\t<div class=\"elementor-widget-container\">\n\t\t\t\t\t\t\t\t\t<p><strong>VILA REAL \u00cdMPAR!<\/strong><\/p><p>M\u00e1s de setecientos a\u00f1os de historia han dado a Vila Real el inestimable t\u00edtulo de capital de toda una regi\u00f3n. Con su diversidad \u00fanica, comparte un acceso privilegiado a esa perla del patrimonio mundial que es la Regi\u00f3n Vitivin\u00edcola del Alto Duero. Rodeada de paisajes y lugares \u00fanicos, por la calidad de sus ecosistemas, Vila Real es un destino de primer orden en Biodiversidad. En gastronom\u00eda, cuenta con distinciones inigualables como una de las siete maravillas de la mesa y dulces maravillas de Portugal.<\/p><p>Desde el conocimiento cient\u00edfico y la investigaci\u00f3n que emanan de la Universidad de Tr\u00e1s-os-Montes y Alto Douro, para aquellos que buscan momentos de pura adrenalina, velocidad y el sonido de los motores deportivos vibrando, encontrar\u00e1 algunos de los mejores pilotos y m\u00e1quinas de renombre internacional en el m\u00edtico Circuito Internacional de Vila Real (desde la d\u00e9cada de 1930).<br \/>La Cer\u00e1mica Negra de Bisalh\u00e3es, distinguida por la Unesco en 2016 como Patrimonio Inmaterial de la Humanidad; los Caminos de la Naturaleza de Corgo, que se cruzan con la unidad muse\u00edstica de la Central de Biel, hacen de Vila Real un destino a\u00fan m\u00e1s singular. Destacan tambi\u00e9n los cinco monumentos nacionales del municipio: Casa de Mateus, Capela de S. Br\u00e1s, Santu\u00e1rio Rupestre de Panoias, S\u00e9 de Vila Real y Torre de Quintela<\/p><p>Descubra la ciudad que se ve y se siente. Buenas razones para una larga visita, \u00a1llena de sensaciones y experiencias inolvidables!<\/p>\t\t\t\t\t\t\t\t<\/div>\n\t\t\t\t<\/div>\n\t\t\t\t<div class=\"elementor-element elementor-element-dffe534 elementor-widget elementor-widget-video\" data-id=\"dffe534\" data-element_type=\"widget\" data-settings=\"{&quot;youtube_url&quot;:&quot;https:\\\/\\\/www.youtube.com\\\/watch?v=dJzQZb5OJv0&quot;,&quot;modestbranding&quot;:&quot;yes&quot;,&quot;yt_privacy&quot;:&quot;yes&quot;,&quot;lazy_load&quot;:&quot;yes&quot;,&quot;video_type&quot;:&quot;youtube&quot;,&quot;controls&quot;:&quot;yes&quot;}\" data-widget_type=\"video.default\">\n\t\t\t\t<div class=\"elementor-widget-container\">\n\t\t\t\t\t\t\t<div class=\"elementor-wrapper elementor-open-inline\">\n\t\t\t<div class=\"elementor-video\"><\/div>\t\t<\/div>\n\t\t\t\t\t\t<\/div>\n\t\t\t\t<\/div>\n\t\t<div class=\"elementor-element elementor-element-bd11519 e-flex e-con-boxed e-con e-child\" data-id=\"bd11519\" data-element_type=\"container\">\n\t\t\t\t\t<div class=\"e-con-inner\">\n\t\t\t\t<div class=\"elementor-element elementor-element-d0935e5 elementor-widget elementor-widget-shortcode\" data-id=\"d0935e5\" data-element_type=\"widget\" data-widget_type=\"shortcode.default\">\n\t\t\t\t<div class=\"elementor-widget-container\">\n\t\t\t\t\t\t\t<div class=\"elementor-shortcode\">      \n\n\n\n    <div class=\"icons\">\n\n        <div class=\"single_icon\">\n            <a href=\"\/onde-comer?mun=645118f8e8f4278a169127d6\">\n                <img decoding=\"async\" src=\"\/wp-content\/uploads\/2024\/01\/comer-2.png\">\n                <p class=\"title_icon\">D\u00f3nde comer<\/p>\n            <\/a>\n        <\/div>\n        <div class=\"single_icon\">\n            <a href=\"\/onde-dormir?mun=645118f8e8f4278a169127d6\">\n                <img decoding=\"async\" src=\"\/wp-content\/uploads\/2024\/01\/dormir-2.png\">\n                <p class=\"title_icon\">D\u00f3nde dormir<\/p>\n            <\/a>\n        <\/div>\n        <div class=\"single_icon\">\n            <a href=\"\/o-que-visitar?mun=645118f8e8f4278a169127d6\">\n                <img decoding=\"async\" src=\"\/wp-content\/uploads\/2024\/01\/patrimonio-2.png\">\n                <p class=\"title_icon\">Qu\u00e9 ver<\/p>\n            <\/a>\n        <\/div>\n        <div class=\"single_icon\">\n            <a href=\"\/onde-se-divertir?mun=645118f8e8f4278a169127d6\">\n                <img decoding=\"async\" src=\"\/wp-content\/uploads\/2024\/01\/Onde-se-Divertir-3.png\">\n                <p class=\"title_icon\">D\u00f3nde divertirse<\/p>\n            <\/a>\n        <\/div>\n        <div class=\"single_icon\">\n            <a href=\"\/itinerarios-municipio?mun=vila-real\">\n                <img decoding=\"async\" src=\"\/wp-content\/uploads\/2024\/02\/itinerarios.png\">\n                <p class=\"title_icon\">Itinerarios<\/p>\n            <\/a>\n        <\/div>\n                <div class=\"single_icon sabores_saberes\">\n                <a href=\"\/es\/sabores-y-conocimientos-vila-real\">\n                    <img decoding=\"async\" src=\"\/wp-content\/uploads\/2024\/01\/Sabores-e-Saberes-1-1-1.png\">\n                    <p class=\"title_icon\">Sabores y Conocimientos<\/p>\n                <\/a>\n            <\/div>\n    \n    <\/div>     \n\n    <style>\n\n        .icons {\n            display: flex;\n            gap: 30px;\n        }\n\n        .single_icon {\n            text-align: center;\n        }\n\n        .icons img {\n            width: 58px !important;\n        }\n\n        p.title_icon {\n            margin: 32px 0 0;\n            color: #384B98;\n            font-size: 16px;\n            font-weight: 500;\n            text-transform: capitalize;\n            line-height: 42px;\n            word-wrap: break-word;\n        }\n\n        @media only screen and (max-width: 768px) {\n\n            .icons {\n                display: flex;\n                gap: 10px;\n            }\n\n            p.title_icon {\n                margin: 25px 0 0;\n                font-size: 12px;\n            }\n\n            .single_icon img {\n                width: 48px !important;\n                height: 48px;\n            }\n\n        }\n\n\n\n\n    <\/style>\n\n    <\/div>\n\t\t\t\t\t\t<\/div>\n\t\t\t\t<\/div>\n\t\t\t\t\t<\/div>\n\t\t\t\t<\/div>\n\t\t\t\t<\/div>\n\t\t<div class=\"elementor-element elementor-element-cbbcfbe e-con-full e-flex e-con e-child\" data-id=\"cbbcfbe\" data-element_type=\"container\">\n\t\t<div class=\"elementor-element elementor-element-1b07707 e-flex e-con-boxed e-con e-child\" data-id=\"1b07707\" data-element_type=\"container\">\n\t\t\t\t\t<div class=\"e-con-inner\">\n\t\t\t\t<div class=\"elementor-element elementor-element-6b6cdd7 elementor-widget elementor-widget-image\" data-id=\"6b6cdd7\" data-element_type=\"widget\" data-widget_type=\"image.default\">\n\t\t\t\t<div class=\"elementor-widget-container\">\n\t\t\t\t\t\t\t\t\t\t\t\t\t\t\t<img decoding=\"async\" width=\"251\" height=\"150\" src=\"https:\/\/discoverdouro.pt\/wp-content\/uploads\/2023\/07\/Vila-Real-White.png\" class=\"attachment-full size-full wp-image-23826\" alt=\"\" \/>\t\t\t\t\t\t\t\t\t\t\t\t\t\t\t<\/div>\n\t\t\t\t<\/div>\n\t\t\t\t\t<\/div>\n\t\t\t\t<\/div>\n\t\t<div class=\"elementor-element elementor-element-875615e e-flex e-con-boxed e-con e-child\" data-id=\"875615e\" data-element_type=\"container\">\n\t\t\t\t\t<div class=\"e-con-inner\">\n\t\t\t\t<div class=\"elementor-element elementor-element-75576b3 elementor-widget elementor-widget-image\" data-id=\"75576b3\" data-element_type=\"widget\" data-widget_type=\"image.default\">\n\t\t\t\t<div class=\"elementor-widget-container\">\n\t\t\t\t\t\t\t\t\t\t\t\t\t\t\t<img fetchpriority=\"high\" decoding=\"async\" width=\"1000\" height=\"1000\" src=\"https:\/\/discoverdouro.pt\/wp-content\/uploads\/2023\/12\/Mapa_VilaReal.png\" class=\"attachment-full size-full wp-image-42601\" alt=\"\" srcset=\"https:\/\/discoverdouro.pt\/wp-content\/uploads\/2023\/12\/Mapa_VilaReal.png 1000w, https:\/\/discoverdouro.pt\/wp-content\/uploads\/2023\/12\/Mapa_VilaReal-300x300.png 300w, https:\/\/discoverdouro.pt\/wp-content\/uploads\/2023\/12\/Mapa_VilaReal-150x150.png 150w, https:\/\/discoverdouro.pt\/wp-content\/uploads\/2023\/12\/Mapa_VilaReal-768x768.png 768w\" sizes=\"(max-width: 1000px) 100vw, 1000px\" \/>\t\t\t\t\t\t\t\t\t\t\t\t\t\t\t<\/div>\n\t\t\t\t<\/div>\n\t\t\t\t\t<\/div>\n\t\t\t\t<\/div>\n\t\t<div class=\"elementor-element elementor-element-278c0fa e-flex e-con-boxed e-con e-child\" data-id=\"278c0fa\" data-element_type=\"container\">\n\t\t\t\t\t<div class=\"e-con-inner\">\n\t\t\t\t<div class=\"elementor-element elementor-element-d71785d elementor-widget elementor-widget-text-editor\" data-id=\"d71785d\" data-element_type=\"widget\" data-widget_type=\"text-editor.default\">\n\t\t\t\t<div class=\"elementor-widget-container\">\n\t\t\t\t\t\t\t\t\t<p><strong>C\u00f3digo postal:<\/strong> 5000<br \/><strong>Poblaci\u00f3n:<\/strong> 49.574 habitantes (cifras de 2021)<br \/><strong>Densidad de poblaci\u00f3n:<\/strong> 131 habitantes por kil\u00f3metro cuadrado<br \/><strong>Distrito:<\/strong> Vila Real<br \/><strong>Fiesta municipal:<\/strong> 13 de junio<br \/><strong>Fundaci\u00f3n del municipio (o carta):<\/strong> 1272<br \/><strong>N\u00famero de parroquias:<\/strong> 20<br \/><strong>Patr\u00f3n de la parroquia:<\/strong> San Antonio<\/p>\t\t\t\t\t\t\t\t<\/div>\n\t\t\t\t<\/div>\n\t\t\t\t\t<\/div>\n\t\t\t\t<\/div>\n\t\t\t\t<\/div>\n\t\t\t\t\t<\/div>\n\t\t\t\t<\/div>\n\t\t<div class=\"elementor-element elementor-element-3c46911 e-flex e-con-boxed e-con e-parent\" data-id=\"3c46911\" data-element_type=\"container\">\n\t\t\t\t\t<div class=\"e-con-inner\">\n\t\t\t\t<div class=\"elementor-element elementor-element-6c94c82 elementor-widget elementor-widget-shortcode\" data-id=\"6c94c82\" data-element_type=\"widget\" data-widget_type=\"shortcode.default\">\n\t\t\t\t<div class=\"elementor-widget-container\">\n\t\t\t\t\t\t\t<div class=\"elementor-shortcode\">        \n\n        \n        \n    <!--Styles para teste-->\n\n    <style>\n\n        h2.not_found {\n            text-align: left;\n            font-size:20px;\n        }\n        \n        \n        .list:has(.not_found) {\n            grid-template-columns: repeat(1, 1fr) !important;\n        }\n\n        h2.title_events{\n            font-size: 30px;\n            font-weight: 700;\n            line-height: 1.3em;\n        }\n\n        .list, .pagination {\n            display: grid;\n            grid-template-columns: repeat(3, 4fr);\n            gap: 64px 20px;\n        }\n\n        .card_record{\n            border-radius: 30px;\n            box-shadow: 0px 0px 5px 0px rgba(0,0,0,0.5);\n\n        }\n\n        .image_record img {\n            border-radius: 30px 30px 0 0;\n            height: 300px;\n            width: 100%;\n            object-fit: cover;\n            background-color: white;\n        }\n\n        .infos_record{\n            background-color: white;\n            height: 179px;\n            border-radius: 0px 0px 30px 30px ;\n            padding: 19px 19px;\n            display: flex;\n        }\n\n        .infos_record .column1 {\n            width: 90%;\n        }\n\n        .infos_record .column2 {\n            width: 10%;\n            text-align: center;\n            margin-left: 5px;\n        }\n\n        .title_record {\n            min-height: 70px;\n        }\n\n        .infos_record h2{\n            font-weight: 400;\n            font-size: 19px;\n            line-height: 21px;\n            color:black;\n            margin: 0;\n        }\n\n        .list{\n            margin-top:50px;\n            margin-bottom:80px;\n        }\n\n\n        .local {\n            display: flex;\n            gap: 12px;\n            padding-top: 18px;\n            width: 100%;\n            align-items: flex-end;\n        }\n\n        .icon img{\n            height: 16px;\n        }\n\n        .icon_list {\n            gap: 8px;\n            display: flex;\n            flex-direction: row;\n        }\n\n        .city{\n            font-size: 13px;\n        }\n\n\n        a.favourite_icon:hover img {\n            content: url(\/wp-content\/plugins\/discover-douro\/imgs\/heart-blue.svg);\n        }\n\n\n\n\n        @media only screen and (max-width: 768px) {\n\n\n            .list, .pagination {\n                display: grid;\n                grid-template-columns: repeat(1, 4fr);\n                \/* grid-template-rows: repeat(3, 600px); *\/\n                gap: 24px 20px;\n                padding: 10px;\n            }\n\n            .total{\n                text-align: center;\n            }\n\n            .pagination {\n                margin-top: 15px;\n            }\n\n            h2.not_found {\n                text-align: center;\n                margin: 120px 40px 100px 40px !important;\n                font-size:27px;\n            }\n\n        }\n\n\n\n\n    <\/style>\n\n\n\n\n\n    <\/div>\n\t\t\t\t\t\t<\/div>\n\t\t\t\t<\/div>\n\t\t\t\t\t<\/div>\n\t\t\t\t<\/div>\n\t\t<div class=\"elementor-element elementor-element-f186227 e-flex e-con-boxed e-con e-parent\" data-id=\"f186227\" data-element_type=\"container\">\n\t\t\t\t\t<div class=\"e-con-inner\">\n\t\t\t\t<div class=\"elementor-element elementor-element-e8d235d elementor-widget elementor-widget-toggle\" data-id=\"e8d235d\" data-element_type=\"widget\" data-widget_type=\"toggle.default\">\n\t\t\t\t<div class=\"elementor-widget-container\">\n\t\t\t\t\t\t\t<div class=\"elementor-toggle\">\n\t\t\t\t\t\t\t<div class=\"elementor-toggle-item\">\n\t\t\t\t\t<div id=\"elementor-tab-title-2441\" class=\"elementor-tab-title\" data-tab=\"1\" role=\"button\" aria-controls=\"elementor-tab-content-2441\" aria-expanded=\"false\">\n\t\t\t\t\t\t\t\t\t\t\t\t<span class=\"elementor-toggle-icon elementor-toggle-icon-left\" aria-hidden=\"true\">\n\t\t\t\t\t\t\t\t\t\t\t\t\t\t\t<span class=\"elementor-toggle-icon-closed\"><svg class=\"e-font-icon-svg e-fas-chevron-down\" viewBox=\"0 0 448 512\" xmlns=\"http:\/\/www.w3.org\/2000\/svg\"><path d=\"M207.029 381.476L12.686 187.132c-9.373-9.373-9.373-24.569 0-33.941l22.667-22.667c9.357-9.357 24.522-9.375 33.901-.04L224 284.505l154.745-154.021c9.379-9.335 24.544-9.317 33.901.04l22.667 22.667c9.373 9.373 9.373 24.569 0 33.941L240.971 381.476c-9.373 9.372-24.569 9.372-33.942 0z\"><\/path><\/svg><\/span>\n\t\t\t\t\t\t\t\t<span class=\"elementor-toggle-icon-opened\"><svg class=\"elementor-toggle-icon-opened e-font-icon-svg e-fas-chevron-up\" viewBox=\"0 0 448 512\" xmlns=\"http:\/\/www.w3.org\/2000\/svg\"><path d=\"M240.971 130.524l194.343 194.343c9.373 9.373 9.373 24.569 0 33.941l-22.667 22.667c-9.357 9.357-24.522 9.375-33.901.04L224 227.495 69.255 381.516c-9.379 9.335-24.544 9.317-33.901-.04l-22.667-22.667c-9.373-9.373-9.373-24.569 0-33.941L207.03 130.525c9.372-9.373 24.568-9.373 33.941-.001z\"><\/path><\/svg><\/span>\n\t\t\t\t\t\t\t\t\t\t\t\t\t<\/span>\n\t\t\t\t\t\t\t\t\t\t\t\t<a class=\"elementor-toggle-title\" tabindex=\"0\">Contactos \u00datiles<\/a>\n\t\t\t\t\t<\/div>\n\n\t\t\t\t\t<div id=\"elementor-tab-content-2441\" class=\"elementor-tab-content elementor-clearfix\" data-tab=\"1\" role=\"region\" aria-labelledby=\"elementor-tab-title-2441\"><p><strong>N\u00famero Nacional de Emerg\u00eancia:<\/strong> 112<\/p>\n<p><strong>Bombeiros \u2013 Linha Verde:<\/strong> 800 202 425<\/p>\n<p><strong>C\u00e2mara Municipal de Vila Real<\/strong><br \/>Av. Carvalho Ara\u00fajo | 5000-657 Vila Real | GPS. 41.294623, -7.746224 | T. +351 259 308 100 | <br \/>geral@cm-vilareal.pt | <a href=\"http:\/\/www.cm-vilareal.pt\">www.cm-vilareal.pt<\/a><\/p>\n<p><strong>Loja Interativa de Turismo<\/strong><br \/>Av. Carvalho Ara\u00fajo 94 | 5000-657 Vila Real | GPS. 41.296838, -7.745839 | T. +351 259 308 170 | Tm. +351 933 095 424 | animatur@cm-vilareal.pt<\/p>\n<p><strong>Centro Hospitalar de Tr\u00e1s-os-Montes e Alto Douro, E.P.E.<\/strong><br \/>R. dos Lagoeiros 43 | 5000-185 Vila Real | GPS. 41.310233, -7.760078 | T. +351 259 300 500 | geral@chtmad.min-saude.pt | <a href=\"http:\/\/www.chtmad.com\">www.chtmad.com<\/a><\/p>\n<p><strong>Centro de Sa\u00fade Vila Real I<\/strong><br \/>R. Doutor Manuel Cardona | 5000-558 Vila Real | GPS. 41.301202, -7.740280 | T. +351 259 320 050<\/p>\n<p><strong>Centro de Sa\u00fade Vila Real II<\/strong><br \/>R. dos Tr\u00eas Lagares &#8211; Qt. da Redonda | 5000-577 Mateus | GPS. 41.301202, -7.740280 | T. +351 259 302 090<\/p>\n<p><strong>Pol\u00edcia de Seguran\u00e7a P\u00fablica &#8211; Comando Distrital de Vila Real<\/strong><br \/>EN2 | 5000-523 Vila Real | 41.295372, -7.755435 | T. +351 259 330 240 | cpvreal@psp.pt | <a href=\"http:\/\/www.psp.pt\">www.psp.pt<\/a><\/p>\n<p><strong>Guarda Nacional Republicana &#8211; Comando Territorial de Vila Real<\/strong><br \/>Avenida 1\u00ba de Maio | 5000-651 Vila Real | 41.300682, -7.740413 | T. +351 259 303 290 | ct.vrl@gnr.pt |<a href=\"http:\/\/www.gnr.pt\"> www.gnr.pt<\/a><\/p>\n<\/div>\n\t\t\t\t<\/div>\n\t\t\t\t\t\t\t\t<\/div>\n\t\t\t\t\t\t<\/div>\n\t\t\t\t<\/div>\n\t\t\t\t\t<\/div>\n\t\t\t\t<\/div>\n\t\t<div class=\"elementor-element elementor-element-e312383 e-con-full e-flex e-con e-parent\" data-id=\"e312383\" data-element_type=\"container\">\n\t\t\t\t<div class=\"elementor-element elementor-element-dd1c64f elementor-widget elementor-widget-shortcode\" data-id=\"dd1c64f\" data-element_type=\"widget\" data-widget_type=\"shortcode.default\">\n\t\t\t\t<div class=\"elementor-widget-container\">\n\t\t\t\t\t\t\t<div class=\"elementor-shortcode\">        \n    <div id=\"map\"><\/div>\n    <script async defer src=\"https:\/\/maps.googleapis.com\/maps\/api\/js?key=AIzaSyBlxeEJOXg6CEUTXDHxu-BmmzL02cXTKp0&callback=initMap\"><\/script>\n\n    <style>\n        #map {\n            height: 450px;\n            width: 100%;\n        }\n    <\/style>\n\n    <script>\n                                         \n\n        function initMap() {\n        var center = {lat: 41.294496, lng: -7.746284 };\n        var locations = [\n     ['<b><a href=\"\/poiss?slug=a-tasca\">A Tasca<\/a><\/b>', 41.295824, -7.886542, \"\/wp-content\/plugins\/discover-douro\/imgs\/onde_dormir.png\"],\n     ['<b><a href=\"\/poiss?slug=casa-da-ferreira\">Casa da Ferreira<\/a><\/b>', 41.299238, -7.837708, \"\/wp-content\/plugins\/discover-douro\/imgs\/onde_dormir.png\"],\n     ['<b><a href=\"\/poiss?slug=casa-machado\">Casa Machado<\/a><\/b>', 41.30664, -7.77926, \"\/wp-content\/plugins\/discover-douro\/imgs\/onde_dormir.png\"],\n     ['<b><a href=\"\/poiss?slug=percursos-naturais-do-corgo\">Senderos Naturales del Corgo<\/a><\/b>', 41.291302, -7.746357, \"\/wp-content\/plugins\/discover-douro\/imgs\/o_que_visitar.png\"],\n     ['<b><a href=\"\/poiss?slug=casa-de-mateus\">Casa de Mateus <\/a><\/b>', 41.296851, -7.712448, \"\/wp-content\/plugins\/discover-douro\/imgs\/o_que_visitar.png\"],\n     ['<b><a href=\"\/poiss?slug=bookindouro\">Bookindouro<\/a><\/b>', 41.298278, -7.748044, \"\/wp-content\/plugins\/discover-douro\/imgs\/onde_se_divertir.png\"],\n     ['<b><a href=\"\/poiss?slug=douro-criativo\">Douro Criativo<\/a><\/b>', 41.300831, -7.743087, \"\/wp-content\/plugins\/discover-douro\/imgs\/onde_se_divertir.png\"],\n     ['<b><a href=\"\/poiss?slug=douro-visitours\">Douro Visitours<\/a><\/b>', 41.269969, -7.655888, \"\/wp-content\/plugins\/discover-douro\/imgs\/onde_se_divertir.png\"],\n     ['<b><a href=\"\/poiss?slug=naturwaterpark\">Naturwaterpark, Parque de Divers\u00f5es do Douro<\/a><\/b>', 41.255998, -7.651941, \"\/wp-content\/plugins\/discover-douro\/imgs\/onde_se_divertir.png\"],\n     ['<b><a href=\"\/poiss?slug=real-buggy-rides\">Real Buggy Rides<\/a><\/b>', 41.297168, -7.749673, \"\/wp-content\/plugins\/discover-douro\/imgs\/onde_se_divertir.png\"],\n     ['<b><a href=\"\/poiss?slug=igreja-capela-da-misericordia\">Iglesia de la Misericordia<\/a><\/b>', 41.295588, -7.745248, \"\/wp-content\/plugins\/discover-douro\/imgs\/o_que_visitar.png\"],\n     ['<b><a href=\"\/poiss?slug=igreja-de-sao-paulo-capela-nova\">Capilla Nueva<\/a><\/b>', 41.2974, -7.744556, \"\/wp-content\/plugins\/discover-douro\/imgs\/o_que_visitar.png\"],\n     ['<b><a href=\"\/poiss?slug=igreja-de-sao-pedro\">Iglesia de San Pedro<\/a><\/b>', 41.298913, -7.743409, \"\/wp-content\/plugins\/discover-douro\/imgs\/o_que_visitar.png\"],\n     ['<b><a href=\"\/poiss?slug=igreja-de-sao-domingos\">Iglesia de S\u00e3o Domingos - Catedral de Vila Real | Patrimonio Nacional<\/a><\/b>', 41.296233, -7.74636, \"\/wp-content\/plugins\/discover-douro\/imgs\/o_que_visitar.png\"],\n     ['<b><a href=\"\/poiss?slug=torre-de-quintela\">Torre de Quintela <\/a><\/b>', 41.297273, -7.78036, \"\/wp-content\/plugins\/discover-douro\/imgs\/o_que_visitar.png\"],\n     ['<b><a href=\"\/poiss?slug=museu-da-vila-velha\">Museo da Vila Velha<\/a><\/b>', 41.292865, -7.746096, \"\/wp-content\/plugins\/discover-douro\/imgs\/o_que_visitar.png\"],\n     ['<b><a href=\"\/poiss?slug=museu-de-arqueologia-e-numismatica\">Museo de Arqueolog\u00eda y Numism\u00e1tica<\/a><\/b>', 41.297603, -7.743124, \"\/wp-content\/plugins\/discover-douro\/imgs\/o_que_visitar.png\"],\n     ['<b><a href=\"\/poiss?slug=teatro-de-vila-real\">Teatro Vila Real<\/a><\/b>', 41.299128, -7.734694, \"\/wp-content\/plugins\/discover-douro\/imgs\/o_que_visitar.png\"],\n     ['<b><a href=\"\/poiss?slug=jardim-da-carreira\">Jard\u00edn da Carreira <\/a><\/b>', 41.299835, -7.74229, \"\/wp-content\/plugins\/discover-douro\/imgs\/o_que_visitar.png\"],\n     ['<b><a href=\"\/poiss?slug=parque-corgo\">Parque Corgo<\/a><\/b>', 41.30006, -7.734905, \"\/wp-content\/plugins\/discover-douro\/imgs\/o_que_visitar.png\"],\n     ['<b><a href=\"\/poiss?slug=parque-florestal\">Parque Forestal <\/a><\/b>', 41.299511, -7.740339, \"\/wp-content\/plugins\/discover-douro\/imgs\/o_que_visitar.png\"],\n     ['<b><a href=\"\/poiss?slug=o-peixoto\">O Peixoto<\/a><\/b>', 41.304788, -7.741895, \"\/wp-content\/plugins\/discover-douro\/imgs\/onde_comer.png\"],\n     ['<b><a href=\"\/poiss?slug=pizzaria-pasta-fina\">Pizzaria Pasta Fina<\/a><\/b>', 41.304899, -7.741874, \"\/wp-content\/plugins\/discover-douro\/imgs\/onde_comer.png\"],\n     ['<b><a href=\"\/poiss?slug=restaurante-mandarim\">Restaurante Mandarim<\/a><\/b>', 41.304791, -7.744552, \"\/wp-content\/plugins\/discover-douro\/imgs\/onde_comer.png\"],\n     ['<b><a href=\"\/poiss?slug=restaurante-ze-come\">Restaurante Z\u00e9.come<\/a><\/b>', 41.304441, -7.745239, \"\/wp-content\/plugins\/discover-douro\/imgs\/onde_comer.png\"],\n     ['<b><a href=\"\/poiss?slug=o-barriguinha-cheia\">O Barriguinha Cheia<\/a><\/b>', 41.306621, -7.7404, \"\/wp-content\/plugins\/discover-douro\/imgs\/onde_comer.png\"],\n     ['<b><a href=\"\/poiss?slug=pizzaria-politana\">Pizzaria Politana<\/a><\/b>', 41.305186, -7.738515, \"\/wp-content\/plugins\/discover-douro\/imgs\/onde_comer.png\"],\n     ['<b><a href=\"\/poiss?slug=restaurante-veneza\">Restaurante Veneza<\/a><\/b>', 41.301103, -7.74301, \"\/wp-content\/plugins\/discover-douro\/imgs\/onde_comer.png\"],\n     ['<b><a href=\"\/poiss?slug=tralha-wine-tapas-bar\">Tralha - Wine Tapas Bar<\/a><\/b>', 41.30022, -7.741302, \"\/wp-content\/plugins\/discover-douro\/imgs\/onde_comer.png\"],\n     ['<b><a href=\"\/poiss?slug=restaurante-cervejaria-k3000\">Restaurante\/Cervejaria K3000<\/a><\/b>', 41.309329, -7.743009, \"\/wp-content\/plugins\/discover-douro\/imgs\/onde_comer.png\"],\n     ['<b><a href=\"\/poiss?slug=restaurante-e-churrasqueira-ze-dos-frangos\">Restaurante & Churrasqueira Z\u00e9 dos Frangos<\/a><\/b>', 41.299623, -7.744425, \"\/wp-content\/plugins\/discover-douro\/imgs\/onde_comer.png\"],\n     ['<b><a href=\"\/poiss?slug=bons-tempos-restaurante-e-petiscos\">Bons Tempos - Restaurante e Petiscos<\/a><\/b>', 41.299893, -7.745926, \"\/wp-content\/plugins\/discover-douro\/imgs\/onde_comer.png\"],\n     ['<b><a href=\"\/poiss?slug=churrasqueira-simoes\">Churrasqueira Sim\u00f5es<\/a><\/b>', 41.299346, -7.747151, \"\/wp-content\/plugins\/discover-douro\/imgs\/onde_comer.png\"],\n     ['<b><a href=\"\/poiss?slug=cave-da-picanha\"> Cave da Picanha<\/a><\/b>', 41.298452, -7.744272, \"\/wp-content\/plugins\/discover-douro\/imgs\/onde_comer.png\"],\n     ['<b><a href=\"\/poiss?slug=restaurante-cardoso\">Cardoso<\/a><\/b>', 41.298172, -7.742132, \"\/wp-content\/plugins\/discover-douro\/imgs\/onde_comer.png\"],\n     ['<b><a href=\"\/poiss?slug=restaurante-pensao-areias\">Restaurante\/Pens\u00e3o Areias<\/a><\/b>', 41.297957, -7.741872, \"\/wp-content\/plugins\/discover-douro\/imgs\/onde_comer.png\"],\n     ['<b><a href=\"\/poiss?slug=restaurante-maranus\">Restaurante Maranus<\/a><\/b>', 41.300442, -7.750311, \"\/wp-content\/plugins\/discover-douro\/imgs\/onde_comer.png\"],\n     ['<b><a href=\"\/poiss?slug=amadeus-bar-e-restaurante\">Amadeus - Bar e Restaurante<\/a><\/b>', 41.297692, -7.742053, \"\/wp-content\/plugins\/discover-douro\/imgs\/onde_comer.png\"],\n     ['<b><a href=\"\/poiss?slug=la-forneria\">Forneria<\/a><\/b>', 41.297253, -7.745498, \"\/wp-content\/plugins\/discover-douro\/imgs\/onde_comer.png\"],\n     ['<b><a href=\"\/poiss?slug=loja-do-covilhete\">Loja do Covilhete<\/a><\/b>', 41.297256, -7.74482, \"\/wp-content\/plugins\/discover-douro\/imgs\/onde_comer.png\"],\n     ['<b><a href=\"\/poiss?slug=restaurante-residencial-lopes\">Restaurante\/Residencial Lopes<\/a><\/b>', 41.296811, -7.746183, \"\/wp-content\/plugins\/discover-douro\/imgs\/onde_comer.png\"],\n     ['<b><a href=\"\/poiss?slug=os-padilhas\">Os Padilhas<\/a><\/b>', 41.303615, -7.731597, \"\/wp-content\/plugins\/discover-douro\/imgs\/onde_comer.png\"],\n     ['<b><a href=\"\/poiss?slug=golden-wok\">Golden Wok<\/a><\/b>', 41.298834, -7.750845, \"\/wp-content\/plugins\/discover-douro\/imgs\/onde_comer.png\"],\n     ['<b><a href=\"\/poiss?slug=restaurante-22\">Restaurante 22<\/a><\/b>', 41.296051, -7.745096, \"\/wp-content\/plugins\/discover-douro\/imgs\/onde_comer.png\"],\n     ['<b><a href=\"\/poiss?slug=churrasqueira-real\">Churrasqueira Real<\/a><\/b>', 41.296017, -7.745074, \"\/wp-content\/plugins\/discover-douro\/imgs\/onde_comer.png\"],\n     ['<b><a href=\"\/poiss?slug=restaurante-o-transmontano\">Restaurante O Transmontano<\/a><\/b>', 41.295755, -7.745306, \"\/wp-content\/plugins\/discover-douro\/imgs\/onde_comer.png\"],\n     ['<b><a href=\"\/poiss?slug=restaurante-hotel-miracorgo\">Restaurante Hotel Mira Corgo<\/a><\/b>', 41.295364, -7.743723, \"\/wp-content\/plugins\/discover-douro\/imgs\/onde_comer.png\"],\n     ['<b><a href=\"\/poiss?slug=restaurante-pool-shot\">Restaurante Pool Shot<\/a><\/b>', 41.295006, -7.744911, \"\/wp-content\/plugins\/discover-douro\/imgs\/onde_comer.png\"],\n     ['<b><a href=\"\/poiss?slug=restaurante-curva-24\">Restaurante Curva 24<\/a><\/b>', 41.298325, -7.732062, \"\/wp-content\/plugins\/discover-douro\/imgs\/onde_comer.png\"],\n     ['<b><a href=\"\/poiss?slug=restaurante-caldo-de-farinha\">Restaurante Caldo de Farinha<\/a><\/b>', 41.294559, -7.745885, \"\/wp-content\/plugins\/discover-douro\/imgs\/onde_comer.png\"],\n     ['<b><a href=\"\/poiss?slug=restaurante-balsa\">Restaurante Balsa<\/a><\/b>', 41.294312, -7.739089, \"\/wp-content\/plugins\/discover-douro\/imgs\/onde_comer.png\"],\n     ['<b><a href=\"\/poiss?slug=cais-da-villa-restaurante-wine-house-lounge\">CaisdaVilla \u2013 Restaurante | Wine House | Lounge<\/a><\/b>', 41.293646, -7.739729, \"\/wp-content\/plugins\/discover-douro\/imgs\/onde_comer.png\"],\n     ['<b><a href=\"\/poiss?slug=restaurante-stop\">Restaurante STOP<\/a><\/b>', 41.284184, -7.733466, \"\/wp-content\/plugins\/discover-douro\/imgs\/onde_comer.png\"],\n     ['<b><a href=\"\/poiss?slug=restaurante-o-mateus\">Restaurante O Mateus<\/a><\/b>', 41.307549, -7.725629, \"\/wp-content\/plugins\/discover-douro\/imgs\/onde_comer.png\"],\n     ['<b><a href=\"\/poiss?slug=quinta-da-petisqueira-restaurante\">Quinta da Petisqueira Restaurante<\/a><\/b>', 41.307242, -7.756398, \"\/wp-content\/plugins\/discover-douro\/imgs\/onde_comer.png\"],\n     ['<b><a href=\"\/poiss?slug=casa-de-pasto-chaxoila\">Casa de Pasto Chaxoila<\/a><\/b>', 41.316707, -7.732401, \"\/wp-content\/plugins\/discover-douro\/imgs\/onde_comer.png\"],\n     ['<b><a href=\"\/poiss?slug=restaurante-a-viuva\">Restaurante A Vi\u00fava<\/a><\/b>', 41.30436, -7.720667, \"\/wp-content\/plugins\/discover-douro\/imgs\/onde_comer.png\"],\n     ['<b><a href=\"\/poiss?slug=restaurante-maria-do-carmo\">Restaurante Maria do Carmo<\/a><\/b>', 41.304723, -7.720488, \"\/wp-content\/plugins\/discover-douro\/imgs\/onde_comer.png\"],\n     ['<b><a href=\"\/poiss?slug=restaurante-fonte-da-rainha\">Restaurante Fonte da Rainha<\/a><\/b>', 41.29232, -7.757762, \"\/wp-content\/plugins\/discover-douro\/imgs\/onde_comer.png\"],\n     ['<b><a href=\"\/poiss?slug=restaurante-convivio\">Restaurante Conv\u00edvio<\/a><\/b>', 41.296971, -7.721126, \"\/wp-content\/plugins\/discover-douro\/imgs\/onde_comer.png\"],\n     ['<b><a href=\"\/poiss?slug=adega-machado\">Adega Machado<\/a><\/b>', 41.323876, -7.742507, \"\/wp-content\/plugins\/discover-douro\/imgs\/onde_comer.png\"],\n     ['<b><a href=\"\/poiss?slug=restaurante-palacio\">Restaurante Pal\u00e1cio<\/a><\/b>', 41.297971, -7.713381, \"\/wp-content\/plugins\/discover-douro\/imgs\/onde_comer.png\"],\n     ['<b><a href=\"\/poiss?slug=restaurante-a-lareira\">Restaurante A Lareira<\/a><\/b>', 41.315063, -7.713454, \"\/wp-content\/plugins\/discover-douro\/imgs\/onde_comer.png\"],\n     ['<b><a href=\"\/poiss?slug=hotel-quinta-do-paco-restaurante\">Hotel Quinta do Pa\u00e7o Restaurante<\/a><\/b>', 41.292759, -7.707283, \"\/wp-content\/plugins\/discover-douro\/imgs\/onde_comer.png\"],\n     ['<b><a href=\"\/poiss?slug=cafe-snack-bar-o-luisinho\">Caf\u00e9 Snack-Bar  O Luisinho <\/a><\/b>', 41.285253, -7.717437, \"\/wp-content\/plugins\/discover-douro\/imgs\/onde_comer.png\"],\n     ['<b><a href=\"\/poiss?slug=prodigio-dos-leitoes\">Prod\u00edgio Dos Leit\u00f5es<\/a><\/b>', 41.337474, -7.748073, \"\/wp-content\/plugins\/discover-douro\/imgs\/onde_comer.png\"],\n     ['<b><a href=\"\/poiss?slug=adega-o-sr-vinho\">Adega Regional O Sr. Vinho<\/a><\/b>', 41.274644, -7.713079, \"\/wp-content\/plugins\/discover-douro\/imgs\/onde_comer.png\"],\n     ['<b><a href=\"\/poiss?slug=restaurante-primavera\">Restaurante Primavera<\/a><\/b>', 41.268939, -7.704558, \"\/wp-content\/plugins\/discover-douro\/imgs\/onde_comer.png\"],\n     ['<b><a href=\"\/poiss?slug=restaurante-natur-waterpark\">Restaurante Naturwaterpark<\/a><\/b>', 41.256042, -7.652171, \"\/wp-content\/plugins\/discover-douro\/imgs\/onde_comer.png\"],\n     ['<b><a href=\"\/poiss?slug=restaurante-a-nora\">Restaurante A Nora<\/a><\/b>', 41.331558, -7.631807, \"\/wp-content\/plugins\/discover-douro\/imgs\/onde_comer.png\"],\n     ['<b><a href=\"\/poiss?slug=restaurante-goncalo\">Restaurante Gon\u00e7alo<\/a><\/b>', 41.356895, -7.622252, \"\/wp-content\/plugins\/discover-douro\/imgs\/onde_comer.png\"],\n     ['<b><a href=\"\/poiss?slug=kartodromo\">Kart\u00f3dromo<\/a><\/b>', 41.27581, -7.722814, \"\/wp-content\/plugins\/discover-douro\/imgs\/onde_se_divertir.png\"],\n     ['<b><a href=\"\/poiss?slug=parque-natural-do-alvao\">Parque Natural do Alv\u00e3o<\/a><\/b>', 41.3503, -7.792224, \"\/wp-content\/plugins\/discover-douro\/imgs\/o_que_visitar.png\"],\n     ['<b><a href=\"\/poiss?slug=capela-de-sao-bras-e-o-tumulo-de-teixeira-de-macedo\">Capela de S\u00e3o Br\u00e1s e o T\u00famulo de Teixeira de Macedo <\/a><\/b>', 41.291764, -7.746568, \"\/wp-content\/plugins\/discover-douro\/imgs\/o_que_visitar.png\"],\n     ['<b><a href=\"\/poiss?slug=casa-diogo-cao\">Casa Diogo C\u00e3o <\/a><\/b>', 41.295074, -7.746625, \"\/wp-content\/plugins\/discover-douro\/imgs\/o_que_visitar.png\"],\n     ['<b><a href=\"\/poiss?slug=casa-dos-marqueses\">Casa dos Marqueses <\/a><\/b>', 41.296847, -7.745849, \"\/wp-content\/plugins\/discover-douro\/imgs\/o_que_visitar.png\"],\n     ['<b><a href=\"\/poiss?slug=santuario-de-panoias\">Santu\u00e1rio de Pan\u00f3ias <\/a><\/b>', 41.283031, -7.682211, \"\/wp-content\/plugins\/discover-douro\/imgs\/o_que_visitar.png\"],\n     ['<b><a href=\"\/poiss?slug=museu-do-som-e-da-imagem\">Museu do Som e da Imagem<\/a><\/b>', 41.299186, -7.734203, \"\/wp-content\/plugins\/discover-douro\/imgs\/o_que_visitar.png\"],\n     ['<b><a href=\"\/poiss?slug=a-casa-da-sofia\">A Casa da Sofia<\/a><\/b>', 41.277972, -7.734091, \"\/wp-content\/plugins\/discover-douro\/imgs\/onde_dormir.png\"],\n     ['<b><a href=\"\/poiss?slug=loja-interativa-de-turismo-de-vila-real\">Tienda interactiva de turismo de Vila Real<\/a><\/b>', 41.296837, -7.745838, \"\/wp-content\/plugins\/discover-douro\/imgs\/onde_dormir.png\"],\n     ['<b><a href=\"\/poiss?slug=casa-veras\">Casa Veras<\/a><\/b>', 41.308942, -7.745129, \"\/wp-content\/plugins\/discover-douro\/imgs\/onde_dormir.png\"],\n     ['<b><a href=\"\/poiss?slug=hotel-miracorgo\">Hotel Miracorgo<\/a><\/b>', 41.295562, -7.743757, \"\/wp-content\/plugins\/discover-douro\/imgs\/onde_dormir.png\"],\n     ['<b><a href=\"\/poiss?slug=quinta-da-peca\">Quinta da Pe\u00e7a<\/a><\/b>', 41.282632, -7.787724, \"\/wp-content\/plugins\/discover-douro\/imgs\/onde_dormir.png\"],\n     ['<b><a href=\"\/poiss?slug=quinta-do-vale-da-ermida\">Quinta do Vale da Ermida<\/a><\/b>', 41.22913, -7.747777, \"\/wp-content\/plugins\/discover-douro\/imgs\/onde_dormir.png\"],\n     ['<b><a href=\"\/poiss?slug=retiros-do-vale\">Retiros do Vale<\/a><\/b>', 41.37205, -7.796126, \"\/wp-content\/plugins\/discover-douro\/imgs\/onde_dormir.png\"],\n     ['<b><a href=\"\/poiss?slug=tojeira\">Tojeira<\/a><\/b>', 41.291695, -7.781178, \"\/wp-content\/plugins\/discover-douro\/imgs\/onde_dormir.png\"],\n     ['<b><a href=\"\/poiss?slug=borralha-hotel-restaurante-e-spa\">Borralha Hotel, Restaurante & Spa<\/a><\/b>', 41.313826, -7.734896, \"\/wp-content\/plugins\/discover-douro\/imgs\/onde_dormir.png\"],\n     ['<b><a href=\"\/poiss?slug=casa-de-quintas\">Casa de Quint\u00e3s<\/a><\/b>', 41.207919, -7.660087, \"\/wp-content\/plugins\/discover-douro\/imgs\/onde_dormir.png\"],\n     ['<b><a href=\"\/poiss?slug=casa-dos-correios\">Casa dos Correios<\/a><\/b>', 41.297532, -7.746474, \"\/wp-content\/plugins\/discover-douro\/imgs\/onde_dormir.png\"],\n     ['<b><a href=\"\/poiss?slug=cruzeiros-douro-ecotravel-\">Cruzeiros Douro (ecoTravel)<\/a><\/b>', 41.15734, -8.627847, \"\/wp-content\/plugins\/discover-douro\/imgs\/onde_se_divertir.png\"],\n     ['<b><a href=\"\/poiss?slug=restaurante-banquete\">Restaurante Banquete<\/a><\/b>', 41.280499, -7.736483, \"\/wp-content\/plugins\/discover-douro\/imgs\/onde_comer.png\"],\n     ['<b><a href=\"\/poiss?slug=restaurante-marco-maleiro\">Restaurante Marco Maleiro<\/a><\/b>', 41.29879, -7.732851, \"\/wp-content\/plugins\/discover-douro\/imgs\/onde_comer.png\"],\n     ['<b><a href=\"\/poiss?slug=meimilia\">Meimilia<\/a><\/b>', 41.315643, -7.735926, \"\/wp-content\/plugins\/discover-douro\/imgs\/onde_comer.png\"],\n     ['<b><a href=\"\/poiss?slug=prego-douro\">Prego Douro<\/a><\/b>', 41.305749, -7.745845, \"\/wp-content\/plugins\/discover-douro\/imgs\/onde_comer.png\"],\n     ['<b><a href=\"\/poiss?slug=taberna-londrina\">Taberna Londrina<\/a><\/b>', 41.293583, -7.737384, \"\/wp-content\/plugins\/discover-douro\/imgs\/onde_comer.png\"],\n     ['<b><a href=\"\/poiss?slug=passos-perdidos\">Passos Perdidos<\/a><\/b>', 41.378918, -7.70668, \"\/wp-content\/plugins\/discover-douro\/imgs\/onde_comer.png\"],\n     ['<b><a href=\"\/poiss?slug=pasonorte\">Pasonorte<\/a><\/b>', 41.295709, -7.746011, \"\/wp-content\/plugins\/discover-douro\/imgs\/onde_comer.png\"],\n     ['<b><a href=\"\/poiss?slug=terra-de-montanha\">Terra de Montanha<\/a><\/b>', 41.298018, -7.744276, \"\/wp-content\/plugins\/discover-douro\/imgs\/onde_comer.png\"],\n     ['<b><a href=\"\/poiss?slug=casa-jorge-malcriado\">Casa Jorge - Malcriado<\/a><\/b>', 41.301418, -7.712691, \"\/wp-content\/plugins\/discover-douro\/imgs\/onde_comer.png\"],\n     ['<b><a href=\"\/poiss?slug=o-lameirao\">O Lameir\u00e3o<\/a><\/b>', 41.314955, -7.732869, \"\/wp-content\/plugins\/discover-douro\/imgs\/onde_comer.png\"],\n     ['<b><a href=\"\/poiss?slug=dois-cinco-nove\">Dos-cinco-nueve<\/a><\/b>', 41.298654, -7.740453, \"\/wp-content\/plugins\/discover-douro\/imgs\/onde_comer.png\"],\n     ['<b><a href=\"\/poiss?slug=casa-agricola-da-levada\">Casa Agr\u00edcola da Levada<\/a><\/b>', 41.311399, -7.729122, \"\/wp-content\/plugins\/discover-douro\/imgs\/onde_dormir.png\"],\n     ['<b><a href=\"\/poiss?slug=casa-da-quinta-de-smartinho\">Casa da Quinta de S.Martinho<\/a><\/b>', 41.300132, -7.718708, \"\/wp-content\/plugins\/discover-douro\/imgs\/onde_dormir.png\"],\n     ['<b><a href=\"\/poiss?slug=hotel-quinta-do-paco\">Hotel Quinta do Pa\u00e7o<\/a><\/b>', 41.292874, -7.707278, \"\/wp-content\/plugins\/discover-douro\/imgs\/onde_dormir.png\"],\n     ['<b><a href=\"\/poiss?slug=casa-da-cruz\">Casa da cruz<\/a><\/b>', 41.293477, -7.875719, \"\/wp-content\/plugins\/discover-douro\/imgs\/onde_dormir.png\"],\n     ['<b><a href=\"\/poiss?slug=casa-da-conceicao\">Casa da Concei\u00e7\u00e3o<\/a><\/b>', 41.307977, -7.743091, \"\/wp-content\/plugins\/discover-douro\/imgs\/onde_dormir.png\"],\n     ['<b><a href=\"\/poiss?slug=muas-guest-house\">Muas Guest House<\/a><\/b>', 41.333594, -7.78279, \"\/wp-content\/plugins\/discover-douro\/imgs\/onde_dormir.png\"],\n     ['<b><a href=\"\/poiss?slug=alleu\">Alleu<\/a><\/b>', 41.295846, -7.745057, \"\/wp-content\/plugins\/discover-douro\/imgs\/onde_dormir.png\"],\n     ['<b><a href=\"\/poiss?slug=sao-pedro-city-flat\">S\u00e3o Pedro City Flat <\/a><\/b>', 41.29844, -7.744732, \"\/wp-content\/plugins\/discover-douro\/imgs\/onde_dormir.png\"],\n     ['<b><a href=\"\/poiss?slug=p32\">P32<\/a><\/b>', 41.29767, -7.740139, \"\/wp-content\/plugins\/discover-douro\/imgs\/onde_dormir.png\"],\n     ['<b><a href=\"\/poiss?slug=historic-downtown\">Historic Downtown<\/a><\/b>', 41.295866, -7.744838, \"\/wp-content\/plugins\/discover-douro\/imgs\/onde_dormir.png\"],\n     ['<b><a href=\"\/poiss?slug=city-hall-apartments\">City Hall Apartments <\/a><\/b>', 41.294942, -7.745812, \"\/wp-content\/plugins\/discover-douro\/imgs\/onde_dormir.png\"],\n     ['<b><a href=\"\/poiss?slug=casas-do-corgo\">Casas do Corgo<\/a><\/b>', 41.296012, -7.744594, \"\/wp-content\/plugins\/discover-douro\/imgs\/onde_dormir.png\"],\n     ['<b><a href=\"\/poiss?slug=casa-do-forno-daldeia\">Casa do forno D  Aldeia<\/a><\/b>', 41.335575, -7.663223, \"\/wp-content\/plugins\/discover-douro\/imgs\/onde_dormir.png\"],\n     ['<b><a href=\"\/poiss?slug=casa-correios\">Casa dos Correios<\/a><\/b>', 41.297515, -7.746465, \"\/wp-content\/plugins\/discover-douro\/imgs\/onde_dormir.png\"],\n     ['<b><a href=\"\/poiss?slug=panoias-country-house\">Pan\u00f3ias Country House<\/a><\/b>', 41.284222, -7.684269, \"\/wp-content\/plugins\/discover-douro\/imgs\/onde_dormir.png\"],\n     ['<b><a href=\"\/poiss?slug=activ-marvao\">Activ Mar\\v\u00e3o<\/a><\/b>', 41.270937, -7.84993, \"\/wp-content\/plugins\/discover-douro\/imgs\/onde_dormir.png\"],\n     ['<b><a href=\"\/poiss?slug=cada-do-fundo-do-povo\">Casa do Fundo do Povo<\/a><\/b>', 41.265292, -7.684684, \"\/wp-content\/plugins\/discover-douro\/imgs\/onde_dormir.png\"],\n     ['<b><a href=\"\/poiss?slug=casa-de-tras-o-muro\">Casa de Tr\u00e1s-o-Muro<\/a><\/b>', 41.267452, -7.707123, \"\/wp-content\/plugins\/discover-douro\/imgs\/onde_dormir.png\"],\n     ['<b><a href=\"\/poiss?slug=casa-eira\">Casa da Eira<\/a><\/b>', 41.280143, -7.692446, \"\/wp-content\/plugins\/discover-douro\/imgs\/onde_dormir.png\"],\n     ['<b><a href=\"\/poiss?slug=estudio-avenida\">Estudio Avenida<\/a><\/b>', 41.298121, -7.746044, \"\/wp-content\/plugins\/discover-douro\/imgs\/onde_dormir.png\"],\n     ['<b><a href=\"\/poiss?slug=porta-116\">Porta 116<\/a><\/b>', 41.297781, -7.743442, \"\/wp-content\/plugins\/discover-douro\/imgs\/onde_dormir.png\"],\n     ['<b><a href=\"\/poiss?slug=t2-vrl\">T2 VRL<\/a><\/b>', 41.296632, -7.744958, \"\/wp-content\/plugins\/discover-douro\/imgs\/onde_dormir.png\"],\n     ['<b><a href=\"\/poiss?slug=prado-20-twin\">Prado 20 TWIN<\/a><\/b>', 41.298438, -7.740957, \"\/wp-content\/plugins\/discover-douro\/imgs\/onde_dormir.png\"],\n     ['<b><a href=\"\/poiss?slug=mom-mateus-on-modular\">Mom Mateus on Modular<\/a><\/b>', 41.296792, -7.723019, \"\/wp-content\/plugins\/discover-douro\/imgs\/onde_dormir.png\"],\n     ['<b><a href=\"\/poiss?slug=quinta-do-enxertado\">Quinta do Enxertado<\/a><\/b>', 41.222103, -7.750923, \"\/wp-content\/plugins\/discover-douro\/imgs\/onde_dormir.png\"],\n     ['<b><a href=\"\/poiss?slug=residencial-real\">Residencial Real<\/a><\/b>', 41.296828, -7.744997, \"\/wp-content\/plugins\/discover-douro\/imgs\/onde_dormir.png\"],\n     ['<b><a href=\"\/poiss?slug=apartamentos-avenida-premium-superior\">Apartamentos Avenida Premium Superior<\/a><\/b>', 41.298066, -7.746026, \"\/wp-content\/plugins\/discover-douro\/imgs\/onde_dormir.png\"],\n     ['<b><a href=\"\/poiss?slug=quinta-da-menina-guest-house\">Quinta da Menina Guest House<\/a><\/b>', 41.347417, -7.726334, \"\/wp-content\/plugins\/discover-douro\/imgs\/onde_dormir.png\"],\n     ['<b><a href=\"\/poiss?slug=cantinho-dos-monges\">Cantinho dos Monges<\/a><\/b>', 41.321529, -7.676047, \"\/wp-content\/plugins\/discover-douro\/imgs\/onde_dormir.png\"],\n     ['<b><a href=\"\/poiss?slug=apartamentos-do-parque\">Apartamentos do Parque<\/a><\/b>', 41.298261, -7.741102, \"\/wp-content\/plugins\/discover-douro\/imgs\/onde_dormir.png\"],\n     ['<b><a href=\"\/poiss?slug=vila-real-house\">Vila Real House<\/a><\/b>', 41.30346, -7.744272, \"\/wp-content\/plugins\/discover-douro\/imgs\/onde_dormir.png\"],\n     ['<b><a href=\"\/poiss?slug=apartamento-do-corgo\">Apartamento do Corgo<\/a><\/b>', 41.296047, -7.744547, \"\/wp-content\/plugins\/discover-douro\/imgs\/onde_dormir.png\"],\n     ['<b><a href=\"\/poiss?slug=soft-rooms\">Soft Rooms<\/a><\/b>', 41.271108, -7.706402, \"\/wp-content\/plugins\/discover-douro\/imgs\/onde_dormir.png\"],\n     ['<b><a href=\"\/poiss?slug=city-house\">City House<\/a><\/b>', 41.304053, -7.737787, \"\/wp-content\/plugins\/discover-douro\/imgs\/onde_dormir.png\"],\n     ['<b><a href=\"\/poiss?slug=casa-do-avo-mountain-experience\">Casa do Av\u00f4 Mountain Experience<\/a><\/b>', 41.27683, -7.863516, \"\/wp-content\/plugins\/discover-douro\/imgs\/onde_dormir.png\"],\n     ['<b><a href=\"\/poiss?slug=apartamentos-do-prado\">Apartamentos do Prado <\/a><\/b>', 41.298516, -7.740972, \"\/wp-content\/plugins\/discover-douro\/imgs\/onde_dormir.png\"],\n     ['<b><a href=\"\/poiss?slug=novabila-guest-house\">Novabila Guest House<\/a><\/b>', 41.297098, -7.744876, \"\/wp-content\/plugins\/discover-douro\/imgs\/onde_dormir.png\"],\n     ['<b><a href=\"\/poiss?slug=o-palacete\">O Palacete<\/a><\/b>', 41.295874, -7.745243, \"\/wp-content\/plugins\/discover-douro\/imgs\/onde_dormir.png\"],\n     ['<b><a href=\"\/poiss?slug=casa-da-varanda-verde\">Casa da Varanda Verde<\/a><\/b>', 41.296622, -7.747417, \"\/wp-content\/plugins\/discover-douro\/imgs\/onde_dormir.png\"],\n     ['<b><a href=\"\/poiss?slug=quinta-madureira\">Quinta Madureira<\/a><\/b>', 41.215806, -7.716914, \"\/wp-content\/plugins\/discover-douro\/imgs\/onde_dormir.png\"],\n     ['<b><a href=\"\/poiss?slug=quinta-da-jusa\">Quinta da Jus\u00e3<\/a><\/b>', 41.204667, -7.657433, \"\/wp-content\/plugins\/discover-douro\/imgs\/onde_dormir.png\"],\n     ['<b><a href=\"\/poiss?slug=residencial-encontro\">Residencial Encontro<\/a><\/b>', 41.29649, -7.745882, \"\/wp-content\/plugins\/discover-douro\/imgs\/onde_dormir.png\"],\n     ['<b><a href=\"\/poiss?slug=casa-agricola-levada\">Casa Agr\u00edcola da Levada<\/a><\/b>', 41.311549, -7.729124, \"\/wp-content\/plugins\/discover-douro\/imgs\/onde_dormir.png\"],\n     ['<b><a href=\"\/poiss?slug=quinta-da-passagem\">Quinta da Passagem<\/a><\/b>', 41.253274, -7.68741, \"\/wp-content\/plugins\/discover-douro\/imgs\/onde_dormir.png\"],\n     ['<b><a href=\"\/poiss?slug=o-montanhes\">O Montanh\u00eas <\/a><\/b>', 41.295132, -7.754035, \"\/wp-content\/plugins\/discover-douro\/imgs\/onde_dormir.png\"],\n     ['<b><a href=\"\/poiss?slug=vila-real-loft-360\">Vila Real Loft 360\u00ba<\/a><\/b>', 41.296488, -7.748106, \"\/wp-content\/plugins\/discover-douro\/imgs\/onde_dormir.png\"],\n     ['<b><a href=\"\/poiss?slug=era-uma-vez\">Era uma Vez<\/a><\/b>', 41.296662, -7.747451, \"\/wp-content\/plugins\/discover-douro\/imgs\/onde_dormir.png\"],\n     ['<b><a href=\"\/poiss?slug=quinta-da-telheira\">Quinta da Telheira<\/a><\/b>', 41.241433, -7.723224, \"\/wp-content\/plugins\/discover-douro\/imgs\/onde_dormir.png\"],\n     ['<b><a href=\"\/poiss?slug=douro-village-hostel\">Douro Village Hostel<\/a><\/b>', 41.298052, -7.744441, \"\/wp-content\/plugins\/discover-douro\/imgs\/onde_dormir.png\"],\n     ['<b><a href=\"\/poiss?slug=casa-do-prado\">Casa do Prado<\/a><\/b>', 41.317722, -7.741162, \"\/wp-content\/plugins\/discover-douro\/imgs\/onde_dormir.png\"],\n     ['<b><a href=\"\/poiss?slug=museu-de-arquelogia-industrial-na-central-do-biel\">Museu de Arqueologia Industrial na Central do Biel<\/a><\/b>', 41.293617, -7.74287, \"\/wp-content\/plugins\/discover-douro\/imgs\/o_que_visitar.png\"],\n     ['<b><a href=\"\/poiss?slug=museu-de-geologia-da-utad\">Museu de Geologia da UTAD<\/a><\/b>', 41.288561, -7.739013, \"\/wp-content\/plugins\/discover-douro\/imgs\/o_que_visitar.png\"],\n     ['<b><a href=\"\/poiss?slug=el-camino\">El Camino<\/a><\/b>', 41.305027, -7.738741, \"\/wp-content\/plugins\/discover-douro\/imgs\/onde_comer.png\"],\n     ['<b><a href=\"\/poiss?slug=gare-restaurante\">GA.RE. - Garrafeira & Restaurante<\/a><\/b>', 41.299505, -7.749316, \"\/wp-content\/plugins\/discover-douro\/imgs\/onde_comer.png\"],\n     ['<b><a href=\"\/poiss?slug=o-cenaculo-do-leitao\">Restaurante O Cen\u00e1culo Do Leit\u00e3o<\/a><\/b>', 41.291047, -7.787319, \"\/wp-content\/plugins\/discover-douro\/imgs\/onde_comer.png\"],\n     ['<b><a href=\"\/poiss?slug=pizaria-donatello\">Pizzaria Donatello<\/a><\/b>', 41.306553, -7.724998, \"\/wp-content\/plugins\/discover-douro\/imgs\/onde_comer.png\"],\n     ['<b><a href=\"\/poiss?slug=city_nature\"> City Nature<\/a><\/b>', 41.297496, -7.746472, \"\/wp-content\/plugins\/discover-douro\/imgs\/onde_se_divertir.png\"],\n     ['<b><a href=\"\/poiss?slug=casa-do-carneiro\">Casa do Caneiro<\/a><\/b>', 41.298207, -7.836787, \"\/wp-content\/plugins\/discover-douro\/imgs\/onde_dormir.png\"],\n            ];\n        var map = new google.maps.Map(document.getElementById('map'), {\n        zoom: 12,\n                center: center\n        });\n        var infowindow = new google.maps.InfoWindow({});\n        var marker, count;\n        for (count = 0; count < locations.length; count++) {\n        marker = new google.maps.Marker({\n        position: new google.maps.LatLng(locations[count][1], locations[count][2]),\n                map: map,\n                icon: locations[count][3],\n                title: locations[count][0]\n        });\n        google.maps.event.addListener(marker, 'click', (function (marker, count) {\n        return function () {\n        infowindow.setContent(locations[count][0]);\n        infowindow.open(map, marker);\n        }\n        })(marker, count));\n        }\n        }\n\n    <\/script>\n\n\n    <\/div>\n\t\t\t\t\t\t<\/div>\n\t\t\t\t<\/div>\n\t\t\t\t<\/div>\n\t\t\t\t<\/div>\n\t\t","protected":false},"featured_media":32231,"template":"","class_list":["post-41196","municipio","type-municipio","status-publish","has-post-thumbnail","hentry"],"acf":[],"yoast_head":"<!-- This site is optimized with the Yoast SEO plugin v26.2 - https:\/\/yoast.com\/wordpress\/plugins\/seo\/ -->\n<title>Vila Real - Discover Douro<\/title>\n<meta name=\"robots\" content=\"index, follow, max-snippet:-1, max-image-preview:large, max-video-preview:-1\" \/>\n<link rel=\"canonical\" href=\"https:\/\/discoverdouro.pt\/es\/municipio\/vila-real\" \/>\n<meta property=\"og:locale\" content=\"es_ES\" \/>\n<meta property=\"og:type\" content=\"article\" \/>\n<meta property=\"og:title\" content=\"Vila Real - Discover Douro\" \/>\n<meta property=\"og:description\" content=\"VILA REAL \u00cdMPAR! M\u00e1s de setecientos a\u00f1os de historia han dado a Vila Real el inestimable t\u00edtulo de capital de toda una regi\u00f3n. Con su diversidad \u00fanica, comparte un acceso privilegiado a esa perla del patrimonio mundial que es la Regi\u00f3n Vitivin\u00edcola del Alto Duero. Rodeada de paisajes y lugares \u00fanicos, por la calidad de [&hellip;]\" \/>\n<meta property=\"og:url\" content=\"https:\/\/discoverdouro.pt\/es\/municipio\/vila-real\" \/>\n<meta property=\"og:site_name\" content=\"Discover Douro\" \/>\n<meta property=\"article:publisher\" content=\"https:\/\/www.facebook.com\/profile.php?id=61555234744391\" \/>\n<meta property=\"article:modified_time\" content=\"2024-06-20T11:37:53+00:00\" \/>\n<meta property=\"og:image\" content=\"https:\/\/discoverdouro.pt\/wp-content\/uploads\/2023\/09\/Vila-Real-Black.png\" \/>\n\t<meta property=\"og:image:width\" content=\"251\" \/>\n\t<meta property=\"og:image:height\" content=\"150\" \/>\n\t<meta property=\"og:image:type\" content=\"image\/png\" \/>\n<meta name=\"twitter:card\" content=\"summary_large_image\" \/>\n<meta name=\"twitter:site\" content=\"@DiscoverDouro\" \/>\n<meta name=\"twitter:label1\" content=\"Est. reading time\" \/>\n\t<meta name=\"twitter:data1\" content=\"3 minutes\" \/>\n<script type=\"application\/ld+json\" class=\"yoast-schema-graph\">{\"@context\":\"https:\/\/schema.org\",\"@graph\":[{\"@type\":\"WebPage\",\"@id\":\"https:\/\/discoverdouro.pt\/es\/municipio\/vila-real\",\"url\":\"https:\/\/discoverdouro.pt\/es\/municipio\/vila-real\",\"name\":\"Vila Real - Discover Douro\",\"isPartOf\":{\"@id\":\"https:\/\/discoverdouro.pt\/es#website\"},\"primaryImageOfPage\":{\"@id\":\"https:\/\/discoverdouro.pt\/es\/municipio\/vila-real#primaryimage\"},\"image\":{\"@id\":\"https:\/\/discoverdouro.pt\/es\/municipio\/vila-real#primaryimage\"},\"thumbnailUrl\":\"https:\/\/discoverdouro.pt\/wp-content\/uploads\/2023\/09\/Vila-Real-Black.png\",\"datePublished\":\"2023-12-13T15:59:43+00:00\",\"dateModified\":\"2024-06-20T11:37:53+00:00\",\"breadcrumb\":{\"@id\":\"https:\/\/discoverdouro.pt\/es\/municipio\/vila-real#breadcrumb\"},\"inLanguage\":\"es\",\"potentialAction\":[{\"@type\":\"ReadAction\",\"target\":[\"https:\/\/discoverdouro.pt\/es\/municipio\/vila-real\"]}]},{\"@type\":\"ImageObject\",\"inLanguage\":\"es\",\"@id\":\"https:\/\/discoverdouro.pt\/es\/municipio\/vila-real#primaryimage\",\"url\":\"https:\/\/discoverdouro.pt\/wp-content\/uploads\/2023\/09\/Vila-Real-Black.png\",\"contentUrl\":\"https:\/\/discoverdouro.pt\/wp-content\/uploads\/2023\/09\/Vila-Real-Black.png\",\"width\":251,\"height\":150},{\"@type\":\"BreadcrumbList\",\"@id\":\"https:\/\/discoverdouro.pt\/es\/municipio\/vila-real#breadcrumb\",\"itemListElement\":[{\"@type\":\"ListItem\",\"position\":1,\"name\":\"Home\",\"item\":\"https:\/\/discoverdouro.pt\/es\"},{\"@type\":\"ListItem\",\"position\":2,\"name\":\"Munic\u00edpios\",\"item\":\"https:\/\/discoverdouro.pt\/es\/municipio\"},{\"@type\":\"ListItem\",\"position\":3,\"name\":\"Vila Real\"}]},{\"@type\":\"WebSite\",\"@id\":\"https:\/\/discoverdouro.pt\/es#website\",\"url\":\"https:\/\/discoverdouro.pt\/es\",\"name\":\"Discover Douro\",\"description\":\"O Para\u00edso de Portugal\",\"publisher\":{\"@id\":\"https:\/\/discoverdouro.pt\/es#organization\"},\"potentialAction\":[{\"@type\":\"SearchAction\",\"target\":{\"@type\":\"EntryPoint\",\"urlTemplate\":\"https:\/\/discoverdouro.pt\/es?s={search_term_string}\"},\"query-input\":{\"@type\":\"PropertyValueSpecification\",\"valueRequired\":true,\"valueName\":\"search_term_string\"}}],\"inLanguage\":\"es\"},{\"@type\":\"Organization\",\"@id\":\"https:\/\/discoverdouro.pt\/es#organization\",\"name\":\"Discover Douro\",\"url\":\"https:\/\/discoverdouro.pt\/es\",\"logo\":{\"@type\":\"ImageObject\",\"inLanguage\":\"es\",\"@id\":\"https:\/\/discoverdouro.pt\/es#\/schema\/logo\/image\/\",\"url\":\"https:\/\/www.discoverdouro.pt\/wp-content\/uploads\/2024\/01\/cropped-Icon_Discover.png\",\"contentUrl\":\"https:\/\/www.discoverdouro.pt\/wp-content\/uploads\/2024\/01\/cropped-Icon_Discover.png\",\"width\":512,\"height\":512,\"caption\":\"Discover Douro\"},\"image\":{\"@id\":\"https:\/\/discoverdouro.pt\/es#\/schema\/logo\/image\/\"},\"sameAs\":[\"https:\/\/www.facebook.com\/profile.php?id=61555234744391\",\"https:\/\/x.com\/DiscoverDouro\",\"https:\/\/www.instagram.com\/discover.douro\",\"https:\/\/www.tiktok.com\/@discoverdouro\",\"https:\/\/www.linkedin.com\/company\/discover-douro\/\"]}]}<\/script>\n<!-- \/ Yoast SEO plugin. -->","yoast_head_json":{"title":"Vila Real - Discover Douro","robots":{"index":"index","follow":"follow","max-snippet":"max-snippet:-1","max-image-preview":"max-image-preview:large","max-video-preview":"max-video-preview:-1"},"canonical":"https:\/\/discoverdouro.pt\/es\/municipio\/vila-real","og_locale":"es_ES","og_type":"article","og_title":"Vila Real - Discover Douro","og_description":"VILA REAL \u00cdMPAR! M\u00e1s de setecientos a\u00f1os de historia han dado a Vila Real el inestimable t\u00edtulo de capital de toda una regi\u00f3n. Con su diversidad \u00fanica, comparte un acceso privilegiado a esa perla del patrimonio mundial que es la Regi\u00f3n Vitivin\u00edcola del Alto Duero. Rodeada de paisajes y lugares \u00fanicos, por la calidad de [&hellip;]","og_url":"https:\/\/discoverdouro.pt\/es\/municipio\/vila-real","og_site_name":"Discover Douro","article_publisher":"https:\/\/www.facebook.com\/profile.php?id=61555234744391","article_modified_time":"2024-06-20T11:37:53+00:00","og_image":[{"width":251,"height":150,"url":"https:\/\/discoverdouro.pt\/wp-content\/uploads\/2023\/09\/Vila-Real-Black.png","type":"image\/png"}],"twitter_card":"summary_large_image","twitter_site":"@DiscoverDouro","twitter_misc":{"Est. reading time":"3 minutes"},"schema":{"@context":"https:\/\/schema.org","@graph":[{"@type":"WebPage","@id":"https:\/\/discoverdouro.pt\/es\/municipio\/vila-real","url":"https:\/\/discoverdouro.pt\/es\/municipio\/vila-real","name":"Vila Real - Discover Douro","isPartOf":{"@id":"https:\/\/discoverdouro.pt\/es#website"},"primaryImageOfPage":{"@id":"https:\/\/discoverdouro.pt\/es\/municipio\/vila-real#primaryimage"},"image":{"@id":"https:\/\/discoverdouro.pt\/es\/municipio\/vila-real#primaryimage"},"thumbnailUrl":"https:\/\/discoverdouro.pt\/wp-content\/uploads\/2023\/09\/Vila-Real-Black.png","datePublished":"2023-12-13T15:59:43+00:00","dateModified":"2024-06-20T11:37:53+00:00","breadcrumb":{"@id":"https:\/\/discoverdouro.pt\/es\/municipio\/vila-real#breadcrumb"},"inLanguage":"es","potentialAction":[{"@type":"ReadAction","target":["https:\/\/discoverdouro.pt\/es\/municipio\/vila-real"]}]},{"@type":"ImageObject","inLanguage":"es","@id":"https:\/\/discoverdouro.pt\/es\/municipio\/vila-real#primaryimage","url":"https:\/\/discoverdouro.pt\/wp-content\/uploads\/2023\/09\/Vila-Real-Black.png","contentUrl":"https:\/\/discoverdouro.pt\/wp-content\/uploads\/2023\/09\/Vila-Real-Black.png","width":251,"height":150},{"@type":"BreadcrumbList","@id":"https:\/\/discoverdouro.pt\/es\/municipio\/vila-real#breadcrumb","itemListElement":[{"@type":"ListItem","position":1,"name":"Home","item":"https:\/\/discoverdouro.pt\/es"},{"@type":"ListItem","position":2,"name":"Munic\u00edpios","item":"https:\/\/discoverdouro.pt\/es\/municipio"},{"@type":"ListItem","position":3,"name":"Vila Real"}]},{"@type":"WebSite","@id":"https:\/\/discoverdouro.pt\/es#website","url":"https:\/\/discoverdouro.pt\/es","name":"Discover Douro","description":"O Para\u00edso de Portugal","publisher":{"@id":"https:\/\/discoverdouro.pt\/es#organization"},"potentialAction":[{"@type":"SearchAction","target":{"@type":"EntryPoint","urlTemplate":"https:\/\/discoverdouro.pt\/es?s={search_term_string}"},"query-input":{"@type":"PropertyValueSpecification","valueRequired":true,"valueName":"search_term_string"}}],"inLanguage":"es"},{"@type":"Organization","@id":"https:\/\/discoverdouro.pt\/es#organization","name":"Discover Douro","url":"https:\/\/discoverdouro.pt\/es","logo":{"@type":"ImageObject","inLanguage":"es","@id":"https:\/\/discoverdouro.pt\/es#\/schema\/logo\/image\/","url":"https:\/\/www.discoverdouro.pt\/wp-content\/uploads\/2024\/01\/cropped-Icon_Discover.png","contentUrl":"https:\/\/www.discoverdouro.pt\/wp-content\/uploads\/2024\/01\/cropped-Icon_Discover.png","width":512,"height":512,"caption":"Discover Douro"},"image":{"@id":"https:\/\/discoverdouro.pt\/es#\/schema\/logo\/image\/"},"sameAs":["https:\/\/www.facebook.com\/profile.php?id=61555234744391","https:\/\/x.com\/DiscoverDouro","https:\/\/www.instagram.com\/discover.douro","https:\/\/www.tiktok.com\/@discoverdouro","https:\/\/www.linkedin.com\/company\/discover-douro\/"]}]}},"_links":{"self":[{"href":"https:\/\/discoverdouro.pt\/es\/wp-json\/wp\/v2\/municipio\/41196","targetHints":{"allow":["GET"]}}],"collection":[{"href":"https:\/\/discoverdouro.pt\/es\/wp-json\/wp\/v2\/municipio"}],"about":[{"href":"https:\/\/discoverdouro.pt\/es\/wp-json\/wp\/v2\/types\/municipio"}],"version-history":[{"count":42,"href":"https:\/\/discoverdouro.pt\/es\/wp-json\/wp\/v2\/municipio\/41196\/revisions"}],"predecessor-version":[{"id":57181,"href":"https:\/\/discoverdouro.pt\/es\/wp-json\/wp\/v2\/municipio\/41196\/revisions\/57181"}],"wp:featuredmedia":[{"embeddable":true,"href":"https:\/\/discoverdouro.pt\/es\/wp-json\/wp\/v2\/media\/32231"}],"wp:attachment":[{"href":"https:\/\/discoverdouro.pt\/es\/wp-json\/wp\/v2\/media?parent=41196"}],"curies":[{"name":"wp","href":"https:\/\/api.w.org\/{rel}","templated":true}]}}