{"id":41260,"date":"2023-12-13T15:18:50","date_gmt":"2023-12-13T15:18:50","guid":{"rendered":"https:\/\/discoverdouro.digiupdev.com\/municipio\/sabrosa"},"modified":"2024-01-22T10:35:36","modified_gmt":"2024-01-22T10:35:36","slug":"sabrosa","status":"publish","type":"municipio","link":"https:\/\/discoverdouro.pt\/es\/municipio\/sabrosa","title":{"rendered":"Sabrosa"},"content":{"rendered":"\t\t<div data-elementor-type=\"wp-post\" data-elementor-id=\"41260\" class=\"elementor elementor-41260 elementor-40637\" data-elementor-post-type=\"municipio\">\n\t\t\t\t\t\t<section class=\"elementor-section elementor-top-section elementor-element elementor-element-e375b65 elementor-section-stretched elementor-section-boxed elementor-section-height-default elementor-section-height-default\" data-id=\"e375b65\" data-element_type=\"section\" data-settings=\"{&quot;stretch_section&quot;:&quot;section-stretched&quot;,&quot;background_background&quot;:&quot;classic&quot;}\">\n\t\t\t\t\t\t\t<div class=\"elementor-background-overlay\"><\/div>\n\t\t\t\t\t\t\t<div class=\"elementor-container elementor-column-gap-default\">\n\t\t\t\t\t<div class=\"elementor-column elementor-col-100 elementor-top-column elementor-element elementor-element-29948f9\" data-id=\"29948f9\" data-element_type=\"column\">\n\t\t\t<div class=\"elementor-widget-wrap elementor-element-populated\">\n\t\t\t\t\t\t\t<\/div>\n\t\t<\/div>\n\t\t\t\t\t<\/div>\n\t\t<\/section>\n\t\t<div class=\"elementor-element elementor-element-e0a4b8a e-flex e-con-boxed e-con e-parent\" data-id=\"e0a4b8a\" data-element_type=\"container\">\n\t\t\t\t\t<div class=\"e-con-inner\">\n\t\t<div class=\"elementor-element elementor-element-a95bc1a e-con-full e-flex e-con e-child\" data-id=\"a95bc1a\" data-element_type=\"container\">\n\t\t\t\t<div class=\"elementor-element elementor-element-b54a85f elementor-widget elementor-widget-text-editor\" data-id=\"b54a85f\" data-element_type=\"widget\" data-widget_type=\"text-editor.default\">\n\t\t\t\t<div class=\"elementor-widget-container\">\n\t\t\t\t\t\t\t\t\t<p>El municipio de Sabrosa es hoy una de las principales puertas de entrada a la magn\u00edfica Regi\u00f3n Demarcada del Duero y una de las principales referencias vitivin\u00edcolas de la regi\u00f3n.<\/p><p>Est\u00e1 flanqueado al norte por los municipios de Vila Pouca de Aguiar y Mur\u00e7a, al este por Alij\u00f3, al oeste por Vila Real y Peso da R\u00e9gua y al sur por el r\u00edo Duero.<\/p><p>Con una superficie de 157 km2 y subdividida en 12 freguesias, presenta dos realidades geol\u00f3gicas muy distintas, que a lo largo del tiempo han influido en el paisaje y en el modo de vida de sus gentes. Al norte, reina el granito, y es del cultivo de cereales, pinos, ganader\u00eda y extracci\u00f3n de rocas de donde subsiste la mayor\u00eda de la poblaci\u00f3n. Al sur, el paisaje, dominado por el esquisto, las terrazas de vi\u00f1edos y el r\u00edo Duero, es Patrimonio Mundial de la UNESCO.<\/p><p>Diseminados por toda la comarca se encuentran interesantes ejemplos de arte sacro, iglesias, capillas, santuarios, numerosas casas solariegas, monumentos antiguos y restos arqueol\u00f3gicos que le sorprender\u00e1n en cada rinc\u00f3n o en cualquier aldea.<br \/>Tierra de Fern\u00e3o de Magalh\u00e3es, protagonista del primer viaje de circunnavegaci\u00f3n, es tambi\u00e9n la cuna de Miguel Torga, gran nombre de la literatura universal, que naci\u00f3 en la localidad de S\u00e3o Martinho de Anta.<\/p>\t\t\t\t\t\t\t\t<\/div>\n\t\t\t\t<\/div>\n\t\t\t\t<div class=\"elementor-element elementor-element-61a2d91 elementor-widget elementor-widget-video\" data-id=\"61a2d91\" data-element_type=\"widget\" data-settings=\"{&quot;youtube_url&quot;:&quot;https:\\\/\\\/www.youtube.com\\\/watch?v=O3uBLFPgnzI&quot;,&quot;modestbranding&quot;:&quot;yes&quot;,&quot;yt_privacy&quot;:&quot;yes&quot;,&quot;lazy_load&quot;:&quot;yes&quot;,&quot;video_type&quot;:&quot;youtube&quot;,&quot;controls&quot;:&quot;yes&quot;}\" data-widget_type=\"video.default\">\n\t\t\t\t<div class=\"elementor-widget-container\">\n\t\t\t\t\t\t\t<div class=\"elementor-wrapper elementor-open-inline\">\n\t\t\t<div class=\"elementor-video\"><\/div>\t\t<\/div>\n\t\t\t\t\t\t<\/div>\n\t\t\t\t<\/div>\n\t\t\t\t<div class=\"elementor-element elementor-element-458fe2b elementor-widget elementor-widget-shortcode\" data-id=\"458fe2b\" data-element_type=\"widget\" data-widget_type=\"shortcode.default\">\n\t\t\t\t<div class=\"elementor-widget-container\">\n\t\t\t\t\t\t\t<div class=\"elementor-shortcode\">      \n\n\n\n    <div class=\"icons\">\n\n        <div class=\"single_icon\">\n            <a href=\"\/onde-comer?mun=645117b6e8f4278a169127a5\">\n                <img decoding=\"async\" src=\"\/wp-content\/uploads\/2024\/01\/comer-2.png\">\n                <p class=\"title_icon\">D\u00f3nde comer<\/p>\n            <\/a>\n        <\/div>\n        <div class=\"single_icon\">\n            <a href=\"\/onde-dormir?mun=645117b6e8f4278a169127a5\">\n                <img decoding=\"async\" src=\"\/wp-content\/uploads\/2024\/01\/dormir-2.png\">\n                <p class=\"title_icon\">D\u00f3nde dormir<\/p>\n            <\/a>\n        <\/div>\n        <div class=\"single_icon\">\n            <a href=\"\/o-que-visitar?mun=645117b6e8f4278a169127a5\">\n                <img decoding=\"async\" src=\"\/wp-content\/uploads\/2024\/01\/patrimonio-2.png\">\n                <p class=\"title_icon\">Qu\u00e9 ver<\/p>\n            <\/a>\n        <\/div>\n        <div class=\"single_icon\">\n            <a href=\"\/onde-se-divertir?mun=645117b6e8f4278a169127a5\">\n                <img decoding=\"async\" src=\"\/wp-content\/uploads\/2024\/01\/Onde-se-Divertir-3.png\">\n                <p class=\"title_icon\">D\u00f3nde divertirse<\/p>\n            <\/a>\n        <\/div>\n        <div class=\"single_icon\">\n            <a href=\"\/itinerarios-municipio?mun=sabrosa\">\n                <img decoding=\"async\" src=\"\/wp-content\/uploads\/2024\/02\/itinerarios.png\">\n                <p class=\"title_icon\">Itinerarios<\/p>\n            <\/a>\n        <\/div>\n    \n    <\/div>     \n\n    <style>\n\n        .icons {\n            display: flex;\n            gap: 30px;\n        }\n\n        .single_icon {\n            text-align: center;\n        }\n\n        .icons img {\n            width: 58px !important;\n        }\n\n        p.title_icon {\n            margin: 32px 0 0;\n            color: #384B98;\n            font-size: 16px;\n            font-weight: 500;\n            text-transform: capitalize;\n            line-height: 42px;\n            word-wrap: break-word;\n        }\n\n        @media only screen and (max-width: 768px) {\n\n            .icons {\n                display: flex;\n                gap: 10px;\n            }\n\n            p.title_icon {\n                margin: 25px 0 0;\n                font-size: 12px;\n            }\n\n            .single_icon img {\n                width: 48px !important;\n                height: 48px;\n            }\n\n        }\n\n\n\n\n    <\/style>\n\n    <\/div>\n\t\t\t\t\t\t<\/div>\n\t\t\t\t<\/div>\n\t\t\t\t<\/div>\n\t\t<div class=\"elementor-element elementor-element-93c21fa e-con-full e-flex e-con e-child\" data-id=\"93c21fa\" data-element_type=\"container\">\n\t\t<div class=\"elementor-element elementor-element-9d37d41 e-flex e-con-boxed e-con e-child\" data-id=\"9d37d41\" data-element_type=\"container\">\n\t\t\t\t\t<div class=\"e-con-inner\">\n\t\t\t\t<div class=\"elementor-element elementor-element-73a290f elementor-widget elementor-widget-image\" data-id=\"73a290f\" data-element_type=\"widget\" data-widget_type=\"image.default\">\n\t\t\t\t<div class=\"elementor-widget-container\">\n\t\t\t\t\t\t\t\t\t\t\t\t\t\t\t<img decoding=\"async\" width=\"251\" height=\"150\" src=\"https:\/\/discoverdouro.pt\/wp-content\/uploads\/2023\/07\/Sabrosa-White.png\" class=\"attachment-full size-full wp-image-23805\" alt=\"\" \/>\t\t\t\t\t\t\t\t\t\t\t\t\t\t\t<\/div>\n\t\t\t\t<\/div>\n\t\t\t\t\t<\/div>\n\t\t\t\t<\/div>\n\t\t<div class=\"elementor-element elementor-element-de970e6 e-flex e-con-boxed e-con e-child\" data-id=\"de970e6\" data-element_type=\"container\">\n\t\t\t\t\t<div class=\"e-con-inner\">\n\t\t\t\t<div class=\"elementor-element elementor-element-49f445c elementor-widget elementor-widget-image\" data-id=\"49f445c\" data-element_type=\"widget\" data-widget_type=\"image.default\">\n\t\t\t\t<div class=\"elementor-widget-container\">\n\t\t\t\t\t\t\t\t\t\t\t\t\t\t\t<img fetchpriority=\"high\" decoding=\"async\" width=\"1000\" height=\"1000\" src=\"https:\/\/discoverdouro.pt\/wp-content\/uploads\/2023\/12\/Mapa_Sabrosa.png\" class=\"attachment-full size-full wp-image-42569\" alt=\"\" srcset=\"https:\/\/discoverdouro.pt\/wp-content\/uploads\/2023\/12\/Mapa_Sabrosa.png 1000w, https:\/\/discoverdouro.pt\/wp-content\/uploads\/2023\/12\/Mapa_Sabrosa-300x300.png 300w, https:\/\/discoverdouro.pt\/wp-content\/uploads\/2023\/12\/Mapa_Sabrosa-150x150.png 150w, https:\/\/discoverdouro.pt\/wp-content\/uploads\/2023\/12\/Mapa_Sabrosa-768x768.png 768w\" sizes=\"(max-width: 1000px) 100vw, 1000px\" \/>\t\t\t\t\t\t\t\t\t\t\t\t\t\t\t<\/div>\n\t\t\t\t<\/div>\n\t\t\t\t\t<\/div>\n\t\t\t\t<\/div>\n\t\t<div class=\"elementor-element elementor-element-91d17a0 e-flex e-con-boxed e-con e-child\" data-id=\"91d17a0\" data-element_type=\"container\">\n\t\t\t\t\t<div class=\"e-con-inner\">\n\t\t\t\t<div class=\"elementor-element elementor-element-3a1c77c elementor-widget elementor-widget-text-editor\" data-id=\"3a1c77c\" data-element_type=\"widget\" data-widget_type=\"text-editor.default\">\n\t\t\t\t<div class=\"elementor-widget-container\">\n\t\t\t\t\t\t\t\t\t<p><strong>C\u00f3digo Postal:<\/strong> 5060<br \/><strong>Densidad de poblaci\u00f3n:<\/strong> 5 548 (2021)<br \/><strong>Distrito:<\/strong> Vila Real<br \/><strong>Fiesta municipal:<\/strong> 8 de setembro<br \/><strong>Fundaci\u00f3n del municipio (o carta):<\/strong> 6 de novembro de 1936<br \/><strong>N.\u00ba de parroquias:<\/strong> 12<br \/><strong>Oratorio:<\/strong> S\u00e3o Salvador<\/p>\t\t\t\t\t\t\t\t<\/div>\n\t\t\t\t<\/div>\n\t\t\t\t\t<\/div>\n\t\t\t\t<\/div>\n\t\t\t\t<\/div>\n\t\t\t\t\t<\/div>\n\t\t\t\t<\/div>\n\t\t<div class=\"elementor-element elementor-element-43e9dab e-flex e-con-boxed e-con e-parent\" data-id=\"43e9dab\" data-element_type=\"container\">\n\t\t\t\t\t<div class=\"e-con-inner\">\n\t\t\t\t<div class=\"elementor-element elementor-element-05c4f02 elementor-widget elementor-widget-shortcode\" data-id=\"05c4f02\" data-element_type=\"widget\" data-widget_type=\"shortcode.default\">\n\t\t\t\t<div class=\"elementor-widget-container\">\n\t\t\t\t\t\t\t<div class=\"elementor-shortcode\">        \n\n        \n        \n    <!--Styles para teste-->\n\n    <style>\n\n        h2.not_found {\n            text-align: left;\n            font-size:20px;\n        }\n        \n        \n        .list:has(.not_found) {\n            grid-template-columns: repeat(1, 1fr) !important;\n        }\n\n        h2.title_events{\n            font-size: 30px;\n            font-weight: 700;\n            line-height: 1.3em;\n        }\n\n        .list, .pagination {\n            display: grid;\n            grid-template-columns: repeat(3, 4fr);\n            gap: 64px 20px;\n        }\n\n        .card_record{\n            border-radius: 30px;\n            box-shadow: 0px 0px 5px 0px rgba(0,0,0,0.5);\n\n        }\n\n        .image_record img {\n            border-radius: 30px 30px 0 0;\n            height: 300px;\n            width: 100%;\n            object-fit: cover;\n            background-color: white;\n        }\n\n        .infos_record{\n            background-color: white;\n            height: 179px;\n            border-radius: 0px 0px 30px 30px ;\n            padding: 19px 19px;\n            display: flex;\n        }\n\n        .infos_record .column1 {\n            width: 90%;\n        }\n\n        .infos_record .column2 {\n            width: 10%;\n            text-align: center;\n            margin-left: 5px;\n        }\n\n        .title_record {\n            min-height: 70px;\n        }\n\n        .infos_record h2{\n            font-weight: 400;\n            font-size: 19px;\n            line-height: 21px;\n            color:black;\n            margin: 0;\n        }\n\n        .list{\n            margin-top:50px;\n            margin-bottom:80px;\n        }\n\n\n        .local {\n            display: flex;\n            gap: 12px;\n            padding-top: 18px;\n            width: 100%;\n            align-items: flex-end;\n        }\n\n        .icon img{\n            height: 16px;\n        }\n\n        .icon_list {\n            gap: 8px;\n            display: flex;\n            flex-direction: row;\n        }\n\n        .city{\n            font-size: 13px;\n        }\n\n\n        a.favourite_icon:hover img {\n            content: url(\/wp-content\/plugins\/discover-douro\/imgs\/heart-blue.svg);\n        }\n\n\n\n\n        @media only screen and (max-width: 768px) {\n\n\n            .list, .pagination {\n                display: grid;\n                grid-template-columns: repeat(1, 4fr);\n                \/* grid-template-rows: repeat(3, 600px); *\/\n                gap: 24px 20px;\n                padding: 10px;\n            }\n\n            .total{\n                text-align: center;\n            }\n\n            .pagination {\n                margin-top: 15px;\n            }\n\n            h2.not_found {\n                text-align: center;\n                margin: 120px 40px 100px 40px !important;\n                font-size:27px;\n            }\n\n        }\n\n\n\n\n    <\/style>\n\n\n\n\n\n    <\/div>\n\t\t\t\t\t\t<\/div>\n\t\t\t\t<\/div>\n\t\t\t\t\t<\/div>\n\t\t\t\t<\/div>\n\t\t<div class=\"elementor-element elementor-element-4683c03 e-flex e-con-boxed e-con e-parent\" data-id=\"4683c03\" data-element_type=\"container\">\n\t\t\t\t\t<div class=\"e-con-inner\">\n\t\t\t\t<div class=\"elementor-element elementor-element-ecb3825 elementor-widget elementor-widget-toggle\" data-id=\"ecb3825\" data-element_type=\"widget\" data-widget_type=\"toggle.default\">\n\t\t\t\t<div class=\"elementor-widget-container\">\n\t\t\t\t\t\t\t<div class=\"elementor-toggle\">\n\t\t\t\t\t\t\t<div class=\"elementor-toggle-item\">\n\t\t\t\t\t<div id=\"elementor-tab-title-2481\" class=\"elementor-tab-title\" data-tab=\"1\" role=\"button\" aria-controls=\"elementor-tab-content-2481\" aria-expanded=\"false\">\n\t\t\t\t\t\t\t\t\t\t\t\t<span class=\"elementor-toggle-icon elementor-toggle-icon-left\" aria-hidden=\"true\">\n\t\t\t\t\t\t\t\t\t\t\t\t\t\t\t<span class=\"elementor-toggle-icon-closed\"><svg class=\"e-font-icon-svg e-fas-chevron-down\" viewBox=\"0 0 448 512\" xmlns=\"http:\/\/www.w3.org\/2000\/svg\"><path d=\"M207.029 381.476L12.686 187.132c-9.373-9.373-9.373-24.569 0-33.941l22.667-22.667c9.357-9.357 24.522-9.375 33.901-.04L224 284.505l154.745-154.021c9.379-9.335 24.544-9.317 33.901.04l22.667 22.667c9.373 9.373 9.373 24.569 0 33.941L240.971 381.476c-9.373 9.372-24.569 9.372-33.942 0z\"><\/path><\/svg><\/span>\n\t\t\t\t\t\t\t\t<span class=\"elementor-toggle-icon-opened\"><svg class=\"elementor-toggle-icon-opened e-font-icon-svg e-fas-chevron-up\" viewBox=\"0 0 448 512\" xmlns=\"http:\/\/www.w3.org\/2000\/svg\"><path d=\"M240.971 130.524l194.343 194.343c9.373 9.373 9.373 24.569 0 33.941l-22.667 22.667c-9.357 9.357-24.522 9.375-33.901.04L224 227.495 69.255 381.516c-9.379 9.335-24.544 9.317-33.901-.04l-22.667-22.667c-9.373-9.373-9.373-24.569 0-33.941L207.03 130.525c9.372-9.373 24.568-9.373 33.941-.001z\"><\/path><\/svg><\/span>\n\t\t\t\t\t\t\t\t\t\t\t\t\t<\/span>\n\t\t\t\t\t\t\t\t\t\t\t\t<a class=\"elementor-toggle-title\" tabindex=\"0\">Contactos \u00datiles<\/a>\n\t\t\t\t\t<\/div>\n\n\t\t\t\t\t<div id=\"elementor-tab-content-2481\" class=\"elementor-tab-content elementor-clearfix\" data-tab=\"1\" role=\"region\" aria-labelledby=\"elementor-tab-title-2481\"><p><strong>N\u00famero Nacional de Emerg\u00eancia:<\/strong> 112<\/p>\n<p><strong>Bombeiros \u2013 Linha Verde:<\/strong> 800 202 425<\/p>\n<p><strong>C\u00e2mara Municipal de Sabrosa<\/strong><br \/>Rua do Loreto | 5060-328 Sabrosa | GPS. 41.265020, -7.574982 | T. +351 259 937 120 | geral@cm-sabrosa.pt | <a href=\"http:\/\/www.cm-sabrosa.pt\">www.cm-sabrosa.pt<\/a><\/p>\n<p><strong>Posto de Turismo de Sabrosa<\/strong><br \/>Jardim do Largo Dr. S\u00e1 Fernandes | 5060-302 Sabrosa | GPS. 41.265551, -7.578261 | T. +351 259 939 575 | turismo@cm-sabrosa.pt<\/p>\n<p><strong>Centro de Sa\u00fade de Sabrosa<\/strong><br \/>Rua do Cadaujac 2 | 5060-337 Sabrosa | GPS. 41.267790, -7.574354 | T. +351 259 930 732 | ucc.sabrosa@arsnorte.min-saude.pt<\/p>\n<p><strong>Guarda Nacional Republicana &#8211; Posto Territorial de Sabrosa<\/strong><br \/>Largo das Fonta\u00ednhas | 5060-312 Sabrosa | GPS. 41.265233,-7.578433 | T. +351 259 939 168 | ct.vrl.dprg.psbr@gnr.pt | <a href=\"http:\/\/www.gnr.pt\">www.gnr.pt<\/a><\/p>\n<\/div>\n\t\t\t\t<\/div>\n\t\t\t\t\t\t\t\t<\/div>\n\t\t\t\t\t\t<\/div>\n\t\t\t\t<\/div>\n\t\t\t\t\t<\/div>\n\t\t\t\t<\/div>\n\t\t<div class=\"elementor-element elementor-element-2731cd0 e-con-full e-flex e-con e-parent\" data-id=\"2731cd0\" data-element_type=\"container\">\n\t\t\t\t<div class=\"elementor-element elementor-element-05c8d6f elementor-widget elementor-widget-shortcode\" data-id=\"05c8d6f\" data-element_type=\"widget\" data-widget_type=\"shortcode.default\">\n\t\t\t\t<div class=\"elementor-widget-container\">\n\t\t\t\t\t\t\t<div class=\"elementor-shortcode\">        \n    <div id=\"map\"><\/div>\n    <script async defer src=\"https:\/\/maps.googleapis.com\/maps\/api\/js?key=AIzaSyBlxeEJOXg6CEUTXDHxu-BmmzL02cXTKp0&callback=initMap\"><\/script>\n\n    <style>\n        #map {\n            height: 450px;\n            width: 100%;\n        }\n    <\/style>\n\n    <script>\n                                         \n\n        function initMap() {\n        var center = {lat: 41.265, lng: -7.574986 };\n        var locations = [\n     ['<b><a href=\"\/poiss?slug=quinta-de-la-rosa\">Quinta de la Rosa<\/a><\/b>', 41.182816, -7.552259, \"\/wp-content\/plugins\/discover-douro\/imgs\/onde_dormir.png\"],\n     ['<b><a href=\"\/poiss?slug=espaco-miguel-torga\">Espa\u00e7o Miguel Torga<\/a><\/b>', 41.264035, -7.620678, \"\/wp-content\/plugins\/discover-douro\/imgs\/o_que_visitar.png\"],\n     ['<b><a href=\"\/poiss?slug=casa-da-calcada\">Casa da Cal\u00e7ada<\/a><\/b>', 41.218199, -7.568418, \"\/wp-content\/plugins\/discover-douro\/imgs\/o_que_visitar.png\"],\n     ['<b><a href=\"\/poiss?slug=casa-da-pereira\">Casa da Pereira<\/a><\/b>', 41.264891, -7.575929, \"\/wp-content\/plugins\/discover-douro\/imgs\/o_que_visitar.png\"],\n     ['<b><a href=\"\/poiss?slug=casa-cimo-vila\">Casa Cimo Vila<\/a><\/b>', 41.21768, -7.566779, \"\/wp-content\/plugins\/discover-douro\/imgs\/onde_dormir.png\"],\n     ['<b><a href=\"\/poiss?slug=casa-do-fundo-de-vila\">Casa do Fundo de Vila<\/a><\/b>', 41.216778, -7.56633, \"\/wp-content\/plugins\/discover-douro\/imgs\/o_que_visitar.png\"],\n     ['<b><a href=\"\/poiss?slug=sociedade-quinta-do-portal\">Quinta do Portal - Casa das Pipas<\/a><\/b>', 41.238745, -7.569189, \"\/wp-content\/plugins\/discover-douro\/imgs\/onde_dormir.png\"],\n     ['<b><a href=\"\/poiss?slug=casa-dos-belezas\">Casa dos Belezas<\/a><\/b>', 41.217777, -7.566408, \"\/wp-content\/plugins\/discover-douro\/imgs\/o_que_visitar.png\"],\n     ['<b><a href=\"\/poiss?slug=castro-de-sabrosa\">Castro de Sabrosa<\/a><\/b>', 41.278506, -7.571412, \"\/wp-content\/plugins\/discover-douro\/imgs\/o_que_visitar.png\"],\n     ['<b><a href=\"\/poiss?slug=mamoa-de-madorras\">Mamoa de Madorras<\/a><\/b>', 41.29856, -7.609846, \"\/wp-content\/plugins\/discover-douro\/imgs\/o_que_visitar.png\"],\n     ['<b><a href=\"\/poiss?slug=casa-do-visconde-de-chanceleiros\">Casa do Visconde de Chanceleiros<\/a><\/b>', 41.172992, -7.577899, \"\/wp-content\/plugins\/discover-douro\/imgs\/onde_dormir.png\"],\n     ['<b><a href=\"\/poiss?slug=auditorio-municipal-de-sabrosa\">Audit\u00f3rio Municipal de Sabrosa<\/a><\/b>', 41.26525, -7.574418, \"\/wp-content\/plugins\/discover-douro\/imgs\/o_que_visitar.png\"],\n     ['<b><a href=\"\/poiss?slug=casa-aires-torres\">Casa Aires Torres<\/a><\/b>', 41.334216, -7.589156, \"\/wp-content\/plugins\/discover-douro\/imgs\/o_que_visitar.png\"],\n     ['<b><a href=\"\/poiss?slug=casa-miguel-torga\">Casa Miguel Torga<\/a><\/b>', 41.26562, -7.619961, \"\/wp-content\/plugins\/discover-douro\/imgs\/o_que_visitar.png\"],\n     ['<b><a href=\"\/poiss?slug=morphosis-boutique-home\">Morphosis Boutique Home<\/a><\/b>', 41.243327, -7.559021, \"\/wp-content\/plugins\/discover-douro\/imgs\/onde_dormir.png\"],\n     ['<b><a href=\"\/poiss?slug=o-ze-ja-dormiu-aqui\">O Z\u00e9 j\u00e1 dormiu Aqui<\/a><\/b>', 41.243451, -7.558412, \"\/wp-content\/plugins\/discover-douro\/imgs\/onde_dormir.png\"],\n     ['<b><a href=\"\/poiss?slug=espaco-vida-e-obra-general-loureiro-dos-santos\">Vida y espacio de trabajo | General Loureiro dos Santos<\/a><\/b>', 41.265171, -7.574162, \"\/wp-content\/plugins\/discover-douro\/imgs\/o_que_visitar.png\"],\n     ['<b><a href=\"\/poiss?slug=adega-de-sabrosa\">Adega de Sabrosa<\/a><\/b>', 41.262493, -7.580732, \"\/wp-content\/plugins\/discover-douro\/imgs\/onde_se_divertir.png\"],\n     ['<b><a href=\"\/poiss?slug=exposicao-os-locais-e-culturas-da-viagem-de-magalhaes\">Exposi\u00e7\u00e3o  Os Locais e Culturas da Viagem de Magalh\u00e3es <\/a><\/b>', 41.266258, -7.581434, \"\/wp-content\/plugins\/discover-douro\/imgs\/o_que_visitar.png\"],\n     ['<b><a href=\"\/poiss?slug=polo-arqueologico-da-garganta\">P\u00f3lo Arqueol\u00f3gico da Garganta<\/a><\/b>', 41.29352, -7.618738, \"\/wp-content\/plugins\/discover-douro\/imgs\/o_que_visitar.png\"],\n     ['<b><a href=\"\/poiss?slug=capela-e-miradouro-da-senhora-da-azinheira\">Capela e Miradouro da Senhora da Azinheira<\/a><\/b>', 41.278243, -7.61745, \"\/wp-content\/plugins\/discover-douro\/imgs\/o_que_visitar.png\"],\n     ['<b><a href=\"\/poiss?slug=drivertur-animacao-turistica\">Drivertur - Anima\u00e7\u00e3o Tur\u00edstica<\/a><\/b>', 41.265607, -7.57886, \"\/wp-content\/plugins\/discover-douro\/imgs\/onde_se_divertir.png\"],\n     ['<b><a href=\"\/poiss?slug=miradouro-de-s-domingos-de-provesende\">Miradouro de S. Domingos de Provesende<\/a><\/b>', 41.225903, -7.576096, \"\/wp-content\/plugins\/discover-douro\/imgs\/o_que_visitar.png\"],\n     ['<b><a href=\"\/poiss?slug=miradouro-de-s-domingos-do-monte-coxo\">Miradouro de S. Domingos do Monte Coxo<\/a><\/b>', 41.204724, -7.60098, \"\/wp-content\/plugins\/discover-douro\/imgs\/o_que_visitar.png\"],\n     ['<b><a href=\"\/poiss?slug=miradouro-de-sabrosa\">Miradouro de Sabrosa<\/a><\/b>', 41.27393, -7.567833, \"\/wp-content\/plugins\/discover-douro\/imgs\/o_que_visitar.png\"],\n     ['<b><a href=\"\/poiss?slug=miradouro-do-santuario-do-senhor-dos-aflitos-carrujos\">Miradouro do Santu\u00e1rio do Senhor dos Aflitos - Carrujos<\/a><\/b>', 41.389821, -7.607734, \"\/wp-content\/plugins\/discover-douro\/imgs\/o_que_visitar.png\"],\n     ['<b><a href=\"\/poiss?slug=lavradores-de-feitoria-vinhos-de-quinta\">Lavradores de Feitoria vinhos de Quinta<\/a><\/b>', 41.257391, -7.580506, \"\/wp-content\/plugins\/discover-douro\/imgs\/onde_se_divertir.png\"],\n     ['<b><a href=\"\/poiss?slug=miradouro-torguiano-de-sao-cristovao-do-douro\">Miradouro Torguiano de S\u00e3o Crist\u00f3v\u00e3o do Douro<\/a><\/b>', 41.202656, -7.548962, \"\/wp-content\/plugins\/discover-douro\/imgs\/o_que_visitar.png\"],\n     ['<b><a href=\"\/poiss?slug=parque-bb-king\">Parque BB KING<\/a><\/b>', 41.26627, -7.580538, \"\/wp-content\/plugins\/discover-douro\/imgs\/o_que_visitar.png\"],\n     ['<b><a href=\"\/poiss?slug=piscinas-municipais-de-sabrosa\">Piscinas Municipales Sabrosa<\/a><\/b>', 41.26715, -7.573734, \"\/wp-content\/plugins\/discover-douro\/imgs\/onde_se_divertir.png\"],\n     ['<b><a href=\"\/poiss?slug=estacao-do-ferrao\">Esta\u00e7\u00e3o do Ferr\u00e3o<\/a><\/b>', 41.161972, -7.611066, \"\/wp-content\/plugins\/discover-douro\/imgs\/o_que_visitar.png\"],\n     ['<b><a href=\"\/poiss?slug=morphosis-douro-wines-tourism\">Morphosis Douro WInes & Tourism<\/a><\/b>', 41.243327, -7.559021, \"\/wp-content\/plugins\/discover-douro\/imgs\/onde_se_divertir.png\"],\n     ['<b><a href=\"\/poiss?slug=quinta-do-crasto\">Quinta do Crasto<\/a><\/b>', 41.265063, -7.586137, \"\/wp-content\/plugins\/discover-douro\/imgs\/onde_se_divertir.png\"],\n     ['<b><a href=\"\/poiss?slug=aldeia-vinhateira-de-provesende\">Aldeia Vinhateira de Provesende<\/a><\/b>', 41.217735, -7.566812, \"\/wp-content\/plugins\/discover-douro\/imgs\/o_que_visitar.png\"],\n     ['<b><a href=\"\/poiss?slug=igreja-matriz-de-sabrosa\">Igreja Matriz de Sabrosa<\/a><\/b>', 41.265167, -7.575598, \"\/wp-content\/plugins\/discover-douro\/imgs\/o_que_visitar.png\"],\n     ['<b><a href=\"\/poiss?slug=igreja-matriz-de-celeiros-do-douro\">Igreja Matriz de Celeir\u00f3s do Douro<\/a><\/b>', 41.241942, -7.55732, \"\/wp-content\/plugins\/discover-douro\/imgs\/o_que_visitar.png\"],\n     ['<b><a href=\"\/poiss?slug=posto-de-turismo-de-sabrosa\">Oficina de Turismo de Sabrosa<\/a><\/b>', 41.265551, -7.578261, \"\/wp-content\/plugins\/discover-douro\/imgs\/o_que_visitar.png\"],\n     ['<b><a href=\"\/poiss?slug=quinta-teoria-teoria-guest-house\">Quinta Teoria - Teoria Guest House<\/a><\/b>', 41.238011, -7.558332, \"\/wp-content\/plugins\/discover-douro\/imgs\/onde_dormir.png\"],\n     ['<b><a href=\"\/poiss?slug=restaurante-casa-dos-barros\">Restaurante Casa dos Barros<\/a><\/b>', 41.265, -7.575303, \"\/wp-content\/plugins\/discover-douro\/imgs\/onde_comer.png\"],\n     ['<b><a href=\"\/poiss?slug=terracus-winery-restaurant\">Terra\u00e7u\u00b4s Winery Restaurant<\/a><\/b>', 41.162969, -7.598683, \"\/wp-content\/plugins\/discover-douro\/imgs\/onde_comer.png\"],\n     ['<b><a href=\"\/poiss?slug=quinta-de-la-rosa-restaurante-cozinha-da-clara\">Quinta De La Rosa - Restaurante Cozinha da Clara<\/a><\/b>', 41.18197, -7.55262, \"\/wp-content\/plugins\/discover-douro\/imgs\/onde_comer.png\"],\n     ['<b><a href=\"\/poiss?slug=restaurante-pizzaria-o-constantino\">Restaurante Pizzer\u00eda O Constantino<\/a><\/b>', 41.205678, -7.539876, \"\/wp-content\/plugins\/discover-douro\/imgs\/onde_comer.png\"],\n     ['<b><a href=\"\/poiss?slug=casa-tipica-papas-zaide\">Casa T\u00edpica Papas Zaide<\/a><\/b>', 41.21796, -7.56747, \"\/wp-content\/plugins\/discover-douro\/imgs\/onde_comer.png\"],\n     ['<b><a href=\"\/poiss?slug=restaurante-solar-1\">Restaurante Solar 1<\/a><\/b>', 41.265764, -7.577011, \"\/wp-content\/plugins\/discover-douro\/imgs\/onde_comer.png\"],\n     ['<b><a href=\"\/poiss?slug=casa-do-santo-wine-tourism\">Casa do Santo - Wine & Tourism<\/a><\/b>', 41.218078, -7.568646, \"\/wp-content\/plugins\/discover-douro\/imgs\/onde_dormir.png\"],\n     ['<b><a href=\"\/poiss?slug=quinta-da-marka\">Quinta da Marka<\/a><\/b>', 41.162768, -7.623428, \"\/wp-content\/plugins\/discover-douro\/imgs\/onde_dormir.png\"],\n     ['<b><a href=\"\/poiss?slug=casa-de-pena-de-aguia\">Casa de Pena D\u00b4\u00c1guia<\/a><\/b>', 41.216229, -7.562086, \"\/wp-content\/plugins\/discover-douro\/imgs\/onde_dormir.png\"],\n     ['<b><a href=\"\/poiss?slug=casa-do-adro-de-parada\">Casa do Adro de Parada<\/a><\/b>', 41.335173, -7.589426, \"\/wp-content\/plugins\/discover-douro\/imgs\/onde_dormir.png\"],\n     ['<b><a href=\"\/poiss?slug=casa-de-gouvaes\">Casa de Gouv\u00e3es<\/a><\/b>', 41.198649, -7.574261, \"\/wp-content\/plugins\/discover-douro\/imgs\/onde_dormir.png\"],\n     ['<b><a href=\"\/poiss?slug=lugar-das-letras\">Lugar das Letras<\/a><\/b>', 41.198903, -7.574507, \"\/wp-content\/plugins\/discover-douro\/imgs\/onde_dormir.png\"],\n     ['<b><a href=\"\/poiss?slug=quinta-da-veiga\">Quinta da Veiga<\/a><\/b>', 41.16515, -7.61061, \"\/wp-content\/plugins\/discover-douro\/imgs\/onde_dormir.png\"],\n     ['<b><a href=\"\/poiss?slug=casa-de-vilarinho-de-sao-romao\">Casa de Vilarinho de S. Rom\u00e3o<\/a><\/b>', 41.247023, -7.576706, \"\/wp-content\/plugins\/discover-douro\/imgs\/onde_dormir.png\"],\n     ['<b><a href=\"\/poiss?slug=quinta-manhas-de-ouro\">Quinta Manh\u00e3s D\u00b4Ouro<\/a><\/b>', 41.220638, -7.569244, \"\/wp-content\/plugins\/discover-douro\/imgs\/onde_dormir.png\"],\n     ['<b><a href=\"\/poiss?slug=casa-do-barros\">Casa dos Barros<\/a><\/b>', 41.264761, -7.575358, \"\/wp-content\/plugins\/discover-douro\/imgs\/onde_dormir.png\"],\n     ['<b><a href=\"\/poiss?slug=quinta-nova-de-nossa-senhora-do-carmo\">Quinta Nova de Nossa Senhora do Carmo<\/a><\/b>', 41.163058, -7.599286, \"\/wp-content\/plugins\/discover-douro\/imgs\/onde_dormir.png\"],\n     ['<b><a href=\"\/poiss?slug=morgadio-da-calcada\">Morgadio da Cal\u00e7ada<\/a><\/b>', 41.218114, -7.568349, \"\/wp-content\/plugins\/discover-douro\/imgs\/onde_dormir.png\"],\n     ['<b><a href=\"\/poiss?slug=madureira-country-house-natureza-tranquilidade\">Madureira Country House - Natureza & Tranquilidade<\/a><\/b>', 41.227526, -7.636339, \"\/wp-content\/plugins\/discover-douro\/imgs\/onde_dormir.png\"],\n     ['<b><a href=\"\/poiss?slug=recanto-do-azevinho-douro\">Recanto do Azevinho Douro<\/a><\/b>', 41.268966, -7.574997, \"\/wp-content\/plugins\/discover-douro\/imgs\/onde_dormir.png\"],\n     ['<b><a href=\"\/poiss?slug=provesende-douro-villas-country-houses\">Provesende Douro Villas Country House<\/a><\/b>', 41.216051, -7.565907, \"\/wp-content\/plugins\/discover-douro\/imgs\/onde_dormir.png\"],\n     ['<b><a href=\"\/poiss?slug=a-tintureira\">A Tintureira<\/a><\/b>', 41.268464, -7.619718, \"\/wp-content\/plugins\/discover-douro\/imgs\/onde_dormir.png\"],\n     ['<b><a href=\"\/poiss?slug=quinta-soutelinho\">Quinta Soutelinho<\/a><\/b>', 41.26939, -7.567357, \"\/wp-content\/plugins\/discover-douro\/imgs\/onde_dormir.png\"],\n     ['<b><a href=\"\/poiss?slug=casa-da-tia-irene\">Casa da Tia Irene<\/a><\/b>', 41.26782, -7.57904, \"\/wp-content\/plugins\/discover-douro\/imgs\/onde_dormir.png\"],\n     ['<b><a href=\"\/poiss?slug=casa-do-arco-by-douro-exclusive\">Casa do Arco by Douro Exclusive<\/a><\/b>', 41.202911, -7.551624, \"\/wp-content\/plugins\/discover-douro\/imgs\/onde_dormir.png\"],\n     ['<b><a href=\"\/poiss?slug=quinta-da-eira-douro-valley\">Quinta da Eira Douro Valley<\/a><\/b>', 41.249699, -7.599035, \"\/wp-content\/plugins\/discover-douro\/imgs\/onde_dormir.png\"],\n     ['<b><a href=\"\/poiss?slug=casa-da-jesus\">Casa da Jesus<\/a><\/b>', 41.218489, -7.563773, \"\/wp-content\/plugins\/discover-douro\/imgs\/onde_dormir.png\"],\n     ['<b><a href=\"\/poiss?slug=casa-madureira\">Casa Madureira<\/a><\/b>', 41.226874, -7.636008, \"\/wp-content\/plugins\/discover-douro\/imgs\/onde_dormir.png\"],\n     ['<b><a href=\"\/poiss?slug=dois-lagares-house\">Dois Lagares House<\/a><\/b>', 41.19686, -7.547666, \"\/wp-content\/plugins\/discover-douro\/imgs\/onde_dormir.png\"],\n     ['<b><a href=\"\/poiss?slug=casa-d-os-reais\">Casa D\u00b4Os Reais<\/a><\/b>', 41.198964, -7.546595, \"\/wp-content\/plugins\/discover-douro\/imgs\/onde_dormir.png\"],\n     ['<b><a href=\"\/poiss?slug=casa-da-encosta-douro-valley\">Casa da Encosta Douro Valley<\/a><\/b>', 41.194554, -7.549109, \"\/wp-content\/plugins\/discover-douro\/imgs\/onde_dormir.png\"],\n     ['<b><a href=\"\/poiss?slug=solar-dos-avos\">Solar dos Av\u00f3s<\/a><\/b>', 41.246204, -7.570175, \"\/wp-content\/plugins\/discover-douro\/imgs\/onde_dormir.png\"],\n     ['<b><a href=\"\/poiss?slug=casa-d-antonia\">Casa D. Ant\u00f3nia<\/a><\/b>', 41.196866, -7.573223, \"\/wp-content\/plugins\/discover-douro\/imgs\/onde_dormir.png\"],\n     ['<b><a href=\"\/poiss?slug=quinta-pedreira-dos-anjos\">Quinta Pedreira dos Anjos<\/a><\/b>', 41.221227, -7.581889, \"\/wp-content\/plugins\/discover-douro\/imgs\/onde_dormir.png\"],\n     ['<b><a href=\"\/poiss?slug=casa-deus\">Casa Deus<\/a><\/b>', 41.262646, -7.587286, \"\/wp-content\/plugins\/discover-douro\/imgs\/onde_dormir.png\"],\n     ['<b><a href=\"\/poiss?slug=quinta-dos-espinheiros\">Quinta dos Espinheiros<\/a><\/b>', 41.226254, -7.557602, \"\/wp-content\/plugins\/discover-douro\/imgs\/onde_dormir.png\"],\n     ['<b><a href=\"\/poiss?slug=casa-real\">Casa Real<\/a><\/b>', 41.270098, -7.61986, \"\/wp-content\/plugins\/discover-douro\/imgs\/onde_dormir.png\"],\n     ['<b><a href=\"\/poiss?slug=mesao-provesende\">Mes\u00e3o Provesende<\/a><\/b>', 41.217486, -7.565655, \"\/wp-content\/plugins\/discover-douro\/imgs\/onde_dormir.png\"],\n     ['<b><a href=\"\/poiss?slug=casa-dos-vilares\">Casa dos Vilares<\/a><\/b>', 41.242294, -7.559092, \"\/wp-content\/plugins\/discover-douro\/imgs\/onde_dormir.png\"],\n     ['<b><a href=\"\/poiss?slug=casa-moinho-da-mouta\">Casa Moinho da Mouta<\/a><\/b>', 41.34526, -7.588813, \"\/wp-content\/plugins\/discover-douro\/imgs\/onde_dormir.png\"],\n     ['<b><a href=\"\/poiss?slug=uva-douro-houses\">Uva Douro Houses<\/a><\/b>', 41.158423, -7.526392, \"\/wp-content\/plugins\/discover-douro\/imgs\/onde_dormir.png\"],\n            ];\n        var map = new google.maps.Map(document.getElementById('map'), {\n        zoom: 12,\n                center: center\n        });\n        var infowindow = new google.maps.InfoWindow({});\n        var marker, count;\n        for (count = 0; count < locations.length; count++) {\n        marker = new google.maps.Marker({\n        position: new google.maps.LatLng(locations[count][1], locations[count][2]),\n                map: map,\n                icon: locations[count][3],\n                title: locations[count][0]\n        });\n        google.maps.event.addListener(marker, 'click', (function (marker, count) {\n        return function () {\n        infowindow.setContent(locations[count][0]);\n        infowindow.open(map, marker);\n        }\n        })(marker, count));\n        }\n        }\n\n    <\/script>\n\n\n    <\/div>\n\t\t\t\t\t\t<\/div>\n\t\t\t\t<\/div>\n\t\t\t\t<\/div>\n\t\t\t\t<\/div>\n\t\t","protected":false},"featured_media":32203,"template":"","class_list":["post-41260","municipio","type-municipio","status-publish","has-post-thumbnail","hentry"],"acf":[],"yoast_head":"<!-- This site is optimized with the Yoast SEO plugin v26.2 - https:\/\/yoast.com\/wordpress\/plugins\/seo\/ -->\n<title>Sabrosa - Discover Douro<\/title>\n<meta name=\"robots\" content=\"index, follow, max-snippet:-1, max-image-preview:large, max-video-preview:-1\" \/>\n<link rel=\"canonical\" href=\"https:\/\/discoverdouro.pt\/es\/municipio\/sabrosa\" \/>\n<meta property=\"og:locale\" content=\"es_ES\" \/>\n<meta property=\"og:type\" content=\"article\" \/>\n<meta property=\"og:title\" content=\"Sabrosa - Discover Douro\" \/>\n<meta property=\"og:description\" content=\"El municipio de Sabrosa es hoy una de las principales puertas de entrada a la magn\u00edfica Regi\u00f3n Demarcada del Duero y una de las principales referencias vitivin\u00edcolas de la regi\u00f3n. Est\u00e1 flanqueado al norte por los municipios de Vila Pouca de Aguiar y Mur\u00e7a, al este por Alij\u00f3, al oeste por Vila Real y Peso [&hellip;]\" \/>\n<meta property=\"og:url\" content=\"https:\/\/discoverdouro.pt\/es\/municipio\/sabrosa\" \/>\n<meta property=\"og:site_name\" content=\"Discover Douro\" \/>\n<meta property=\"article:publisher\" content=\"https:\/\/www.facebook.com\/profile.php?id=61555234744391\" \/>\n<meta property=\"article:modified_time\" content=\"2024-01-22T10:35:36+00:00\" \/>\n<meta property=\"og:image\" content=\"https:\/\/discoverdouro.pt\/wp-content\/uploads\/2023\/09\/Sabrosa-Black.png\" \/>\n\t<meta property=\"og:image:width\" content=\"251\" \/>\n\t<meta property=\"og:image:height\" content=\"150\" \/>\n\t<meta property=\"og:image:type\" content=\"image\/png\" \/>\n<meta name=\"twitter:card\" content=\"summary_large_image\" \/>\n<meta name=\"twitter:site\" content=\"@DiscoverDouro\" \/>\n<meta name=\"twitter:label1\" content=\"Est. reading time\" \/>\n\t<meta name=\"twitter:data1\" content=\"3 minutes\" \/>\n<script type=\"application\/ld+json\" class=\"yoast-schema-graph\">{\"@context\":\"https:\/\/schema.org\",\"@graph\":[{\"@type\":\"WebPage\",\"@id\":\"https:\/\/discoverdouro.pt\/es\/municipio\/sabrosa\",\"url\":\"https:\/\/discoverdouro.pt\/es\/municipio\/sabrosa\",\"name\":\"Sabrosa - Discover Douro\",\"isPartOf\":{\"@id\":\"https:\/\/discoverdouro.pt\/es#website\"},\"primaryImageOfPage\":{\"@id\":\"https:\/\/discoverdouro.pt\/es\/municipio\/sabrosa#primaryimage\"},\"image\":{\"@id\":\"https:\/\/discoverdouro.pt\/es\/municipio\/sabrosa#primaryimage\"},\"thumbnailUrl\":\"https:\/\/discoverdouro.pt\/wp-content\/uploads\/2023\/09\/Sabrosa-Black.png\",\"datePublished\":\"2023-12-13T15:18:50+00:00\",\"dateModified\":\"2024-01-22T10:35:36+00:00\",\"breadcrumb\":{\"@id\":\"https:\/\/discoverdouro.pt\/es\/municipio\/sabrosa#breadcrumb\"},\"inLanguage\":\"es\",\"potentialAction\":[{\"@type\":\"ReadAction\",\"target\":[\"https:\/\/discoverdouro.pt\/es\/municipio\/sabrosa\"]}]},{\"@type\":\"ImageObject\",\"inLanguage\":\"es\",\"@id\":\"https:\/\/discoverdouro.pt\/es\/municipio\/sabrosa#primaryimage\",\"url\":\"https:\/\/discoverdouro.pt\/wp-content\/uploads\/2023\/09\/Sabrosa-Black.png\",\"contentUrl\":\"https:\/\/discoverdouro.pt\/wp-content\/uploads\/2023\/09\/Sabrosa-Black.png\",\"width\":251,\"height\":150},{\"@type\":\"BreadcrumbList\",\"@id\":\"https:\/\/discoverdouro.pt\/es\/municipio\/sabrosa#breadcrumb\",\"itemListElement\":[{\"@type\":\"ListItem\",\"position\":1,\"name\":\"Home\",\"item\":\"https:\/\/discoverdouro.pt\/es\"},{\"@type\":\"ListItem\",\"position\":2,\"name\":\"Munic\u00edpios\",\"item\":\"https:\/\/discoverdouro.pt\/es\/municipio\"},{\"@type\":\"ListItem\",\"position\":3,\"name\":\"Sabrosa\"}]},{\"@type\":\"WebSite\",\"@id\":\"https:\/\/discoverdouro.pt\/es#website\",\"url\":\"https:\/\/discoverdouro.pt\/es\",\"name\":\"Discover Douro\",\"description\":\"O Para\u00edso de Portugal\",\"publisher\":{\"@id\":\"https:\/\/discoverdouro.pt\/es#organization\"},\"potentialAction\":[{\"@type\":\"SearchAction\",\"target\":{\"@type\":\"EntryPoint\",\"urlTemplate\":\"https:\/\/discoverdouro.pt\/es?s={search_term_string}\"},\"query-input\":{\"@type\":\"PropertyValueSpecification\",\"valueRequired\":true,\"valueName\":\"search_term_string\"}}],\"inLanguage\":\"es\"},{\"@type\":\"Organization\",\"@id\":\"https:\/\/discoverdouro.pt\/es#organization\",\"name\":\"Discover Douro\",\"url\":\"https:\/\/discoverdouro.pt\/es\",\"logo\":{\"@type\":\"ImageObject\",\"inLanguage\":\"es\",\"@id\":\"https:\/\/discoverdouro.pt\/es#\/schema\/logo\/image\/\",\"url\":\"https:\/\/www.discoverdouro.pt\/wp-content\/uploads\/2024\/01\/cropped-Icon_Discover.png\",\"contentUrl\":\"https:\/\/www.discoverdouro.pt\/wp-content\/uploads\/2024\/01\/cropped-Icon_Discover.png\",\"width\":512,\"height\":512,\"caption\":\"Discover Douro\"},\"image\":{\"@id\":\"https:\/\/discoverdouro.pt\/es#\/schema\/logo\/image\/\"},\"sameAs\":[\"https:\/\/www.facebook.com\/profile.php?id=61555234744391\",\"https:\/\/x.com\/DiscoverDouro\",\"https:\/\/www.instagram.com\/discover.douro\",\"https:\/\/www.tiktok.com\/@discoverdouro\",\"https:\/\/www.linkedin.com\/company\/discover-douro\/\"]}]}<\/script>\n<!-- \/ Yoast SEO plugin. -->","yoast_head_json":{"title":"Sabrosa - Discover Douro","robots":{"index":"index","follow":"follow","max-snippet":"max-snippet:-1","max-image-preview":"max-image-preview:large","max-video-preview":"max-video-preview:-1"},"canonical":"https:\/\/discoverdouro.pt\/es\/municipio\/sabrosa","og_locale":"es_ES","og_type":"article","og_title":"Sabrosa - Discover Douro","og_description":"El municipio de Sabrosa es hoy una de las principales puertas de entrada a la magn\u00edfica Regi\u00f3n Demarcada del Duero y una de las principales referencias vitivin\u00edcolas de la regi\u00f3n. Est\u00e1 flanqueado al norte por los municipios de Vila Pouca de Aguiar y Mur\u00e7a, al este por Alij\u00f3, al oeste por Vila Real y Peso [&hellip;]","og_url":"https:\/\/discoverdouro.pt\/es\/municipio\/sabrosa","og_site_name":"Discover Douro","article_publisher":"https:\/\/www.facebook.com\/profile.php?id=61555234744391","article_modified_time":"2024-01-22T10:35:36+00:00","og_image":[{"width":251,"height":150,"url":"https:\/\/discoverdouro.pt\/wp-content\/uploads\/2023\/09\/Sabrosa-Black.png","type":"image\/png"}],"twitter_card":"summary_large_image","twitter_site":"@DiscoverDouro","twitter_misc":{"Est. reading time":"3 minutes"},"schema":{"@context":"https:\/\/schema.org","@graph":[{"@type":"WebPage","@id":"https:\/\/discoverdouro.pt\/es\/municipio\/sabrosa","url":"https:\/\/discoverdouro.pt\/es\/municipio\/sabrosa","name":"Sabrosa - Discover Douro","isPartOf":{"@id":"https:\/\/discoverdouro.pt\/es#website"},"primaryImageOfPage":{"@id":"https:\/\/discoverdouro.pt\/es\/municipio\/sabrosa#primaryimage"},"image":{"@id":"https:\/\/discoverdouro.pt\/es\/municipio\/sabrosa#primaryimage"},"thumbnailUrl":"https:\/\/discoverdouro.pt\/wp-content\/uploads\/2023\/09\/Sabrosa-Black.png","datePublished":"2023-12-13T15:18:50+00:00","dateModified":"2024-01-22T10:35:36+00:00","breadcrumb":{"@id":"https:\/\/discoverdouro.pt\/es\/municipio\/sabrosa#breadcrumb"},"inLanguage":"es","potentialAction":[{"@type":"ReadAction","target":["https:\/\/discoverdouro.pt\/es\/municipio\/sabrosa"]}]},{"@type":"ImageObject","inLanguage":"es","@id":"https:\/\/discoverdouro.pt\/es\/municipio\/sabrosa#primaryimage","url":"https:\/\/discoverdouro.pt\/wp-content\/uploads\/2023\/09\/Sabrosa-Black.png","contentUrl":"https:\/\/discoverdouro.pt\/wp-content\/uploads\/2023\/09\/Sabrosa-Black.png","width":251,"height":150},{"@type":"BreadcrumbList","@id":"https:\/\/discoverdouro.pt\/es\/municipio\/sabrosa#breadcrumb","itemListElement":[{"@type":"ListItem","position":1,"name":"Home","item":"https:\/\/discoverdouro.pt\/es"},{"@type":"ListItem","position":2,"name":"Munic\u00edpios","item":"https:\/\/discoverdouro.pt\/es\/municipio"},{"@type":"ListItem","position":3,"name":"Sabrosa"}]},{"@type":"WebSite","@id":"https:\/\/discoverdouro.pt\/es#website","url":"https:\/\/discoverdouro.pt\/es","name":"Discover Douro","description":"O Para\u00edso de Portugal","publisher":{"@id":"https:\/\/discoverdouro.pt\/es#organization"},"potentialAction":[{"@type":"SearchAction","target":{"@type":"EntryPoint","urlTemplate":"https:\/\/discoverdouro.pt\/es?s={search_term_string}"},"query-input":{"@type":"PropertyValueSpecification","valueRequired":true,"valueName":"search_term_string"}}],"inLanguage":"es"},{"@type":"Organization","@id":"https:\/\/discoverdouro.pt\/es#organization","name":"Discover Douro","url":"https:\/\/discoverdouro.pt\/es","logo":{"@type":"ImageObject","inLanguage":"es","@id":"https:\/\/discoverdouro.pt\/es#\/schema\/logo\/image\/","url":"https:\/\/www.discoverdouro.pt\/wp-content\/uploads\/2024\/01\/cropped-Icon_Discover.png","contentUrl":"https:\/\/www.discoverdouro.pt\/wp-content\/uploads\/2024\/01\/cropped-Icon_Discover.png","width":512,"height":512,"caption":"Discover Douro"},"image":{"@id":"https:\/\/discoverdouro.pt\/es#\/schema\/logo\/image\/"},"sameAs":["https:\/\/www.facebook.com\/profile.php?id=61555234744391","https:\/\/x.com\/DiscoverDouro","https:\/\/www.instagram.com\/discover.douro","https:\/\/www.tiktok.com\/@discoverdouro","https:\/\/www.linkedin.com\/company\/discover-douro\/"]}]}},"_links":{"self":[{"href":"https:\/\/discoverdouro.pt\/es\/wp-json\/wp\/v2\/municipio\/41260","targetHints":{"allow":["GET"]}}],"collection":[{"href":"https:\/\/discoverdouro.pt\/es\/wp-json\/wp\/v2\/municipio"}],"about":[{"href":"https:\/\/discoverdouro.pt\/es\/wp-json\/wp\/v2\/types\/municipio"}],"version-history":[{"count":33,"href":"https:\/\/discoverdouro.pt\/es\/wp-json\/wp\/v2\/municipio\/41260\/revisions"}],"predecessor-version":[{"id":46103,"href":"https:\/\/discoverdouro.pt\/es\/wp-json\/wp\/v2\/municipio\/41260\/revisions\/46103"}],"wp:featuredmedia":[{"embeddable":true,"href":"https:\/\/discoverdouro.pt\/es\/wp-json\/wp\/v2\/media\/32203"}],"wp:attachment":[{"href":"https:\/\/discoverdouro.pt\/es\/wp-json\/wp\/v2\/media?parent=41260"}],"curies":[{"name":"wp","href":"https:\/\/api.w.org\/{rel}","templated":true}]}}