{"id":41301,"date":"2023-12-13T10:52:33","date_gmt":"2023-12-13T10:52:33","guid":{"rendered":"https:\/\/discoverdouro.digiupdev.com\/municipio\/moimenta-da-beira"},"modified":"2024-01-22T10:33:38","modified_gmt":"2024-01-22T10:33:38","slug":"moimenta-da-beira","status":"publish","type":"municipio","link":"https:\/\/discoverdouro.pt\/es\/municipio\/moimenta-da-beira","title":{"rendered":"Moimenta da Beira"},"content":{"rendered":"\t\t<div data-elementor-type=\"wp-post\" data-elementor-id=\"41301\" class=\"elementor elementor-41301 elementor-40599\" data-elementor-post-type=\"municipio\">\n\t\t\t\t\t\t<section class=\"elementor-section elementor-top-section elementor-element elementor-element-32c1337 elementor-section-stretched elementor-section-boxed elementor-section-height-default elementor-section-height-default\" data-id=\"32c1337\" data-element_type=\"section\" data-settings=\"{&quot;stretch_section&quot;:&quot;section-stretched&quot;,&quot;background_background&quot;:&quot;classic&quot;}\">\n\t\t\t\t\t\t\t<div class=\"elementor-background-overlay\"><\/div>\n\t\t\t\t\t\t\t<div class=\"elementor-container elementor-column-gap-default\">\n\t\t\t\t\t<div class=\"elementor-column elementor-col-100 elementor-top-column elementor-element elementor-element-ed072d5\" data-id=\"ed072d5\" data-element_type=\"column\">\n\t\t\t<div class=\"elementor-widget-wrap elementor-element-populated\">\n\t\t\t\t\t\t\t<\/div>\n\t\t<\/div>\n\t\t\t\t\t<\/div>\n\t\t<\/section>\n\t\t<div class=\"elementor-element elementor-element-22947bc e-flex e-con-boxed e-con e-parent\" data-id=\"22947bc\" data-element_type=\"container\">\n\t\t\t\t\t<div class=\"e-con-inner\">\n\t\t<div class=\"elementor-element elementor-element-bcabf8b e-con-full e-flex e-con e-child\" data-id=\"bcabf8b\" data-element_type=\"container\">\n\t\t\t\t<div class=\"elementor-element elementor-element-74bbe1d elementor-widget elementor-widget-text-editor\" data-id=\"74bbe1d\" data-element_type=\"widget\" data-widget_type=\"text-editor.default\">\n\t\t\t\t<div class=\"elementor-widget-container\">\n\t\t\t\t\t\t\t\t\t<p>Tiene un clima mediterr\u00e1neo con aires continentales, inviernos fr\u00edos y veranos secos y calurosos, y est\u00e1 situada entre el valle del Duero y el altiplano de Beira Alta. Limita al norte con los municipios de Tabua\u00e7o y Armamar; al oeste con Tarouca; al suroeste con Vila Nova de Paiva; al este con Sernancelhe; y al sur con S\u00e1t\u00e3o. Geogr\u00e1ficamente, se sit\u00faa al norte del distrito de Viseu.<\/p><p>Tiene cerca de 200 kil\u00f3metros cuadrados y cerca de 10.000 habitantes divididos en 16 freguesias y 4 uniones parroquiales. Por su morfolog\u00eda, las zonas m\u00e1s elevadas son la sierra de Leomil (1009 metros), donde nace el r\u00edo Paiva, uno de los cursos de agua menos contaminados de Europa, y la sierra de Santo Ant\u00e3o (841 metros).<\/p><p>En las monta\u00f1as de Leomil abundan los vestigios prehist\u00f3ricos, como los d\u00f3lmenes de la meseta de Nave y varios castros, como el de Caria (desaparecido), el lusitano-romano de Sanfins (Pass\u00f4), el amurallado de Peravelha y varios menhires importantes.<\/p><p>En cuanto al patrimonio, tanto hist\u00f3rico como arquitect\u00f3nico, me gustar\u00eda destacar el convento benedictino de N\u00aa Sr\u00aa da Purifica\u00e7\u00e3o, fundado en 1594, que conserva en su interior un z\u00f3calo de azulejos policromados del siglo XVII y la tumba de su fundador.<\/p><p>En el barrio, destacan las nobles casas blasonadas de los Guedes, Carvalhos y Almeidas. En el municipio, destacan las picoletas. La de Vila da Rua es encantadora, una de las m\u00e1s bellas del pa\u00eds. Est\u00e1 clasificada como &#8220;Monumento Nacional&#8221; y es una popular atracci\u00f3n tur\u00edstica, al igual que las artesan\u00edas ancestrales, que van desde cestas a capas y capotes de burel, calcetines de lana, mantas de patchwork, zuecos de monta\u00f1a y lino.<\/p><p>El embalse de la presa de Vilar, a pocos kil\u00f3metros de la cabecera comarcal, es otro lugar de gran inter\u00e9s tur\u00edstico. Sus aguas son muy codiciadas y en sus inmediaciones hay un camping y caravaning, un parque de deportes extremos, un restaurante de cocina de autor y un bar con terraza a orillas del embalse, junto a la arboleda que hay m\u00e1s all\u00e1. Adem\u00e1s, el municipio cuenta con otras zonas de ba\u00f1o, como Seg\u00f5es, un peque\u00f1o para\u00edso donde el color oscuro de las aguas del r\u00edo Paiva, que forman un hermoso espejo de agua, sorprende a los m\u00e1s desatentos, ya que es el resultado de la presencia de sales minerales, muy buscadas como tratamiento para enfermedades de la piel. La zona est\u00e1 dotada de una extraordinaria biodiversidad acu\u00e1tica y terrestre, y en sus alrededores se encuentra un centro de acogida para turistas de naturaleza.<\/p><p>De vuelta a las altas monta\u00f1as de Leomil, para ver dos de las decenas de torres e\u00f3licas que sostienen las obras de arte urbano de Joana Vasconcelos y Vhils. Son las mayores obras de arte urbano del mundo, con unos 100 metros de altura. Los dos artistas portugueses proyectaron en estas torres elementos de la memoria colectiva, la cultura y la riqueza natural de la regi\u00f3n.<\/p><p>Moimenta da Beira es tambi\u00e9n la tierra de la manzana, la mejor manzana del mundo, que inspira ExpoDemo, un gran acontecimiento festivo que se celebra todos los a\u00f1os a mediados de septiembre. Tambi\u00e9n es cuna de los vinos espumosos Terras do Demo, producidos aqu\u00ed por la Cooperativa Agr\u00edcola de T\u00e1vora.<\/p><p>Y es tierra de cultura, cuna de escritores famosos como Aquilino Ribeiro, Ant\u00f3nio de S\u00e8ves, el poeta Lu\u00eds Veiga Leit\u00e3o, el cuentista pionero del neorrealismo en Portugal Afonso Ribeiro, y el editor y poeta Eduardo Salgueiro.<\/p><p>\u00a1Moimenta da Beira es un mundo por descubrir!<\/p>\t\t\t\t\t\t\t\t<\/div>\n\t\t\t\t<\/div>\n\t\t\t\t<div class=\"elementor-element elementor-element-98a87d7 elementor-widget elementor-widget-video\" data-id=\"98a87d7\" data-element_type=\"widget\" data-settings=\"{&quot;youtube_url&quot;:&quot;https:\\\/\\\/youtu.be\\\/51Jmvl9tpfM&quot;,&quot;modestbranding&quot;:&quot;yes&quot;,&quot;yt_privacy&quot;:&quot;yes&quot;,&quot;lazy_load&quot;:&quot;yes&quot;,&quot;video_type&quot;:&quot;youtube&quot;,&quot;controls&quot;:&quot;yes&quot;}\" data-widget_type=\"video.default\">\n\t\t\t\t<div class=\"elementor-widget-container\">\n\t\t\t\t\t\t\t<div class=\"elementor-wrapper elementor-open-inline\">\n\t\t\t<div class=\"elementor-video\"><\/div>\t\t<\/div>\n\t\t\t\t\t\t<\/div>\n\t\t\t\t<\/div>\n\t\t\t\t<div class=\"elementor-element elementor-element-6f82434 elementor-widget elementor-widget-shortcode\" data-id=\"6f82434\" data-element_type=\"widget\" data-widget_type=\"shortcode.default\">\n\t\t\t\t<div class=\"elementor-widget-container\">\n\t\t\t\t\t\t\t<div class=\"elementor-shortcode\">      \n\n\n\n    <div class=\"icons\">\n\n        <div class=\"single_icon\">\n            <a href=\"\/onde-comer?mun=6451179be8f4278a16912782\">\n                <img decoding=\"async\" src=\"\/wp-content\/uploads\/2024\/01\/comer-2.png\">\n                <p class=\"title_icon\">D\u00f3nde comer<\/p>\n            <\/a>\n        <\/div>\n        <div class=\"single_icon\">\n            <a href=\"\/onde-dormir?mun=6451179be8f4278a16912782\">\n                <img decoding=\"async\" src=\"\/wp-content\/uploads\/2024\/01\/dormir-2.png\">\n                <p class=\"title_icon\">D\u00f3nde dormir<\/p>\n            <\/a>\n        <\/div>\n        <div class=\"single_icon\">\n            <a href=\"\/o-que-visitar?mun=6451179be8f4278a16912782\">\n                <img decoding=\"async\" src=\"\/wp-content\/uploads\/2024\/01\/patrimonio-2.png\">\n                <p class=\"title_icon\">Qu\u00e9 ver<\/p>\n            <\/a>\n        <\/div>\n        <div class=\"single_icon\">\n            <a href=\"\/onde-se-divertir?mun=6451179be8f4278a16912782\">\n                <img decoding=\"async\" src=\"\/wp-content\/uploads\/2024\/01\/Onde-se-Divertir-3.png\">\n                <p class=\"title_icon\">D\u00f3nde divertirse<\/p>\n            <\/a>\n        <\/div>\n        <div class=\"single_icon\">\n            <a href=\"\/itinerarios-municipio?mun=moimenta-da-beira\">\n                <img decoding=\"async\" src=\"\/wp-content\/uploads\/2024\/02\/itinerarios.png\">\n                <p class=\"title_icon\">Itinerarios<\/p>\n            <\/a>\n        <\/div>\n    \n    <\/div>     \n\n    <style>\n\n        .icons {\n            display: flex;\n            gap: 30px;\n        }\n\n        .single_icon {\n            text-align: center;\n        }\n\n        .icons img {\n            width: 58px !important;\n        }\n\n        p.title_icon {\n            margin: 32px 0 0;\n            color: #384B98;\n            font-size: 16px;\n            font-weight: 500;\n            text-transform: capitalize;\n            line-height: 42px;\n            word-wrap: break-word;\n        }\n\n        @media only screen and (max-width: 768px) {\n\n            .icons {\n                display: flex;\n                gap: 10px;\n            }\n\n            p.title_icon {\n                margin: 25px 0 0;\n                font-size: 12px;\n            }\n\n            .single_icon img {\n                width: 48px !important;\n                height: 48px;\n            }\n\n        }\n\n\n\n\n    <\/style>\n\n    <\/div>\n\t\t\t\t\t\t<\/div>\n\t\t\t\t<\/div>\n\t\t\t\t<\/div>\n\t\t<div class=\"elementor-element elementor-element-426799f e-con-full e-flex e-con e-child\" data-id=\"426799f\" data-element_type=\"container\">\n\t\t<div class=\"elementor-element elementor-element-dec6709 e-flex e-con-boxed e-con e-child\" data-id=\"dec6709\" data-element_type=\"container\">\n\t\t\t\t\t<div class=\"e-con-inner\">\n\t\t\t\t<div class=\"elementor-element elementor-element-2a4e4d6 elementor-widget elementor-widget-image\" data-id=\"2a4e4d6\" data-element_type=\"widget\" data-widget_type=\"image.default\">\n\t\t\t\t<div class=\"elementor-widget-container\">\n\t\t\t\t\t\t\t\t\t\t\t\t\t\t\t<img decoding=\"async\" width=\"251\" height=\"150\" src=\"https:\/\/discoverdouro.pt\/wp-content\/uploads\/2023\/07\/Moimenta-White.png\" class=\"attachment-full size-full wp-image-23793\" alt=\"\" \/>\t\t\t\t\t\t\t\t\t\t\t\t\t\t\t<\/div>\n\t\t\t\t<\/div>\n\t\t\t\t\t<\/div>\n\t\t\t\t<\/div>\n\t\t<div class=\"elementor-element elementor-element-6507192 e-flex e-con-boxed e-con e-child\" data-id=\"6507192\" data-element_type=\"container\">\n\t\t\t\t\t<div class=\"e-con-inner\">\n\t\t\t\t<div class=\"elementor-element elementor-element-3b8518e elementor-widget elementor-widget-image\" data-id=\"3b8518e\" data-element_type=\"widget\" data-widget_type=\"image.default\">\n\t\t\t\t<div class=\"elementor-widget-container\">\n\t\t\t\t\t\t\t\t\t\t\t\t\t\t\t<img fetchpriority=\"high\" decoding=\"async\" width=\"1000\" height=\"1000\" src=\"https:\/\/discoverdouro.pt\/wp-content\/uploads\/2023\/12\/Mapa_MoimentadaBeira.png\" class=\"attachment-full size-full wp-image-42553\" alt=\"\" srcset=\"https:\/\/discoverdouro.pt\/wp-content\/uploads\/2023\/12\/Mapa_MoimentadaBeira.png 1000w, https:\/\/discoverdouro.pt\/wp-content\/uploads\/2023\/12\/Mapa_MoimentadaBeira-300x300.png 300w, https:\/\/discoverdouro.pt\/wp-content\/uploads\/2023\/12\/Mapa_MoimentadaBeira-150x150.png 150w, https:\/\/discoverdouro.pt\/wp-content\/uploads\/2023\/12\/Mapa_MoimentadaBeira-768x768.png 768w\" sizes=\"(max-width: 1000px) 100vw, 1000px\" \/>\t\t\t\t\t\t\t\t\t\t\t\t\t\t\t<\/div>\n\t\t\t\t<\/div>\n\t\t\t\t\t<\/div>\n\t\t\t\t<\/div>\n\t\t<div class=\"elementor-element elementor-element-fdaf994 e-flex e-con-boxed e-con e-child\" data-id=\"fdaf994\" data-element_type=\"container\">\n\t\t\t\t\t<div class=\"e-con-inner\">\n\t\t\t\t<div class=\"elementor-element elementor-element-c7452c0 elementor-widget elementor-widget-text-editor\" data-id=\"c7452c0\" data-element_type=\"widget\" data-widget_type=\"text-editor.default\">\n\t\t\t\t<div class=\"elementor-widget-container\">\n\t\t\t\t\t\t\t\t\t<div class=\"elementor-element elementor-element-099ccec elementor-widget elementor-widget-text-editor\" data-id=\"099ccec\" data-element_type=\"widget\" data-widget_type=\"text-editor.default\"><div class=\"elementor-widget-container\"><strong>C\u00f3digo Postal:<\/strong> 3620<br \/><strong>Densidad de poblaci\u00f3n:<\/strong> 43 habitantes por km2<br \/><strong>Distrito:<\/strong> Viseu<br \/><strong>Fiesta municipal:<\/strong> 24 de Junho<br \/><strong>Fundaci\u00f3n del municipio (o carta): <\/strong>1189<br \/><strong>N\u00ba de parroquias: <\/strong>16<br \/><strong>Oratorio:<\/strong> S\u00e3o Jo\u00e3o Baptista<\/div><\/div>\t\t\t\t\t\t\t\t<\/div>\n\t\t\t\t<\/div>\n\t\t\t\t\t<\/div>\n\t\t\t\t<\/div>\n\t\t\t\t<\/div>\n\t\t\t\t\t<\/div>\n\t\t\t\t<\/div>\n\t\t<div class=\"elementor-element elementor-element-02ca880 e-flex e-con-boxed e-con e-parent\" data-id=\"02ca880\" data-element_type=\"container\">\n\t\t\t\t\t<div class=\"e-con-inner\">\n\t\t\t\t<div class=\"elementor-element elementor-element-cd49e0e elementor-widget elementor-widget-shortcode\" data-id=\"cd49e0e\" data-element_type=\"widget\" data-widget_type=\"shortcode.default\">\n\t\t\t\t<div class=\"elementor-widget-container\">\n\t\t\t\t\t\t\t<div class=\"elementor-shortcode\">        \n\n        \n        \n    <!--Styles para teste-->\n\n    <style>\n\n        h2.not_found {\n            text-align: left;\n            font-size:20px;\n        }\n        \n        \n        .list:has(.not_found) {\n            grid-template-columns: repeat(1, 1fr) !important;\n        }\n\n        h2.title_events{\n            font-size: 30px;\n            font-weight: 700;\n            line-height: 1.3em;\n        }\n\n        .list, .pagination {\n            display: grid;\n            grid-template-columns: repeat(3, 4fr);\n            gap: 64px 20px;\n        }\n\n        .card_record{\n            border-radius: 30px;\n            box-shadow: 0px 0px 5px 0px rgba(0,0,0,0.5);\n\n        }\n\n        .image_record img {\n            border-radius: 30px 30px 0 0;\n            height: 300px;\n            width: 100%;\n            object-fit: cover;\n            background-color: white;\n        }\n\n        .infos_record{\n            background-color: white;\n            height: 179px;\n            border-radius: 0px 0px 30px 30px ;\n            padding: 19px 19px;\n            display: flex;\n        }\n\n        .infos_record .column1 {\n            width: 90%;\n        }\n\n        .infos_record .column2 {\n            width: 10%;\n            text-align: center;\n            margin-left: 5px;\n        }\n\n        .title_record {\n            min-height: 70px;\n        }\n\n        .infos_record h2{\n            font-weight: 400;\n            font-size: 19px;\n            line-height: 21px;\n            color:black;\n            margin: 0;\n        }\n\n        .list{\n            margin-top:50px;\n            margin-bottom:80px;\n        }\n\n\n        .local {\n            display: flex;\n            gap: 12px;\n            padding-top: 18px;\n            width: 100%;\n            align-items: flex-end;\n        }\n\n        .icon img{\n            height: 16px;\n        }\n\n        .icon_list {\n            gap: 8px;\n            display: flex;\n            flex-direction: row;\n        }\n\n        .city{\n            font-size: 13px;\n        }\n\n\n        a.favourite_icon:hover img {\n            content: url(\/wp-content\/plugins\/discover-douro\/imgs\/heart-blue.svg);\n        }\n\n\n\n\n        @media only screen and (max-width: 768px) {\n\n\n            .list, .pagination {\n                display: grid;\n                grid-template-columns: repeat(1, 4fr);\n                \/* grid-template-rows: repeat(3, 600px); *\/\n                gap: 24px 20px;\n                padding: 10px;\n            }\n\n            .total{\n                text-align: center;\n            }\n\n            .pagination {\n                margin-top: 15px;\n            }\n\n            h2.not_found {\n                text-align: center;\n                margin: 120px 40px 100px 40px !important;\n                font-size:27px;\n            }\n\n        }\n\n\n\n\n    <\/style>\n\n\n\n\n\n    <\/div>\n\t\t\t\t\t\t<\/div>\n\t\t\t\t<\/div>\n\t\t\t\t\t<\/div>\n\t\t\t\t<\/div>\n\t\t<div class=\"elementor-element elementor-element-f948d6c e-flex e-con-boxed e-con e-parent\" data-id=\"f948d6c\" data-element_type=\"container\">\n\t\t\t\t\t<div class=\"e-con-inner\">\n\t\t\t\t<div class=\"elementor-element elementor-element-2973be4 elementor-widget elementor-widget-toggle\" data-id=\"2973be4\" data-element_type=\"widget\" data-widget_type=\"toggle.default\">\n\t\t\t\t<div class=\"elementor-widget-container\">\n\t\t\t\t\t\t\t<div class=\"elementor-toggle\">\n\t\t\t\t\t\t\t<div class=\"elementor-toggle-item\">\n\t\t\t\t\t<div id=\"elementor-tab-title-4341\" class=\"elementor-tab-title\" data-tab=\"1\" role=\"button\" aria-controls=\"elementor-tab-content-4341\" aria-expanded=\"false\">\n\t\t\t\t\t\t\t\t\t\t\t\t<span class=\"elementor-toggle-icon elementor-toggle-icon-left\" aria-hidden=\"true\">\n\t\t\t\t\t\t\t\t\t\t\t\t\t\t\t<span class=\"elementor-toggle-icon-closed\"><svg class=\"e-font-icon-svg e-fas-chevron-down\" viewBox=\"0 0 448 512\" xmlns=\"http:\/\/www.w3.org\/2000\/svg\"><path d=\"M207.029 381.476L12.686 187.132c-9.373-9.373-9.373-24.569 0-33.941l22.667-22.667c9.357-9.357 24.522-9.375 33.901-.04L224 284.505l154.745-154.021c9.379-9.335 24.544-9.317 33.901.04l22.667 22.667c9.373 9.373 9.373 24.569 0 33.941L240.971 381.476c-9.373 9.372-24.569 9.372-33.942 0z\"><\/path><\/svg><\/span>\n\t\t\t\t\t\t\t\t<span class=\"elementor-toggle-icon-opened\"><svg class=\"elementor-toggle-icon-opened e-font-icon-svg e-fas-chevron-up\" viewBox=\"0 0 448 512\" xmlns=\"http:\/\/www.w3.org\/2000\/svg\"><path d=\"M240.971 130.524l194.343 194.343c9.373 9.373 9.373 24.569 0 33.941l-22.667 22.667c-9.357 9.357-24.522 9.375-33.901.04L224 227.495 69.255 381.516c-9.379 9.335-24.544 9.317-33.901-.04l-22.667-22.667c-9.373-9.373-9.373-24.569 0-33.941L207.03 130.525c9.372-9.373 24.568-9.373 33.941-.001z\"><\/path><\/svg><\/span>\n\t\t\t\t\t\t\t\t\t\t\t\t\t<\/span>\n\t\t\t\t\t\t\t\t\t\t\t\t<a class=\"elementor-toggle-title\" tabindex=\"0\">Contactos \u00datiles<\/a>\n\t\t\t\t\t<\/div>\n\n\t\t\t\t\t<div id=\"elementor-tab-content-4341\" class=\"elementor-tab-content elementor-clearfix\" data-tab=\"1\" role=\"region\" aria-labelledby=\"elementor-tab-title-4341\"><p id=\"E349\" class=\"x-scope qowt-word-para-2\"><strong>N\u00famero Nacional de Emerg\u00eancia:<\/strong> 112<\/p>\n<p class=\"x-scope qowt-word-para-2\"><strong>Bombeiros \u2013 Linha Verde:<\/strong> 800 202 425<\/p>\n<p class=\"x-scope qowt-word-para-2\"><strong>C\u00e2mara Municipal de Moimenta da Beira<\/strong><br \/>Largo do Tabolado | 3620-324 Moimenta da Beira | GPS. 40.979968, -7.613315 | T. +351 254 520 070 | <a href=\"mailto:geral@cm-moimenta.pt\">geral@cm-moimenta.pt<\/a> | <a href=\"https:\/\/www.cm-moimenta.pt\">www.cm-moimenta.pt<\/a><\/p>\n<p class=\"x-scope qowt-word-para-2\"><strong>Loja Interativa de Turismo<\/strong><br \/>Terreiro das Freiras | 3620-356 Moimenta da Beira | GPS. 40.981314, -7.611486 | T. +351 254 520 103 | posto-turismo@cm-moimenta.pt<\/p>\n<p class=\"x-scope qowt-word-para-2\"><strong>Centro de Sa\u00fade de Moimenta da Beira<\/strong><br \/>Av. Rep\u00fablica | 3620-356 Moimenta da Beira | GPS. 40.972551, -7.611082 | T. +351 254 520 250 | ucsp.moimentabeira@arsnorte.min-saude.pt<\/p>\n<ul>\n<li class=\"x-scope qowt-word-para-2\"><strong>Polo Leomil<\/strong><br \/>Bairro das Eirinhas | 3620-165 Leomil | GPS. 40.984493, -7.655901 | T. +351 254 586 282 | <a href=\"mailto:ucsp.moimentabeira@arsnorte.min-saude.pt\">ucsp.moimentabeira@arsnorte.min-saude.pt<\/a><\/li>\n<\/ul>\n<p><strong>Guarda Nacional Republicana &#8211; Posto Territorial de Moimenta da Beira<\/strong><br \/>Av. Eng\u00ba Amaro da Costa 176 | 3620-306 Moimenta da Beira | GPS. 40.985144,-7.617861 | T. +351 254 582 102 | <a href=\"mailto:ct.vis.dmbr.pmbr@gnr.pt\">ct.vis.dmbr.pmbr@gnr.pt<\/a> | <a href=\"http:\/\/www.gnr.pt\">www.gnr.pt<\/a><\/p>\n<\/div>\n\t\t\t\t<\/div>\n\t\t\t\t\t\t\t\t<\/div>\n\t\t\t\t\t\t<\/div>\n\t\t\t\t<\/div>\n\t\t\t\t\t<\/div>\n\t\t\t\t<\/div>\n\t\t<div class=\"elementor-element elementor-element-ecc1e7d e-con-full e-flex e-con e-parent\" data-id=\"ecc1e7d\" data-element_type=\"container\">\n\t\t\t\t<div class=\"elementor-element elementor-element-635607a elementor-widget elementor-widget-shortcode\" data-id=\"635607a\" data-element_type=\"widget\" data-widget_type=\"shortcode.default\">\n\t\t\t\t<div class=\"elementor-widget-container\">\n\t\t\t\t\t\t\t<div class=\"elementor-shortcode\">        \n    <div id=\"map\"><\/div>\n    <script async defer src=\"https:\/\/maps.googleapis.com\/maps\/api\/js?key=AIzaSyBlxeEJOXg6CEUTXDHxu-BmmzL02cXTKp0&callback=initMap\"><\/script>\n\n    <style>\n        #map {\n            height: 450px;\n            width: 100%;\n        }\n    <\/style>\n\n    <script>\n                                         \n\n        function initMap() {\n        var center = {lat: 40.979858, lng: -7.613391 };\n        var locations = [\n     ['<b><a href=\"\/poiss?slug=quinta-do-verdeal\">Hotel Verdeal <\/a><\/b>', 40.96559, -7.599024, \"\/wp-content\/plugins\/discover-douro\/imgs\/onde_dormir.png\"],\n     ['<b><a href=\"\/poiss?slug=quinta-da-cabrida\">Quinta da Cabrida- Tours Douro<\/a><\/b>', 41.040772, -7.515958, \"\/wp-content\/plugins\/discover-douro\/imgs\/onde_se_divertir.png\"],\n     ['<b><a href=\"\/poiss?slug=brasao-de-leomil\">Bras\u00e3o de Leomil<\/a><\/b>', 40.984993, -7.655379, \"\/wp-content\/plugins\/discover-douro\/imgs\/onde_comer.png\"],\n     ['<b><a href=\"\/poiss?slug=peto-real-hotel-verdeal\">Peto Real - Hotel Verdeal<\/a><\/b>', 40.966215, -7.599105, \"\/wp-content\/plugins\/discover-douro\/imgs\/onde_comer.png\"],\n     ['<b><a href=\"\/poiss?slug=fundacao-aquilino-ribeiro\">Funda\u00e7\u00e3o Aquilino Ribeiro<\/a><\/b>', 40.887682, -7.668103, \"\/wp-content\/plugins\/discover-douro\/imgs\/o_que_visitar.png\"],\n     ['<b><a href=\"\/poiss?slug=torres-eolicas-pintadas-por-joana-vasconcelos-e-vhils\">Torres E\u00f3licas Pintadas por joana Vasconcelos e Vhils<\/a><\/b>', 40.965918, -7.634985, \"\/wp-content\/plugins\/discover-douro\/imgs\/o_que_visitar.png\"],\n     ['<b><a href=\"\/poiss?slug=praia-fluvial-barragem-de-vilar\">Praia Fluvial \u2013 Barragem de Vilar<\/a><\/b>', 40.964241, -7.545606, \"\/wp-content\/plugins\/discover-douro\/imgs\/onde_se_divertir.png\"],\n     ['<b><a href=\"\/poiss?slug=convento-beneditino-nossa-senhora-da-purificacao\">Convento Beneditino Nossa Senhora da Purifica\u00e7\u00e3o<\/a><\/b>', 40.981159, -7.611285, \"\/wp-content\/plugins\/discover-douro\/imgs\/o_que_visitar.png\"],\n     ['<b><a href=\"\/poiss?slug=santuario-de-sao-torcato\">Santu\u00e1rio de S\u00e3o Torcato<\/a><\/b>', 41.02546, -7.57314, \"\/wp-content\/plugins\/discover-douro\/imgs\/o_que_visitar.png\"],\n     ['<b><a href=\"\/poiss?slug=santuario-nossa-senhora-da-conceicao\">Santu\u00e1rio Nossa Senhora da Concei\u00e7\u00e3o<\/a><\/b>', 41.037552, -7.62045, \"\/wp-content\/plugins\/discover-douro\/imgs\/o_que_visitar.png\"],\n     ['<b><a href=\"\/poiss?slug=solar-dos-guedes\">Solar dos Guedes <\/a><\/b>', 40.981167, -7.611603, \"\/wp-content\/plugins\/discover-douro\/imgs\/o_que_visitar.png\"],\n     ['<b><a href=\"\/poiss?slug=pelourinho-de-vila-da-rua\">Pelourinho de Vila da Rua<\/a><\/b>', 40.944395, -7.571764, \"\/wp-content\/plugins\/discover-douro\/imgs\/o_que_visitar.png\"],\n     ['<b><a href=\"\/poiss?slug=capela-do-penedo-da-fonte-santa\">Capela do Penedo da Fonte Santa<\/a><\/b>', 40.931845, -7.646544, \"\/wp-content\/plugins\/discover-douro\/imgs\/o_que_visitar.png\"],\n     ['<b><a href=\"\/poiss?slug=praia-fluvial-de-segoes\">Praia Fluvial de Seg\u00f5es<\/a><\/b>', 40.86238, -7.68113, \"\/wp-content\/plugins\/discover-douro\/imgs\/onde_se_divertir.png\"],\n     ['<b><a href=\"\/poiss?slug=centro-historico-de-moimenta-da-beira\">Centro Hist\u00f3rico de Moimenta da Beira<\/a><\/b>', 40.981117, -7.611268, \"\/wp-content\/plugins\/discover-douro\/imgs\/o_que_visitar.png\"],\n     ['<b><a href=\"\/poiss?slug=conjunto-arquitetonico-de-leomil\">Conjunto Arquitet\u00f3nico de Leomil <\/a><\/b>', 40.984691, -7.653708, \"\/wp-content\/plugins\/discover-douro\/imgs\/o_que_visitar.png\"],\n     ['<b><a href=\"\/poiss?slug=igreja-matriz-de-moimenta-da-beira\">Igreja Matriz de Moimenta da Beira<\/a><\/b>', 40.983636, -7.613738, \"\/wp-content\/plugins\/discover-douro\/imgs\/o_que_visitar.png\"],\n     ['<b><a href=\"\/poiss?slug=santuario-santo-antao\">Santu\u00e1rio Santo Ant\u00e3o<\/a><\/b>', 40.871948, -7.695793, \"\/wp-content\/plugins\/discover-douro\/imgs\/o_que_visitar.png\"],\n     ['<b><a href=\"\/poiss?slug=estatua-menir-de-alvite\">Est\u00e1tua Menir de Alvite<\/a><\/b>', 40.951038, -7.700513, \"\/wp-content\/plugins\/discover-douro\/imgs\/o_que_visitar.png\"],\n     ['<b><a href=\"\/poiss?slug=miradouro-do-santuario-de-nossa-senhora-da-conceicao\">Miradouro do Santu\u00e1rio de Nossa Senhora da Concei\u00e7\u00e3o <\/a><\/b>', 41.037552, -7.62045, \"\/wp-content\/plugins\/discover-douro\/imgs\/o_que_visitar.png\"],\n     ['<b><a href=\"\/poiss?slug=zona-de-lazer-da-ribeira-da-pontinha\">Zona de Lazer da Ribeira da Pontinha<\/a><\/b>', 40.973235, -7.714429, \"\/wp-content\/plugins\/discover-douro\/imgs\/onde_se_divertir.png\"],\n     ['<b><a href=\"\/poiss?slug=zona-de-lazer-do-vidual\">Zona de Lazer do Vidual <\/a><\/b>', 40.979294, -7.653633, \"\/wp-content\/plugins\/discover-douro\/imgs\/onde_se_divertir.png\"],\n     ['<b><a href=\"\/poiss?slug=museu-etnografico-arcozelo-da-torre\">Museu Etnogr\u00e1fico Arcozelo da Torre<\/a><\/b>', 40.966032, -7.587499, \"\/wp-content\/plugins\/discover-douro\/imgs\/o_que_visitar.png\"],\n     ['<b><a href=\"\/poiss?slug=museu-etnografico-de-peravelha\">Museu Etnogr\u00e1fico de Peravelha<\/a><\/b>', 40.922585, -7.639876, \"\/wp-content\/plugins\/discover-douro\/imgs\/o_que_visitar.png\"],\n     ['<b><a href=\"\/poiss?slug=casa-museu-gente-da-nave\">Casa Museu Gente da Nave<\/a><\/b>', 40.979474, -7.711707, \"\/wp-content\/plugins\/discover-douro\/imgs\/o_que_visitar.png\"],\n     ['<b><a href=\"\/poiss?slug=espaco-afonso-ribeiro\">Espa\u00e7o Afonso Ribeiro<\/a><\/b>', 40.944328, -7.571552, \"\/wp-content\/plugins\/discover-douro\/imgs\/o_que_visitar.png\"],\n     ['<b><a href=\"\/poiss?slug=espumante-terras-do-demo-e-a-maca-de-moimenta\">Espumante Terras do Demo e a Ma\u00e7a de Moimenta<\/a><\/b>', 40.987121, -7.621511, \"\/wp-content\/plugins\/discover-douro\/imgs\/o_que_visitar.png\"],\n     ['<b><a href=\"\/poiss?slug=loja-interativa-de-turismo-de-moimenta-da-beira\">Tienda interactiva de turismo de Moimenta da Beira<\/a><\/b>', 40.981314, -7.611486, \"\/wp-content\/plugins\/discover-douro\/imgs\/o_que_visitar.png\"],\n     ['<b><a href=\"\/poiss?slug=restaurante-grill-da-costa\">Restaurante Grill da Costa<\/a><\/b>', 40.985721, -7.616176, \"\/wp-content\/plugins\/discover-douro\/imgs\/onde_comer.png\"],\n     ['<b><a href=\"\/poiss?slug=restaurante-horizonte\">Restaurante Horizonte <\/a><\/b>', 40.97498, -7.61019, \"\/wp-content\/plugins\/discover-douro\/imgs\/onde_comer.png\"],\n     ['<b><a href=\"\/poiss?slug=restaurante-o-antonio\">Restaurante O Ant\u00f3nio<\/a><\/b>', 40.993213, -7.668054, \"\/wp-content\/plugins\/discover-douro\/imgs\/onde_comer.png\"],\n     ['<b><a href=\"\/poiss?slug=restaurante-o-chamico\">Restaurante o Chami\u00e7o<\/a><\/b>', 40.98391, -7.61699, \"\/wp-content\/plugins\/discover-douro\/imgs\/onde_comer.png\"],\n     ['<b><a href=\"\/poiss?slug=restaurante-o-lavrador\">Restaurante O Lavrador<\/a><\/b>', 40.985539, -7.62801, \"\/wp-content\/plugins\/discover-douro\/imgs\/onde_comer.png\"],\n     ['<b><a href=\"\/poiss?slug=restaurante-sao-francisco\">Restaurante S\u00e3o Francisco <\/a><\/b>', 40.957245, -7.582465, \"\/wp-content\/plugins\/discover-douro\/imgs\/onde_comer.png\"],\n     ['<b><a href=\"\/poiss?slug=quartinho-da-tia-dulce\">Quartinho da Tia Dulce<\/a><\/b>', 40.993314, -7.668039, \"\/wp-content\/plugins\/discover-douro\/imgs\/onde_dormir.png\"],\n     ['<b><a href=\"\/poiss?slug=parque-de-campismo-e-caravanismo-da-barragem-de-vilar\">Parque de Campismo e Caravanismo da Barragem de Vilar<\/a><\/b>', 40.985733, -7.538985, \"\/wp-content\/plugins\/discover-douro\/imgs\/onde_dormir.png\"],\n     ['<b><a href=\"\/poiss?slug=quinta-sul-america\">Quinta Sul Am\u00e9rica<\/a><\/b>', 41.006071, -7.617942, \"\/wp-content\/plugins\/discover-douro\/imgs\/onde_dormir.png\"],\n     ['<b><a href=\"\/poiss?slug=solar-dos-correia-alves\">Solar dos Correia Alves<\/a><\/b>', 40.981378, -7.610809, \"\/wp-content\/plugins\/discover-douro\/imgs\/onde_dormir.png\"],\n     ['<b><a href=\"\/poiss?slug=quinta-da-regada-do-moinho\">Quinta da Regada do Moinho <\/a><\/b>', 40.859818, -7.682468, \"\/wp-content\/plugins\/discover-douro\/imgs\/onde_dormir.png\"],\n     ['<b><a href=\"\/poiss?slug=moinho-d-antoninha\">Moinho D Antoninha<\/a><\/b>', 40.972, -7.647417, \"\/wp-content\/plugins\/discover-douro\/imgs\/onde_dormir.png\"],\n     ['<b><a href=\"\/poiss?slug=casa-do-monge\">Casa do Monge <\/a><\/b>', 41.000147, -7.706313, \"\/wp-content\/plugins\/discover-douro\/imgs\/onde_dormir.png\"],\n     ['<b><a href=\"\/poiss?slug=restaurante-varandas\">Restaurante Varandas<\/a><\/b>', 40.980568, -7.614183, \"\/wp-content\/plugins\/discover-douro\/imgs\/onde_comer.png\"],\n     ['<b><a href=\"\/poiss?slug=pizzaria-pinoquio\">Pizzaria Pinoquio<\/a><\/b>', 40.977342, -7.614555, \"\/wp-content\/plugins\/discover-douro\/imgs\/onde_comer.png\"],\n     ['<b><a href=\"\/poiss?slug=coisas-daldeia\">Coisas d Aldeia<\/a><\/b>', 40.97935, -7.615212, \"\/wp-content\/plugins\/discover-douro\/imgs\/onde_comer.png\"],\n     ['<b><a href=\"\/poiss?slug=residencial-pico-do-meio-dia\">Residencial Pico do Meio-Dia<\/a><\/b>', 40.984949, -7.617983, \"\/wp-content\/plugins\/discover-douro\/imgs\/onde_comer.png\"],\n     ['<b><a href=\"\/poiss?slug=restaurante-pizzaria-bela-vista\">Restaurante Pizzaria Bela Vista<\/a><\/b>', 40.986346, -7.620117, \"\/wp-content\/plugins\/discover-douro\/imgs\/onde_comer.png\"],\n     ['<b><a href=\"\/poiss?slug=restaurante-prato-dourado\">Restaurante Prato Dourado<\/a><\/b>', 40.980533, -7.614206, \"\/wp-content\/plugins\/discover-douro\/imgs\/onde_comer.png\"],\n     ['<b><a href=\"\/poiss?slug=restaurante-pizzaria-o-lopes\">Restaurante Pizzaria  O Lopes <\/a><\/b>', 40.985876, -7.537205, \"\/wp-content\/plugins\/discover-douro\/imgs\/onde_comer.png\"],\n     ['<b><a href=\"\/poiss?slug=moinho\">Moinho<\/a><\/b>', 40.972138, -7.647177, \"\/wp-content\/plugins\/discover-douro\/imgs\/onde_dormir.png\"],\n     ['<b><a href=\"\/poiss?slug=biblioteca-aquilino-ribeiro\">Biblioteca Aquilino Ribeiro<\/a><\/b>', 40.981169, -7.611615, \"\/wp-content\/plugins\/discover-douro\/imgs\/o_que_visitar.png\"],\n            ];\n        var map = new google.maps.Map(document.getElementById('map'), {\n        zoom: 12,\n                center: center\n        });\n        var infowindow = new google.maps.InfoWindow({});\n        var marker, count;\n        for (count = 0; count < locations.length; count++) {\n        marker = new google.maps.Marker({\n        position: new google.maps.LatLng(locations[count][1], locations[count][2]),\n                map: map,\n                icon: locations[count][3],\n                title: locations[count][0]\n        });\n        google.maps.event.addListener(marker, 'click', (function (marker, count) {\n        return function () {\n        infowindow.setContent(locations[count][0]);\n        infowindow.open(map, marker);\n        }\n        })(marker, count));\n        }\n        }\n\n    <\/script>\n\n\n    <\/div>\n\t\t\t\t\t\t<\/div>\n\t\t\t\t<\/div>\n\t\t\t\t<\/div>\n\t\t\t\t<\/div>\n\t\t","protected":false},"featured_media":32187,"template":"","class_list":["post-41301","municipio","type-municipio","status-publish","has-post-thumbnail","hentry"],"acf":[],"yoast_head":"<!-- This site is optimized with the Yoast SEO plugin v26.2 - https:\/\/yoast.com\/wordpress\/plugins\/seo\/ -->\n<title>Moimenta da Beira - Discover Douro<\/title>\n<meta name=\"robots\" content=\"index, follow, max-snippet:-1, max-image-preview:large, max-video-preview:-1\" \/>\n<link rel=\"canonical\" href=\"https:\/\/discoverdouro.pt\/es\/municipio\/moimenta-da-beira\" \/>\n<meta property=\"og:locale\" content=\"es_ES\" \/>\n<meta property=\"og:type\" content=\"article\" \/>\n<meta property=\"og:title\" content=\"Moimenta da Beira - Discover Douro\" \/>\n<meta property=\"og:description\" content=\"Tiene un clima mediterr\u00e1neo con aires continentales, inviernos fr\u00edos y veranos secos y calurosos, y est\u00e1 situada entre el valle del Duero y el altiplano de Beira Alta. Limita al norte con los municipios de Tabua\u00e7o y Armamar; al oeste con Tarouca; al suroeste con Vila Nova de Paiva; al este con Sernancelhe; y al [&hellip;]\" \/>\n<meta property=\"og:url\" content=\"https:\/\/discoverdouro.pt\/es\/municipio\/moimenta-da-beira\" \/>\n<meta property=\"og:site_name\" content=\"Discover Douro\" \/>\n<meta property=\"article:publisher\" content=\"https:\/\/www.facebook.com\/profile.php?id=61555234744391\" \/>\n<meta property=\"article:modified_time\" content=\"2024-01-22T10:33:38+00:00\" \/>\n<meta property=\"og:image\" content=\"https:\/\/discoverdouro.pt\/wp-content\/uploads\/2023\/09\/Moimenta-Black.png\" \/>\n\t<meta property=\"og:image:width\" content=\"251\" \/>\n\t<meta property=\"og:image:height\" content=\"150\" \/>\n\t<meta property=\"og:image:type\" content=\"image\/png\" \/>\n<meta name=\"twitter:card\" content=\"summary_large_image\" \/>\n<meta name=\"twitter:site\" content=\"@DiscoverDouro\" \/>\n<meta name=\"twitter:label1\" content=\"Est. reading time\" \/>\n\t<meta name=\"twitter:data1\" content=\"5 minutes\" \/>\n<script type=\"application\/ld+json\" class=\"yoast-schema-graph\">{\"@context\":\"https:\/\/schema.org\",\"@graph\":[{\"@type\":\"WebPage\",\"@id\":\"https:\/\/discoverdouro.pt\/es\/municipio\/moimenta-da-beira\",\"url\":\"https:\/\/discoverdouro.pt\/es\/municipio\/moimenta-da-beira\",\"name\":\"Moimenta da Beira - Discover Douro\",\"isPartOf\":{\"@id\":\"https:\/\/discoverdouro.pt\/es#website\"},\"primaryImageOfPage\":{\"@id\":\"https:\/\/discoverdouro.pt\/es\/municipio\/moimenta-da-beira#primaryimage\"},\"image\":{\"@id\":\"https:\/\/discoverdouro.pt\/es\/municipio\/moimenta-da-beira#primaryimage\"},\"thumbnailUrl\":\"https:\/\/discoverdouro.pt\/wp-content\/uploads\/2023\/09\/Moimenta-Black.png\",\"datePublished\":\"2023-12-13T10:52:33+00:00\",\"dateModified\":\"2024-01-22T10:33:38+00:00\",\"breadcrumb\":{\"@id\":\"https:\/\/discoverdouro.pt\/es\/municipio\/moimenta-da-beira#breadcrumb\"},\"inLanguage\":\"es\",\"potentialAction\":[{\"@type\":\"ReadAction\",\"target\":[\"https:\/\/discoverdouro.pt\/es\/municipio\/moimenta-da-beira\"]}]},{\"@type\":\"ImageObject\",\"inLanguage\":\"es\",\"@id\":\"https:\/\/discoverdouro.pt\/es\/municipio\/moimenta-da-beira#primaryimage\",\"url\":\"https:\/\/discoverdouro.pt\/wp-content\/uploads\/2023\/09\/Moimenta-Black.png\",\"contentUrl\":\"https:\/\/discoverdouro.pt\/wp-content\/uploads\/2023\/09\/Moimenta-Black.png\",\"width\":251,\"height\":150},{\"@type\":\"BreadcrumbList\",\"@id\":\"https:\/\/discoverdouro.pt\/es\/municipio\/moimenta-da-beira#breadcrumb\",\"itemListElement\":[{\"@type\":\"ListItem\",\"position\":1,\"name\":\"Home\",\"item\":\"https:\/\/discoverdouro.pt\/es\"},{\"@type\":\"ListItem\",\"position\":2,\"name\":\"Munic\u00edpios\",\"item\":\"https:\/\/discoverdouro.pt\/es\/municipio\"},{\"@type\":\"ListItem\",\"position\":3,\"name\":\"Moimenta da Beira\"}]},{\"@type\":\"WebSite\",\"@id\":\"https:\/\/discoverdouro.pt\/es#website\",\"url\":\"https:\/\/discoverdouro.pt\/es\",\"name\":\"Discover Douro\",\"description\":\"O Para\u00edso de Portugal\",\"publisher\":{\"@id\":\"https:\/\/discoverdouro.pt\/es#organization\"},\"potentialAction\":[{\"@type\":\"SearchAction\",\"target\":{\"@type\":\"EntryPoint\",\"urlTemplate\":\"https:\/\/discoverdouro.pt\/es?s={search_term_string}\"},\"query-input\":{\"@type\":\"PropertyValueSpecification\",\"valueRequired\":true,\"valueName\":\"search_term_string\"}}],\"inLanguage\":\"es\"},{\"@type\":\"Organization\",\"@id\":\"https:\/\/discoverdouro.pt\/es#organization\",\"name\":\"Discover Douro\",\"url\":\"https:\/\/discoverdouro.pt\/es\",\"logo\":{\"@type\":\"ImageObject\",\"inLanguage\":\"es\",\"@id\":\"https:\/\/discoverdouro.pt\/es#\/schema\/logo\/image\/\",\"url\":\"https:\/\/www.discoverdouro.pt\/wp-content\/uploads\/2024\/01\/cropped-Icon_Discover.png\",\"contentUrl\":\"https:\/\/www.discoverdouro.pt\/wp-content\/uploads\/2024\/01\/cropped-Icon_Discover.png\",\"width\":512,\"height\":512,\"caption\":\"Discover Douro\"},\"image\":{\"@id\":\"https:\/\/discoverdouro.pt\/es#\/schema\/logo\/image\/\"},\"sameAs\":[\"https:\/\/www.facebook.com\/profile.php?id=61555234744391\",\"https:\/\/x.com\/DiscoverDouro\",\"https:\/\/www.instagram.com\/discover.douro\",\"https:\/\/www.tiktok.com\/@discoverdouro\",\"https:\/\/www.linkedin.com\/company\/discover-douro\/\"]}]}<\/script>\n<!-- \/ Yoast SEO plugin. -->","yoast_head_json":{"title":"Moimenta da Beira - Discover Douro","robots":{"index":"index","follow":"follow","max-snippet":"max-snippet:-1","max-image-preview":"max-image-preview:large","max-video-preview":"max-video-preview:-1"},"canonical":"https:\/\/discoverdouro.pt\/es\/municipio\/moimenta-da-beira","og_locale":"es_ES","og_type":"article","og_title":"Moimenta da Beira - Discover Douro","og_description":"Tiene un clima mediterr\u00e1neo con aires continentales, inviernos fr\u00edos y veranos secos y calurosos, y est\u00e1 situada entre el valle del Duero y el altiplano de Beira Alta. Limita al norte con los municipios de Tabua\u00e7o y Armamar; al oeste con Tarouca; al suroeste con Vila Nova de Paiva; al este con Sernancelhe; y al [&hellip;]","og_url":"https:\/\/discoverdouro.pt\/es\/municipio\/moimenta-da-beira","og_site_name":"Discover Douro","article_publisher":"https:\/\/www.facebook.com\/profile.php?id=61555234744391","article_modified_time":"2024-01-22T10:33:38+00:00","og_image":[{"width":251,"height":150,"url":"https:\/\/discoverdouro.pt\/wp-content\/uploads\/2023\/09\/Moimenta-Black.png","type":"image\/png"}],"twitter_card":"summary_large_image","twitter_site":"@DiscoverDouro","twitter_misc":{"Est. reading time":"5 minutes"},"schema":{"@context":"https:\/\/schema.org","@graph":[{"@type":"WebPage","@id":"https:\/\/discoverdouro.pt\/es\/municipio\/moimenta-da-beira","url":"https:\/\/discoverdouro.pt\/es\/municipio\/moimenta-da-beira","name":"Moimenta da Beira - Discover Douro","isPartOf":{"@id":"https:\/\/discoverdouro.pt\/es#website"},"primaryImageOfPage":{"@id":"https:\/\/discoverdouro.pt\/es\/municipio\/moimenta-da-beira#primaryimage"},"image":{"@id":"https:\/\/discoverdouro.pt\/es\/municipio\/moimenta-da-beira#primaryimage"},"thumbnailUrl":"https:\/\/discoverdouro.pt\/wp-content\/uploads\/2023\/09\/Moimenta-Black.png","datePublished":"2023-12-13T10:52:33+00:00","dateModified":"2024-01-22T10:33:38+00:00","breadcrumb":{"@id":"https:\/\/discoverdouro.pt\/es\/municipio\/moimenta-da-beira#breadcrumb"},"inLanguage":"es","potentialAction":[{"@type":"ReadAction","target":["https:\/\/discoverdouro.pt\/es\/municipio\/moimenta-da-beira"]}]},{"@type":"ImageObject","inLanguage":"es","@id":"https:\/\/discoverdouro.pt\/es\/municipio\/moimenta-da-beira#primaryimage","url":"https:\/\/discoverdouro.pt\/wp-content\/uploads\/2023\/09\/Moimenta-Black.png","contentUrl":"https:\/\/discoverdouro.pt\/wp-content\/uploads\/2023\/09\/Moimenta-Black.png","width":251,"height":150},{"@type":"BreadcrumbList","@id":"https:\/\/discoverdouro.pt\/es\/municipio\/moimenta-da-beira#breadcrumb","itemListElement":[{"@type":"ListItem","position":1,"name":"Home","item":"https:\/\/discoverdouro.pt\/es"},{"@type":"ListItem","position":2,"name":"Munic\u00edpios","item":"https:\/\/discoverdouro.pt\/es\/municipio"},{"@type":"ListItem","position":3,"name":"Moimenta da Beira"}]},{"@type":"WebSite","@id":"https:\/\/discoverdouro.pt\/es#website","url":"https:\/\/discoverdouro.pt\/es","name":"Discover Douro","description":"O Para\u00edso de Portugal","publisher":{"@id":"https:\/\/discoverdouro.pt\/es#organization"},"potentialAction":[{"@type":"SearchAction","target":{"@type":"EntryPoint","urlTemplate":"https:\/\/discoverdouro.pt\/es?s={search_term_string}"},"query-input":{"@type":"PropertyValueSpecification","valueRequired":true,"valueName":"search_term_string"}}],"inLanguage":"es"},{"@type":"Organization","@id":"https:\/\/discoverdouro.pt\/es#organization","name":"Discover Douro","url":"https:\/\/discoverdouro.pt\/es","logo":{"@type":"ImageObject","inLanguage":"es","@id":"https:\/\/discoverdouro.pt\/es#\/schema\/logo\/image\/","url":"https:\/\/www.discoverdouro.pt\/wp-content\/uploads\/2024\/01\/cropped-Icon_Discover.png","contentUrl":"https:\/\/www.discoverdouro.pt\/wp-content\/uploads\/2024\/01\/cropped-Icon_Discover.png","width":512,"height":512,"caption":"Discover Douro"},"image":{"@id":"https:\/\/discoverdouro.pt\/es#\/schema\/logo\/image\/"},"sameAs":["https:\/\/www.facebook.com\/profile.php?id=61555234744391","https:\/\/x.com\/DiscoverDouro","https:\/\/www.instagram.com\/discover.douro","https:\/\/www.tiktok.com\/@discoverdouro","https:\/\/www.linkedin.com\/company\/discover-douro\/"]}]}},"_links":{"self":[{"href":"https:\/\/discoverdouro.pt\/es\/wp-json\/wp\/v2\/municipio\/41301","targetHints":{"allow":["GET"]}}],"collection":[{"href":"https:\/\/discoverdouro.pt\/es\/wp-json\/wp\/v2\/municipio"}],"about":[{"href":"https:\/\/discoverdouro.pt\/es\/wp-json\/wp\/v2\/types\/municipio"}],"version-history":[{"count":23,"href":"https:\/\/discoverdouro.pt\/es\/wp-json\/wp\/v2\/municipio\/41301\/revisions"}],"predecessor-version":[{"id":46076,"href":"https:\/\/discoverdouro.pt\/es\/wp-json\/wp\/v2\/municipio\/41301\/revisions\/46076"}],"wp:featuredmedia":[{"embeddable":true,"href":"https:\/\/discoverdouro.pt\/es\/wp-json\/wp\/v2\/media\/32187"}],"wp:attachment":[{"href":"https:\/\/discoverdouro.pt\/es\/wp-json\/wp\/v2\/media?parent=41301"}],"curies":[{"name":"wp","href":"https:\/\/api.w.org\/{rel}","templated":true}]}}