{"id":41336,"date":"2023-12-13T10:25:03","date_gmt":"2023-12-13T10:25:03","guid":{"rendered":"https:\/\/discoverdouro.digiupdev.com\/municipio\/carrazeda-de-ansiaes"},"modified":"2024-02-19T16:03:45","modified_gmt":"2024-02-19T16:03:45","slug":"carrazeda-de-ansiaes","status":"publish","type":"municipio","link":"https:\/\/discoverdouro.pt\/es\/municipio\/carrazeda-de-ansiaes","title":{"rendered":"Carrazeda de Ansi\u00e3es"},"content":{"rendered":"\t\t<div data-elementor-type=\"wp-post\" data-elementor-id=\"41336\" class=\"elementor elementor-41336 elementor-40566\" data-elementor-post-type=\"municipio\">\n\t\t\t\t\t\t<section class=\"elementor-section elementor-top-section elementor-element elementor-element-28d0f81 elementor-section-stretched elementor-section-boxed elementor-section-height-default elementor-section-height-default\" data-id=\"28d0f81\" data-element_type=\"section\" data-settings=\"{&quot;stretch_section&quot;:&quot;section-stretched&quot;,&quot;background_background&quot;:&quot;classic&quot;}\">\n\t\t\t\t\t\t\t<div class=\"elementor-background-overlay\"><\/div>\n\t\t\t\t\t\t\t<div class=\"elementor-container elementor-column-gap-default\">\n\t\t\t\t\t<div class=\"elementor-column elementor-col-100 elementor-top-column elementor-element elementor-element-045d0d5\" data-id=\"045d0d5\" data-element_type=\"column\">\n\t\t\t<div class=\"elementor-widget-wrap elementor-element-populated\">\n\t\t\t\t\t\t\t<\/div>\n\t\t<\/div>\n\t\t\t\t\t<\/div>\n\t\t<\/section>\n\t\t<div class=\"elementor-element elementor-element-3cf63d4 e-flex e-con-boxed e-con e-parent\" data-id=\"3cf63d4\" data-element_type=\"container\">\n\t\t\t\t\t<div class=\"e-con-inner\">\n\t\t<div class=\"elementor-element elementor-element-7ed579d e-con-full e-flex e-con e-child\" data-id=\"7ed579d\" data-element_type=\"container\">\n\t\t\t\t<div class=\"elementor-element elementor-element-aa7719d elementor-widget elementor-widget-text-editor\" data-id=\"aa7719d\" data-element_type=\"widget\" data-widget_type=\"text-editor.default\">\n\t\t\t\t<div class=\"elementor-widget-container\">\n\t\t\t\t\t\t\t\t\t<p>El municipio de Carrazeda de Ansi\u00e3es es una tierra antigua, variada y acogedora que se extiende por un territorio que posee una de las demarcaciones con referencias escritas m\u00e1s antiguas de la historia de nuestro pa\u00eds. Nos encontramos en uno de los municipios portugueses m\u00e1s antiguos, ya que su \u00e1rea territorial fue demarcada en torno al siglo XI, cuando el rey leon\u00e9s Fernando el Grande le concedi\u00f3 un fuero. Desde entonces, Ansi\u00e3es ha marcado toda la historia del nordeste de Tr\u00e1s-os-Montes, estableci\u00e9ndose en esta regi\u00f3n como una de las fortalezas m\u00e1s importantes de la orilla derecha del r\u00edo Duero.<\/p><p>El municipio se sit\u00faa en un trazado interfluvial, delimitado al sur y al oeste por los profundos valles de los r\u00edos Duero y Tua, y al norte y al noreste por la inmensidad de una meseta, donde emerge un paisaje m\u00e1s uniforme y arquitect\u00f3nico. Lo que caracteriza a este distrito territorial y administrativo es, sin duda, su gran diversidad paisaj\u00edstica y los testimonios imborrables de su rico pasado hist\u00f3rico.<\/p><p>Desde Foz-Tua, donde confluyen los dos r\u00edos, se tarda una media hora en llegar a la localidad, sede del actual municipio. En esta ruta, de poco m\u00e1s de 17 kil\u00f3metros, se experimenta una verdadera sensaci\u00f3n de cambio. En poco tiempo, el esquisto deja paso al granito, las vides y los olivos a los casta\u00f1os y manzanos, y el terreno deja de ser duro, abrupto, casi dram\u00e1tico, para convertirse en una extensi\u00f3n abierta y tranquila de silencio y paz.<\/p><p>En sus 281,8 kil\u00f3metros cuadrados viven actualmente unos 5.490 habitantes repartidos en 14 parroquias, lo que lo convierte en un municipio t\u00edpicamente rural que explota econ\u00f3micamente una gran variedad de recursos agr\u00edcolas, donde el vino, el aceite de oliva y las manzanas son los productos m\u00e1s rentables.<\/p><p>De las vides, que ocupan principalmente a los habitantes de los pueblos situados dentro de la zona del &#8220;Paisaje Cultural Vivo y en Evoluci\u00f3n&#8221;, clasificada como Patrimonio de la Humanidad por la UNESCO, sale el preciado y famoso &#8220;n\u00e9ctar&#8221;, que aqu\u00ed se llama &#8220;vino fino&#8221; o &#8220;vino tratado&#8221;, pero que desde Gaia invade los mercados internacionales con el carism\u00e1tico nombre de &#8220;vino de Oporto&#8221;.<br \/>El aceite de oliva tambi\u00e9n es famoso y est\u00e1 a la altura en cuanto a calidad de las naranjas, los higos, las casta\u00f1as, las patatas de la meseta y los subproductos de la ganader\u00eda pastoril, donde destaca el queso como producto de excelente calidad.<\/p><p>En las \u00faltimas d\u00e9cadas, la producci\u00f3n de manzanas es la que m\u00e1s ha crecido en el municipio y actualmente es una fruta de gran calidad. Las manzanas de la meseta carrazedense son jugosas y se someten a los m\u00e1s altos est\u00e1ndares de selecci\u00f3n antes de su comercializaci\u00f3n.<br \/>La diversidad paisaj\u00edstica, la fauna, el patrimonio vern\u00e1culo, el patrimonio natural, el patrimonio arquitect\u00f3nico y, sobre todo, el patrimonio arqueol\u00f3gico son s\u00f3lo algunos ejemplos de las potenciales sinergias locales que pueden disfrutar los visitantes de nuestro municipio.<\/p><p>A todo ello hay que a\u00f1adir la caza, la gastronom\u00eda, la artesan\u00eda, la etnograf\u00eda y el termalismo, actividad l\u00fadica y terap\u00e9utica en la que el municipio tambi\u00e9n tiene un fuerte potencial.<\/p><p>Al viajero se le ofrece la habitual hospitalidad de la poblaci\u00f3n, la amabilidad, la calidad de los productos locales, la belleza del paisaje y de su entorno natural, pero tambi\u00e9n la ascendencia de una tierra que permite un viaje por tiempos remotos donde se anclan, entre otros muchos ejemplos, las famosas pinturas de Cach\u00e3o da Rapa, los d\u00f3lmenes de Vilarinho da Castanheira y Zedes, los conocidos riscos con inscripciones rupestres (fragas das ferraduras) y los ex libris locales y regionales: El Castillo de Ansi\u00e3es, clasificado Monumento Nacional desde 1910.<\/p>\t\t\t\t\t\t\t\t<\/div>\n\t\t\t\t<\/div>\n\t\t\t\t<div class=\"elementor-element elementor-element-a24b3b9 elementor-widget elementor-widget-video\" data-id=\"a24b3b9\" data-element_type=\"widget\" data-settings=\"{&quot;youtube_url&quot;:&quot;https:\\\/\\\/youtu.be\\\/2Z_6K3SuRKE&quot;,&quot;modestbranding&quot;:&quot;yes&quot;,&quot;yt_privacy&quot;:&quot;yes&quot;,&quot;lazy_load&quot;:&quot;yes&quot;,&quot;video_type&quot;:&quot;youtube&quot;,&quot;controls&quot;:&quot;yes&quot;}\" data-widget_type=\"video.default\">\n\t\t\t\t<div class=\"elementor-widget-container\">\n\t\t\t\t\t\t\t<div class=\"elementor-wrapper elementor-open-inline\">\n\t\t\t<div class=\"elementor-video\"><\/div>\t\t<\/div>\n\t\t\t\t\t\t<\/div>\n\t\t\t\t<\/div>\n\t\t<div class=\"elementor-element elementor-element-f5bea00 e-flex e-con-boxed e-con e-child\" data-id=\"f5bea00\" data-element_type=\"container\">\n\t\t\t\t\t<div class=\"e-con-inner\">\n\t\t\t\t<div class=\"elementor-element elementor-element-957e764 elementor-widget elementor-widget-shortcode\" data-id=\"957e764\" data-element_type=\"widget\" data-widget_type=\"shortcode.default\">\n\t\t\t\t<div class=\"elementor-widget-container\">\n\t\t\t\t\t\t\t<div class=\"elementor-shortcode\">      \n\n\n\n    <div class=\"icons\">\n\n        <div class=\"single_icon\">\n            <a href=\"\/onde-comer?mun=64511785e8f4278a16912766\">\n                <img decoding=\"async\" src=\"\/wp-content\/uploads\/2024\/01\/comer-2.png\">\n                <p class=\"title_icon\">D\u00f3nde comer<\/p>\n            <\/a>\n        <\/div>\n        <div class=\"single_icon\">\n            <a href=\"\/onde-dormir?mun=64511785e8f4278a16912766\">\n                <img decoding=\"async\" src=\"\/wp-content\/uploads\/2024\/01\/dormir-2.png\">\n                <p class=\"title_icon\">D\u00f3nde dormir<\/p>\n            <\/a>\n        <\/div>\n        <div class=\"single_icon\">\n            <a href=\"\/o-que-visitar?mun=64511785e8f4278a16912766\">\n                <img decoding=\"async\" src=\"\/wp-content\/uploads\/2024\/01\/patrimonio-2.png\">\n                <p class=\"title_icon\">Qu\u00e9 ver<\/p>\n            <\/a>\n        <\/div>\n        <div class=\"single_icon\">\n            <a href=\"\/onde-se-divertir?mun=64511785e8f4278a16912766\">\n                <img decoding=\"async\" src=\"\/wp-content\/uploads\/2024\/01\/Onde-se-Divertir-3.png\">\n                <p class=\"title_icon\">D\u00f3nde divertirse<\/p>\n            <\/a>\n        <\/div>\n        <div class=\"single_icon\">\n            <a href=\"\/itinerarios-municipio?mun=carrazeda-de-ansiaes\">\n                <img decoding=\"async\" src=\"\/wp-content\/uploads\/2024\/02\/itinerarios.png\">\n                <p class=\"title_icon\">Itinerarios<\/p>\n            <\/a>\n        <\/div>\n                <div class=\"single_icon sabores_saberes\">\n                <a href=\"\/es\/sabores-y-conocimientos-carrazeda-de-anciaes\">\n                    <img decoding=\"async\" src=\"\/wp-content\/uploads\/2024\/01\/Sabores-e-Saberes-1-1-1.png\">\n                    <p class=\"title_icon\">Sabores y Conocimientos<\/p>\n                <\/a>\n            <\/div>\n    \n    <\/div>     \n\n    <style>\n\n        .icons {\n            display: flex;\n            gap: 30px;\n        }\n\n        .single_icon {\n            text-align: center;\n        }\n\n        .icons img {\n            width: 58px !important;\n        }\n\n        p.title_icon {\n            margin: 32px 0 0;\n            color: #384B98;\n            font-size: 16px;\n            font-weight: 500;\n            text-transform: capitalize;\n            line-height: 42px;\n            word-wrap: break-word;\n        }\n\n        @media only screen and (max-width: 768px) {\n\n            .icons {\n                display: flex;\n                gap: 10px;\n            }\n\n            p.title_icon {\n                margin: 25px 0 0;\n                font-size: 12px;\n            }\n\n            .single_icon img {\n                width: 48px !important;\n                height: 48px;\n            }\n\n        }\n\n\n\n\n    <\/style>\n\n    <\/div>\n\t\t\t\t\t\t<\/div>\n\t\t\t\t<\/div>\n\t\t\t\t\t<\/div>\n\t\t\t\t<\/div>\n\t\t\t\t<\/div>\n\t\t<div class=\"elementor-element elementor-element-7ba6895 e-con-full e-flex e-con e-child\" data-id=\"7ba6895\" data-element_type=\"container\">\n\t\t<div class=\"elementor-element elementor-element-78d358e e-flex e-con-boxed e-con e-child\" data-id=\"78d358e\" data-element_type=\"container\">\n\t\t\t\t\t<div class=\"e-con-inner\">\n\t\t\t\t<div class=\"elementor-element elementor-element-c617858 elementor-widget elementor-widget-image\" data-id=\"c617858\" data-element_type=\"widget\" data-widget_type=\"image.default\">\n\t\t\t\t<div class=\"elementor-widget-container\">\n\t\t\t\t\t\t\t\t\t\t\t\t\t\t\t<img decoding=\"async\" width=\"251\" height=\"150\" src=\"https:\/\/discoverdouro.pt\/wp-content\/uploads\/2023\/07\/CarrazedadeAnsiaes-White.png\" class=\"attachment-full size-full wp-image-23778\" alt=\"\" \/>\t\t\t\t\t\t\t\t\t\t\t\t\t\t\t<\/div>\n\t\t\t\t<\/div>\n\t\t\t\t\t<\/div>\n\t\t\t\t<\/div>\n\t\t<div class=\"elementor-element elementor-element-8e24e06 e-flex e-con-boxed e-con e-child\" data-id=\"8e24e06\" data-element_type=\"container\">\n\t\t\t\t\t<div class=\"e-con-inner\">\n\t\t\t\t<div class=\"elementor-element elementor-element-63531e5 elementor-widget elementor-widget-image\" data-id=\"63531e5\" data-element_type=\"widget\" data-widget_type=\"image.default\">\n\t\t\t\t<div class=\"elementor-widget-container\">\n\t\t\t\t\t\t\t\t\t\t\t\t\t\t\t<img fetchpriority=\"high\" decoding=\"async\" width=\"1000\" height=\"1000\" src=\"https:\/\/discoverdouro.pt\/wp-content\/uploads\/2023\/12\/Mapa_CarrazedadeAnsiaes.png\" class=\"attachment-full size-full wp-image-42537\" alt=\"\" srcset=\"https:\/\/discoverdouro.pt\/wp-content\/uploads\/2023\/12\/Mapa_CarrazedadeAnsiaes.png 1000w, https:\/\/discoverdouro.pt\/wp-content\/uploads\/2023\/12\/Mapa_CarrazedadeAnsiaes-300x300.png 300w, https:\/\/discoverdouro.pt\/wp-content\/uploads\/2023\/12\/Mapa_CarrazedadeAnsiaes-150x150.png 150w, https:\/\/discoverdouro.pt\/wp-content\/uploads\/2023\/12\/Mapa_CarrazedadeAnsiaes-768x768.png 768w\" sizes=\"(max-width: 1000px) 100vw, 1000px\" \/>\t\t\t\t\t\t\t\t\t\t\t\t\t\t\t<\/div>\n\t\t\t\t<\/div>\n\t\t\t\t\t<\/div>\n\t\t\t\t<\/div>\n\t\t<div class=\"elementor-element elementor-element-2d13738 e-flex e-con-boxed e-con e-child\" data-id=\"2d13738\" data-element_type=\"container\">\n\t\t\t\t\t<div class=\"e-con-inner\">\n\t\t\t\t<div class=\"elementor-element elementor-element-ec7fff4 elementor-widget elementor-widget-text-editor\" data-id=\"ec7fff4\" data-element_type=\"widget\" data-widget_type=\"text-editor.default\">\n\t\t\t\t<div class=\"elementor-widget-container\">\n\t\t\t\t\t\t\t\t\t<div class=\"elementor-element elementor-element-099ccec elementor-widget elementor-widget-text-editor\" data-id=\"099ccec\" data-element_type=\"widget\" data-widget_type=\"text-editor.default\"><div class=\"elementor-widget-container\"><p id=\"E85\" class=\"x-scope qowt-word-para-3\"><strong>C\u00f3digo Postal:<\/strong> 5140-077 Carrazeda de Ansi\u00e3es (Este \u00e9 o c\u00f3digo da C\u00e2mara Municipal)<br \/><strong>Densidad de poblaci\u00f3n:<\/strong> 20 habitantes por km2<br \/><strong>Distrito:<\/strong> Bragan\u00e7a<br \/><strong>Fiesta municipal:<\/strong> 31 de Agosto<br \/><strong>Fundaci\u00f3n del municipio (o carta):<\/strong> 6 de Abril de 1734 (transfer\u00eancia dos Pa\u00e7os do concelho de Ansi\u00e3es para Carrazeda) O primeiro foral \u00e9 do s\u00e9culo XI, com data\u00e7\u00e3o aproximada entre 1056\/1060 Foral atribu\u00eddo pelo rei leon\u00eas Fernando O Magno<br \/><strong>N\u00ba de parroquias:<\/strong>14<br \/><strong>Oratorio:<\/strong> Santa \u00c1gueda<\/p><\/div><\/div>\t\t\t\t\t\t\t\t<\/div>\n\t\t\t\t<\/div>\n\t\t\t\t\t<\/div>\n\t\t\t\t<\/div>\n\t\t\t\t<\/div>\n\t\t\t\t\t<\/div>\n\t\t\t\t<\/div>\n\t\t<div class=\"elementor-element elementor-element-1c7289c e-flex e-con-boxed e-con e-parent\" data-id=\"1c7289c\" data-element_type=\"container\">\n\t\t\t\t\t<div class=\"e-con-inner\">\n\t\t\t\t<div class=\"elementor-element elementor-element-bb75090 elementor-widget elementor-widget-shortcode\" data-id=\"bb75090\" data-element_type=\"widget\" data-widget_type=\"shortcode.default\">\n\t\t\t\t<div class=\"elementor-widget-container\">\n\t\t\t\t\t\t\t<div class=\"elementor-shortcode\">        \n\n        \n                <h2 class=\"title_events\">Eventos<\/h2>\n        <div class=\"list\">   \n\n            \n                <div class=\"card_record\">\n                    <div class=\"image_record\">\n                        <a href=\"\/es\/evento?slug=torneio-e-mercado-medieval-de-ansiaes-2026\">\n\n                                            <img decoding=\"async\" class=\"\" loading=\"lazy\" style=\"\" src=\"https:\/\/api.discoverdouro.pt\/images\/6981036ca802cb0657405e46\" \/>\n                                    <\/a>\n                    <\/div>\n\n                    <div class=\"infos_record\">\n                        <div class=\"column1\">\n                            <div class=\"title_record\">\n                                <a href=\"\/es\/evento?slug=torneio-e-mercado-medieval-de-ansiaes-2026\">\n                                    <h2> Torneio e Mercado Medieval de Ansi\u00e3es <\/h2>\n                                <\/a>\n\n                            <\/div>\n\n\n                            <div class=\"local\">\n\n                                <div class=\"icon_list\">\n                                    <div class=\"icon\">\n                                        <img decoding=\"async\" src=\"\/wp-content\/plugins\/discover-douro\/imgs\/calendar.svg\">\n                                    <\/div>\n                                    <div class=\"city\">28 May 2026<\/div>\n                                <\/div>\n\n                                <div class=\"icon_list\" >\n                                    <div class=\"icon\" style=\"padding-top:2px\">\n                                        <img decoding=\"async\" src=\"\/wp-content\/plugins\/discover-douro\/imgs\/time.svg\">\n                                    <\/div>\n                                    <div class=\"city\">20:00h<\/div>\n                                <\/div>\n\n                            <\/div>\n                            <div class=\"local\" style=\"padding-top: 5px;\">\n                                <div class=\"icon\">\n                                    <img decoding=\"async\" src=\"\/wp-content\/plugins\/discover-douro\/imgs\/place.svg\">\n                                <\/div>\n                                <div class=\"city\">Carrazeda de Ansi\u00e3es<\/div>\n                            <\/div>\n\n                        <\/div>\n\n\n                    <\/div>\n                <\/div>\n\n            \n                <div class=\"card_record\">\n                    <div class=\"image_record\">\n                        <a href=\"\/es\/evento?slug=feira-da-maca-do-vinho-e-do-azeite_1\">\n\n                                            <img decoding=\"async\" class=\"\" loading=\"lazy\" style=\"\" src=\"https:\/\/api.discoverdouro.pt\/images\/698106aba802cb0657405fc1\" \/>\n                                    <\/a>\n                    <\/div>\n\n                    <div class=\"infos_record\">\n                        <div class=\"column1\">\n                            <div class=\"title_record\">\n                                <a href=\"\/es\/evento?slug=feira-da-maca-do-vinho-e-do-azeite_1\">\n                                    <h2> 29\u00aa Feira da Ma\u00e7\u00e3 do Vinho e do Azeite<\/h2>\n                                <\/a>\n\n                            <\/div>\n\n\n                            <div class=\"local\">\n\n                                <div class=\"icon_list\">\n                                    <div class=\"icon\">\n                                        <img decoding=\"async\" src=\"\/wp-content\/plugins\/discover-douro\/imgs\/calendar.svg\">\n                                    <\/div>\n                                    <div class=\"city\">28 Ago 2026<\/div>\n                                <\/div>\n\n                                <div class=\"icon_list\" >\n                                    <div class=\"icon\" style=\"padding-top:2px\">\n                                        <img decoding=\"async\" src=\"\/wp-content\/plugins\/discover-douro\/imgs\/time.svg\">\n                                    <\/div>\n                                    <div class=\"city\">17:00h<\/div>\n                                <\/div>\n\n                            <\/div>\n                            <div class=\"local\" style=\"padding-top: 5px;\">\n                                <div class=\"icon\">\n                                    <img decoding=\"async\" src=\"\/wp-content\/plugins\/discover-douro\/imgs\/place.svg\">\n                                <\/div>\n                                <div class=\"city\">Carrazeda de Ansi\u00e3es<\/div>\n                            <\/div>\n\n                        <\/div>\n\n\n                    <\/div>\n                <\/div>\n\n                          \n        <\/div>  \n    \n    <!--Styles para teste-->\n\n    <style>\n\n        h2.not_found {\n            text-align: left;\n            font-size:20px;\n        }\n        \n        \n        .list:has(.not_found) {\n            grid-template-columns: repeat(1, 1fr) !important;\n        }\n\n        h2.title_events{\n            font-size: 30px;\n            font-weight: 700;\n            line-height: 1.3em;\n        }\n\n        .list, .pagination {\n            display: grid;\n            grid-template-columns: repeat(3, 4fr);\n            gap: 64px 20px;\n        }\n\n        .card_record{\n            border-radius: 30px;\n            box-shadow: 0px 0px 5px 0px rgba(0,0,0,0.5);\n\n        }\n\n        .image_record img {\n            border-radius: 30px 30px 0 0;\n            height: 300px;\n            width: 100%;\n            object-fit: cover;\n            background-color: white;\n        }\n\n        .infos_record{\n            background-color: white;\n            height: 179px;\n            border-radius: 0px 0px 30px 30px ;\n            padding: 19px 19px;\n            display: flex;\n        }\n\n        .infos_record .column1 {\n            width: 90%;\n        }\n\n        .infos_record .column2 {\n            width: 10%;\n            text-align: center;\n            margin-left: 5px;\n        }\n\n        .title_record {\n            min-height: 70px;\n        }\n\n        .infos_record h2{\n            font-weight: 400;\n            font-size: 19px;\n            line-height: 21px;\n            color:black;\n            margin: 0;\n        }\n\n        .list{\n            margin-top:50px;\n            margin-bottom:80px;\n        }\n\n\n        .local {\n            display: flex;\n            gap: 12px;\n            padding-top: 18px;\n            width: 100%;\n            align-items: flex-end;\n        }\n\n        .icon img{\n            height: 16px;\n        }\n\n        .icon_list {\n            gap: 8px;\n            display: flex;\n            flex-direction: row;\n        }\n\n        .city{\n            font-size: 13px;\n        }\n\n\n        a.favourite_icon:hover img {\n            content: url(\/wp-content\/plugins\/discover-douro\/imgs\/heart-blue.svg);\n        }\n\n\n\n\n        @media only screen and (max-width: 768px) {\n\n\n            .list, .pagination {\n                display: grid;\n                grid-template-columns: repeat(1, 4fr);\n                \/* grid-template-rows: repeat(3, 600px); *\/\n                gap: 24px 20px;\n                padding: 10px;\n            }\n\n            .total{\n                text-align: center;\n            }\n\n            .pagination {\n                margin-top: 15px;\n            }\n\n            h2.not_found {\n                text-align: center;\n                margin: 120px 40px 100px 40px !important;\n                font-size:27px;\n            }\n\n        }\n\n\n\n\n    <\/style>\n\n\n\n\n\n    <\/div>\n\t\t\t\t\t\t<\/div>\n\t\t\t\t<\/div>\n\t\t\t\t\t<\/div>\n\t\t\t\t<\/div>\n\t\t<div class=\"elementor-element elementor-element-cb3aaad e-flex e-con-boxed e-con e-parent\" data-id=\"cb3aaad\" data-element_type=\"container\">\n\t\t\t\t\t<div class=\"e-con-inner\">\n\t\t\t\t<div class=\"elementor-element elementor-element-b4ce522 elementor-widget elementor-widget-toggle\" data-id=\"b4ce522\" data-element_type=\"widget\" data-widget_type=\"toggle.default\">\n\t\t\t\t<div class=\"elementor-widget-container\">\n\t\t\t\t\t\t\t<div class=\"elementor-toggle\">\n\t\t\t\t\t\t\t<div class=\"elementor-toggle-item\">\n\t\t\t\t\t<div id=\"elementor-tab-title-1891\" class=\"elementor-tab-title\" data-tab=\"1\" role=\"button\" aria-controls=\"elementor-tab-content-1891\" aria-expanded=\"false\">\n\t\t\t\t\t\t\t\t\t\t\t\t<span class=\"elementor-toggle-icon elementor-toggle-icon-left\" aria-hidden=\"true\">\n\t\t\t\t\t\t\t\t\t\t\t\t\t\t\t<span class=\"elementor-toggle-icon-closed\"><svg class=\"e-font-icon-svg e-fas-chevron-down\" viewBox=\"0 0 448 512\" xmlns=\"http:\/\/www.w3.org\/2000\/svg\"><path d=\"M207.029 381.476L12.686 187.132c-9.373-9.373-9.373-24.569 0-33.941l22.667-22.667c9.357-9.357 24.522-9.375 33.901-.04L224 284.505l154.745-154.021c9.379-9.335 24.544-9.317 33.901.04l22.667 22.667c9.373 9.373 9.373 24.569 0 33.941L240.971 381.476c-9.373 9.372-24.569 9.372-33.942 0z\"><\/path><\/svg><\/span>\n\t\t\t\t\t\t\t\t<span class=\"elementor-toggle-icon-opened\"><svg class=\"elementor-toggle-icon-opened e-font-icon-svg e-fas-chevron-up\" viewBox=\"0 0 448 512\" xmlns=\"http:\/\/www.w3.org\/2000\/svg\"><path d=\"M240.971 130.524l194.343 194.343c9.373 9.373 9.373 24.569 0 33.941l-22.667 22.667c-9.357 9.357-24.522 9.375-33.901.04L224 227.495 69.255 381.516c-9.379 9.335-24.544 9.317-33.901-.04l-22.667-22.667c-9.373-9.373-9.373-24.569 0-33.941L207.03 130.525c9.372-9.373 24.568-9.373 33.941-.001z\"><\/path><\/svg><\/span>\n\t\t\t\t\t\t\t\t\t\t\t\t\t<\/span>\n\t\t\t\t\t\t\t\t\t\t\t\t<a class=\"elementor-toggle-title\" tabindex=\"0\">Contactos \u00datiles<\/a>\n\t\t\t\t\t<\/div>\n\n\t\t\t\t\t<div id=\"elementor-tab-content-1891\" class=\"elementor-tab-content elementor-clearfix\" data-tab=\"1\" role=\"region\" aria-labelledby=\"elementor-tab-title-1891\"><p id=\"E215\" class=\"x-scope qowt-word-para-2 x-scope qowt-word-para-2 x-scope qowt-word-para-2\"><span id=\"E216\"><strong>N\u00famero Nacional de Emerg\u00eancia:<\/strong> 112<\/span><\/p>\n<p class=\"x-scope qowt-word-para-2 x-scope qowt-word-para-2 x-scope qowt-word-para-2\"><span id=\"E216\"><\/span><span id=\"E218\"><strong>Bombeiros \u2013 Linha Verde:<\/strong> 800 202 425<\/span><\/p>\n<p id=\"E219\" class=\"x-scope qowt-word-para-2\"><strong><span id=\"E220\">C\u00e2mara Municipal de Carrazeda de Ansi\u00e3es<\/span><\/strong><\/p>\n<p id=\"E221\" class=\"x-scope qowt-word-para-2\"><span id=\"E222\">R. Jer\u00f3nimo Barbosa | 5140-077 Carrazeda de Ansi\u00e3es | GPS. 41.242662, -7.306328 | T. +351 278 610 200 | geral@cmca.pt | www.cmca.pt<\/span><\/p>\n<p id=\"E223\" class=\"x-scope qowt-word-para-2\"><strong><span id=\"E224\">Loja Interativa de Turismo<\/span><\/strong><\/p>\n<p id=\"E225\" class=\"x-scope qowt-word-para-2\"><span id=\"E226\">Pra\u00e7a do CITICA | 5140-085 Carrazeda de Ansi\u00e3es | GPS. 41.242002, -7.305644 | T.<\/span> <span id=\"E227\"> +351 278 098 507 | <\/span><a id=\"E228\" contenteditable=\"false\" href=\"mailto:lit@cmca.pt\" target=\"_blank\" rel=\"noopener\"><span id=\"E229\" class=\"qowt-stl-Hiperligao\">lit@cmca.pt<\/span><\/a><span id=\"E230\"> | <\/span><span id=\"E231\">turismo.cm-carrazedadeansiaes.pt<\/span><\/p>\n<p id=\"E232\" class=\"x-scope qowt-word-para-2\"><strong><span id=\"E233\">Centro de Sa\u00fade de Carrazeda de Ansi\u00e3es<\/span><\/strong><\/p>\n<p id=\"E234\" class=\"x-scope qowt-word-para-2\"><span id=\"E235\">Av. <\/span><span id=\"E237\">Eng\u00ba<\/span><span id=\"E239\"> Camilo de Mendon\u00e7a | 5140-073 Carrazeda de Ansi\u00e3es | GPS. 41.246988, -7.307246 | T. +351 278 610 050 | csczd@ulsne.min-saude.pt<\/span><\/p>\n<p id=\"E240\" class=\"x-scope qowt-word-para-2\"><strong><span id=\"E241\">Guarda Nacional Republicana &#8211; Posto Territorial de Carrazeda de Ansi\u00e3es<\/span><\/strong><\/p>\n<p id=\"E242\" class=\"x-scope qowt-word-para-2\"><span id=\"E243\">Av. <\/span><span id=\"E245\">Eng\u00ba<\/span><span id=\"E247\"> Camilo de Mendon\u00e7a | 5140-073 Carrazeda de Ansi\u00e3es | GPS. 41.247253, -7.307900 | T. +351 254 610 020 | <\/span><a id=\"E248\" contenteditable=\"false\" href=\"mailto:ct.bgc.dmdl.pcrz@gnr.pt\" target=\"_blank\" rel=\"noopener\"><span id=\"E249\" class=\"qowt-stl-Hiperligao\">ct.bgc.dmdl.pcrz@gnr.pt<\/span><\/a><span id=\"E250\"> | <\/span><span id=\"E251\">www.gnr.pt<\/span><\/p>\n<\/div>\n\t\t\t\t<\/div>\n\t\t\t\t\t\t\t\t<\/div>\n\t\t\t\t\t\t<\/div>\n\t\t\t\t<\/div>\n\t\t\t\t\t<\/div>\n\t\t\t\t<\/div>\n\t\t<div class=\"elementor-element elementor-element-2cb6360 e-con-full e-flex e-con e-parent\" data-id=\"2cb6360\" data-element_type=\"container\">\n\t\t\t\t<div class=\"elementor-element elementor-element-123fb8d elementor-widget elementor-widget-shortcode\" data-id=\"123fb8d\" data-element_type=\"widget\" data-widget_type=\"shortcode.default\">\n\t\t\t\t<div class=\"elementor-widget-container\">\n\t\t\t\t\t\t\t<div class=\"elementor-shortcode\">        \n    <div id=\"map\"><\/div>\n    <script async defer src=\"https:\/\/maps.googleapis.com\/maps\/api\/js?key=AIzaSyBlxeEJOXg6CEUTXDHxu-BmmzL02cXTKp0&callback=initMap\"><\/script>\n\n    <style>\n        #map {\n            height: 450px;\n            width: 100%;\n        }\n    <\/style>\n\n    <script>\n                                         \n\n        function initMap() {\n        var center = {lat: 41.242493, lng: -7.306219 };\n        var locations = [\n     ['<b><a href=\"\/poiss?slug=anta-de-vilarinho-da-castanheira\">Anta de Vilarinho da Castanheira<\/a><\/b>', 41.198253, -7.18951, \"\/wp-content\/plugins\/discover-douro\/imgs\/o_que_visitar.png\"],\n     ['<b><a href=\"\/poiss?slug=anta-de-zedes\">Anta de Zedes<\/a><\/b>', 41.275816, -7.293487, \"\/wp-content\/plugins\/discover-douro\/imgs\/o_que_visitar.png\"],\n     ['<b><a href=\"\/poiss?slug=igreja-de-s-salvador-de-ansiais\">Igreja de S. Salvador De Ansi\u00e3es<\/a><\/b>', 41.202457, -7.304993, \"\/wp-content\/plugins\/discover-douro\/imgs\/o_que_visitar.png\"],\n     ['<b><a href=\"\/poiss?slug=castelo-de-ansiaes\">Castelo de Ansi\u00e3es<\/a><\/b>', 41.203716, -7.303712, \"\/wp-content\/plugins\/discover-douro\/imgs\/o_que_visitar.png\"],\n     ['<b><a href=\"\/poiss?slug=igreja-de-santa-eufemia\">Igreja de Santa Euf\u00e9mia <\/a><\/b>', 41.19339, -7.300927, \"\/wp-content\/plugins\/discover-douro\/imgs\/o_que_visitar.png\"],\n     ['<b><a href=\"\/poiss?slug=parque-internacional-de-escultura-de-carrazeda-de-ansiaes\">Parque Internacional de Esculturas Carrazeda De Ansi\u00e3es<\/a><\/b>', 41.207091, -7.419511, \"\/wp-content\/plugins\/discover-douro\/imgs\/o_que_visitar.png\"],\n     ['<b><a href=\"\/poiss?slug=complexo-molinologico-do-ribeiro-do-coito\">Complejo Molinol\u00f3gico de Ribeiro do Coito<\/a><\/b>', 41.196513, -7.198345, \"\/wp-content\/plugins\/discover-douro\/imgs\/o_que_visitar.png\"],\n     ['<b><a href=\"\/poiss?slug=moinho-de-vento-de-carrazeda-de-ansiaes\">Molino de Carrazeda de Ansi\u00e3es <\/a><\/b>', 41.246877, -7.297361, \"\/wp-content\/plugins\/discover-douro\/imgs\/o_que_visitar.png\"],\n     ['<b><a href=\"\/poiss?slug=peloruinho-de-carrazeda-de-ansiaes\">Fortaleza de Carrazeda de Ansi\u00e3es<\/a><\/b>', 41.244997, -7.301074, \"\/wp-content\/plugins\/discover-douro\/imgs\/o_que_visitar.png\"],\n     ['<b><a href=\"\/poiss?slug=cica-centro-interpretativo-do-castelo-de-ansiaes\">CICA - Centro de Interpretaci\u00f3n del Castillo de Ansi\u00e3es<\/a><\/b>', 41.245368, -7.300428, \"\/wp-content\/plugins\/discover-douro\/imgs\/o_que_visitar.png\"],\n     ['<b><a href=\"\/poiss?slug=portas-de-entrada-do-parque-natural-regional-da-vale-do-tua\">Puertas de entrada al Parque Natural Regional del Vale do Tua<\/a><\/b>', 41.20709, -7.4195, \"\/wp-content\/plugins\/discover-douro\/imgs\/o_que_visitar.png\"],\n     ['<b><a href=\"\/poiss?slug=civt-centro-de-interpretacion-del-valle-de-tua\">CIVT - Centro Interpretativo do Vale do Tua<\/a><\/b>', 41.207102, -7.419547, \"\/wp-content\/plugins\/discover-douro\/imgs\/o_que_visitar.png\"],\n     ['<b><a href=\"\/poiss?slug=galeria-alberto-carneiro\">Galer\u00eda Alberto Carneiro<\/a><\/b>', 41.241652, -7.305334, \"\/wp-content\/plugins\/discover-douro\/imgs\/o_que_visitar.png\"],\n     ['<b><a href=\"\/poiss?slug=nucleo-museologico-do-azeite-lagar-de-azeite-da-lavandaria\">Centro Museo del Aceite de Oliva - Almazara de Lavandeira<\/a><\/b>', 41.193143, -7.300567, \"\/wp-content\/plugins\/discover-douro\/imgs\/o_que_visitar.png\"],\n     ['<b><a href=\"\/poiss?slug=nucleo-museologico-da-telha-telheira-de-luzelos\">Centro Museol\u00f3gico da Telha - Telheira de Luzelos<\/a><\/b>', 41.238932, -7.320894, \"\/wp-content\/plugins\/discover-douro\/imgs\/o_que_visitar.png\"],\n     ['<b><a href=\"\/poiss?slug=museu-da-memoria-rural\">Museo de la Memoria Rural <\/a><\/b>', 41.20397, -7.212532, \"\/wp-content\/plugins\/discover-douro\/imgs\/o_que_visitar.png\"],\n     ['<b><a href=\"\/poiss?slug=miradouro-do-douro\">Miradouro do Douro<\/a><\/b>', 41.157223, -7.306433, \"\/wp-content\/plugins\/discover-douro\/imgs\/o_que_visitar.png\"],\n     ['<b><a href=\"\/poiss?slug=miradouro-do-senhor-da-boa-morte\">Miradouro Do Senhor Da Boa Morte<\/a><\/b>', 41.23121, -7.394018, \"\/wp-content\/plugins\/discover-douro\/imgs\/o_que_visitar.png\"],\n     ['<b><a href=\"\/poiss?slug=miradouro-da-senhora-da-saude\">Miradouro da Senhora da Sa\u00fade<\/a><\/b>', 41.269591, -7.264162, \"\/wp-content\/plugins\/discover-douro\/imgs\/o_que_visitar.png\"],\n     ['<b><a href=\"\/poiss?slug=miradouro-dos-olhos-do-tua\">Miradouro dos Olhos do Tua<\/a><\/b>', 41.238071, -7.382611, \"\/wp-content\/plugins\/discover-douro\/imgs\/o_que_visitar.png\"],\n     ['<b><a href=\"\/poiss?slug=casa-dos-cantoneiros-foz-tua-wine-house\">Casa dos Cantoneiros - Casa do Vi\u00f1o Foz Tua<\/a><\/b>', 41.212983, -7.428611, \"\/wp-content\/plugins\/discover-douro\/imgs\/o_que_visitar.png\"],\n     ['<b><a href=\"\/poiss?slug=piscinas-municipais-de-carrazeda-de-ansiaes\">Piscinas Municipales de Carrazeda de Ansi\u00e3es<\/a><\/b>', 41.230931, -7.280833, \"\/wp-content\/plugins\/discover-douro\/imgs\/onde_se_divertir.png\"],\n     ['<b><a href=\"\/poiss?slug=miradouro-da-fraga-da-ola\">Mirador de Fraga Da Ola<\/a><\/b>', 41.165221, -7.233575, \"\/wp-content\/plugins\/discover-douro\/imgs\/o_que_visitar.png\"],\n     ['<b><a href=\"\/poiss?slug=miradouro-de-s-lourenco\">Mirador de S. Louren\u00e7o<\/a><\/b>', 41.296104, -7.368765, \"\/wp-content\/plugins\/discover-douro\/imgs\/o_que_visitar.png\"],\n     ['<b><a href=\"\/poiss?slug=casa-dos-vinhais-douro-valley\">Casa dos Vinhais Douro Valley<\/a><\/b>', 41.145832, -7.258226, \"\/wp-content\/plugins\/discover-douro\/imgs\/onde_dormir.png\"],\n     ['<b><a href=\"\/poiss?slug=casal-de-tralhariz\">Casal de Tralhariz<\/a><\/b>', 41.232707, -7.404413, \"\/wp-content\/plugins\/discover-douro\/imgs\/onde_dormir.png\"],\n     ['<b><a href=\"\/poiss?slug=grapple-hotel-spa\">Grapple Hotel & Spa<\/a><\/b>', 41.247131, -7.295225, \"\/wp-content\/plugins\/discover-douro\/imgs\/onde_dormir.png\"],\n     ['<b><a href=\"\/poiss?slug=negreiros-house-quinta-das-amendoeiras\">Negreiros House - Quinta das Amendoeiras<\/a><\/b>', 41.150807, -7.254591, \"\/wp-content\/plugins\/discover-douro\/imgs\/onde_dormir.png\"],\n     ['<b><a href=\"\/poiss?slug=terracos-de-baco\">Terra\u00e7os de Baco<\/a><\/b>', 41.21058, -7.406283, \"\/wp-content\/plugins\/discover-douro\/imgs\/onde_dormir.png\"],\n     ['<b><a href=\"\/poiss?slug=the-village-house-by-cdv\">The Village House by CDV<\/a><\/b>', 41.243314, -7.302249, \"\/wp-content\/plugins\/discover-douro\/imgs\/onde_dormir.png\"],\n     ['<b><a href=\"\/poiss?slug=foz-tua\">Foz Tua <\/a><\/b>', 41.206586, -7.41634, \"\/wp-content\/plugins\/discover-douro\/imgs\/onde_se_divertir.png\"],\n     ['<b><a href=\"\/poiss?slug=igreja-de-sao-joao-baptista\">Igreja de S\u00e3o Jo\u00e3o Baptista<\/a><\/b>', 41.204758, -7.303722, \"\/wp-content\/plugins\/discover-douro\/imgs\/o_que_visitar.png\"],\n     ['<b><a href=\"\/poiss?slug=vila-de-carrazeda-de-ansiaes\">Vila de Carrazeda de Ansi\u00e3es<\/a><\/b>', 41.244921, -7.301016, \"\/wp-content\/plugins\/discover-douro\/imgs\/o_que_visitar.png\"],\n     ['<b><a href=\"\/poiss?slug=loja-interativa-de-turismo-de-carrazeda-de-ansiaes\">Tienda interactiva de turismo de Carrazeda de Ansi\u00e3es<\/a><\/b>', 41.242031, -7.305701, \"\/wp-content\/plugins\/discover-douro\/imgs\/o_que_visitar.png\"],\n     ['<b><a href=\"\/poiss?slug=restaurante-calca-curta\">Cal\u00e7a Curta <\/a><\/b>', 41.207327, -7.420618, \"\/wp-content\/plugins\/discover-douro\/imgs\/onde_comer.png\"],\n     ['<b><a href=\"\/poiss?slug=pizzaria-moinho\">Pizzaria o Moinho<\/a><\/b>', 41.246646, -7.300279, \"\/wp-content\/plugins\/discover-douro\/imgs\/onde_comer.png\"],\n     ['<b><a href=\"\/poiss?slug=restaurante-convivio-carrazeda-de-ansiaes\">Restaurante Conv\u00edvio<\/a><\/b>', 41.243392, -7.302618, \"\/wp-content\/plugins\/discover-douro\/imgs\/onde_comer.png\"],\n     ['<b><a href=\"\/poiss?slug=taberna-da-helena\">Taberna da Helena<\/a><\/b>', 41.242416, -7.301788, \"\/wp-content\/plugins\/discover-douro\/imgs\/onde_comer.png\"],\n     ['<b><a href=\"\/poiss?slug=restaurante-quintinha-do-manel\">Restaurante Quintinha do Manel<\/a><\/b>', 41.244516, -7.31085, \"\/wp-content\/plugins\/discover-douro\/imgs\/onde_comer.png\"],\n     ['<b><a href=\"\/poiss?slug=churrasqueira-mateus\">Churrasqueira Mateus<\/a><\/b>', 41.24296, -7.30763, \"\/wp-content\/plugins\/discover-douro\/imgs\/onde_comer.png\"],\n     ['<b><a href=\"\/poiss?slug=seven-books-house\">Seven Books House<\/a><\/b>', 41.243878, -7.30172, \"\/wp-content\/plugins\/discover-douro\/imgs\/onde_dormir.png\"],\n     ['<b><a href=\"\/poiss?slug=lagares-douro-vilas\">Quinta Vale de Carvalho<\/a><\/b>', 41.15539, -7.212353, \"\/wp-content\/plugins\/discover-douro\/imgs\/onde_dormir.png\"],\n     ['<b><a href=\"\/poiss?slug=hotel-casa-do-tua\">Hotel Casa do Tua<\/a><\/b>', 41.207015, -7.419704, \"\/wp-content\/plugins\/discover-douro\/imgs\/onde_dormir.png\"],\n     ['<b><a href=\"\/poiss?slug=complexo-molinologico-ribeiro-do-coito\">Complexo Molinol\u00f3gico do Ribeiro do Coito<\/a><\/b>', 41.196577, -7.198344, \"\/wp-content\/plugins\/discover-douro\/imgs\/o_que_visitar.png\"],\n     ['<b><a href=\"\/poiss?slug=moinho-de-vento-de-carrazeda-ansiaes\">Moinho de vento de Carrazeda de Ansi\u00e3es<\/a><\/b>', 41.246918, -7.297332, \"\/wp-content\/plugins\/discover-douro\/imgs\/o_que_visitar.png\"],\n     ['<b><a href=\"\/poiss?slug=museu-da-memoria-rural-vilarinho-da-castanheira\">Museu da Mem\u00f3ria Rural - Vilarinho da Castanheira<\/a><\/b>', 41.203964, -7.212496, \"\/wp-content\/plugins\/discover-douro\/imgs\/o_que_visitar.png\"],\n     ['<b><a href=\"\/poiss?slug=nucleo-museologico-do-ferreiro-e-ferrador\">N\u00facleo Museol\u00f3gico do Ferreiro e Ferrador<\/a><\/b>', 41.189465, -7.266476, \"\/wp-content\/plugins\/discover-douro\/imgs\/o_que_visitar.png\"],\n     ['<b><a href=\"\/poiss?slug=tuataberna\">Tua Taberna<\/a><\/b>', 41.207798, -7.419964, \"\/wp-content\/plugins\/discover-douro\/imgs\/onde_comer.png\"],\n            ];\n        var map = new google.maps.Map(document.getElementById('map'), {\n        zoom: 12,\n                center: center\n        });\n        var infowindow = new google.maps.InfoWindow({});\n        var marker, count;\n        for (count = 0; count < locations.length; count++) {\n        marker = new google.maps.Marker({\n        position: new google.maps.LatLng(locations[count][1], locations[count][2]),\n                map: map,\n                icon: locations[count][3],\n                title: locations[count][0]\n        });\n        google.maps.event.addListener(marker, 'click', (function (marker, count) {\n        return function () {\n        infowindow.setContent(locations[count][0]);\n        infowindow.open(map, marker);\n        }\n        })(marker, count));\n        }\n        }\n\n    <\/script>\n\n\n    <\/div>\n\t\t\t\t\t\t<\/div>\n\t\t\t\t<\/div>\n\t\t\t\t<\/div>\n\t\t\t\t<\/div>\n\t\t","protected":false},"featured_media":32167,"template":"","class_list":["post-41336","municipio","type-municipio","status-publish","has-post-thumbnail","hentry"],"acf":[],"yoast_head":"<!-- This site is optimized with the Yoast SEO plugin v26.2 - https:\/\/yoast.com\/wordpress\/plugins\/seo\/ -->\n<title>Carrazeda de Ansi\u00e3es - Discover Douro<\/title>\n<meta name=\"robots\" content=\"index, follow, max-snippet:-1, max-image-preview:large, max-video-preview:-1\" \/>\n<link rel=\"canonical\" href=\"https:\/\/discoverdouro.pt\/es\/municipio\/carrazeda-de-ansiaes\" \/>\n<meta property=\"og:locale\" content=\"es_ES\" \/>\n<meta property=\"og:type\" content=\"article\" \/>\n<meta property=\"og:title\" content=\"Carrazeda de Ansi\u00e3es - Discover Douro\" \/>\n<meta property=\"og:description\" content=\"El municipio de Carrazeda de Ansi\u00e3es es una tierra antigua, variada y acogedora que se extiende por un territorio que posee una de las demarcaciones con referencias escritas m\u00e1s antiguas de la historia de nuestro pa\u00eds. Nos encontramos en uno de los municipios portugueses m\u00e1s antiguos, ya que su \u00e1rea territorial fue demarcada en torno [&hellip;]\" \/>\n<meta property=\"og:url\" content=\"https:\/\/discoverdouro.pt\/es\/municipio\/carrazeda-de-ansiaes\" \/>\n<meta property=\"og:site_name\" content=\"Discover Douro\" \/>\n<meta property=\"article:publisher\" content=\"https:\/\/www.facebook.com\/profile.php?id=61555234744391\" \/>\n<meta property=\"article:modified_time\" content=\"2024-02-19T16:03:45+00:00\" \/>\n<meta property=\"og:image\" content=\"https:\/\/discoverdouro.pt\/wp-content\/uploads\/2023\/09\/CarrazedadeAnsiaes-Black.png\" \/>\n\t<meta property=\"og:image:width\" content=\"251\" \/>\n\t<meta property=\"og:image:height\" content=\"150\" \/>\n\t<meta property=\"og:image:type\" content=\"image\/png\" \/>\n<meta name=\"twitter:card\" content=\"summary_large_image\" \/>\n<meta name=\"twitter:site\" content=\"@DiscoverDouro\" \/>\n<meta name=\"twitter:label1\" content=\"Est. reading time\" \/>\n\t<meta name=\"twitter:data1\" content=\"6 minutes\" \/>\n<script type=\"application\/ld+json\" class=\"yoast-schema-graph\">{\"@context\":\"https:\/\/schema.org\",\"@graph\":[{\"@type\":\"WebPage\",\"@id\":\"https:\/\/discoverdouro.pt\/es\/municipio\/carrazeda-de-ansiaes\",\"url\":\"https:\/\/discoverdouro.pt\/es\/municipio\/carrazeda-de-ansiaes\",\"name\":\"Carrazeda de Ansi\u00e3es - Discover Douro\",\"isPartOf\":{\"@id\":\"https:\/\/discoverdouro.pt\/es#website\"},\"primaryImageOfPage\":{\"@id\":\"https:\/\/discoverdouro.pt\/es\/municipio\/carrazeda-de-ansiaes#primaryimage\"},\"image\":{\"@id\":\"https:\/\/discoverdouro.pt\/es\/municipio\/carrazeda-de-ansiaes#primaryimage\"},\"thumbnailUrl\":\"https:\/\/discoverdouro.pt\/wp-content\/uploads\/2023\/09\/CarrazedadeAnsiaes-Black.png\",\"datePublished\":\"2023-12-13T10:25:03+00:00\",\"dateModified\":\"2024-02-19T16:03:45+00:00\",\"breadcrumb\":{\"@id\":\"https:\/\/discoverdouro.pt\/es\/municipio\/carrazeda-de-ansiaes#breadcrumb\"},\"inLanguage\":\"es\",\"potentialAction\":[{\"@type\":\"ReadAction\",\"target\":[\"https:\/\/discoverdouro.pt\/es\/municipio\/carrazeda-de-ansiaes\"]}]},{\"@type\":\"ImageObject\",\"inLanguage\":\"es\",\"@id\":\"https:\/\/discoverdouro.pt\/es\/municipio\/carrazeda-de-ansiaes#primaryimage\",\"url\":\"https:\/\/discoverdouro.pt\/wp-content\/uploads\/2023\/09\/CarrazedadeAnsiaes-Black.png\",\"contentUrl\":\"https:\/\/discoverdouro.pt\/wp-content\/uploads\/2023\/09\/CarrazedadeAnsiaes-Black.png\",\"width\":251,\"height\":150},{\"@type\":\"BreadcrumbList\",\"@id\":\"https:\/\/discoverdouro.pt\/es\/municipio\/carrazeda-de-ansiaes#breadcrumb\",\"itemListElement\":[{\"@type\":\"ListItem\",\"position\":1,\"name\":\"Home\",\"item\":\"https:\/\/discoverdouro.pt\/es\"},{\"@type\":\"ListItem\",\"position\":2,\"name\":\"Munic\u00edpios\",\"item\":\"https:\/\/discoverdouro.pt\/es\/municipio\"},{\"@type\":\"ListItem\",\"position\":3,\"name\":\"Carrazeda de Ansi\u00e3es\"}]},{\"@type\":\"WebSite\",\"@id\":\"https:\/\/discoverdouro.pt\/es#website\",\"url\":\"https:\/\/discoverdouro.pt\/es\",\"name\":\"Discover Douro\",\"description\":\"O Para\u00edso de Portugal\",\"publisher\":{\"@id\":\"https:\/\/discoverdouro.pt\/es#organization\"},\"potentialAction\":[{\"@type\":\"SearchAction\",\"target\":{\"@type\":\"EntryPoint\",\"urlTemplate\":\"https:\/\/discoverdouro.pt\/es?s={search_term_string}\"},\"query-input\":{\"@type\":\"PropertyValueSpecification\",\"valueRequired\":true,\"valueName\":\"search_term_string\"}}],\"inLanguage\":\"es\"},{\"@type\":\"Organization\",\"@id\":\"https:\/\/discoverdouro.pt\/es#organization\",\"name\":\"Discover Douro\",\"url\":\"https:\/\/discoverdouro.pt\/es\",\"logo\":{\"@type\":\"ImageObject\",\"inLanguage\":\"es\",\"@id\":\"https:\/\/discoverdouro.pt\/es#\/schema\/logo\/image\/\",\"url\":\"https:\/\/www.discoverdouro.pt\/wp-content\/uploads\/2024\/01\/cropped-Icon_Discover.png\",\"contentUrl\":\"https:\/\/www.discoverdouro.pt\/wp-content\/uploads\/2024\/01\/cropped-Icon_Discover.png\",\"width\":512,\"height\":512,\"caption\":\"Discover Douro\"},\"image\":{\"@id\":\"https:\/\/discoverdouro.pt\/es#\/schema\/logo\/image\/\"},\"sameAs\":[\"https:\/\/www.facebook.com\/profile.php?id=61555234744391\",\"https:\/\/x.com\/DiscoverDouro\",\"https:\/\/www.instagram.com\/discover.douro\",\"https:\/\/www.tiktok.com\/@discoverdouro\",\"https:\/\/www.linkedin.com\/company\/discover-douro\/\"]}]}<\/script>\n<!-- \/ Yoast SEO plugin. -->","yoast_head_json":{"title":"Carrazeda de Ansi\u00e3es - Discover Douro","robots":{"index":"index","follow":"follow","max-snippet":"max-snippet:-1","max-image-preview":"max-image-preview:large","max-video-preview":"max-video-preview:-1"},"canonical":"https:\/\/discoverdouro.pt\/es\/municipio\/carrazeda-de-ansiaes","og_locale":"es_ES","og_type":"article","og_title":"Carrazeda de Ansi\u00e3es - Discover Douro","og_description":"El municipio de Carrazeda de Ansi\u00e3es es una tierra antigua, variada y acogedora que se extiende por un territorio que posee una de las demarcaciones con referencias escritas m\u00e1s antiguas de la historia de nuestro pa\u00eds. Nos encontramos en uno de los municipios portugueses m\u00e1s antiguos, ya que su \u00e1rea territorial fue demarcada en torno [&hellip;]","og_url":"https:\/\/discoverdouro.pt\/es\/municipio\/carrazeda-de-ansiaes","og_site_name":"Discover Douro","article_publisher":"https:\/\/www.facebook.com\/profile.php?id=61555234744391","article_modified_time":"2024-02-19T16:03:45+00:00","og_image":[{"width":251,"height":150,"url":"https:\/\/discoverdouro.pt\/wp-content\/uploads\/2023\/09\/CarrazedadeAnsiaes-Black.png","type":"image\/png"}],"twitter_card":"summary_large_image","twitter_site":"@DiscoverDouro","twitter_misc":{"Est. reading time":"6 minutes"},"schema":{"@context":"https:\/\/schema.org","@graph":[{"@type":"WebPage","@id":"https:\/\/discoverdouro.pt\/es\/municipio\/carrazeda-de-ansiaes","url":"https:\/\/discoverdouro.pt\/es\/municipio\/carrazeda-de-ansiaes","name":"Carrazeda de Ansi\u00e3es - Discover Douro","isPartOf":{"@id":"https:\/\/discoverdouro.pt\/es#website"},"primaryImageOfPage":{"@id":"https:\/\/discoverdouro.pt\/es\/municipio\/carrazeda-de-ansiaes#primaryimage"},"image":{"@id":"https:\/\/discoverdouro.pt\/es\/municipio\/carrazeda-de-ansiaes#primaryimage"},"thumbnailUrl":"https:\/\/discoverdouro.pt\/wp-content\/uploads\/2023\/09\/CarrazedadeAnsiaes-Black.png","datePublished":"2023-12-13T10:25:03+00:00","dateModified":"2024-02-19T16:03:45+00:00","breadcrumb":{"@id":"https:\/\/discoverdouro.pt\/es\/municipio\/carrazeda-de-ansiaes#breadcrumb"},"inLanguage":"es","potentialAction":[{"@type":"ReadAction","target":["https:\/\/discoverdouro.pt\/es\/municipio\/carrazeda-de-ansiaes"]}]},{"@type":"ImageObject","inLanguage":"es","@id":"https:\/\/discoverdouro.pt\/es\/municipio\/carrazeda-de-ansiaes#primaryimage","url":"https:\/\/discoverdouro.pt\/wp-content\/uploads\/2023\/09\/CarrazedadeAnsiaes-Black.png","contentUrl":"https:\/\/discoverdouro.pt\/wp-content\/uploads\/2023\/09\/CarrazedadeAnsiaes-Black.png","width":251,"height":150},{"@type":"BreadcrumbList","@id":"https:\/\/discoverdouro.pt\/es\/municipio\/carrazeda-de-ansiaes#breadcrumb","itemListElement":[{"@type":"ListItem","position":1,"name":"Home","item":"https:\/\/discoverdouro.pt\/es"},{"@type":"ListItem","position":2,"name":"Munic\u00edpios","item":"https:\/\/discoverdouro.pt\/es\/municipio"},{"@type":"ListItem","position":3,"name":"Carrazeda de Ansi\u00e3es"}]},{"@type":"WebSite","@id":"https:\/\/discoverdouro.pt\/es#website","url":"https:\/\/discoverdouro.pt\/es","name":"Discover Douro","description":"O Para\u00edso de Portugal","publisher":{"@id":"https:\/\/discoverdouro.pt\/es#organization"},"potentialAction":[{"@type":"SearchAction","target":{"@type":"EntryPoint","urlTemplate":"https:\/\/discoverdouro.pt\/es?s={search_term_string}"},"query-input":{"@type":"PropertyValueSpecification","valueRequired":true,"valueName":"search_term_string"}}],"inLanguage":"es"},{"@type":"Organization","@id":"https:\/\/discoverdouro.pt\/es#organization","name":"Discover Douro","url":"https:\/\/discoverdouro.pt\/es","logo":{"@type":"ImageObject","inLanguage":"es","@id":"https:\/\/discoverdouro.pt\/es#\/schema\/logo\/image\/","url":"https:\/\/www.discoverdouro.pt\/wp-content\/uploads\/2024\/01\/cropped-Icon_Discover.png","contentUrl":"https:\/\/www.discoverdouro.pt\/wp-content\/uploads\/2024\/01\/cropped-Icon_Discover.png","width":512,"height":512,"caption":"Discover Douro"},"image":{"@id":"https:\/\/discoverdouro.pt\/es#\/schema\/logo\/image\/"},"sameAs":["https:\/\/www.facebook.com\/profile.php?id=61555234744391","https:\/\/x.com\/DiscoverDouro","https:\/\/www.instagram.com\/discover.douro","https:\/\/www.tiktok.com\/@discoverdouro","https:\/\/www.linkedin.com\/company\/discover-douro\/"]}]}},"_links":{"self":[{"href":"https:\/\/discoverdouro.pt\/es\/wp-json\/wp\/v2\/municipio\/41336","targetHints":{"allow":["GET"]}}],"collection":[{"href":"https:\/\/discoverdouro.pt\/es\/wp-json\/wp\/v2\/municipio"}],"about":[{"href":"https:\/\/discoverdouro.pt\/es\/wp-json\/wp\/v2\/types\/municipio"}],"version-history":[{"count":35,"href":"https:\/\/discoverdouro.pt\/es\/wp-json\/wp\/v2\/municipio\/41336\/revisions"}],"predecessor-version":[{"id":49680,"href":"https:\/\/discoverdouro.pt\/es\/wp-json\/wp\/v2\/municipio\/41336\/revisions\/49680"}],"wp:featuredmedia":[{"embeddable":true,"href":"https:\/\/discoverdouro.pt\/es\/wp-json\/wp\/v2\/media\/32167"}],"wp:attachment":[{"href":"https:\/\/discoverdouro.pt\/es\/wp-json\/wp\/v2\/media?parent=41336"}],"curies":[{"name":"wp","href":"https:\/\/api.w.org\/{rel}","templated":true}]}}