{"id":41398,"date":"2023-11-28T15:31:31","date_gmt":"2023-11-28T15:31:31","guid":{"rendered":"https:\/\/discoverdouro.digiupdev.com\/municipio\/alijo"},"modified":"2024-01-24T15:31:23","modified_gmt":"2024-01-24T15:31:23","slug":"alijo","status":"publish","type":"municipio","link":"https:\/\/discoverdouro.pt\/es\/municipio\/alijo","title":{"rendered":"Alij\u00f3"},"content":{"rendered":"\t\t<div data-elementor-type=\"wp-post\" data-elementor-id=\"41398\" class=\"elementor elementor-41398 elementor-40205\" data-elementor-post-type=\"municipio\">\n\t\t\t\t\t\t<section class=\"elementor-section elementor-top-section elementor-element elementor-element-c37e9e7 elementor-section-stretched elementor-section-boxed elementor-section-height-default elementor-section-height-default\" data-id=\"c37e9e7\" data-element_type=\"section\" data-settings=\"{&quot;stretch_section&quot;:&quot;section-stretched&quot;,&quot;background_background&quot;:&quot;classic&quot;}\">\n\t\t\t\t\t\t\t<div class=\"elementor-background-overlay\"><\/div>\n\t\t\t\t\t\t\t<div class=\"elementor-container elementor-column-gap-default\">\n\t\t\t\t\t<div class=\"elementor-column elementor-col-100 elementor-top-column elementor-element elementor-element-9f59d0b\" data-id=\"9f59d0b\" data-element_type=\"column\">\n\t\t\t<div class=\"elementor-widget-wrap elementor-element-populated\">\n\t\t\t\t\t\t\t<\/div>\n\t\t<\/div>\n\t\t\t\t\t<\/div>\n\t\t<\/section>\n\t\t<div class=\"elementor-element elementor-element-d2b118f e-flex e-con-boxed e-con e-parent\" data-id=\"d2b118f\" data-element_type=\"container\">\n\t\t\t\t\t<div class=\"e-con-inner\">\n\t\t<div class=\"elementor-element elementor-element-63df0e8 e-con-full e-flex e-con e-child\" data-id=\"63df0e8\" data-element_type=\"container\">\n\t\t\t\t<div class=\"elementor-element elementor-element-eba602b elementor-widget elementor-widget-text-editor\" data-id=\"eba602b\" data-element_type=\"widget\" data-widget_type=\"text-editor.default\">\n\t\t\t\t<div class=\"elementor-widget-container\">\n\t\t\t\t\t\t\t\t\t<p>Alij\u00f3 es la sede de un municipio que se extiende desde la orilla derecha del r\u00edo Duero hasta los l\u00edmites con el municipio vecino de Mur\u00e7a. Est\u00e1 ba\u00f1ado por otros tres r\u00edos: Tinhela, Tua y Pinh\u00e3o. Tiene una superficie aproximada de 300 kil\u00f3metros cuadrados, 49 aldeas, 14 freguesias y 10.492 habitantes.<\/p><p>La villa de Alij\u00f3, situada a unos 45 kil\u00f3metros de Vila Real, la capital de la comarca, se encuentra en una vasta zona de cultivo de castra. Como muchas otras localidades del actual municipio, ha sufrido los avatares de la romanizaci\u00f3n y la ocupaci\u00f3n \u00e1rabe.<\/p><p><strong>Un poco de historia<\/strong><\/p><p>Situada sobre un eje que habr\u00eda servido de frontera siempre cambiante, divid\u00eda a cristianos y \u00e1rabes. Destruida por los \u00e1rabes, fue posteriormente abandonada. No fue hasta el primer cuarto del siglo XIII cuando, gracias a sucesivas cartas otorgadas por el rey Sancho II (1226), el rey Afonso III (1269) y, m\u00e1s tarde, por el rey Manuel I en el siglo XVI (1514), se reanud\u00f3 la colonizaci\u00f3n.<\/p><p>La motivaci\u00f3n de quienes acud\u00edan a este municipio, aparte de los beneficios concedidos, era su clima y suelos extraordinariamente ricos, sobre todo para la producci\u00f3n de vino generoso, reconocido como el &#8220;embajador portugu\u00e9s&#8221; en todo el mundo.<\/p><p>Sin embargo, no fue hasta los siglos XII y XIII cuando se produjo una ocupaci\u00f3n ordenada, que atrajo a diversos representantes de la nobleza y de las clases altas. Tal fue el caso del Marqu\u00e9s de T\u00e1vora, primer propietario de Alij\u00f3 y sus tierras, propiedad incorporada a la Corona tras la ejecuci\u00f3n de los T\u00e1voras, en pleno Consulado de los Pombalinos.<\/p><p>A lo largo y ancho del municipio de Alij\u00f3 se encuentran dispersos indicios de su antiguo poblamiento, desde castros hasta pinturas rupestres y vestigios de calzadas romanas. La propia hagiotoponimia demuestra que, desde el siglo VII al XIII, permaneci\u00f3 en el municipio una poblaci\u00f3n laboriosa que logr\u00f3 sobrevivir a las embestidas de los moros y los cristianos de Asturias.<\/p><p><strong>Origen de la palabra Alij\u00f3<\/strong><\/p><p>Alij\u00f3, cuya etimolog\u00eda se cree que tiene su origen en la existencia de la historia Legio Spetima Gemina, otras teor\u00edas sugieren que el top\u00f3nimo procede de la palabra Ligioo, m\u00e1s tarde Lij\u00f3, que debi\u00f3 significar la naturaleza p\u00e9trea del lugar en aquella \u00e9poca, con su monumentalidad representada por la picota, varias casas solariegas y la iglesia con su colecci\u00f3n de instrumentos, objetos de culto y varias im\u00e1genes de relativo valor.<\/p><p><strong>Arquitectura<\/strong><\/p><p>La arquitectura religiosa de esta ciudad se completa con las capillas del Senhor do Andor o de Passos, la capilla de Nossa Senhora dos Prazeres, en el Monte da Cunha, y la capilla de Santo Ant\u00f3nio, en el Monte do Vilarelho.<\/p><p>La arquitectura civil, a excepci\u00f3n de la picota, se limita pr\u00e1cticamente a la existencia del Ayuntamiento &#8211; Pa\u00e7os do Concelho -, parte del cual fue construido en el siglo XVIII y parte en el siglo XIX. El escudo que corona este edificio es calado, obra de los soldados franceses en la Guerra Peninsular y en el que, en lugar de las armas del municipio, pintaron las \u00e1guilas napole\u00f3nicas, a\u00fan triunfantes en la \u00e9poca.<\/p><p>Junto al monumental pl\u00e1tano oriental, considerado Monumento Nacional y plantado por el Vizconde de Ribeira de Alij\u00f3 en 1856, se encuentra la antigua Casa dos T\u00e1voras. Sin embargo, la casa solariega m\u00e1s importante de esta localidad fue sin duda el Solar dos Viscondes de Alij\u00f3, donde se asienta la mayor parte del comercio local.<\/p><p><strong>Nuestra riqueza<\/strong><\/p><p>Son sus gentes, en su mayor\u00eda rurales, las que contribuyen al desarrollo y riqueza del municipio, aplic\u00e1ndose al duro trabajo del campo; al norte, la zona de la meseta gran\u00edtica y al sur el terreno esquistoso, en pendiente hacia el Duero, donde predomina el cultivo de la vid y donde se produce el vino de Oporto.<\/p><p>Tierra rica en manifestaciones etnogr\u00e1ficas, su gastronom\u00eda es exquisita, reinando el cabrito asado, el cocido portugu\u00e9s, las &#8220;tripas a la transmontana&#8221;, los ahumados, la famosa &#8220;bola de carne&#8221; y el mijo (de la zona monta\u00f1osa).<\/p><p>Destaca tambi\u00e9n el famoso pan de Favaios, muy apreciado y buscado en toda la regi\u00f3n. En cuanto a la reposter\u00eda, destacan las famosas cavacas y almendras cubiertas de Santa Eug\u00e9nia, los quinzinhos, el pudin de almendras, el bizcocho de agua, el bolo borrach\u00e3o y muchas otras reminiscencias del convento.<\/p><p><strong>Venga a descubrir Alij\u00f3<\/strong><\/p><p>En el campo del turismo, Alij\u00f3 tiene mucho que ofrecer a los visitantes, como el turismo fluvial en el r\u00edo Duero, el turismo ecol\u00f3gico en la desembocadura del Tua, lugar privilegiado para la pesca deportiva, y una inmensa riqueza de miradores y paisajes. Las tradiciones ancestrales de Alij\u00f3 en ferias, fiestas y romer\u00edas son tambi\u00e9n un importante atractivo tur\u00edstico.<\/p>\t\t\t\t\t\t\t\t<\/div>\n\t\t\t\t<\/div>\n\t\t\t\t<div class=\"elementor-element elementor-element-4376857 elementor-widget elementor-widget-video\" data-id=\"4376857\" data-element_type=\"widget\" data-settings=\"{&quot;youtube_url&quot;:&quot;https:\\\/\\\/youtu.be\\\/NKQ6BkFd_m8&quot;,&quot;video_type&quot;:&quot;youtube&quot;,&quot;controls&quot;:&quot;yes&quot;}\" data-widget_type=\"video.default\">\n\t\t\t\t<div class=\"elementor-widget-container\">\n\t\t\t\t\t\t\t<div class=\"elementor-wrapper elementor-open-inline\">\n\t\t\t<div class=\"elementor-video\"><\/div>\t\t<\/div>\n\t\t\t\t\t\t<\/div>\n\t\t\t\t<\/div>\n\t\t\t\t<div class=\"elementor-element elementor-element-52a22db elementor-widget elementor-widget-shortcode\" data-id=\"52a22db\" data-element_type=\"widget\" data-widget_type=\"shortcode.default\">\n\t\t\t\t<div class=\"elementor-widget-container\">\n\t\t\t\t\t\t\t<div class=\"elementor-shortcode\">      \n\n\n\n    <div class=\"icons\">\n\n        <div class=\"single_icon\">\n            <a href=\"\/onde-comer?mun=64511772e8f4278a16912758\">\n                <img decoding=\"async\" src=\"\/wp-content\/uploads\/2024\/01\/comer-2.png\">\n                <p class=\"title_icon\">D\u00f3nde comer<\/p>\n            <\/a>\n        <\/div>\n        <div class=\"single_icon\">\n            <a href=\"\/onde-dormir?mun=64511772e8f4278a16912758\">\n                <img decoding=\"async\" src=\"\/wp-content\/uploads\/2024\/01\/dormir-2.png\">\n                <p class=\"title_icon\">D\u00f3nde dormir<\/p>\n            <\/a>\n        <\/div>\n        <div class=\"single_icon\">\n            <a href=\"\/o-que-visitar?mun=64511772e8f4278a16912758\">\n                <img decoding=\"async\" src=\"\/wp-content\/uploads\/2024\/01\/patrimonio-2.png\">\n                <p class=\"title_icon\">Qu\u00e9 ver<\/p>\n            <\/a>\n        <\/div>\n        <div class=\"single_icon\">\n            <a href=\"\/onde-se-divertir?mun=64511772e8f4278a16912758\">\n                <img decoding=\"async\" src=\"\/wp-content\/uploads\/2024\/01\/Onde-se-Divertir-3.png\">\n                <p class=\"title_icon\">D\u00f3nde divertirse<\/p>\n            <\/a>\n        <\/div>\n        <div class=\"single_icon\">\n            <a href=\"\/itinerarios-municipio?mun=alijo\">\n                <img decoding=\"async\" src=\"\/wp-content\/uploads\/2024\/02\/itinerarios.png\">\n                <p class=\"title_icon\">Itinerarios<\/p>\n            <\/a>\n        <\/div>\n    \n    <\/div>     \n\n    <style>\n\n        .icons {\n            display: flex;\n            gap: 30px;\n        }\n\n        .single_icon {\n            text-align: center;\n        }\n\n        .icons img {\n            width: 58px !important;\n        }\n\n        p.title_icon {\n            margin: 32px 0 0;\n            color: #384B98;\n            font-size: 16px;\n            font-weight: 500;\n            text-transform: capitalize;\n            line-height: 42px;\n            word-wrap: break-word;\n        }\n\n        @media only screen and (max-width: 768px) {\n\n            .icons {\n                display: flex;\n                gap: 10px;\n            }\n\n            p.title_icon {\n                margin: 25px 0 0;\n                font-size: 12px;\n            }\n\n            .single_icon img {\n                width: 48px !important;\n                height: 48px;\n            }\n\n        }\n\n\n\n\n    <\/style>\n\n    <\/div>\n\t\t\t\t\t\t<\/div>\n\t\t\t\t<\/div>\n\t\t\t\t<\/div>\n\t\t<div class=\"elementor-element elementor-element-8f3d7a6 e-con-full e-flex e-con e-child\" data-id=\"8f3d7a6\" data-element_type=\"container\">\n\t\t<div class=\"elementor-element elementor-element-687df76 e-flex e-con-boxed e-con e-child\" data-id=\"687df76\" data-element_type=\"container\">\n\t\t\t\t\t<div class=\"e-con-inner\">\n\t\t\t\t<div class=\"elementor-element elementor-element-a7a9288 elementor-widget elementor-widget-image\" data-id=\"a7a9288\" data-element_type=\"widget\" data-widget_type=\"image.default\">\n\t\t\t\t<div class=\"elementor-widget-container\">\n\t\t\t\t\t\t\t\t\t\t\t\t\t\t\t<img decoding=\"async\" width=\"251\" height=\"150\" src=\"https:\/\/discoverdouro.pt\/wp-content\/uploads\/2023\/07\/Alijo-White.png\" class=\"attachment-full size-full wp-image-23772\" alt=\"\" \/>\t\t\t\t\t\t\t\t\t\t\t\t\t\t\t<\/div>\n\t\t\t\t<\/div>\n\t\t\t\t\t<\/div>\n\t\t\t\t<\/div>\n\t\t<div class=\"elementor-element elementor-element-563f0f3 e-flex e-con-boxed e-con e-child\" data-id=\"563f0f3\" data-element_type=\"container\">\n\t\t\t\t\t<div class=\"e-con-inner\">\n\t\t\t\t<div class=\"elementor-element elementor-element-b356048 elementor-widget elementor-widget-image\" data-id=\"b356048\" data-element_type=\"widget\" data-widget_type=\"image.default\">\n\t\t\t\t<div class=\"elementor-widget-container\">\n\t\t\t\t\t\t\t\t\t\t\t\t\t\t\t<img fetchpriority=\"high\" decoding=\"async\" width=\"1000\" height=\"1000\" src=\"https:\/\/discoverdouro.pt\/wp-content\/uploads\/2023\/12\/Mapa_Alijo.png\" class=\"attachment-full size-full wp-image-42525\" alt=\"\" srcset=\"https:\/\/discoverdouro.pt\/wp-content\/uploads\/2023\/12\/Mapa_Alijo.png 1000w, https:\/\/discoverdouro.pt\/wp-content\/uploads\/2023\/12\/Mapa_Alijo-300x300.png 300w, https:\/\/discoverdouro.pt\/wp-content\/uploads\/2023\/12\/Mapa_Alijo-150x150.png 150w, https:\/\/discoverdouro.pt\/wp-content\/uploads\/2023\/12\/Mapa_Alijo-768x768.png 768w\" sizes=\"(max-width: 1000px) 100vw, 1000px\" \/>\t\t\t\t\t\t\t\t\t\t\t\t\t\t\t<\/div>\n\t\t\t\t<\/div>\n\t\t\t\t\t<\/div>\n\t\t\t\t<\/div>\n\t\t<div class=\"elementor-element elementor-element-845e5ec e-flex e-con-boxed e-con e-child\" data-id=\"845e5ec\" data-element_type=\"container\">\n\t\t\t\t\t<div class=\"e-con-inner\">\n\t\t\t\t<div class=\"elementor-element elementor-element-73cbce8 elementor-widget elementor-widget-text-editor\" data-id=\"73cbce8\" data-element_type=\"widget\" data-widget_type=\"text-editor.default\">\n\t\t\t\t<div class=\"elementor-widget-container\">\n\t\t\t\t\t\t\t\t\t<div class=\"elementor-element elementor-element-099ccec elementor-widget elementor-widget-text-editor\" data-id=\"099ccec\" data-element_type=\"widget\" data-widget_type=\"text-editor.default\"><div class=\"elementor-widget-container\"><b>C\u00f3digo Postal:<\/b> 5070<\/div><\/div><div class=\"elementor-element elementor-element-13d6da1 elementor-widget elementor-widget-text-editor\" data-id=\"13d6da1\" data-element_type=\"widget\" data-widget_type=\"text-editor.default\"><div class=\"elementor-widget-container\"><b>Densidad de poblaci\u00f3n:<\/b> 35,3 hab.\/km\u00b2<\/div><\/div><div class=\"elementor-element elementor-element-1e86197 elementor-widget elementor-widget-text-editor\" data-id=\"1e86197\" data-element_type=\"widget\" data-widget_type=\"text-editor.default\"><div class=\"elementor-widget-container\"><b>Distrito:<\/b> Vila Real<\/div><\/div><div class=\"elementor-element elementor-element-a1e1433 elementor-widget elementor-widget-text-editor\" data-id=\"a1e1433\" data-element_type=\"widget\" data-widget_type=\"text-editor.default\"><div class=\"elementor-widget-container\"><b>Fiesta municipal:<\/b> 11 de Novembro<\/div><\/div><div class=\"elementor-element elementor-element-b1fff47 elementor-widget elementor-widget-text-editor\" data-id=\"b1fff47\" data-element_type=\"widget\" data-widget_type=\"text-editor.default\"><div class=\"elementor-widget-container\"><b>Fundaci\u00f3n del municipio (o carta):<\/b> 1226<\/div><\/div><div class=\"elementor-element elementor-element-6ac84a8 elementor-widget elementor-widget-text-editor\" data-id=\"6ac84a8\" data-element_type=\"widget\" data-widget_type=\"text-editor.default\"><div class=\"elementor-widget-container\"><b>N\u00ba de parroquias:<\/b> 14<\/div><\/div><div class=\"elementor-element elementor-element-1741513 elementor-widget elementor-widget-text-editor\" data-id=\"1741513\" data-element_type=\"widget\" data-widget_type=\"text-editor.default\"><div class=\"elementor-widget-container\"><b>Oratorio:<\/b> Santa Maria Maior<\/div><\/div>\t\t\t\t\t\t\t\t<\/div>\n\t\t\t\t<\/div>\n\t\t\t\t\t<\/div>\n\t\t\t\t<\/div>\n\t\t\t\t<\/div>\n\t\t\t\t\t<\/div>\n\t\t\t\t<\/div>\n\t\t<div class=\"elementor-element elementor-element-876ef85 e-flex e-con-boxed e-con e-parent\" data-id=\"876ef85\" data-element_type=\"container\">\n\t\t\t\t\t<div class=\"e-con-inner\">\n\t\t\t\t<div class=\"elementor-element elementor-element-e86cc5f elementor-widget elementor-widget-shortcode\" data-id=\"e86cc5f\" data-element_type=\"widget\" data-widget_type=\"shortcode.default\">\n\t\t\t\t<div class=\"elementor-widget-container\">\n\t\t\t\t\t\t\t<div class=\"elementor-shortcode\">        \n\n        \n        \n    <!--Styles para teste-->\n\n    <style>\n\n        h2.not_found {\n            text-align: left;\n            font-size:20px;\n        }\n        \n        \n        .list:has(.not_found) {\n            grid-template-columns: repeat(1, 1fr) !important;\n        }\n\n        h2.title_events{\n            font-size: 30px;\n            font-weight: 700;\n            line-height: 1.3em;\n        }\n\n        .list, .pagination {\n            display: grid;\n            grid-template-columns: repeat(3, 4fr);\n            gap: 64px 20px;\n        }\n\n        .card_record{\n            border-radius: 30px;\n            box-shadow: 0px 0px 5px 0px rgba(0,0,0,0.5);\n\n        }\n\n        .image_record img {\n            border-radius: 30px 30px 0 0;\n            height: 300px;\n            width: 100%;\n            object-fit: cover;\n            background-color: white;\n        }\n\n        .infos_record{\n            background-color: white;\n            height: 179px;\n            border-radius: 0px 0px 30px 30px ;\n            padding: 19px 19px;\n            display: flex;\n        }\n\n        .infos_record .column1 {\n            width: 90%;\n        }\n\n        .infos_record .column2 {\n            width: 10%;\n            text-align: center;\n            margin-left: 5px;\n        }\n\n        .title_record {\n            min-height: 70px;\n        }\n\n        .infos_record h2{\n            font-weight: 400;\n            font-size: 19px;\n            line-height: 21px;\n            color:black;\n            margin: 0;\n        }\n\n        .list{\n            margin-top:50px;\n            margin-bottom:80px;\n        }\n\n\n        .local {\n            display: flex;\n            gap: 12px;\n            padding-top: 18px;\n            width: 100%;\n            align-items: flex-end;\n        }\n\n        .icon img{\n            height: 16px;\n        }\n\n        .icon_list {\n            gap: 8px;\n            display: flex;\n            flex-direction: row;\n        }\n\n        .city{\n            font-size: 13px;\n        }\n\n\n        a.favourite_icon:hover img {\n            content: url(\/wp-content\/plugins\/discover-douro\/imgs\/heart-blue.svg);\n        }\n\n\n\n\n        @media only screen and (max-width: 768px) {\n\n\n            .list, .pagination {\n                display: grid;\n                grid-template-columns: repeat(1, 4fr);\n                \/* grid-template-rows: repeat(3, 600px); *\/\n                gap: 24px 20px;\n                padding: 10px;\n            }\n\n            .total{\n                text-align: center;\n            }\n\n            .pagination {\n                margin-top: 15px;\n            }\n\n            h2.not_found {\n                text-align: center;\n                margin: 120px 40px 100px 40px !important;\n                font-size:27px;\n            }\n\n        }\n\n\n\n\n    <\/style>\n\n\n\n\n\n    <\/div>\n\t\t\t\t\t\t<\/div>\n\t\t\t\t<\/div>\n\t\t\t\t\t<\/div>\n\t\t\t\t<\/div>\n\t\t<div class=\"elementor-element elementor-element-042cfae e-flex e-con-boxed e-con e-parent\" data-id=\"042cfae\" data-element_type=\"container\">\n\t\t\t\t\t<div class=\"e-con-inner\">\n\t\t\t\t<div class=\"elementor-element elementor-element-58e2c69 elementor-widget elementor-widget-toggle\" data-id=\"58e2c69\" data-element_type=\"widget\" data-widget_type=\"toggle.default\">\n\t\t\t\t<div class=\"elementor-widget-container\">\n\t\t\t\t\t\t\t<div class=\"elementor-toggle\">\n\t\t\t\t\t\t\t<div class=\"elementor-toggle-item\">\n\t\t\t\t\t<div id=\"elementor-tab-title-9321\" class=\"elementor-tab-title\" data-tab=\"1\" role=\"button\" aria-controls=\"elementor-tab-content-9321\" aria-expanded=\"false\">\n\t\t\t\t\t\t\t\t\t\t\t\t<span class=\"elementor-toggle-icon elementor-toggle-icon-left\" aria-hidden=\"true\">\n\t\t\t\t\t\t\t\t\t\t\t\t\t\t\t<span class=\"elementor-toggle-icon-closed\"><svg class=\"e-font-icon-svg e-fas-chevron-down\" viewBox=\"0 0 448 512\" xmlns=\"http:\/\/www.w3.org\/2000\/svg\"><path d=\"M207.029 381.476L12.686 187.132c-9.373-9.373-9.373-24.569 0-33.941l22.667-22.667c9.357-9.357 24.522-9.375 33.901-.04L224 284.505l154.745-154.021c9.379-9.335 24.544-9.317 33.901.04l22.667 22.667c9.373 9.373 9.373 24.569 0 33.941L240.971 381.476c-9.373 9.372-24.569 9.372-33.942 0z\"><\/path><\/svg><\/span>\n\t\t\t\t\t\t\t\t<span class=\"elementor-toggle-icon-opened\"><svg class=\"elementor-toggle-icon-opened e-font-icon-svg e-fas-chevron-up\" viewBox=\"0 0 448 512\" xmlns=\"http:\/\/www.w3.org\/2000\/svg\"><path d=\"M240.971 130.524l194.343 194.343c9.373 9.373 9.373 24.569 0 33.941l-22.667 22.667c-9.357 9.357-24.522 9.375-33.901.04L224 227.495 69.255 381.516c-9.379 9.335-24.544 9.317-33.901-.04l-22.667-22.667c-9.373-9.373-9.373-24.569 0-33.941L207.03 130.525c9.372-9.373 24.568-9.373 33.941-.001z\"><\/path><\/svg><\/span>\n\t\t\t\t\t\t\t\t\t\t\t\t\t<\/span>\n\t\t\t\t\t\t\t\t\t\t\t\t<a class=\"elementor-toggle-title\" tabindex=\"0\">Contactos \u00datiles<\/a>\n\t\t\t\t\t<\/div>\n\n\t\t\t\t\t<div id=\"elementor-tab-content-9321\" class=\"elementor-tab-content elementor-clearfix\" data-tab=\"1\" role=\"region\" aria-labelledby=\"elementor-tab-title-9321\"><p id=\"E138\" class=\"x-scope qowt-word-para-2 x-scope qowt-word-para-2\"><span id=\"E139\"><strong>N\u00famero Nacional de Emergencias:<\/strong> 112<\/span><\/p><p id=\"E140\" class=\"x-scope qowt-word-para-2\"><span id=\"E141\"><strong>Bomberos &#8211; L\u00ednea Verde:<\/strong> 800 202 425<\/span><\/p><p id=\"E142\" class=\"x-scope qowt-word-para-2\"><strong><span id=\"E143\">Ayuntamiento de Alij\u00f3<br \/><\/span><\/strong><\/p><p id=\"E144\" class=\"x-scope qowt-word-para-2\"><span id=\"E145\">Rua General Alves Pedrosa 13 | 5070-051 Alij\u00f3 | GPS. 41.276216, -7.474989 | T. +351 259 957 100 | geral@cm-alijo.pt | www.cm-alijo.pt<\/span><\/p><p id=\"E146\" class=\"x-scope qowt-word-para-2\"><strong><span id=\"E147\">Oficina de Turismo<br \/><\/span><\/strong><\/p><p id=\"E148\" class=\"x-scope qowt-word-para-2\"><span id=\"E149\">Av. Conselheiro Teixeira de Sousa | 5070-012 Alij\u00f3 | GPS. 41.276119, -7.472927 | T. +351 259 957 105 | turismo@cm-alijo.pt | www.turismo.cm-alijo.pt<\/span><\/p><p id=\"E150\" class=\"x-scope qowt-word-para-2\"><strong><span id=\"E151\">Centro de Salud de Alij\u00f3<br \/><\/span><\/strong><\/p><p id=\"E152\" class=\"x-scope qowt-word-para-2\"><span id=\"E153\">Travessa da Tapada | 5070-012 Alij\u00f3 | GPS. 41.272042, -7.474415 | T. +351 259 959 210 | usf.alijo@arsnorte.min-saude.pt<\/span><\/p><p class=\"x-scope qowt-word-para-2\"><strong><span id=\"E155\">Centro de Pinh\u00e3o<br \/><\/span><\/strong><\/p><p id=\"E156\" class=\"x-scope qowt-word-para-2\"><span id=\"E157\">Lugar da <\/span><span id=\"E159\">Galeira<\/span><span id=\"E161\"> | 5085-031 Pinh\u00e3o | GPS. 41.193600, -7.543379 | T. +351 254 730 400 | ucsp.pinhao@arsnorte.min-saude.pt<\/span><\/p><p id=\"E162\" class=\"x-scope qowt-word-para-2\"><strong><span id=\"E163\">Guardia Nacional Republicana &#8211; Puesto Territorial de Alij\u00f3<\/span><\/strong><\/p><p id=\"E164\" class=\"x-scope qowt-word-para-2\"><span id=\"E165\">Bairro do Pombal | 5070-017 Alij\u00f3 | 41.281612, -7.475067 | T. +351 259 950 543 | ct.vrl.dprg.palj@gnr.pt | <\/span><a id=\"E166\" contenteditable=\"false\" href=\"http:\/\/www.gnr.pt\" target=\"_blank\" rel=\"noopener\"><span id=\"E167\" class=\"qowt-stl-Hiperligao\">www.gnr.pt<\/span><\/a><\/p><\/div>\n\t\t\t\t<\/div>\n\t\t\t\t\t\t\t\t<\/div>\n\t\t\t\t\t\t<\/div>\n\t\t\t\t<\/div>\n\t\t\t\t\t<\/div>\n\t\t\t\t<\/div>\n\t\t<div class=\"elementor-element elementor-element-5823840 e-con-full e-flex e-con e-parent\" data-id=\"5823840\" data-element_type=\"container\">\n\t\t\t\t<div class=\"elementor-element elementor-element-75b5c40 elementor-widget elementor-widget-shortcode\" data-id=\"75b5c40\" data-element_type=\"widget\" data-widget_type=\"shortcode.default\">\n\t\t\t\t<div class=\"elementor-widget-container\">\n\t\t\t\t\t\t\t<div class=\"elementor-shortcode\">        \n    <div id=\"map\"><\/div>\n    <script async defer src=\"https:\/\/maps.googleapis.com\/maps\/api\/js?key=AIzaSyBlxeEJOXg6CEUTXDHxu-BmmzL02cXTKp0&callback=initMap\"><\/script>\n\n    <style>\n        #map {\n            height: 450px;\n            width: 100%;\n        }\n    <\/style>\n\n    <script>\n                                         \n\n        function initMap() {\n        var center = {lat: 41.276083, lng: -7.475031 };\n        var locations = [\n     ['<b><a href=\"\/poiss?slug=alojamento-dos-santos\">Alojamento dos Santos<\/a><\/b>', 41.191771, -7.545502, \"\/wp-content\/plugins\/discover-douro\/imgs\/onde_dormir.png\"],\n     ['<b><a href=\"\/poiss?slug=bonelli-house\">Bonelli House<\/a><\/b>', 41.279898, -7.411539, \"\/wp-content\/plugins\/discover-douro\/imgs\/onde_dormir.png\"],\n     ['<b><a href=\"\/poiss?slug=casa-d-arca\">Casa D\u00b4Arc\u00e3<\/a><\/b>', 41.275343, -7.470391, \"\/wp-content\/plugins\/discover-douro\/imgs\/onde_dormir.png\"],\n     ['<b><a href=\"\/poiss?slug=casa-das-hortensias\">Casa das Hort\u00eansias<\/a><\/b>', 41.293328, -7.479949, \"\/wp-content\/plugins\/discover-douro\/imgs\/onde_dormir.png\"],\n     ['<b><a href=\"\/poiss?slug=casa-do-jornaleiro-quinta-da-cabrida-douro\">Casa do Jornaleiro - Quinta da Cabrida Douro<\/a><\/b>', 41.20049, -7.53325, \"\/wp-content\/plugins\/discover-douro\/imgs\/onde_dormir.png\"],\n     ['<b><a href=\"\/poiss?slug=casa-quinta-da-nogueira\">Casa Quinta da Nogueira<\/a><\/b>', 41.218053, -7.530812, \"\/wp-content\/plugins\/discover-douro\/imgs\/onde_dormir.png\"],\n     ['<b><a href=\"\/poiss?slug=dorigem\">D Origem<\/a><\/b>', 41.20042, -7.533814, \"\/wp-content\/plugins\/discover-douro\/imgs\/onde_dormir.png\"],\n     ['<b><a href=\"\/poiss?slug=dourorelax\">D ouro Relax<\/a><\/b>', 41.292432, -7.518847, \"\/wp-content\/plugins\/discover-douro\/imgs\/onde_dormir.png\"],\n     ['<b><a href=\"\/poiss?slug=encostas-da-baronesa\">Encostas da Baronesa <\/a><\/b>', 41.219132, -7.464157, \"\/wp-content\/plugins\/discover-douro\/imgs\/onde_dormir.png\"],\n     ['<b><a href=\"\/poiss?slug=hotel-douro\">Hotel Douro<\/a><\/b>', 41.190756, -7.545563, \"\/wp-content\/plugins\/discover-douro\/imgs\/onde_dormir.png\"],\n     ['<b><a href=\"\/poiss?slug=quinta-da-costinha\">Quinta da Costinha<\/a><\/b>', 41.278046, -7.476625, \"\/wp-content\/plugins\/discover-douro\/imgs\/onde_dormir.png\"],\n     ['<b><a href=\"\/poiss?slug=quinta-de-fiaes\">Quinta de Fi\u00e3es<\/a><\/b>', 41.333255, -7.576961, \"\/wp-content\/plugins\/discover-douro\/imgs\/onde_dormir.png\"],\n     ['<b><a href=\"\/poiss?slug=quinta-vila-rachel\">Quinta Vila Rachel<\/a><\/b>', 41.245967, -7.432345, \"\/wp-content\/plugins\/discover-douro\/imgs\/onde_dormir.png\"],\n     ['<b><a href=\"\/poiss?slug=soalheira-douro-house\">Soalheira Douro House<\/a><\/b>', 41.22547, -7.533129, \"\/wp-content\/plugins\/discover-douro\/imgs\/onde_dormir.png\"],\n     ['<b><a href=\"\/poiss?slug=the-vintage-house-hotel\">The Vintage House Hotel<\/a><\/b>', 41.189418, -7.542696, \"\/wp-content\/plugins\/discover-douro\/imgs\/onde_dormir.png\"],\n     ['<b><a href=\"\/poiss?slug=douro-tours\">Douro Tours<\/a><\/b>', 41.189707, -7.547883, \"\/wp-content\/plugins\/discover-douro\/imgs\/onde_se_divertir.png\"],\n     ['<b><a href=\"\/poiss?slug=pipadouro-vintage-wine-travel\">Pipadouro - Vintage Wine Travel<\/a><\/b>', 41.189437, -7.543791, \"\/wp-content\/plugins\/discover-douro\/imgs\/onde_se_divertir.png\"],\n     ['<b><a href=\"\/poiss?slug=miradouro-do-ujo\">Miradouro do Ujo <\/a><\/b>', 41.254679, -7.41816, \"\/wp-content\/plugins\/discover-douro\/imgs\/o_que_visitar.png\"],\n     ['<b><a href=\"\/poiss?slug=estacao-ferroviaria-do-pinhao\">Esta\u00e7\u00e3o Ferrovi\u00e1ria do Pinh\u00e3o<\/a><\/b>', 41.190559, -7.545057, \"\/wp-content\/plugins\/discover-douro\/imgs\/o_que_visitar.png\"],\n     ['<b><a href=\"\/poiss?slug=santuario-de-nossa-senhora-da-piedade\">Santu\u00e1rio de Nossa Senhora da Piedade<\/a><\/b>', 41.29179, -7.513442, \"\/wp-content\/plugins\/discover-douro\/imgs\/o_que_visitar.png\"],\n     ['<b><a href=\"\/poiss?slug=nucleo-museologico-do-pao-e-do-vinho\">N\u00facleo Museol\u00f3gico do P\u00e3o e do Vinho <\/a><\/b>', 41.265591, -7.501304, \"\/wp-content\/plugins\/discover-douro\/imgs\/o_que_visitar.png\"],\n     ['<b><a href=\"\/poiss?slug=miradouro-de-casal-de-loivos\">Miradouro De Casal De Loivos <\/a><\/b>', 41.1987, -7.532116, \"\/wp-content\/plugins\/discover-douro\/imgs\/o_que_visitar.png\"],\n     ['<b><a href=\"\/poiss?slug=centro-interpretativo-dolival-ao-azeite-douro\">Centro Interpretativo D\u2019Olival Ao Azeite D\u2019ouro<\/a><\/b>', 41.230132, -7.468572, \"\/wp-content\/plugins\/discover-douro\/imgs\/o_que_visitar.png\"],\n     ['<b><a href=\"\/poiss?slug=portas-de-entrada-do-parque-natural-regional-do-vale-do-tua\">Portas De Entrada Do Parque Natural Regional Do Vale Do Tua<\/a><\/b>', 41.249105, -7.433261, \"\/wp-content\/plugins\/discover-douro\/imgs\/o_que_visitar.png\"],\n     ['<b><a href=\"\/poiss?slug=anta-da-fonte-coberta\">Anta da Fonte Coberta<\/a><\/b>', 41.334894, -7.471597, \"\/wp-content\/plugins\/discover-douro\/imgs\/o_que_visitar.png\"],\n     ['<b><a href=\"\/poiss?slug=abrigo-rupestre-da-pala-pinta\">Abrigo Rupestre Da Pala Pinta<\/a><\/b>', 41.308965, -7.39665, \"\/wp-content\/plugins\/discover-douro\/imgs\/o_que_visitar.png\"],\n     ['<b><a href=\"\/poiss?slug=centro-de-mostra-e-amostra-de-produtos-endogenos-casa-dos-noura\">Centro De Mostra E Amostra De Produtos End\u00f3genos \u2013 Casa Dos Noura<\/a><\/b>', 41.277042, -7.475204, \"\/wp-content\/plugins\/discover-douro\/imgs\/o_que_visitar.png\"],\n     ['<b><a href=\"\/poiss?slug=miradouro-da-senhora-da-cunha\">Miradouro da Senhora da Cunha <\/a><\/b>', 41.282919, -7.419922, \"\/wp-content\/plugins\/discover-douro\/imgs\/o_que_visitar.png\"],\n     ['<b><a href=\"\/poiss?slug=homem-do-douro\">Homem do Douro<\/a><\/b>', 41.275503, -7.475274, \"\/wp-content\/plugins\/discover-douro\/imgs\/o_que_visitar.png\"],\n     ['<b><a href=\"\/poiss?slug=santuario-do-senhor-jesus-de-perafita\">Santu\u00e1rio Do Senhor Jesus De Perafita<\/a><\/b>', 41.388711, -7.542246, \"\/wp-content\/plugins\/discover-douro\/imgs\/o_que_visitar.png\"],\n     ['<b><a href=\"\/poiss?slug=santario-de-nossa-senhora-dos-aflitos\">Santu\u00e1rio De Nossa Senhora Dos Aflitos <\/a><\/b>', 41.360281, -7.447549, \"\/wp-content\/plugins\/discover-douro\/imgs\/o_que_visitar.png\"],\n     ['<b><a href=\"\/poiss?slug=castro-de-sao-marcos-ou-da-touca-rota\">Castro De S\u00e3o Marcos Ou Da Touca Rota<\/a><\/b>', 41.372497, -7.489192, \"\/wp-content\/plugins\/discover-douro\/imgs\/o_que_visitar.png\"],\n     ['<b><a href=\"\/poiss?slug=capela-de-nossa-senhora-da-boa-morte\">Capela De Nossa Senhora Da Boa Morte<\/a><\/b>', 41.371345, -7.488683, \"\/wp-content\/plugins\/discover-douro\/imgs\/o_que_visitar.png\"],\n     ['<b><a href=\"\/poiss?slug=nucleo-museologico-casa-dos-milagres\">N\u00facleo Museol\u00f3gico Casa Dos Milagres<\/a><\/b>', 41.388945, -7.541951, \"\/wp-content\/plugins\/discover-douro\/imgs\/o_que_visitar.png\"],\n     ['<b><a href=\"\/poiss?slug=teatro-auditorio-municipal-de-alijo\">Teatro Audit\u00f3rio Municipal De Alij\u00f3<\/a><\/b>', 41.276107, -7.473031, \"\/wp-content\/plugins\/discover-douro\/imgs\/o_que_visitar.png\"],\n     ['<b><a href=\"\/poiss?slug=zona-ribeirinha-do-pinhao\">Zona Ribeirinha Do Pinh\u00e3o<\/a><\/b>', 41.189842, -7.547943, \"\/wp-content\/plugins\/discover-douro\/imgs\/o_que_visitar.png\"],\n     ['<b><a href=\"\/poiss?slug=estacao-nautica-de-alijo\">Esta\u00e7\u00e3o N\u00e1utica De Alij\u00f3<\/a><\/b>', 41.189761, -7.54629, \"\/wp-content\/plugins\/discover-douro\/imgs\/onde_se_divertir.png\"],\n     ['<b><a href=\"\/poiss?slug=parque-natural-regional-do-vale-do-tua-microrreservas-alijo\">Parque Natural Regional Do Vale Do Tua \u2013 Microrreservas Alij\u00f3<\/a><\/b>', 41.249579, -7.432994, \"\/wp-content\/plugins\/discover-douro\/imgs\/o_que_visitar.png\"],\n     ['<b><a href=\"\/poiss?slug=miradouro-de-santa-barbar\">Miradouro de Santa B\u00e1rbara<\/a><\/b>', 41.269466, -7.496001, \"\/wp-content\/plugins\/discover-douro\/imgs\/o_que_visitar.png\"],\n     ['<b><a href=\"\/poiss?slug=miradouro-de-nossa-senhora-da-piedade\">Miradouro de Nossa Senhora da Piedade<\/a><\/b>', 41.291579, -7.513465, \"\/wp-content\/plugins\/discover-douro\/imgs\/o_que_visitar.png\"],\n     ['<b><a href=\"\/poiss?slug=loja-interativa-de-turismo-de-alijo\">Tienda interactiva de turismo de Alij\u00f3<\/a><\/b>', 41.276119, -7.472927, \"\/wp-content\/plugins\/discover-douro\/imgs\/o_que_visitar.png\"],\n     ['<b><a href=\"\/poiss?slug=casa-branca\">Casa Branca<\/a><\/b>', 41.347991, -7.577743, \"\/wp-content\/plugins\/discover-douro\/imgs\/onde_dormir.png\"],\n     ['<b><a href=\"\/poiss?slug=restaurante-bar-apolo-xi\">Restaurante Bar Apolo XI<\/a><\/b>', 41.276491, -7.474619, \"\/wp-content\/plugins\/discover-douro\/imgs\/onde_comer.png\"],\n     ['<b><a href=\"\/poiss?slug=restaurante-lbv79\">Restaurante LBV79<\/a><\/b>', 41.189988, -7.547807, \"\/wp-content\/plugins\/discover-douro\/imgs\/onde_comer.png\"],\n     ['<b><a href=\"\/poiss?slug=restaurante-cepa-torta\">Restaurante C\u00eapa Torta<\/a><\/b>', 41.274979, -7.47915, \"\/wp-content\/plugins\/discover-douro\/imgs\/onde_comer.png\"],\n     ['<b><a href=\"\/poiss?slug=restaurante-maria-da-gloria\">Restaurante Maria da Gl\u00f3ria<\/a><\/b>', 41.310089, -7.464354, \"\/wp-content\/plugins\/discover-douro\/imgs\/onde_comer.png\"],\n     ['<b><a href=\"\/poiss?slug=num-que-wine-bar-restaurant\">Num Qu\u00ea Wine Bar Restaurante<\/a><\/b>', 41.288998, -7.478105, \"\/wp-content\/plugins\/discover-douro\/imgs\/onde_comer.png\"],\n     ['<b><a href=\"\/poiss?slug=restaurante-o-barao-pousada-barao-de-forrester\">Restaurante O Bar\u00e3o - Pousada Bar\u00e3o de Forrester<\/a><\/b>', 41.275458, -7.474537, \"\/wp-content\/plugins\/discover-douro\/imgs\/onde_comer.png\"],\n     ['<b><a href=\"\/poiss?slug=restaurante-o-cleto\">Restaurante  O Cleto <\/a><\/b>', 41.272016, -7.500344, \"\/wp-content\/plugins\/discover-douro\/imgs\/onde_comer.png\"],\n     ['<b><a href=\"\/poiss?slug=churrasqueira-pito-da-lola\">Churrasqueira Pito da Lola<\/a><\/b>', 41.2769, -7.478557, \"\/wp-content\/plugins\/discover-douro\/imgs\/onde_comer.png\"],\n     ['<b><a href=\"\/poiss?slug=restaurante-o-pousadao\">Restaurante O Pousad\u00e3o<\/a><\/b>', 41.377764, -7.518623, \"\/wp-content\/plugins\/discover-douro\/imgs\/onde_comer.png\"],\n     ['<b><a href=\"\/poiss?slug=restaurante-o-pelourinho\">Restaurante O Pelourinho<\/a><\/b>', 41.276535, -7.475088, \"\/wp-content\/plugins\/discover-douro\/imgs\/onde_comer.png\"],\n     ['<b><a href=\"\/poiss?slug=restaurante-pic-nic\">Restaurante Pic-Nic<\/a><\/b>', 41.267106, -7.479341, \"\/wp-content\/plugins\/discover-douro\/imgs\/onde_comer.png\"],\n     ['<b><a href=\"\/poiss?slug=restaurante-pizzeria-margherita\">Restaurante Pizzeria Margherita<\/a><\/b>', 41.272603, -7.476872, \"\/wp-content\/plugins\/discover-douro\/imgs\/onde_comer.png\"],\n     ['<b><a href=\"\/poiss?slug=quinta-da-faisca\">Quinta da Fa\u00edsca<\/a><\/b>', 41.246229, -7.496503, \"\/wp-content\/plugins\/discover-douro\/imgs\/onde_dormir.png\"],\n     ['<b><a href=\"\/poiss?slug=casa-da-trigueira\">Casa da Trigueira<\/a><\/b>', 41.34707, -7.41094, \"\/wp-content\/plugins\/discover-douro\/imgs\/onde_dormir.png\"],\n     ['<b><a href=\"\/poiss?slug=hotel-quinta-da-seixeda\">Hotel Quinta da Seixeda <\/a><\/b>', 41.28082, -7.473541, \"\/wp-content\/plugins\/discover-douro\/imgs\/onde_dormir.png\"],\n     ['<b><a href=\"\/poiss?slug=casa-dona-edite-guesthouse-douro\">Casa Dona Edite Guesthouse Douro<\/a><\/b>', 41.214129, -7.528127, \"\/wp-content\/plugins\/discover-douro\/imgs\/onde_dormir.png\"],\n     ['<b><a href=\"\/poiss?slug=quinta-da-pedra-alta\">Quinta da Pedra Alta<\/a><\/b>', 41.264853, -7.540867, \"\/wp-content\/plugins\/discover-douro\/imgs\/onde_se_divertir.png\"],\n     ['<b><a href=\"\/poiss?slug=favaios-aldeia-resort-casa-das-padeiras\">Favaios Aldeia Resort - Casa das Padeiras<\/a><\/b>', 41.267484, -7.499901, \"\/wp-content\/plugins\/discover-douro\/imgs\/onde_dormir.png\"],\n     ['<b><a href=\"\/poiss?slug=casa-museu-mauricio-penha\">Casa-Museu Maur\u00edcio Penha<\/a><\/b>', 41.292993, -7.520112, \"\/wp-content\/plugins\/discover-douro\/imgs\/o_que_visitar.png\"],\n     ['<b><a href=\"\/poiss?slug=casa-dos-noura-centro-de-mostra-e-amostra-de-produtos-endogenos\">Casa dos Noura- Centro de Mostra e Amostra de Produtos End\u00f3genos<\/a><\/b>', 41.277008, -7.47505, \"\/wp-content\/plugins\/discover-douro\/imgs\/o_que_visitar.png\"],\n     ['<b><a href=\"\/poiss?slug=grapeland\">Grapeland<\/a><\/b>', 41.2749, -7.4746, \"\/wp-content\/plugins\/discover-douro\/imgs\/onde_se_divertir.png\"],\n            ];\n        var map = new google.maps.Map(document.getElementById('map'), {\n        zoom: 12,\n                center: center\n        });\n        var infowindow = new google.maps.InfoWindow({});\n        var marker, count;\n        for (count = 0; count < locations.length; count++) {\n        marker = new google.maps.Marker({\n        position: new google.maps.LatLng(locations[count][1], locations[count][2]),\n                map: map,\n                icon: locations[count][3],\n                title: locations[count][0]\n        });\n        google.maps.event.addListener(marker, 'click', (function (marker, count) {\n        return function () {\n        infowindow.setContent(locations[count][0]);\n        infowindow.open(map, marker);\n        }\n        })(marker, count));\n        }\n        }\n\n    <\/script>\n\n\n    <\/div>\n\t\t\t\t\t\t<\/div>\n\t\t\t\t<\/div>\n\t\t\t\t<\/div>\n\t\t\t\t<\/div>\n\t\t","protected":false},"featured_media":32159,"template":"","class_list":["post-41398","municipio","type-municipio","status-publish","has-post-thumbnail","hentry"],"acf":[],"yoast_head":"<!-- This site is optimized with the Yoast SEO plugin v26.2 - https:\/\/yoast.com\/wordpress\/plugins\/seo\/ -->\n<title>Alij\u00f3 - Discover Douro<\/title>\n<meta name=\"robots\" content=\"index, follow, max-snippet:-1, max-image-preview:large, max-video-preview:-1\" \/>\n<link rel=\"canonical\" href=\"https:\/\/discoverdouro.pt\/es\/municipio\/alijo\" \/>\n<meta property=\"og:locale\" content=\"es_ES\" \/>\n<meta property=\"og:type\" content=\"article\" \/>\n<meta property=\"og:title\" content=\"Alij\u00f3 - Discover Douro\" \/>\n<meta property=\"og:description\" content=\"Alij\u00f3 es la sede de un municipio que se extiende desde la orilla derecha del r\u00edo Duero hasta los l\u00edmites con el municipio vecino de Mur\u00e7a. Est\u00e1 ba\u00f1ado por otros tres r\u00edos: Tinhela, Tua y Pinh\u00e3o. Tiene una superficie aproximada de 300 kil\u00f3metros cuadrados, 49 aldeas, 14 freguesias y 10.492 habitantes. La villa de Alij\u00f3, [&hellip;]\" \/>\n<meta property=\"og:url\" content=\"https:\/\/discoverdouro.pt\/es\/municipio\/alijo\" \/>\n<meta property=\"og:site_name\" content=\"Discover Douro\" \/>\n<meta property=\"article:publisher\" content=\"https:\/\/www.facebook.com\/profile.php?id=61555234744391\" \/>\n<meta property=\"article:modified_time\" content=\"2024-01-24T15:31:23+00:00\" \/>\n<meta property=\"og:image\" content=\"https:\/\/discoverdouro.pt\/wp-content\/uploads\/2023\/09\/Alijo-Black.png\" \/>\n\t<meta property=\"og:image:width\" content=\"251\" \/>\n\t<meta property=\"og:image:height\" content=\"150\" \/>\n\t<meta property=\"og:image:type\" content=\"image\/png\" \/>\n<meta name=\"twitter:card\" content=\"summary_large_image\" \/>\n<meta name=\"twitter:site\" content=\"@DiscoverDouro\" \/>\n<meta name=\"twitter:label1\" content=\"Est. reading time\" \/>\n\t<meta name=\"twitter:data1\" content=\"5 minutes\" \/>\n<script type=\"application\/ld+json\" class=\"yoast-schema-graph\">{\"@context\":\"https:\/\/schema.org\",\"@graph\":[{\"@type\":\"WebPage\",\"@id\":\"https:\/\/discoverdouro.pt\/es\/municipio\/alijo\",\"url\":\"https:\/\/discoverdouro.pt\/es\/municipio\/alijo\",\"name\":\"Alij\u00f3 - Discover Douro\",\"isPartOf\":{\"@id\":\"https:\/\/discoverdouro.pt\/es#website\"},\"primaryImageOfPage\":{\"@id\":\"https:\/\/discoverdouro.pt\/es\/municipio\/alijo#primaryimage\"},\"image\":{\"@id\":\"https:\/\/discoverdouro.pt\/es\/municipio\/alijo#primaryimage\"},\"thumbnailUrl\":\"https:\/\/discoverdouro.pt\/wp-content\/uploads\/2023\/09\/Alijo-Black.png\",\"datePublished\":\"2023-11-28T15:31:31+00:00\",\"dateModified\":\"2024-01-24T15:31:23+00:00\",\"breadcrumb\":{\"@id\":\"https:\/\/discoverdouro.pt\/es\/municipio\/alijo#breadcrumb\"},\"inLanguage\":\"es\",\"potentialAction\":[{\"@type\":\"ReadAction\",\"target\":[\"https:\/\/discoverdouro.pt\/es\/municipio\/alijo\"]}]},{\"@type\":\"ImageObject\",\"inLanguage\":\"es\",\"@id\":\"https:\/\/discoverdouro.pt\/es\/municipio\/alijo#primaryimage\",\"url\":\"https:\/\/discoverdouro.pt\/wp-content\/uploads\/2023\/09\/Alijo-Black.png\",\"contentUrl\":\"https:\/\/discoverdouro.pt\/wp-content\/uploads\/2023\/09\/Alijo-Black.png\",\"width\":251,\"height\":150},{\"@type\":\"BreadcrumbList\",\"@id\":\"https:\/\/discoverdouro.pt\/es\/municipio\/alijo#breadcrumb\",\"itemListElement\":[{\"@type\":\"ListItem\",\"position\":1,\"name\":\"Home\",\"item\":\"https:\/\/discoverdouro.pt\/es\"},{\"@type\":\"ListItem\",\"position\":2,\"name\":\"Munic\u00edpios\",\"item\":\"https:\/\/discoverdouro.pt\/es\/municipio\"},{\"@type\":\"ListItem\",\"position\":3,\"name\":\"Alij\u00f3\"}]},{\"@type\":\"WebSite\",\"@id\":\"https:\/\/discoverdouro.pt\/es#website\",\"url\":\"https:\/\/discoverdouro.pt\/es\",\"name\":\"Discover Douro\",\"description\":\"O Para\u00edso de Portugal\",\"publisher\":{\"@id\":\"https:\/\/discoverdouro.pt\/es#organization\"},\"potentialAction\":[{\"@type\":\"SearchAction\",\"target\":{\"@type\":\"EntryPoint\",\"urlTemplate\":\"https:\/\/discoverdouro.pt\/es?s={search_term_string}\"},\"query-input\":{\"@type\":\"PropertyValueSpecification\",\"valueRequired\":true,\"valueName\":\"search_term_string\"}}],\"inLanguage\":\"es\"},{\"@type\":\"Organization\",\"@id\":\"https:\/\/discoverdouro.pt\/es#organization\",\"name\":\"Discover Douro\",\"url\":\"https:\/\/discoverdouro.pt\/es\",\"logo\":{\"@type\":\"ImageObject\",\"inLanguage\":\"es\",\"@id\":\"https:\/\/discoverdouro.pt\/es#\/schema\/logo\/image\/\",\"url\":\"https:\/\/www.discoverdouro.pt\/wp-content\/uploads\/2024\/01\/cropped-Icon_Discover.png\",\"contentUrl\":\"https:\/\/www.discoverdouro.pt\/wp-content\/uploads\/2024\/01\/cropped-Icon_Discover.png\",\"width\":512,\"height\":512,\"caption\":\"Discover Douro\"},\"image\":{\"@id\":\"https:\/\/discoverdouro.pt\/es#\/schema\/logo\/image\/\"},\"sameAs\":[\"https:\/\/www.facebook.com\/profile.php?id=61555234744391\",\"https:\/\/x.com\/DiscoverDouro\",\"https:\/\/www.instagram.com\/discover.douro\",\"https:\/\/www.tiktok.com\/@discoverdouro\",\"https:\/\/www.linkedin.com\/company\/discover-douro\/\"]}]}<\/script>\n<!-- \/ Yoast SEO plugin. -->","yoast_head_json":{"title":"Alij\u00f3 - Discover Douro","robots":{"index":"index","follow":"follow","max-snippet":"max-snippet:-1","max-image-preview":"max-image-preview:large","max-video-preview":"max-video-preview:-1"},"canonical":"https:\/\/discoverdouro.pt\/es\/municipio\/alijo","og_locale":"es_ES","og_type":"article","og_title":"Alij\u00f3 - Discover Douro","og_description":"Alij\u00f3 es la sede de un municipio que se extiende desde la orilla derecha del r\u00edo Duero hasta los l\u00edmites con el municipio vecino de Mur\u00e7a. Est\u00e1 ba\u00f1ado por otros tres r\u00edos: Tinhela, Tua y Pinh\u00e3o. Tiene una superficie aproximada de 300 kil\u00f3metros cuadrados, 49 aldeas, 14 freguesias y 10.492 habitantes. La villa de Alij\u00f3, [&hellip;]","og_url":"https:\/\/discoverdouro.pt\/es\/municipio\/alijo","og_site_name":"Discover Douro","article_publisher":"https:\/\/www.facebook.com\/profile.php?id=61555234744391","article_modified_time":"2024-01-24T15:31:23+00:00","og_image":[{"width":251,"height":150,"url":"https:\/\/discoverdouro.pt\/wp-content\/uploads\/2023\/09\/Alijo-Black.png","type":"image\/png"}],"twitter_card":"summary_large_image","twitter_site":"@DiscoverDouro","twitter_misc":{"Est. reading time":"5 minutes"},"schema":{"@context":"https:\/\/schema.org","@graph":[{"@type":"WebPage","@id":"https:\/\/discoverdouro.pt\/es\/municipio\/alijo","url":"https:\/\/discoverdouro.pt\/es\/municipio\/alijo","name":"Alij\u00f3 - Discover Douro","isPartOf":{"@id":"https:\/\/discoverdouro.pt\/es#website"},"primaryImageOfPage":{"@id":"https:\/\/discoverdouro.pt\/es\/municipio\/alijo#primaryimage"},"image":{"@id":"https:\/\/discoverdouro.pt\/es\/municipio\/alijo#primaryimage"},"thumbnailUrl":"https:\/\/discoverdouro.pt\/wp-content\/uploads\/2023\/09\/Alijo-Black.png","datePublished":"2023-11-28T15:31:31+00:00","dateModified":"2024-01-24T15:31:23+00:00","breadcrumb":{"@id":"https:\/\/discoverdouro.pt\/es\/municipio\/alijo#breadcrumb"},"inLanguage":"es","potentialAction":[{"@type":"ReadAction","target":["https:\/\/discoverdouro.pt\/es\/municipio\/alijo"]}]},{"@type":"ImageObject","inLanguage":"es","@id":"https:\/\/discoverdouro.pt\/es\/municipio\/alijo#primaryimage","url":"https:\/\/discoverdouro.pt\/wp-content\/uploads\/2023\/09\/Alijo-Black.png","contentUrl":"https:\/\/discoverdouro.pt\/wp-content\/uploads\/2023\/09\/Alijo-Black.png","width":251,"height":150},{"@type":"BreadcrumbList","@id":"https:\/\/discoverdouro.pt\/es\/municipio\/alijo#breadcrumb","itemListElement":[{"@type":"ListItem","position":1,"name":"Home","item":"https:\/\/discoverdouro.pt\/es"},{"@type":"ListItem","position":2,"name":"Munic\u00edpios","item":"https:\/\/discoverdouro.pt\/es\/municipio"},{"@type":"ListItem","position":3,"name":"Alij\u00f3"}]},{"@type":"WebSite","@id":"https:\/\/discoverdouro.pt\/es#website","url":"https:\/\/discoverdouro.pt\/es","name":"Discover Douro","description":"O Para\u00edso de Portugal","publisher":{"@id":"https:\/\/discoverdouro.pt\/es#organization"},"potentialAction":[{"@type":"SearchAction","target":{"@type":"EntryPoint","urlTemplate":"https:\/\/discoverdouro.pt\/es?s={search_term_string}"},"query-input":{"@type":"PropertyValueSpecification","valueRequired":true,"valueName":"search_term_string"}}],"inLanguage":"es"},{"@type":"Organization","@id":"https:\/\/discoverdouro.pt\/es#organization","name":"Discover Douro","url":"https:\/\/discoverdouro.pt\/es","logo":{"@type":"ImageObject","inLanguage":"es","@id":"https:\/\/discoverdouro.pt\/es#\/schema\/logo\/image\/","url":"https:\/\/www.discoverdouro.pt\/wp-content\/uploads\/2024\/01\/cropped-Icon_Discover.png","contentUrl":"https:\/\/www.discoverdouro.pt\/wp-content\/uploads\/2024\/01\/cropped-Icon_Discover.png","width":512,"height":512,"caption":"Discover Douro"},"image":{"@id":"https:\/\/discoverdouro.pt\/es#\/schema\/logo\/image\/"},"sameAs":["https:\/\/www.facebook.com\/profile.php?id=61555234744391","https:\/\/x.com\/DiscoverDouro","https:\/\/www.instagram.com\/discover.douro","https:\/\/www.tiktok.com\/@discoverdouro","https:\/\/www.linkedin.com\/company\/discover-douro\/"]}]}},"_links":{"self":[{"href":"https:\/\/discoverdouro.pt\/es\/wp-json\/wp\/v2\/municipio\/41398","targetHints":{"allow":["GET"]}}],"collection":[{"href":"https:\/\/discoverdouro.pt\/es\/wp-json\/wp\/v2\/municipio"}],"about":[{"href":"https:\/\/discoverdouro.pt\/es\/wp-json\/wp\/v2\/types\/municipio"}],"version-history":[{"count":36,"href":"https:\/\/discoverdouro.pt\/es\/wp-json\/wp\/v2\/municipio\/41398\/revisions"}],"predecessor-version":[{"id":48453,"href":"https:\/\/discoverdouro.pt\/es\/wp-json\/wp\/v2\/municipio\/41398\/revisions\/48453"}],"wp:featuredmedia":[{"embeddable":true,"href":"https:\/\/discoverdouro.pt\/es\/wp-json\/wp\/v2\/media\/32159"}],"wp:attachment":[{"href":"https:\/\/discoverdouro.pt\/es\/wp-json\/wp\/v2\/media?parent=41398"}],"curies":[{"name":"wp","href":"https:\/\/api.w.org\/{rel}","templated":true}]}}