{"id":41554,"date":"2023-12-15T23:02:07","date_gmt":"2023-12-15T23:02:07","guid":{"rendered":"https:\/\/discoverdouro.digiupdev.com\/saberes-e-sabores-de-mesao-frio"},"modified":"2024-01-22T13:54:18","modified_gmt":"2024-01-22T13:54:18","slug":"sabores-y-conocimientos-mesao-frio","status":"publish","type":"page","link":"https:\/\/discoverdouro.pt\/es\/sabores-y-conocimientos-mesao-frio","title":{"rendered":"Sabores y Conocimientos Mes\u00e3o Frio"},"content":{"rendered":"\t\t<div data-elementor-type=\"wp-page\" data-elementor-id=\"41554\" class=\"elementor elementor-41554 elementor-41150\" data-elementor-post-type=\"page\">\n\t\t\t\t\t\t<section class=\"elementor-section elementor-top-section elementor-element elementor-element-af5f957 elementor-section-stretched elementor-section-boxed elementor-section-height-default elementor-section-height-default\" data-id=\"af5f957\" data-element_type=\"section\" data-settings=\"{&quot;stretch_section&quot;:&quot;section-stretched&quot;,&quot;background_background&quot;:&quot;classic&quot;}\">\n\t\t\t\t\t\t\t<div class=\"elementor-background-overlay\"><\/div>\n\t\t\t\t\t\t\t<div class=\"elementor-container elementor-column-gap-default\">\n\t\t\t\t\t<div class=\"elementor-column elementor-col-100 elementor-top-column elementor-element elementor-element-253a137\" data-id=\"253a137\" data-element_type=\"column\">\n\t\t\t<div class=\"elementor-widget-wrap elementor-element-populated\">\n\t\t\t\t\t\t<div class=\"elementor-element elementor-element-7cdcb3e elementor-widget elementor-widget-heading\" data-id=\"7cdcb3e\" data-element_type=\"widget\" data-widget_type=\"heading.default\">\n\t\t\t\t<div class=\"elementor-widget-container\">\n\t\t\t\t\t<h1 class=\"elementor-heading-title elementor-size-default\">Sabores y Conocimientos<\/h1>\t\t\t\t<\/div>\n\t\t\t\t<\/div>\n\t\t\t\t<div class=\"elementor-element elementor-element-e3bcbd7 elementor-widget elementor-widget-heading\" data-id=\"e3bcbd7\" data-element_type=\"widget\" data-widget_type=\"heading.default\">\n\t\t\t\t<div class=\"elementor-widget-container\">\n\t\t\t\t\t<h1 class=\"elementor-heading-title elementor-size-default\">Mes\u00e3o Frio<\/h1>\t\t\t\t<\/div>\n\t\t\t\t<\/div>\n\t\t\t\t\t<\/div>\n\t\t<\/div>\n\t\t\t\t\t<\/div>\n\t\t<\/section>\n\t\t<div class=\"elementor-element elementor-element-992ef6e e-flex e-con-boxed e-con e-parent\" data-id=\"992ef6e\" data-element_type=\"container\">\n\t\t\t\t\t<div class=\"e-con-inner\">\n\t\t\t\t<div class=\"elementor-element elementor-element-4f6047b elementor-widget elementor-widget-heading\" data-id=\"4f6047b\" data-element_type=\"widget\" data-widget_type=\"heading.default\">\n\t\t\t\t<div class=\"elementor-widget-container\">\n\t\t\t\t\t<h2 class=\"elementor-heading-title elementor-size-default\">Dulces\/salados<\/h2>\t\t\t\t<\/div>\n\t\t\t\t<\/div>\n\t\t\t\t\t<\/div>\n\t\t\t\t<\/div>\n\t\t<div class=\"elementor-element elementor-element-c57df9e e-flex e-con-boxed e-con e-parent\" data-id=\"c57df9e\" data-element_type=\"container\">\n\t\t\t\t\t<div class=\"e-con-inner\">\n\t\t<div class=\"elementor-element elementor-element-8da114c e-con-full elementor-hidden-mobile e-flex e-con e-child\" data-id=\"8da114c\" data-element_type=\"container\" data-settings=\"{&quot;background_background&quot;:&quot;classic&quot;}\">\n\t\t\t\t<\/div>\n\t\t<div class=\"elementor-element elementor-element-e0de0d5 e-con-full e-flex e-con e-child\" data-id=\"e0de0d5\" data-element_type=\"container\">\n\t\t\t\t<div class=\"elementor-element elementor-element-99d0266 elementor-hidden-desktop elementor-hidden-laptop elementor-hidden-tablet elementor-widget elementor-widget-image\" data-id=\"99d0266\" data-element_type=\"widget\" data-widget_type=\"image.default\">\n\t\t\t\t<div class=\"elementor-widget-container\">\n\t\t\t\t\t\t\t\t\t\t\t\t\t\t\t<img fetchpriority=\"high\" decoding=\"async\" width=\"800\" height=\"534\" src=\"https:\/\/discoverdouro.pt\/wp-content\/uploads\/2023\/12\/Biscoito-de-Vila-Marim-1-1-1024x683.jpg\" class=\"attachment-large size-large wp-image-41156\" alt=\"\" srcset=\"https:\/\/discoverdouro.pt\/wp-content\/uploads\/2023\/12\/Biscoito-de-Vila-Marim-1-1-1024x683.jpg 1024w, https:\/\/discoverdouro.pt\/wp-content\/uploads\/2023\/12\/Biscoito-de-Vila-Marim-1-1-300x200.jpg 300w, https:\/\/discoverdouro.pt\/wp-content\/uploads\/2023\/12\/Biscoito-de-Vila-Marim-1-1-768x512.jpg 768w, https:\/\/discoverdouro.pt\/wp-content\/uploads\/2023\/12\/Biscoito-de-Vila-Marim-1-1-1536x1024.jpg 1536w, https:\/\/discoverdouro.pt\/wp-content\/uploads\/2023\/12\/Biscoito-de-Vila-Marim-1-1-2048x1365.jpg 2048w\" sizes=\"(max-width: 800px) 100vw, 800px\" \/>\t\t\t\t\t\t\t\t\t\t\t\t\t\t\t<\/div>\n\t\t\t\t<\/div>\n\t\t\t\t<div class=\"elementor-element elementor-element-e2cd111 elementor-widget elementor-widget-heading\" data-id=\"e2cd111\" data-element_type=\"widget\" data-widget_type=\"heading.default\">\n\t\t\t\t<div class=\"elementor-widget-container\">\n\t\t\t\t\t<h2 class=\"elementor-heading-title elementor-size-default\">Galleta Vila Marim <\/h2>\t\t\t\t<\/div>\n\t\t\t\t<\/div>\n\t\t\t\t<div class=\"elementor-element elementor-element-78399af elementor-widget elementor-widget-text-editor\" data-id=\"78399af\" data-element_type=\"widget\" data-widget_type=\"text-editor.default\">\n\t\t\t\t<div class=\"elementor-widget-container\">\n\t\t\t\t\t\t\t\t\t<p>Aut\u00e9ntica DOCE rectangular, elaborada con harina de trigo, az\u00facar, agua, huevos, canela y el secreto tradicional transmitido de generaci\u00f3n en generaci\u00f3n, que en las Ferias, Fiestas y Romer\u00edas del Norte, tiene garantizada la venta en folletos equivalentes al tama\u00f1o de la bandeja en la que fue horneada.<\/p>\t\t\t\t\t\t\t\t<\/div>\n\t\t\t\t<\/div>\n\t\t\t\t<\/div>\n\t\t\t\t\t<\/div>\n\t\t\t\t<\/div>\n\t\t<div class=\"elementor-element elementor-element-ea10d75 e-flex e-con-boxed e-con e-parent\" data-id=\"ea10d75\" data-element_type=\"container\">\n\t\t\t\t\t<div class=\"e-con-inner\">\n\t\t<div class=\"elementor-element elementor-element-868f085 e-con-full e-flex e-con e-child\" data-id=\"868f085\" data-element_type=\"container\">\n\t\t\t\t<div class=\"elementor-element elementor-element-03012cf elementor-hidden-desktop elementor-hidden-laptop elementor-hidden-tablet elementor-widget elementor-widget-image\" data-id=\"03012cf\" data-element_type=\"widget\" data-widget_type=\"image.default\">\n\t\t\t\t<div class=\"elementor-widget-container\">\n\t\t\t\t\t\t\t\t\t\t\t\t\t\t\t<img decoding=\"async\" width=\"491\" height=\"720\" src=\"https:\/\/discoverdouro.pt\/wp-content\/uploads\/2023\/12\/Prato.jpg\" class=\"attachment-large size-large wp-image-41381\" alt=\"\" srcset=\"https:\/\/discoverdouro.pt\/wp-content\/uploads\/2023\/12\/Prato.jpg 491w, https:\/\/discoverdouro.pt\/wp-content\/uploads\/2023\/12\/Prato-205x300.jpg 205w\" sizes=\"(max-width: 491px) 100vw, 491px\" \/>\t\t\t\t\t\t\t\t\t\t\t\t\t\t\t<\/div>\n\t\t\t\t<\/div>\n\t\t\t\t<div class=\"elementor-element elementor-element-186bc1b elementor-widget elementor-widget-heading\" data-id=\"186bc1b\" data-element_type=\"widget\" data-widget_type=\"heading.default\">\n\t\t\t\t<div class=\"elementor-widget-container\">\n\t\t\t\t\t<h2 class=\"elementor-heading-title elementor-size-default\">Platos tradicionales <\/h2>\t\t\t\t<\/div>\n\t\t\t\t<\/div>\n\t\t\t\t<div class=\"elementor-element elementor-element-93333a1 elementor-widget elementor-widget-text-editor\" data-id=\"93333a1\" data-element_type=\"widget\" data-widget_type=\"text-editor.default\">\n\t\t\t\t<div class=\"elementor-widget-container\">\n\t\t\t\t\t\t\t\t\t<p>Como toda la cocina del Duero, rica y variada, el Mes\u00e3o Frio no es una excepci\u00f3n. No en vano somos un pa\u00eds de sabores mediterr\u00e1neos influenciados por las especias e ingredientes tra\u00eddos por nuestros descubridores.<\/p><p>El cabrito con arroz y patatas, asados en horno de le\u00f1a, han tomado protagonismo en la cocina de Mes\u00e3o Frio, que, junto con el marr\u00e2, reflejan la historia de esta ciudad y hacen las delicias de sus visitantes.<\/p>\t\t\t\t\t\t\t\t<\/div>\n\t\t\t\t<\/div>\n\t\t\t\t<\/div>\n\t\t<div class=\"elementor-element elementor-element-4743152 e-con-full elementor-hidden-mobile e-flex e-con e-child\" data-id=\"4743152\" data-element_type=\"container\" data-settings=\"{&quot;background_background&quot;:&quot;classic&quot;}\">\n\t\t\t\t<\/div>\n\t\t\t\t\t<\/div>\n\t\t\t\t<\/div>\n\t\t<div class=\"elementor-element elementor-element-d105db6 e-flex e-con-boxed e-con e-parent\" data-id=\"d105db6\" data-element_type=\"container\">\n\t\t\t\t\t<div class=\"e-con-inner\">\n\t\t\t\t<div class=\"elementor-element elementor-element-7dbd3f0 elementor-widget elementor-widget-heading\" data-id=\"7dbd3f0\" data-element_type=\"widget\" data-widget_type=\"heading.default\">\n\t\t\t\t<div class=\"elementor-widget-container\">\n\t\t\t\t\t<h2 class=\"elementor-heading-title elementor-size-default\">Cester\u00eda, toneler\u00eda y encajes de Barqueiros <\/h2>\t\t\t\t<\/div>\n\t\t\t\t<\/div>\n\t\t\t\t<div class=\"elementor-element elementor-element-20a70c9 elementor-widget elementor-widget-text-editor\" data-id=\"20a70c9\" data-element_type=\"widget\" data-widget_type=\"text-editor.default\">\n\t\t\t\t<div class=\"elementor-widget-container\">\n\t\t\t\t\t\t\t\t\t<p>Utilizando los materiales que la naturaleza les proporcionaba, estas gentes crearon diversas artesan\u00edas, amoldando cada objeto a sus necesidades agr\u00edcolas y dom\u00e9sticas, combinando maestr\u00eda e ingenio con destreza y espiritualidad, convirtiendo cada pieza en una verdadera obra de arte.<\/p><p>En Mes\u00e3o Frio, encontrar\u00e1 el arte de la cester\u00eda, la toneler\u00eda, el bordado y el encaje de Barqueiros.<\/p>\t\t\t\t\t\t\t\t<\/div>\n\t\t\t\t<\/div>\n\t\t\t\t\t<\/div>\n\t\t\t\t<\/div>\n\t\t<div class=\"elementor-element elementor-element-e82c14e e-flex e-con-boxed e-con e-parent\" data-id=\"e82c14e\" data-element_type=\"container\">\n\t\t\t\t\t<div class=\"e-con-inner\">\n\t\t<div class=\"elementor-element elementor-element-37b622a e-con-full e-flex e-con e-child\" data-id=\"37b622a\" data-element_type=\"container\">\n\t\t\t\t<div class=\"elementor-element elementor-element-7cd638f elementor-hidden-desktop elementor-hidden-laptop elementor-hidden-tablet elementor-widget elementor-widget-image\" data-id=\"7cd638f\" data-element_type=\"widget\" data-widget_type=\"image.default\">\n\t\t\t\t<div class=\"elementor-widget-container\">\n\t\t\t\t\t\t\t\t\t\t\t\t\t\t\t<img decoding=\"async\" width=\"800\" height=\"535\" src=\"https:\/\/discoverdouro.pt\/wp-content\/uploads\/2023\/12\/Cestaria-1024x685.jpg\" class=\"attachment-large size-large wp-image-41341\" alt=\"\" srcset=\"https:\/\/discoverdouro.pt\/wp-content\/uploads\/2023\/12\/Cestaria-1024x685.jpg 1024w, https:\/\/discoverdouro.pt\/wp-content\/uploads\/2023\/12\/Cestaria-300x201.jpg 300w, https:\/\/discoverdouro.pt\/wp-content\/uploads\/2023\/12\/Cestaria-768x514.jpg 768w, https:\/\/discoverdouro.pt\/wp-content\/uploads\/2023\/12\/Cestaria-1536x1028.jpg 1536w, https:\/\/discoverdouro.pt\/wp-content\/uploads\/2023\/12\/Cestaria-2048x1371.jpg 2048w\" sizes=\"(max-width: 800px) 100vw, 800px\" \/>\t\t\t\t\t\t\t\t\t\t\t\t\t\t\t<\/div>\n\t\t\t\t<\/div>\n\t\t\t\t<div class=\"elementor-element elementor-element-5cdaf90 elementor-widget elementor-widget-heading\" data-id=\"5cdaf90\" data-element_type=\"widget\" data-widget_type=\"heading.default\">\n\t\t\t\t<div class=\"elementor-widget-container\">\n\t\t\t\t\t<h2 class=\"elementor-heading-title elementor-size-default\">Cester\u00eda <\/h2>\t\t\t\t<\/div>\n\t\t\t\t<\/div>\n\t\t\t\t<div class=\"elementor-element elementor-element-4f26448 elementor-widget elementor-widget-text-editor\" data-id=\"4f26448\" data-element_type=\"widget\" data-widget_type=\"text-editor.default\">\n\t\t\t\t<div class=\"elementor-widget-container\">\n\t\t\t\t\t\t\t\t\t<p>En \u00e9pocas en que los materiales naturales predominaban sobre los sint\u00e9ticos, el almacenamiento y transporte de alimentos y mercanc\u00edas se realizaba mediante la cester\u00eda.<\/p><p>Mes\u00e3o Frio se nos presenta como una provincia de acentuado car\u00e1cter rural, donde el trabajo rural forma parte esencial de la especificidad de sus gentes. Y es as\u00ed como estas gentes desarrollaron una vena art\u00edstica, basada en la imperiosa necesidad de responder a las exigencias del medio y a sus relaciones de intercambio. La &#8220;cesta de la vendimia&#8221;, caracter\u00edstica de la regi\u00f3n del Duero, surgi\u00f3 con cierta tipicidad. En un esfuerzo herc\u00faleo, el hombre la carga a la espalda, transportando m\u00e1s de 50 kilos de uva, y la naturaleza le compensa con un n\u00e9ctar suave y divino, sin parang\u00f3n en ning\u00fan otro lugar del mundo.<\/p>\t\t\t\t\t\t\t\t<\/div>\n\t\t\t\t<\/div>\n\t\t\t\t<\/div>\n\t\t<div class=\"elementor-element elementor-element-9535c1d e-con-full elementor-hidden-mobile e-flex e-con e-child\" data-id=\"9535c1d\" data-element_type=\"container\" data-settings=\"{&quot;background_background&quot;:&quot;classic&quot;}\">\n\t\t\t\t<\/div>\n\t\t\t\t\t<\/div>\n\t\t\t\t<\/div>\n\t\t<div class=\"elementor-element elementor-element-f11f396 e-flex e-con-boxed e-con e-parent\" data-id=\"f11f396\" data-element_type=\"container\">\n\t\t\t\t\t<div class=\"e-con-inner\">\n\t\t<div class=\"elementor-element elementor-element-dab4f45 e-con-full elementor-hidden-mobile e-flex e-con e-child\" data-id=\"dab4f45\" data-element_type=\"container\" data-settings=\"{&quot;background_background&quot;:&quot;slideshow&quot;,&quot;background_slideshow_gallery&quot;:[{&quot;id&quot;:41360,&quot;url&quot;:&quot;https:\\\/\\\/www.discoverdouro.pt\\\/wp-content\\\/uploads\\\/2023\\\/12\\\/Tanoaria-scaled.jpg&quot;},{&quot;id&quot;:41366,&quot;url&quot;:&quot;https:\\\/\\\/www.discoverdouro.pt\\\/wp-content\\\/uploads\\\/2023\\\/12\\\/Tanoaria-2-scaled.jpg&quot;},{&quot;id&quot;:41370,&quot;url&quot;:&quot;https:\\\/\\\/www.discoverdouro.pt\\\/wp-content\\\/uploads\\\/2023\\\/12\\\/Tanoaria-1-scaled.jpg&quot;}],&quot;background_slideshow_slide_duration&quot;:3000,&quot;background_slideshow_loop&quot;:&quot;yes&quot;,&quot;background_slideshow_slide_transition&quot;:&quot;fade&quot;,&quot;background_slideshow_transition_duration&quot;:500}\">\n\t\t\t\t<\/div>\n\t\t<div class=\"elementor-element elementor-element-23113e1 e-con-full e-flex e-con e-child\" data-id=\"23113e1\" data-element_type=\"container\">\n\t\t\t\t<div class=\"elementor-element elementor-element-cff8efe elementor-hidden-desktop elementor-hidden-laptop elementor-hidden-tablet elementor-widget elementor-widget-image\" data-id=\"cff8efe\" data-element_type=\"widget\" data-widget_type=\"image.default\">\n\t\t\t\t<div class=\"elementor-widget-container\">\n\t\t\t\t\t\t\t\t\t\t\t\t\t\t\t<img loading=\"lazy\" decoding=\"async\" width=\"800\" height=\"533\" src=\"https:\/\/discoverdouro.pt\/wp-content\/uploads\/2023\/12\/Tanoaria-1-scaled.jpg\" class=\"attachment-large size-large wp-image-41373\" alt=\"\" srcset=\"https:\/\/discoverdouro.pt\/wp-content\/uploads\/2023\/12\/Tanoaria-1-scaled.jpg 2560w, https:\/\/discoverdouro.pt\/wp-content\/uploads\/2023\/12\/Tanoaria-1-1536x1024.jpg 1536w, https:\/\/discoverdouro.pt\/wp-content\/uploads\/2023\/12\/Tanoaria-1-2048x1365.jpg 2048w\" sizes=\"(max-width: 800px) 100vw, 800px\" \/>\t\t\t\t\t\t\t\t\t\t\t\t\t\t\t<\/div>\n\t\t\t\t<\/div>\n\t\t\t\t<div class=\"elementor-element elementor-element-d691105 elementor-widget elementor-widget-heading\" data-id=\"d691105\" data-element_type=\"widget\" data-widget_type=\"heading.default\">\n\t\t\t\t<div class=\"elementor-widget-container\">\n\t\t\t\t\t<h2 class=\"elementor-heading-title elementor-size-default\">Toneler\u00eda <\/h2>\t\t\t\t<\/div>\n\t\t\t\t<\/div>\n\t\t\t\t<div class=\"elementor-element elementor-element-ff8b181 elementor-widget elementor-widget-text-editor\" data-id=\"ff8b181\" data-element_type=\"widget\" data-widget_type=\"text-editor.default\">\n\t\t\t\t<div class=\"elementor-widget-container\">\n\t\t\t\t\t\t\t\t\t<p>Como Mes\u00e3o Frio es una regi\u00f3n vin\u00edcola, su cultura se caracteriza por el proceso de elaboraci\u00f3n del vino. Pasa por varias etapas, desde la vendimia hasta el almacenamiento, lo que requiere t\u00e9cnica e ingenio, y contribuye en gran medida a la reconocida calidad del famoso n\u00e9ctar de los dioses. La madera de roble se elige cuidadosamente, se corta, se demuele y se adapta a la forma deseada. Las tablas curvadas, o duelas, forman el cuerpo, se encajan los bordes de hierro y nace el recept\u00e1culo cil\u00edndrico y bulboso, la cuna perfecta para una creaci\u00f3n perfecta: los barriletes o recipientes similares. De diferentes tama\u00f1os y dimensiones, los toneles, barricas y cubas conservan naturalmente el vino, manteniendo inalteradas sus caracter\u00edsticas, o incluso acentu\u00e1ndolas hasta su m\u00e1xima perfecci\u00f3n, como el ejemplo m\u00e1s vivo del vino de Oporto, cuidadosamente elaborado en la Regi\u00f3n Demarcada del Duero. De naturaleza utilitaria, los recipientes de duelas tambi\u00e9n cumplen una funci\u00f3n decorativa, combinando rusticidad y funcionalidad.<\/p>\t\t\t\t\t\t\t\t<\/div>\n\t\t\t\t<\/div>\n\t\t\t\t<\/div>\n\t\t\t\t\t<\/div>\n\t\t\t\t<\/div>\n\t\t<div class=\"elementor-element elementor-element-55a80ec e-flex e-con-boxed e-con e-parent\" data-id=\"55a80ec\" data-element_type=\"container\">\n\t\t\t\t\t<div class=\"e-con-inner\">\n\t\t<div class=\"elementor-element elementor-element-5205b1d e-con-full e-flex e-con e-child\" data-id=\"5205b1d\" data-element_type=\"container\">\n\t\t\t\t<div class=\"elementor-element elementor-element-51b6b8d elementor-hidden-desktop elementor-hidden-laptop elementor-hidden-tablet elementor-widget elementor-widget-image\" data-id=\"51b6b8d\" data-element_type=\"widget\" data-widget_type=\"image.default\">\n\t\t\t\t<div class=\"elementor-widget-container\">\n\t\t\t\t\t\t\t\t\t\t\t\t\t\t\t<img loading=\"lazy\" decoding=\"async\" width=\"800\" height=\"534\" src=\"https:\/\/discoverdouro.pt\/wp-content\/uploads\/2023\/12\/renda-de-gancho-2-1024x683.jpg\" class=\"attachment-large size-large wp-image-41377\" alt=\"\" srcset=\"https:\/\/discoverdouro.pt\/wp-content\/uploads\/2023\/12\/renda-de-gancho-2-1024x683.jpg 1024w, https:\/\/discoverdouro.pt\/wp-content\/uploads\/2023\/12\/renda-de-gancho-2-300x200.jpg 300w, https:\/\/discoverdouro.pt\/wp-content\/uploads\/2023\/12\/renda-de-gancho-2-768x512.jpg 768w, https:\/\/discoverdouro.pt\/wp-content\/uploads\/2023\/12\/renda-de-gancho-2-1536x1024.jpg 1536w, https:\/\/discoverdouro.pt\/wp-content\/uploads\/2023\/12\/renda-de-gancho-2-2048x1365.jpg 2048w\" sizes=\"(max-width: 800px) 100vw, 800px\" \/>\t\t\t\t\t\t\t\t\t\t\t\t\t\t\t<\/div>\n\t\t\t\t<\/div>\n\t\t\t\t<div class=\"elementor-element elementor-element-203a204 elementor-widget elementor-widget-heading\" data-id=\"203a204\" data-element_type=\"widget\" data-widget_type=\"heading.default\">\n\t\t\t\t<div class=\"elementor-widget-container\">\n\t\t\t\t\t<h2 class=\"elementor-heading-title elementor-size-default\">Encaje Barqueiros <\/h2>\t\t\t\t<\/div>\n\t\t\t\t<\/div>\n\t\t\t\t<div class=\"elementor-element elementor-element-882449f elementor-widget elementor-widget-text-editor\" data-id=\"882449f\" data-element_type=\"widget\" data-widget_type=\"text-editor.default\">\n\t\t\t\t<div class=\"elementor-widget-container\">\n\t\t\t\t\t\t\t\t\t<p>Llama la atenci\u00f3n el famoso encaje de Barqueiros, especialmente los caracter\u00edsticos &#8220;panos de gancho&#8221;. Adem\u00e1s de la habitual aguja de encaje, estos pa\u00f1os se confeccionan con horquillas, que sirven para sujetar el tradicional tir\u00f3n de las mujeres. Las manos y los dedos, delicados o toscos, se balancean entre los hilos en un r\u00edtmico torbellino, creando obras de gusto sublime y extrema destreza.<\/p>\t\t\t\t\t\t\t\t<\/div>\n\t\t\t\t<\/div>\n\t\t\t\t<\/div>\n\t\t<div class=\"elementor-element elementor-element-cd78acc e-con-full elementor-hidden-mobile e-flex e-con e-child\" data-id=\"cd78acc\" data-element_type=\"container\" data-settings=\"{&quot;background_background&quot;:&quot;classic&quot;}\">\n\t\t\t\t<\/div>\n\t\t\t\t\t<\/div>\n\t\t\t\t<\/div>\n\t\t<div class=\"elementor-element elementor-element-74dbbae e-flex e-con-boxed e-con e-parent\" data-id=\"74dbbae\" data-element_type=\"container\">\n\t\t\t\t\t<div class=\"e-con-inner\">\n\t\t<div class=\"elementor-element elementor-element-333a3f2 e-con-full elementor-hidden-mobile e-flex e-con e-child\" data-id=\"333a3f2\" data-element_type=\"container\" data-settings=\"{&quot;background_background&quot;:&quot;slideshow&quot;,&quot;background_slideshow_gallery&quot;:[{&quot;id&quot;:41350,&quot;url&quot;:&quot;https:\\\/\\\/www.discoverdouro.pt\\\/wp-content\\\/uploads\\\/2023\\\/12\\\/Castanhetas-1-scaled.jpg&quot;},{&quot;id&quot;:41346,&quot;url&quot;:&quot;https:\\\/\\\/www.discoverdouro.pt\\\/wp-content\\\/uploads\\\/2023\\\/12\\\/Castanhetas-2-scaled.jpg&quot;},{&quot;id&quot;:41342,&quot;url&quot;:&quot;https:\\\/\\\/www.discoverdouro.pt\\\/wp-content\\\/uploads\\\/2023\\\/12\\\/castanhetas.jpg&quot;}],&quot;background_slideshow_slide_duration&quot;:3000,&quot;background_slideshow_loop&quot;:&quot;yes&quot;,&quot;background_slideshow_slide_transition&quot;:&quot;fade&quot;,&quot;background_slideshow_transition_duration&quot;:500}\">\n\t\t\t\t<\/div>\n\t\t<div class=\"elementor-element elementor-element-3e75b4f e-con-full e-flex e-con e-child\" data-id=\"3e75b4f\" data-element_type=\"container\">\n\t\t\t\t<div class=\"elementor-element elementor-element-1d2f433 elementor-hidden-desktop elementor-hidden-laptop elementor-hidden-tablet elementor-widget elementor-widget-image\" data-id=\"1d2f433\" data-element_type=\"widget\" data-widget_type=\"image.default\">\n\t\t\t\t<div class=\"elementor-widget-container\">\n\t\t\t\t\t\t\t\t\t\t\t\t\t\t\t<img loading=\"lazy\" decoding=\"async\" width=\"683\" height=\"1024\" src=\"https:\/\/discoverdouro.pt\/wp-content\/uploads\/2023\/12\/Castanhetas-2-scaled.jpg\" class=\"attachment-large size-large wp-image-41349\" alt=\"\" srcset=\"https:\/\/discoverdouro.pt\/wp-content\/uploads\/2023\/12\/Castanhetas-2-scaled.jpg 1707w, https:\/\/discoverdouro.pt\/wp-content\/uploads\/2023\/12\/Castanhetas-2-1024x1536.jpg 1024w, https:\/\/discoverdouro.pt\/wp-content\/uploads\/2023\/12\/Castanhetas-2-1365x2048.jpg 1365w\" sizes=\"(max-width: 683px) 100vw, 683px\" \/>\t\t\t\t\t\t\t\t\t\t\t\t\t\t\t<\/div>\n\t\t\t\t<\/div>\n\t\t\t\t<div class=\"elementor-element elementor-element-c6b5699 elementor-widget elementor-widget-heading\" data-id=\"c6b5699\" data-element_type=\"widget\" data-widget_type=\"heading.default\">\n\t\t\t\t<div class=\"elementor-widget-container\">\n\t\t\t\t\t<h2 class=\"elementor-heading-title elementor-size-default\">Casta\u00f1as <\/h2>\t\t\t\t<\/div>\n\t\t\t\t<\/div>\n\t\t\t\t<div class=\"elementor-element elementor-element-4821376 elementor-widget elementor-widget-text-editor\" data-id=\"4821376\" data-element_type=\"widget\" data-widget_type=\"text-editor.default\">\n\t\t\t\t<div class=\"elementor-widget-container\">\n\t\t\t\t\t\t\t\t\t<p>Las castanhetas son un instrumento musical hecho a mano, generalmente de madera de higuera, la m\u00e1s adecuada para reproducir su sonido. Est\u00e1n formadas por dos piezas de madera unidas por la parte inferior, con dos espacios donde se introducen el pulgar y el \u00edndice para conectar las dos caras, que producen sonido al chocar. Se consideran un instrumento idi\u00f3fono porque producen sonido a trav\u00e9s de su propia vibraci\u00f3n. Son siempre tocadas por hombres y suelen acompa\u00f1ar las danzas &#8216;Chula Rabela&#8217; y &#8216;Fui ao Douro \u00e0s Vindimas&#8217; del Cancionero y Folclore Barqueiros.<\/p><p>El origen de este instrumento tradicional es hist\u00f3rico. La memoria nos dice que comenzaron a ser utilizadas en los barcos Rabelo por los marineros y arraisadores que viv\u00edan en la parroquia de Barqueiros, para amenizar las paradas durante el transporte de los barriles de vino de Oporto hasta las bodegas de Vila Nova de Gaia. Las Castanhetas produc\u00edan sonido para indicar d\u00f3nde se encontraban los barcos en los d\u00edas de niebla, evitando que chocaran.<\/p><p>Este instrumento, exclusivo de la parroquia de Barqueiros, en el municipio de Mes\u00e3o Frio, no se ha fabricado en ning\u00fan otro lugar del mundo. El valor de las castanhetas var\u00eda en funci\u00f3n de su tama\u00f1o, los materiales utilizados y el tiempo de construcci\u00f3n. La tradici\u00f3n folcl\u00f3rica est\u00e1 muy presente en estas piezas, con los personajes vestidos con los trajes tradicionales del Rancho, con la blusa, el pa\u00f1uelo y los cestos t\u00edpicos en las mujeres y el sombrero y el chaleco tradicionales en los hombres.<\/p>\t\t\t\t\t\t\t\t<\/div>\n\t\t\t\t<\/div>\n\t\t\t\t<\/div>\n\t\t\t\t\t<\/div>\n\t\t\t\t<\/div>\n\t\t\t\t<\/div>\n\t\t","protected":false},"excerpt":{"rendered":"<p>Sabores y Conocimientos Mes\u00e3o Frio Dulces\/salados Galleta Vila Marim Aut\u00e9ntica DOCE rectangular, elaborada con harina de trigo, az\u00facar, agua, huevos, canela y el secreto tradicional transmitido de generaci\u00f3n en generaci\u00f3n, que en las Ferias, Fiestas y Romer\u00edas del Norte, tiene garantizada la venta en folletos equivalentes al tama\u00f1o de la bandeja en la que fue [&hellip;]<\/p>\n","protected":false},"author":40,"featured_media":0,"parent":0,"menu_order":0,"comment_status":"closed","ping_status":"closed","template":"","meta":{"footnotes":""},"class_list":["post-41554","page","type-page","status-publish","hentry"],"acf":[],"yoast_head":"<!-- This site is optimized with the Yoast SEO plugin v26.2 - https:\/\/yoast.com\/wordpress\/plugins\/seo\/ -->\n<title>Sabores y Conocimientos Mes\u00e3o Frio - Discover Douro<\/title>\n<meta name=\"robots\" content=\"index, follow, max-snippet:-1, max-image-preview:large, max-video-preview:-1\" \/>\n<link rel=\"canonical\" href=\"https:\/\/discoverdouro.pt\/es\/sabores-y-conocimientos-mesao-frio\" \/>\n<meta property=\"og:locale\" content=\"es_ES\" \/>\n<meta property=\"og:type\" content=\"article\" \/>\n<meta property=\"og:title\" content=\"Sabores y Conocimientos Mes\u00e3o Frio - Discover Douro\" \/>\n<meta property=\"og:description\" content=\"Sabores y Conocimientos Mes\u00e3o Frio Dulces\/salados Galleta Vila Marim Aut\u00e9ntica DOCE rectangular, elaborada con harina de trigo, az\u00facar, agua, huevos, canela y el secreto tradicional transmitido de generaci\u00f3n en generaci\u00f3n, que en las Ferias, Fiestas y Romer\u00edas del Norte, tiene garantizada la venta en folletos equivalentes al tama\u00f1o de la bandeja en la que fue [&hellip;]\" \/>\n<meta property=\"og:url\" content=\"https:\/\/discoverdouro.pt\/es\/sabores-y-conocimientos-mesao-frio\" \/>\n<meta property=\"og:site_name\" content=\"Discover Douro\" \/>\n<meta property=\"article:publisher\" content=\"https:\/\/www.facebook.com\/profile.php?id=61555234744391\" \/>\n<meta property=\"article:modified_time\" content=\"2024-01-22T13:54:18+00:00\" \/>\n<meta property=\"og:image\" content=\"https:\/\/www.discoverdouro.pt\/wp-content\/uploads\/2023\/12\/Biscoito-de-Vila-Marim-1-1-1024x683.jpg\" \/>\n<meta name=\"twitter:card\" content=\"summary_large_image\" \/>\n<meta name=\"twitter:site\" content=\"@DiscoverDouro\" \/>\n<meta name=\"twitter:label1\" content=\"Est. reading time\" \/>\n\t<meta name=\"twitter:data1\" content=\"5 minutes\" \/>\n<script type=\"application\/ld+json\" class=\"yoast-schema-graph\">{\"@context\":\"https:\/\/schema.org\",\"@graph\":[{\"@type\":\"WebPage\",\"@id\":\"https:\/\/discoverdouro.pt\/es\/sabores-y-conocimientos-mesao-frio\",\"url\":\"https:\/\/discoverdouro.pt\/es\/sabores-y-conocimientos-mesao-frio\",\"name\":\"Sabores y Conocimientos Mes\u00e3o Frio - Discover Douro\",\"isPartOf\":{\"@id\":\"https:\/\/discoverdouro.pt\/es#website\"},\"primaryImageOfPage\":{\"@id\":\"https:\/\/discoverdouro.pt\/es\/sabores-y-conocimientos-mesao-frio#primaryimage\"},\"image\":{\"@id\":\"https:\/\/discoverdouro.pt\/es\/sabores-y-conocimientos-mesao-frio#primaryimage\"},\"thumbnailUrl\":\"https:\/\/www.discoverdouro.pt\/wp-content\/uploads\/2023\/12\/Biscoito-de-Vila-Marim-1-1-1024x683.jpg\",\"datePublished\":\"2023-12-15T23:02:07+00:00\",\"dateModified\":\"2024-01-22T13:54:18+00:00\",\"breadcrumb\":{\"@id\":\"https:\/\/discoverdouro.pt\/es\/sabores-y-conocimientos-mesao-frio#breadcrumb\"},\"inLanguage\":\"es\",\"potentialAction\":[{\"@type\":\"ReadAction\",\"target\":[\"https:\/\/discoverdouro.pt\/es\/sabores-y-conocimientos-mesao-frio\"]}]},{\"@type\":\"ImageObject\",\"inLanguage\":\"es\",\"@id\":\"https:\/\/discoverdouro.pt\/es\/sabores-y-conocimientos-mesao-frio#primaryimage\",\"url\":\"https:\/\/www.discoverdouro.pt\/wp-content\/uploads\/2023\/12\/Biscoito-de-Vila-Marim-1-1-1024x683.jpg\",\"contentUrl\":\"https:\/\/www.discoverdouro.pt\/wp-content\/uploads\/2023\/12\/Biscoito-de-Vila-Marim-1-1-1024x683.jpg\"},{\"@type\":\"BreadcrumbList\",\"@id\":\"https:\/\/discoverdouro.pt\/es\/sabores-y-conocimientos-mesao-frio#breadcrumb\",\"itemListElement\":[{\"@type\":\"ListItem\",\"position\":1,\"name\":\"Home\",\"item\":\"https:\/\/discoverdouro.pt\/es\"},{\"@type\":\"ListItem\",\"position\":2,\"name\":\"Sabores y Conocimientos Mes\u00e3o Frio\"}]},{\"@type\":\"WebSite\",\"@id\":\"https:\/\/discoverdouro.pt\/es#website\",\"url\":\"https:\/\/discoverdouro.pt\/es\",\"name\":\"Discover Douro\",\"description\":\"O Para\u00edso de Portugal\",\"publisher\":{\"@id\":\"https:\/\/discoverdouro.pt\/es#organization\"},\"potentialAction\":[{\"@type\":\"SearchAction\",\"target\":{\"@type\":\"EntryPoint\",\"urlTemplate\":\"https:\/\/discoverdouro.pt\/es?s={search_term_string}\"},\"query-input\":{\"@type\":\"PropertyValueSpecification\",\"valueRequired\":true,\"valueName\":\"search_term_string\"}}],\"inLanguage\":\"es\"},{\"@type\":\"Organization\",\"@id\":\"https:\/\/discoverdouro.pt\/es#organization\",\"name\":\"Discover Douro\",\"url\":\"https:\/\/discoverdouro.pt\/es\",\"logo\":{\"@type\":\"ImageObject\",\"inLanguage\":\"es\",\"@id\":\"https:\/\/discoverdouro.pt\/es#\/schema\/logo\/image\/\",\"url\":\"https:\/\/www.discoverdouro.pt\/wp-content\/uploads\/2024\/01\/cropped-Icon_Discover.png\",\"contentUrl\":\"https:\/\/www.discoverdouro.pt\/wp-content\/uploads\/2024\/01\/cropped-Icon_Discover.png\",\"width\":512,\"height\":512,\"caption\":\"Discover Douro\"},\"image\":{\"@id\":\"https:\/\/discoverdouro.pt\/es#\/schema\/logo\/image\/\"},\"sameAs\":[\"https:\/\/www.facebook.com\/profile.php?id=61555234744391\",\"https:\/\/x.com\/DiscoverDouro\",\"https:\/\/www.instagram.com\/discover.douro\",\"https:\/\/www.tiktok.com\/@discoverdouro\",\"https:\/\/www.linkedin.com\/company\/discover-douro\/\"]}]}<\/script>\n<!-- \/ Yoast SEO plugin. -->","yoast_head_json":{"title":"Sabores y Conocimientos Mes\u00e3o Frio - Discover Douro","robots":{"index":"index","follow":"follow","max-snippet":"max-snippet:-1","max-image-preview":"max-image-preview:large","max-video-preview":"max-video-preview:-1"},"canonical":"https:\/\/discoverdouro.pt\/es\/sabores-y-conocimientos-mesao-frio","og_locale":"es_ES","og_type":"article","og_title":"Sabores y Conocimientos Mes\u00e3o Frio - Discover Douro","og_description":"Sabores y Conocimientos Mes\u00e3o Frio Dulces\/salados Galleta Vila Marim Aut\u00e9ntica DOCE rectangular, elaborada con harina de trigo, az\u00facar, agua, huevos, canela y el secreto tradicional transmitido de generaci\u00f3n en generaci\u00f3n, que en las Ferias, Fiestas y Romer\u00edas del Norte, tiene garantizada la venta en folletos equivalentes al tama\u00f1o de la bandeja en la que fue [&hellip;]","og_url":"https:\/\/discoverdouro.pt\/es\/sabores-y-conocimientos-mesao-frio","og_site_name":"Discover Douro","article_publisher":"https:\/\/www.facebook.com\/profile.php?id=61555234744391","article_modified_time":"2024-01-22T13:54:18+00:00","og_image":[{"url":"https:\/\/www.discoverdouro.pt\/wp-content\/uploads\/2023\/12\/Biscoito-de-Vila-Marim-1-1-1024x683.jpg","type":"","width":"","height":""}],"twitter_card":"summary_large_image","twitter_site":"@DiscoverDouro","twitter_misc":{"Est. reading time":"5 minutes"},"schema":{"@context":"https:\/\/schema.org","@graph":[{"@type":"WebPage","@id":"https:\/\/discoverdouro.pt\/es\/sabores-y-conocimientos-mesao-frio","url":"https:\/\/discoverdouro.pt\/es\/sabores-y-conocimientos-mesao-frio","name":"Sabores y Conocimientos Mes\u00e3o Frio - Discover Douro","isPartOf":{"@id":"https:\/\/discoverdouro.pt\/es#website"},"primaryImageOfPage":{"@id":"https:\/\/discoverdouro.pt\/es\/sabores-y-conocimientos-mesao-frio#primaryimage"},"image":{"@id":"https:\/\/discoverdouro.pt\/es\/sabores-y-conocimientos-mesao-frio#primaryimage"},"thumbnailUrl":"https:\/\/www.discoverdouro.pt\/wp-content\/uploads\/2023\/12\/Biscoito-de-Vila-Marim-1-1-1024x683.jpg","datePublished":"2023-12-15T23:02:07+00:00","dateModified":"2024-01-22T13:54:18+00:00","breadcrumb":{"@id":"https:\/\/discoverdouro.pt\/es\/sabores-y-conocimientos-mesao-frio#breadcrumb"},"inLanguage":"es","potentialAction":[{"@type":"ReadAction","target":["https:\/\/discoverdouro.pt\/es\/sabores-y-conocimientos-mesao-frio"]}]},{"@type":"ImageObject","inLanguage":"es","@id":"https:\/\/discoverdouro.pt\/es\/sabores-y-conocimientos-mesao-frio#primaryimage","url":"https:\/\/www.discoverdouro.pt\/wp-content\/uploads\/2023\/12\/Biscoito-de-Vila-Marim-1-1-1024x683.jpg","contentUrl":"https:\/\/www.discoverdouro.pt\/wp-content\/uploads\/2023\/12\/Biscoito-de-Vila-Marim-1-1-1024x683.jpg"},{"@type":"BreadcrumbList","@id":"https:\/\/discoverdouro.pt\/es\/sabores-y-conocimientos-mesao-frio#breadcrumb","itemListElement":[{"@type":"ListItem","position":1,"name":"Home","item":"https:\/\/discoverdouro.pt\/es"},{"@type":"ListItem","position":2,"name":"Sabores y Conocimientos Mes\u00e3o Frio"}]},{"@type":"WebSite","@id":"https:\/\/discoverdouro.pt\/es#website","url":"https:\/\/discoverdouro.pt\/es","name":"Discover Douro","description":"O Para\u00edso de Portugal","publisher":{"@id":"https:\/\/discoverdouro.pt\/es#organization"},"potentialAction":[{"@type":"SearchAction","target":{"@type":"EntryPoint","urlTemplate":"https:\/\/discoverdouro.pt\/es?s={search_term_string}"},"query-input":{"@type":"PropertyValueSpecification","valueRequired":true,"valueName":"search_term_string"}}],"inLanguage":"es"},{"@type":"Organization","@id":"https:\/\/discoverdouro.pt\/es#organization","name":"Discover Douro","url":"https:\/\/discoverdouro.pt\/es","logo":{"@type":"ImageObject","inLanguage":"es","@id":"https:\/\/discoverdouro.pt\/es#\/schema\/logo\/image\/","url":"https:\/\/www.discoverdouro.pt\/wp-content\/uploads\/2024\/01\/cropped-Icon_Discover.png","contentUrl":"https:\/\/www.discoverdouro.pt\/wp-content\/uploads\/2024\/01\/cropped-Icon_Discover.png","width":512,"height":512,"caption":"Discover Douro"},"image":{"@id":"https:\/\/discoverdouro.pt\/es#\/schema\/logo\/image\/"},"sameAs":["https:\/\/www.facebook.com\/profile.php?id=61555234744391","https:\/\/x.com\/DiscoverDouro","https:\/\/www.instagram.com\/discover.douro","https:\/\/www.tiktok.com\/@discoverdouro","https:\/\/www.linkedin.com\/company\/discover-douro\/"]}]}},"_links":{"self":[{"href":"https:\/\/discoverdouro.pt\/es\/wp-json\/wp\/v2\/pages\/41554","targetHints":{"allow":["GET"]}}],"collection":[{"href":"https:\/\/discoverdouro.pt\/es\/wp-json\/wp\/v2\/pages"}],"about":[{"href":"https:\/\/discoverdouro.pt\/es\/wp-json\/wp\/v2\/types\/page"}],"author":[{"embeddable":true,"href":"https:\/\/discoverdouro.pt\/es\/wp-json\/wp\/v2\/users\/40"}],"replies":[{"embeddable":true,"href":"https:\/\/discoverdouro.pt\/es\/wp-json\/wp\/v2\/comments?post=41554"}],"version-history":[{"count":20,"href":"https:\/\/discoverdouro.pt\/es\/wp-json\/wp\/v2\/pages\/41554\/revisions"}],"predecessor-version":[{"id":46677,"href":"https:\/\/discoverdouro.pt\/es\/wp-json\/wp\/v2\/pages\/41554\/revisions\/46677"}],"wp:attachment":[{"href":"https:\/\/discoverdouro.pt\/es\/wp-json\/wp\/v2\/media?parent=41554"}],"curies":[{"name":"wp","href":"https:\/\/api.w.org\/{rel}","templated":true}]}}