{"id":41560,"date":"2023-12-15T22:41:58","date_gmt":"2023-12-15T22:41:58","guid":{"rendered":"https:\/\/discoverdouro.digiupdev.com\/saberes-e-sabores-de-vila-real"},"modified":"2024-01-22T13:55:39","modified_gmt":"2024-01-22T13:55:39","slug":"sabores-y-conocimientos-vila-real","status":"publish","type":"page","link":"https:\/\/discoverdouro.pt\/es\/sabores-y-conocimientos-vila-real","title":{"rendered":"Sabores y Conocimientos Vila Real"},"content":{"rendered":"\t\t<div data-elementor-type=\"wp-page\" data-elementor-id=\"41560\" class=\"elementor elementor-41560 elementor-41085\" data-elementor-post-type=\"page\">\n\t\t\t\t\t\t<section class=\"elementor-section elementor-top-section elementor-element elementor-element-fbc660c elementor-section-stretched elementor-section-boxed elementor-section-height-default elementor-section-height-default\" data-id=\"fbc660c\" data-element_type=\"section\" data-settings=\"{&quot;stretch_section&quot;:&quot;section-stretched&quot;,&quot;background_background&quot;:&quot;classic&quot;}\">\n\t\t\t\t\t\t\t<div class=\"elementor-background-overlay\"><\/div>\n\t\t\t\t\t\t\t<div class=\"elementor-container elementor-column-gap-default\">\n\t\t\t\t\t<div class=\"elementor-column elementor-col-100 elementor-top-column elementor-element elementor-element-b61beef\" data-id=\"b61beef\" data-element_type=\"column\">\n\t\t\t<div class=\"elementor-widget-wrap elementor-element-populated\">\n\t\t\t\t\t\t<div class=\"elementor-element elementor-element-94825bb elementor-widget elementor-widget-heading\" data-id=\"94825bb\" data-element_type=\"widget\" data-widget_type=\"heading.default\">\n\t\t\t\t<div class=\"elementor-widget-container\">\n\t\t\t\t\t<h1 class=\"elementor-heading-title elementor-size-default\">Sabores y Conocimientos<\/h1>\t\t\t\t<\/div>\n\t\t\t\t<\/div>\n\t\t\t\t<div class=\"elementor-element elementor-element-6ad0a8a elementor-widget elementor-widget-heading\" data-id=\"6ad0a8a\" data-element_type=\"widget\" data-widget_type=\"heading.default\">\n\t\t\t\t<div class=\"elementor-widget-container\">\n\t\t\t\t\t<h1 class=\"elementor-heading-title elementor-size-default\">Vila Real<\/h1>\t\t\t\t<\/div>\n\t\t\t\t<\/div>\n\t\t\t\t\t<\/div>\n\t\t<\/div>\n\t\t\t\t\t<\/div>\n\t\t<\/section>\n\t\t<div class=\"elementor-element elementor-element-6674c45 e-flex e-con-boxed e-con e-parent\" data-id=\"6674c45\" data-element_type=\"container\">\n\t\t\t\t\t<div class=\"e-con-inner\">\n\t\t\t\t<div class=\"elementor-element elementor-element-7a1ad1a elementor-widget elementor-widget-heading\" data-id=\"7a1ad1a\" data-element_type=\"widget\" data-widget_type=\"heading.default\">\n\t\t\t\t<div class=\"elementor-widget-container\">\n\t\t\t\t\t<h2 class=\"elementor-heading-title elementor-size-default\">Arte y artesan\u00eda<\/h2>\t\t\t\t<\/div>\n\t\t\t\t<\/div>\n\t\t\t\t\t<\/div>\n\t\t\t\t<\/div>\n\t\t<div class=\"elementor-element elementor-element-7a74e74 e-flex e-con-boxed e-con e-parent\" data-id=\"7a74e74\" data-element_type=\"container\">\n\t\t\t\t\t<div class=\"e-con-inner\">\n\t\t<div class=\"elementor-element elementor-element-a5e7e55 e-con-full elementor-hidden-mobile e-flex e-con e-child\" data-id=\"a5e7e55\" data-element_type=\"container\" data-settings=\"{&quot;background_background&quot;:&quot;classic&quot;}\">\n\t\t\t\t<\/div>\n\t\t<div class=\"elementor-element elementor-element-91909a9 e-con-full e-flex e-con e-child\" data-id=\"91909a9\" data-element_type=\"container\">\n\t\t\t\t<div class=\"elementor-element elementor-element-555f707 elementor-hidden-desktop elementor-hidden-laptop elementor-hidden-tablet elementor-widget elementor-widget-image\" data-id=\"555f707\" data-element_type=\"widget\" data-widget_type=\"image.default\">\n\t\t\t\t<div class=\"elementor-widget-container\">\n\t\t\t\t\t\t\t\t\t\t\t\t\t\t\t<img fetchpriority=\"high\" decoding=\"async\" width=\"800\" height=\"533\" src=\"https:\/\/discoverdouro.pt\/wp-content\/uploads\/2023\/12\/Olaria-Negra-de-Bisalhaes.jpg\" class=\"attachment-large size-large wp-image-41096\" alt=\"\" srcset=\"https:\/\/discoverdouro.pt\/wp-content\/uploads\/2023\/12\/Olaria-Negra-de-Bisalhaes.jpg 990w, https:\/\/discoverdouro.pt\/wp-content\/uploads\/2023\/12\/Olaria-Negra-de-Bisalhaes-300x200.jpg 300w, https:\/\/discoverdouro.pt\/wp-content\/uploads\/2023\/12\/Olaria-Negra-de-Bisalhaes-768x512.jpg 768w\" sizes=\"(max-width: 800px) 100vw, 800px\" \/>\t\t\t\t\t\t\t\t\t\t\t\t\t\t\t<\/div>\n\t\t\t\t<\/div>\n\t\t\t\t<div class=\"elementor-element elementor-element-62342ca elementor-widget elementor-widget-heading\" data-id=\"62342ca\" data-element_type=\"widget\" data-widget_type=\"heading.default\">\n\t\t\t\t<div class=\"elementor-widget-container\">\n\t\t\t\t\t<h2 class=\"elementor-heading-title elementor-size-default\">Cer\u00e1mica negra de Bisalh\u00e3es<\/h2>\t\t\t\t<\/div>\n\t\t\t\t<\/div>\n\t\t\t\t<div class=\"elementor-element elementor-element-82644ae elementor-widget elementor-widget-text-editor\" data-id=\"82644ae\" data-element_type=\"widget\" data-widget_type=\"text-editor.default\">\n\t\t\t\t<div class=\"elementor-widget-container\">\n\t\t\t\t\t\t\t\t\t<p>Desde el 29 de noviembre de 2016, el mismo proceso est\u00e1 inscrito en la Lista del Patrimonio Cultural Inmaterial que requiere medidas urgentes de salvaguardia de la UNESCO, decisi\u00f3n adoptada en la 11\u00aa reuni\u00f3n del Comit\u00e9 Intergubernamental para la Salvaguardia del Patrimonio Cultural Inmaterial de la Organizaci\u00f3n de las Naciones Unidas para la Educaci\u00f3n, la Ciencia y la Cultura, celebrada en Addis Abeba, capital de Etiop\u00eda. Despu\u00e9s de que el proceso de elaboraci\u00f3n de la Lou\u00e7a Preta de Bisalh\u00e3es fuera reconocido como Patrimonio Cultural Nacional el 5 de marzo de 2015, mediante su publicaci\u00f3n en el Di\u00e1rio da Rep\u00fablica y su inscripci\u00f3n en el Inventario Nacional del Patrimonio Cultural Inmaterial, el Ayuntamiento de Vila Real decidi\u00f3 solicitar la inclusi\u00f3n de esta antigua tradici\u00f3n en la Lista del Patrimonio Cultural Inmaterial que requiere medidas urgentes de salvaguardia de la UNESCO. Este complejo proceso ha tardado m\u00e1s de un a\u00f1o en completarse, pero ha llegado a su fin con la noticia que todos esperaban. Este reconocimiento internacional permitir\u00e1 compartir con el mundo los conocimientos ancestrales de los alfareros de Bisalh\u00e3es, adem\u00e1s de motivar la puesta en marcha de un amplio plan de salvaguardia que el Ayuntamiento de Vila Real ha ideado, desde la formaci\u00f3n de los alfareros hasta la certificaci\u00f3n del proceso, pasando por el fomento de la aparici\u00f3n de nuevos usos y dise\u00f1os para este material \u00fanico.<\/p>\t\t\t\t\t\t\t\t<\/div>\n\t\t\t\t<\/div>\n\t\t\t\t<\/div>\n\t\t\t\t\t<\/div>\n\t\t\t\t<\/div>\n\t\t<div class=\"elementor-element elementor-element-a79f591 e-flex e-con-boxed e-con e-parent\" data-id=\"a79f591\" data-element_type=\"container\">\n\t\t\t\t\t<div class=\"e-con-inner\">\n\t\t<div class=\"elementor-element elementor-element-dca07ba e-con-full e-flex e-con e-child\" data-id=\"dca07ba\" data-element_type=\"container\">\n\t\t\t\t<div class=\"elementor-element elementor-element-c77a667 elementor-hidden-desktop elementor-hidden-laptop elementor-hidden-tablet elementor-widget elementor-widget-image\" data-id=\"c77a667\" data-element_type=\"widget\" data-widget_type=\"image.default\">\n\t\t\t\t<div class=\"elementor-widget-container\">\n\t\t\t\t\t\t\t\t\t\t\t\t\t\t\t<img decoding=\"async\" width=\"800\" height=\"554\" src=\"https:\/\/discoverdouro.pt\/wp-content\/uploads\/2023\/12\/Linho-de-Agarez-1024x709.jpg\" class=\"attachment-large size-large wp-image-41100\" alt=\"\" srcset=\"https:\/\/discoverdouro.pt\/wp-content\/uploads\/2023\/12\/Linho-de-Agarez-1024x709.jpg 1024w, https:\/\/discoverdouro.pt\/wp-content\/uploads\/2023\/12\/Linho-de-Agarez-300x208.jpg 300w, https:\/\/discoverdouro.pt\/wp-content\/uploads\/2023\/12\/Linho-de-Agarez-768x532.jpg 768w, https:\/\/discoverdouro.pt\/wp-content\/uploads\/2023\/12\/Linho-de-Agarez.jpg 1200w\" sizes=\"(max-width: 800px) 100vw, 800px\" \/>\t\t\t\t\t\t\t\t\t\t\t\t\t\t\t<\/div>\n\t\t\t\t<\/div>\n\t\t\t\t<div class=\"elementor-element elementor-element-31c1369 elementor-widget elementor-widget-heading\" data-id=\"31c1369\" data-element_type=\"widget\" data-widget_type=\"heading.default\">\n\t\t\t\t<div class=\"elementor-widget-container\">\n\t\t\t\t\t<h2 class=\"elementor-heading-title elementor-size-default\">Linhos de Agarez<\/h2>\t\t\t\t<\/div>\n\t\t\t\t<\/div>\n\t\t\t\t<div class=\"elementor-element elementor-element-8ba2b0c elementor-widget elementor-widget-text-editor\" data-id=\"8ba2b0c\" data-element_type=\"widget\" data-widget_type=\"text-editor.default\">\n\t\t\t\t<div class=\"elementor-widget-container\">\n\t\t\t\t\t\t\t\t\t<p>Por regla general, todas las granjas de la regi\u00f3n ten\u00edan un telar, del que a\u00fan quedan vestigios en algunas aldeas, como Agarez, Mondr\u00f5es, Couto (Adoufe) y Mateus, donde algunas artesanas siguen trabajando el lino. Hoy en d\u00eda, el cultivo local de la planta es poco frecuente, pero las etapas posteriores -deshilado, espadillado, hilado y tejido- se siguen practicando. Se trata de un tipo de artesan\u00eda muy apreciada, sobre todo colchas y toallas.<\/p>\t\t\t\t\t\t\t\t<\/div>\n\t\t\t\t<\/div>\n\t\t\t\t<\/div>\n\t\t<div class=\"elementor-element elementor-element-1fe8fd4 e-con-full elementor-hidden-mobile e-flex e-con e-child\" data-id=\"1fe8fd4\" data-element_type=\"container\" data-settings=\"{&quot;background_background&quot;:&quot;classic&quot;}\">\n\t\t\t\t<\/div>\n\t\t\t\t\t<\/div>\n\t\t\t\t<\/div>\n\t\t<div class=\"elementor-element elementor-element-fe2fd2b e-flex e-con-boxed e-con e-parent\" data-id=\"fe2fd2b\" data-element_type=\"container\">\n\t\t\t\t\t<div class=\"e-con-inner\">\n\t\t<div class=\"elementor-element elementor-element-3f2988f e-con-full elementor-hidden-mobile e-flex e-con e-child\" data-id=\"3f2988f\" data-element_type=\"container\" data-settings=\"{&quot;background_background&quot;:&quot;classic&quot;}\">\n\t\t\t\t<\/div>\n\t\t<div class=\"elementor-element elementor-element-23133dc e-con-full e-flex e-con e-child\" data-id=\"23133dc\" data-element_type=\"container\">\n\t\t\t\t<div class=\"elementor-element elementor-element-3e015b4 elementor-hidden-desktop elementor-hidden-laptop elementor-hidden-tablet elementor-widget elementor-widget-image\" data-id=\"3e015b4\" data-element_type=\"widget\" data-widget_type=\"image.default\">\n\t\t\t\t<div class=\"elementor-widget-container\">\n\t\t\t\t\t\t\t\t\t\t\t\t\t\t\t<img decoding=\"async\" width=\"800\" height=\"600\" src=\"https:\/\/discoverdouro.pt\/wp-content\/uploads\/2023\/12\/Latoaria-1024x768.jpg\" class=\"attachment-large size-large wp-image-41104\" alt=\"\" srcset=\"https:\/\/discoverdouro.pt\/wp-content\/uploads\/2023\/12\/Latoaria-1024x768.jpg 1024w, https:\/\/discoverdouro.pt\/wp-content\/uploads\/2023\/12\/Latoaria-300x225.jpg 300w, https:\/\/discoverdouro.pt\/wp-content\/uploads\/2023\/12\/Latoaria-768x576.jpg 768w, https:\/\/discoverdouro.pt\/wp-content\/uploads\/2023\/12\/Latoaria-1536x1152.jpg 1536w, https:\/\/discoverdouro.pt\/wp-content\/uploads\/2023\/12\/Latoaria.jpg 1707w\" sizes=\"(max-width: 800px) 100vw, 800px\" \/>\t\t\t\t\t\t\t\t\t\t\t\t\t\t\t<\/div>\n\t\t\t\t<\/div>\n\t\t\t\t<div class=\"elementor-element elementor-element-3a5e364 elementor-widget elementor-widget-heading\" data-id=\"3a5e364\" data-element_type=\"widget\" data-widget_type=\"heading.default\">\n\t\t\t\t<div class=\"elementor-widget-container\">\n\t\t\t\t\t<h2 class=\"elementor-heading-title elementor-size-default\">Hojalater\u00eda<\/h2>\t\t\t\t<\/div>\n\t\t\t\t<\/div>\n\t\t\t\t<div class=\"elementor-element elementor-element-c4be03b elementor-widget elementor-widget-text-editor\" data-id=\"c4be03b\" data-element_type=\"widget\" data-widget_type=\"text-editor.default\">\n\t\t\t\t<div class=\"elementor-widget-container\">\n\t\t\t\t\t\t\t\t\t<p>En esta actividad se utilizan materiales como el esta\u00f1o, el peltre, el acero y la hojalata, que se moldean y manipulan con herramientas tradicionales para crear una gran variedad de piezas: regaderas, cacerolas, cubos, l\u00e1mparas, etc.<\/p>\t\t\t\t\t\t\t\t<\/div>\n\t\t\t\t<\/div>\n\t\t\t\t<\/div>\n\t\t\t\t\t<\/div>\n\t\t\t\t<\/div>\n\t\t<div class=\"elementor-element elementor-element-fdd1fbb e-flex e-con-boxed e-con e-parent\" data-id=\"fdd1fbb\" data-element_type=\"container\">\n\t\t\t\t\t<div class=\"e-con-inner\">\n\t\t\t\t<div class=\"elementor-element elementor-element-c3d3222 elementor-widget elementor-widget-heading\" data-id=\"c3d3222\" data-element_type=\"widget\" data-widget_type=\"heading.default\">\n\t\t\t\t<div class=\"elementor-widget-container\">\n\t\t\t\t\t<h2 class=\"elementor-heading-title elementor-size-default\">Vila Real Bureau<\/h2>\t\t\t\t<\/div>\n\t\t\t\t<\/div>\n\t\t\t\t\t<\/div>\n\t\t\t\t<\/div>\n\t\t<div class=\"elementor-element elementor-element-01d812c e-flex e-con-boxed e-con e-parent\" data-id=\"01d812c\" data-element_type=\"container\">\n\t\t\t\t\t<div class=\"e-con-inner\">\n\t\t<div class=\"elementor-element elementor-element-0d622d5 e-con-full e-flex e-con e-child\" data-id=\"0d622d5\" data-element_type=\"container\">\n\t\t\t\t<div class=\"elementor-element elementor-element-b3fc255 elementor-hidden-desktop elementor-hidden-laptop elementor-hidden-tablet elementor-widget elementor-widget-image\" data-id=\"b3fc255\" data-element_type=\"widget\" data-widget_type=\"image.default\">\n\t\t\t\t<div class=\"elementor-widget-container\">\n\t\t\t\t\t\t\t\t\t\t\t\t\t\t\t<img loading=\"lazy\" decoding=\"async\" width=\"800\" height=\"534\" src=\"https:\/\/discoverdouro.pt\/wp-content\/uploads\/2023\/12\/Mesa-de-Vila-Real-1024x684.jpg\" class=\"attachment-large size-large wp-image-41111\" alt=\"\" srcset=\"https:\/\/discoverdouro.pt\/wp-content\/uploads\/2023\/12\/Mesa-de-Vila-Real-1024x684.jpg 1024w, https:\/\/discoverdouro.pt\/wp-content\/uploads\/2023\/12\/Mesa-de-Vila-Real-300x200.jpg 300w, https:\/\/discoverdouro.pt\/wp-content\/uploads\/2023\/12\/Mesa-de-Vila-Real-768x513.jpg 768w, https:\/\/discoverdouro.pt\/wp-content\/uploads\/2023\/12\/Mesa-de-Vila-Real.jpg 1211w\" sizes=\"(max-width: 800px) 100vw, 800px\" \/>\t\t\t\t\t\t\t\t\t\t\t\t\t\t\t<\/div>\n\t\t\t\t<\/div>\n\t\t\t\t<div class=\"elementor-element elementor-element-b8c4c36 elementor-widget elementor-widget-heading\" data-id=\"b8c4c36\" data-element_type=\"widget\" data-widget_type=\"heading.default\">\n\t\t\t\t<div class=\"elementor-widget-container\">\n\t\t\t\t\t<h2 class=\"elementor-heading-title elementor-size-default\">Maronesa DOP <\/h2>\t\t\t\t<\/div>\n\t\t\t\t<\/div>\n\t\t\t\t<div class=\"elementor-element elementor-element-ca8064f elementor-widget elementor-widget-text-editor\" data-id=\"ca8064f\" data-element_type=\"widget\" data-widget_type=\"text-editor.default\">\n\t\t\t\t<div class=\"elementor-widget-container\">\n\t\t\t\t\t\t\t\t\t<p>La Carne Maronesa DOP se obtiene de bovinos de la raza Maronesa procedentes de la zona delimitada por las sierras de Mar\u00e3o, Alv\u00e3o y Padrela. Es una carne con grasa de color blanco a blanco marfil, dependiendo de si se trata de un ternero o de un animal adulto. El m\u00fasculo es de color rosado a rojo oscuro, tambi\u00e9n dependiendo de la edad del animal. La raza Maronesa se define como una raza de monta\u00f1a, primitiva, natural y r\u00fastica. Sus principales caracter\u00edsticas f\u00edsicas son su capa de color marr\u00f3n oscuro a negro y el mech\u00f3n de pelo de la cabeza, de color m\u00e1s claro. Este ganado es el responsable del sabor sencillo y delicado, extremadamente sabroso y jugoso de la carne de la Maronesa DOP.<\/p>\t\t\t\t\t\t\t\t<\/div>\n\t\t\t\t<\/div>\n\t\t\t\t<\/div>\n\t\t<div class=\"elementor-element elementor-element-c072767 e-con-full elementor-hidden-mobile e-flex e-con e-child\" data-id=\"c072767\" data-element_type=\"container\" data-settings=\"{&quot;background_background&quot;:&quot;classic&quot;}\">\n\t\t\t\t<\/div>\n\t\t\t\t\t<\/div>\n\t\t\t\t<\/div>\n\t\t<div class=\"elementor-element elementor-element-1f71e67 e-flex e-con-boxed e-con e-parent\" data-id=\"1f71e67\" data-element_type=\"container\">\n\t\t\t\t\t<div class=\"e-con-inner\">\n\t\t<div class=\"elementor-element elementor-element-649b633 e-con-full elementor-hidden-mobile e-flex e-con e-child\" data-id=\"649b633\" data-element_type=\"container\" data-settings=\"{&quot;background_background&quot;:&quot;classic&quot;}\">\n\t\t\t\t<\/div>\n\t\t<div class=\"elementor-element elementor-element-d212075 e-con-full e-flex e-con e-child\" data-id=\"d212075\" data-element_type=\"container\">\n\t\t\t\t<div class=\"elementor-element elementor-element-24e5969 elementor-hidden-desktop elementor-hidden-laptop elementor-hidden-tablet elementor-widget elementor-widget-image\" data-id=\"24e5969\" data-element_type=\"widget\" data-widget_type=\"image.default\">\n\t\t\t\t<div class=\"elementor-widget-container\">\n\t\t\t\t\t\t\t\t\t\t\t\t\t\t\t<img loading=\"lazy\" decoding=\"async\" width=\"800\" height=\"415\" src=\"https:\/\/discoverdouro.pt\/wp-content\/uploads\/2023\/12\/Tripas-aos-Molhos-1024x531.jpg\" class=\"attachment-large size-large wp-image-41118\" alt=\"\" srcset=\"https:\/\/discoverdouro.pt\/wp-content\/uploads\/2023\/12\/Tripas-aos-Molhos-1024x531.jpg 1024w, https:\/\/discoverdouro.pt\/wp-content\/uploads\/2023\/12\/Tripas-aos-Molhos-300x155.jpg 300w, https:\/\/discoverdouro.pt\/wp-content\/uploads\/2023\/12\/Tripas-aos-Molhos-768x398.jpg 768w, https:\/\/discoverdouro.pt\/wp-content\/uploads\/2023\/12\/Tripas-aos-Molhos-1536x796.jpg 1536w, https:\/\/discoverdouro.pt\/wp-content\/uploads\/2023\/12\/Tripas-aos-Molhos.jpg 1561w\" sizes=\"(max-width: 800px) 100vw, 800px\" \/>\t\t\t\t\t\t\t\t\t\t\t\t\t\t\t<\/div>\n\t\t\t\t<\/div>\n\t\t\t\t<div class=\"elementor-element elementor-element-309bbb0 elementor-widget elementor-widget-heading\" data-id=\"309bbb0\" data-element_type=\"widget\" data-widget_type=\"heading.default\">\n\t\t\t\t<div class=\"elementor-widget-container\">\n\t\t\t\t\t<h2 class=\"elementor-heading-title elementor-size-default\">Tripas aos molhos<\/h2>\t\t\t\t<\/div>\n\t\t\t\t<\/div>\n\t\t\t\t<div class=\"elementor-element elementor-element-cd1d845 elementor-widget elementor-widget-text-editor\" data-id=\"cd1d845\" data-element_type=\"widget\" data-widget_type=\"text-editor.default\">\n\t\t\t\t<div class=\"elementor-widget-container\">\n\t\t\t\t\t\t\t\t\t<p>Enrollar trozos de callos y tripas de ternera con jam\u00f3n y una ramita de perejil en el centro. Cocer durante un par de horas para que est\u00e9n tiernos y sabrosos. Los callos deben lavarse muy bien con agua hirviendo y enjuagarse a menudo con lim\u00f3n para eliminar cualquier sabor desagradable. Hacer lo mismo con el est\u00f3mago de vaca. A continuaci\u00f3n, cortar los callos en cuadraditos y a\u00f1adir a cada cuadradito un trozo de jam\u00f3n de un dedo de grosor y una ramita de perejil. Envu\u00e9lvalo todo con la tripa fina, terminando con un lazo.<\/p>\t\t\t\t\t\t\t\t<\/div>\n\t\t\t\t<\/div>\n\t\t\t\t<\/div>\n\t\t\t\t\t<\/div>\n\t\t\t\t<\/div>\n\t\t<div class=\"elementor-element elementor-element-7ce667c e-flex e-con-boxed e-con e-parent\" data-id=\"7ce667c\" data-element_type=\"container\">\n\t\t\t\t\t<div class=\"e-con-inner\">\n\t\t<div class=\"elementor-element elementor-element-9172233 e-con-full e-flex e-con e-child\" data-id=\"9172233\" data-element_type=\"container\">\n\t\t\t\t<div class=\"elementor-element elementor-element-c19adf1 elementor-hidden-desktop elementor-hidden-laptop elementor-hidden-tablet elementor-widget elementor-widget-image\" data-id=\"c19adf1\" data-element_type=\"widget\" data-widget_type=\"image.default\">\n\t\t\t\t<div class=\"elementor-widget-container\">\n\t\t\t\t\t\t\t\t\t\t\t\t\t\t\t<img loading=\"lazy\" decoding=\"async\" width=\"800\" height=\"452\" src=\"https:\/\/discoverdouro.pt\/wp-content\/uploads\/2023\/12\/Covilhetes-1024x579.jpg\" class=\"attachment-large size-large wp-image-41122\" alt=\"\" srcset=\"https:\/\/discoverdouro.pt\/wp-content\/uploads\/2023\/12\/Covilhetes-1024x579.jpg 1024w, https:\/\/discoverdouro.pt\/wp-content\/uploads\/2023\/12\/Covilhetes-300x169.jpg 300w, https:\/\/discoverdouro.pt\/wp-content\/uploads\/2023\/12\/Covilhetes-768x434.jpg 768w, https:\/\/discoverdouro.pt\/wp-content\/uploads\/2023\/12\/Covilhetes.jpg 1432w\" sizes=\"(max-width: 800px) 100vw, 800px\" \/>\t\t\t\t\t\t\t\t\t\t\t\t\t\t\t<\/div>\n\t\t\t\t<\/div>\n\t\t\t\t<div class=\"elementor-element elementor-element-c372c25 elementor-widget elementor-widget-heading\" data-id=\"c372c25\" data-element_type=\"widget\" data-widget_type=\"heading.default\">\n\t\t\t\t<div class=\"elementor-widget-container\">\n\t\t\t\t\t<h2 class=\"elementor-heading-title elementor-size-default\">Covilhetes<\/h2>\t\t\t\t<\/div>\n\t\t\t\t<\/div>\n\t\t\t\t<div class=\"elementor-element elementor-element-6cc6867 elementor-widget elementor-widget-text-editor\" data-id=\"6cc6867\" data-element_type=\"widget\" data-widget_type=\"text-editor.default\">\n\t\t\t\t<div class=\"elementor-widget-container\">\n\t\t\t\t\t\t\t\t\t<p>Las covilhetes son un tipo de pastel que debe su nombre al peque\u00f1o molde de arcilla negra (de Bisalh\u00e3es) en el que se coc\u00edan. Hoy en d\u00eda, el molde ya no es de barro, pero el nombre sigue siendo el mismo. La tradici\u00f3n de esta especialidad es muy antigua y est\u00e1 vinculada a las fiestas de San Antonio, el Se\u00f1or del Calvario y la Se\u00f1ora de la Almodena, que eran las \u00fanicas ocasiones en que se vend\u00eda esta especialidad. A partir del siglo XIX, los covilhetes empezaron a ganar notoriedad en la gastronom\u00eda vila-realense, con personas que los vend\u00edan por las calles de la ciudad en bandejas cubiertas con telas de lino. Hoy en d\u00eda, se pueden comprar Covilhetes en cualquier pasteler\u00eda de Vila Real, ya que se venden a diario.<\/p>\t\t\t\t\t\t\t\t<\/div>\n\t\t\t\t<\/div>\n\t\t\t\t<\/div>\n\t\t<div class=\"elementor-element elementor-element-279e051 e-con-full elementor-hidden-mobile e-flex e-con e-child\" data-id=\"279e051\" data-element_type=\"container\" data-settings=\"{&quot;background_background&quot;:&quot;classic&quot;}\">\n\t\t\t\t<\/div>\n\t\t\t\t\t<\/div>\n\t\t\t\t<\/div>\n\t\t<div class=\"elementor-element elementor-element-0a648ae e-flex e-con-boxed e-con e-parent\" data-id=\"0a648ae\" data-element_type=\"container\">\n\t\t\t\t\t<div class=\"e-con-inner\">\n\t\t<div class=\"elementor-element elementor-element-417dfe5 e-con-full elementor-hidden-mobile e-flex e-con e-child\" data-id=\"417dfe5\" data-element_type=\"container\" data-settings=\"{&quot;background_background&quot;:&quot;classic&quot;}\">\n\t\t\t\t<\/div>\n\t\t<div class=\"elementor-element elementor-element-12c5deb e-con-full e-flex e-con e-child\" data-id=\"12c5deb\" data-element_type=\"container\">\n\t\t\t\t<div class=\"elementor-element elementor-element-4d707ee elementor-hidden-desktop elementor-hidden-laptop elementor-hidden-tablet elementor-widget elementor-widget-image\" data-id=\"4d707ee\" data-element_type=\"widget\" data-widget_type=\"image.default\">\n\t\t\t\t<div class=\"elementor-widget-container\">\n\t\t\t\t\t\t\t\t\t\t\t\t\t\t\t<img loading=\"lazy\" decoding=\"async\" width=\"800\" height=\"500\" src=\"https:\/\/discoverdouro.pt\/wp-content\/uploads\/2023\/12\/Cristas-de-Galo-1024x640.jpg\" class=\"attachment-large size-large wp-image-41126\" alt=\"\" srcset=\"https:\/\/discoverdouro.pt\/wp-content\/uploads\/2023\/12\/Cristas-de-Galo-1024x640.jpg 1024w, https:\/\/discoverdouro.pt\/wp-content\/uploads\/2023\/12\/Cristas-de-Galo-300x188.jpg 300w, https:\/\/discoverdouro.pt\/wp-content\/uploads\/2023\/12\/Cristas-de-Galo-768x480.jpg 768w, https:\/\/discoverdouro.pt\/wp-content\/uploads\/2023\/12\/Cristas-de-Galo.jpg 1200w\" sizes=\"(max-width: 800px) 100vw, 800px\" \/>\t\t\t\t\t\t\t\t\t\t\t\t\t\t\t<\/div>\n\t\t\t\t<\/div>\n\t\t\t\t<div class=\"elementor-element elementor-element-d78a570 elementor-widget elementor-widget-heading\" data-id=\"d78a570\" data-element_type=\"widget\" data-widget_type=\"heading.default\">\n\t\t\t\t<div class=\"elementor-widget-container\">\n\t\t\t\t\t<h2 class=\"elementor-heading-title elementor-size-default\">Cristas de Galo<\/h2>\t\t\t\t<\/div>\n\t\t\t\t<\/div>\n\t\t\t\t<div class=\"elementor-element elementor-element-cc19fa1 elementor-widget elementor-widget-text-editor\" data-id=\"cc19fa1\" data-element_type=\"widget\" data-widget_type=\"text-editor.default\">\n\t\t\t\t<div class=\"elementor-widget-container\">\n\t\t\t\t\t\t\t\t\t<p>Las Cristas de Galo son un pastelito artesanal t\u00edpico de la ciudad de Vila Real, con forma de cresta de gallo. Se rellenan con mermelada de almendra y huevos. Despu\u00e9s de la cocci\u00f3n en el horno, los past\u00e9is se espolvorean con az\u00facar. Los past\u00e9is de toucinho, tambi\u00e9n conocidos como past\u00e9is de Vila Real y, m\u00e1s recientemente, como cristas o crestas de gallo, son una creaci\u00f3n de las monjas del Convento de Nossa Senhora do Amparo, de la Orden de Santa Clara, y son sin duda una de las especialidades m\u00e1s representativas de los dulces conventuales de Vila Real.<\/p>\t\t\t\t\t\t\t\t<\/div>\n\t\t\t\t<\/div>\n\t\t\t\t<\/div>\n\t\t\t\t\t<\/div>\n\t\t\t\t<\/div>\n\t\t<div class=\"elementor-element elementor-element-9498036 e-flex e-con-boxed e-con e-parent\" data-id=\"9498036\" data-element_type=\"container\">\n\t\t\t\t\t<div class=\"e-con-inner\">\n\t\t<div class=\"elementor-element elementor-element-483f996 e-con-full e-flex e-con e-child\" data-id=\"483f996\" data-element_type=\"container\">\n\t\t\t\t<div class=\"elementor-element elementor-element-aea9c55 elementor-hidden-desktop elementor-hidden-laptop elementor-hidden-tablet elementor-widget elementor-widget-image\" data-id=\"aea9c55\" data-element_type=\"widget\" data-widget_type=\"image.default\">\n\t\t\t\t<div class=\"elementor-widget-container\">\n\t\t\t\t\t\t\t\t\t\t\t\t\t\t\t<img loading=\"lazy\" decoding=\"async\" width=\"720\" height=\"480\" src=\"https:\/\/discoverdouro.pt\/wp-content\/uploads\/2023\/12\/Pitos-Santa-Luzia.jpg\" class=\"attachment-large size-large wp-image-41130\" alt=\"\" srcset=\"https:\/\/discoverdouro.pt\/wp-content\/uploads\/2023\/12\/Pitos-Santa-Luzia.jpg 720w, https:\/\/discoverdouro.pt\/wp-content\/uploads\/2023\/12\/Pitos-Santa-Luzia-300x200.jpg 300w\" sizes=\"(max-width: 720px) 100vw, 720px\" \/>\t\t\t\t\t\t\t\t\t\t\t\t\t\t\t<\/div>\n\t\t\t\t<\/div>\n\t\t\t\t<div class=\"elementor-element elementor-element-839a08b elementor-widget elementor-widget-heading\" data-id=\"839a08b\" data-element_type=\"widget\" data-widget_type=\"heading.default\">\n\t\t\t\t<div class=\"elementor-widget-container\">\n\t\t\t\t\t<h2 class=\"elementor-heading-title elementor-size-default\">Pitos de Santa Luzia<\/h2>\t\t\t\t<\/div>\n\t\t\t\t<\/div>\n\t\t\t\t<div class=\"elementor-element elementor-element-50fe0f3 elementor-widget elementor-widget-text-editor\" data-id=\"50fe0f3\" data-element_type=\"widget\" data-widget_type=\"text-editor.default\">\n\t\t\t\t<div class=\"elementor-widget-container\">\n\t\t\t\t\t\t\t\t\t<p>Tortas de masa tierna hecha con harina, az\u00facar, manteca de cerdo, huevos y sal, de 6 cm de lado y unos 3 cm de alto. Los pasteles tienen m\u00e1s o menos forma de pir\u00e1mide cuadrada o de hatillo de lavadeira, ya que se elaboran a partir de un cuadrado de masa cuyos bordes se tiran hacia el centro y hacia arriba. La masa tierna se rellena con mermelada de calabaza y canela (hecha con calabaza y az\u00facar, siendo el az\u00facar la mitad del peso de la calabaza y especiada con canela y pimienta).<\/p>\t\t\t\t\t\t\t\t<\/div>\n\t\t\t\t<\/div>\n\t\t\t\t<\/div>\n\t\t<div class=\"elementor-element elementor-element-1f32639 e-con-full elementor-hidden-mobile e-flex e-con e-child\" data-id=\"1f32639\" data-element_type=\"container\" data-settings=\"{&quot;background_background&quot;:&quot;classic&quot;}\">\n\t\t\t\t<\/div>\n\t\t\t\t\t<\/div>\n\t\t\t\t<\/div>\n\t\t<div class=\"elementor-element elementor-element-bd8588b e-flex e-con-boxed e-con e-parent\" data-id=\"bd8588b\" data-element_type=\"container\">\n\t\t\t\t\t<div class=\"e-con-inner\">\n\t\t<div class=\"elementor-element elementor-element-c59d29c e-con-full elementor-hidden-mobile e-flex e-con e-child\" data-id=\"c59d29c\" data-element_type=\"container\" data-settings=\"{&quot;background_background&quot;:&quot;classic&quot;}\">\n\t\t\t\t<\/div>\n\t\t<div class=\"elementor-element elementor-element-37dd009 e-con-full e-flex e-con e-child\" data-id=\"37dd009\" data-element_type=\"container\">\n\t\t\t\t<div class=\"elementor-element elementor-element-6022917 elementor-hidden-desktop elementor-hidden-laptop elementor-hidden-tablet elementor-widget elementor-widget-image\" data-id=\"6022917\" data-element_type=\"widget\" data-widget_type=\"image.default\">\n\t\t\t\t<div class=\"elementor-widget-container\">\n\t\t\t\t\t\t\t\t\t\t\t\t\t\t\t<img loading=\"lazy\" decoding=\"async\" width=\"800\" height=\"534\" src=\"https:\/\/discoverdouro.pt\/wp-content\/uploads\/2023\/12\/Cavacorios-1024x684.jpg\" class=\"attachment-large size-large wp-image-41134\" alt=\"\" srcset=\"https:\/\/discoverdouro.pt\/wp-content\/uploads\/2023\/12\/Cavacorios-1024x684.jpg 1024w, https:\/\/discoverdouro.pt\/wp-content\/uploads\/2023\/12\/Cavacorios-300x200.jpg 300w, https:\/\/discoverdouro.pt\/wp-content\/uploads\/2023\/12\/Cavacorios-768x513.jpg 768w, https:\/\/discoverdouro.pt\/wp-content\/uploads\/2023\/12\/Cavacorios.jpg 1212w\" sizes=\"(max-width: 800px) 100vw, 800px\" \/>\t\t\t\t\t\t\t\t\t\t\t\t\t\t\t<\/div>\n\t\t\t\t<\/div>\n\t\t\t\t<div class=\"elementor-element elementor-element-5510954 elementor-widget elementor-widget-heading\" data-id=\"5510954\" data-element_type=\"widget\" data-widget_type=\"heading.default\">\n\t\t\t\t<div class=\"elementor-widget-container\">\n\t\t\t\t\t<h2 class=\"elementor-heading-title elementor-size-default\">Cavac\u00f3rios<\/h2>\t\t\t\t<\/div>\n\t\t\t\t<\/div>\n\t\t\t\t<div class=\"elementor-element elementor-element-417a064 elementor-widget elementor-widget-text-editor\" data-id=\"417a064\" data-element_type=\"widget\" data-widget_type=\"text-editor.default\">\n\t\t\t\t<div class=\"elementor-widget-container\">\n\t\t\t\t\t\t\t\t\t<p>Los cavac\u00f3rios son dulces c\u00f3ncavos en forma de cuenco que, junto con las Bexigas, son dulces t\u00edpicos de las fiestas en honor de S\u00e3o L\u00e1zaro, considerado protector contra las enfermedades de la piel (viruela, ampollas y otras).<\/p>\t\t\t\t\t\t\t\t<\/div>\n\t\t\t\t<\/div>\n\t\t\t\t<\/div>\n\t\t\t\t\t<\/div>\n\t\t\t\t<\/div>\n\t\t<div class=\"elementor-element elementor-element-1b9a859 e-flex e-con-boxed e-con e-parent\" data-id=\"1b9a859\" data-element_type=\"container\">\n\t\t\t\t\t<div class=\"e-con-inner\">\n\t\t<div class=\"elementor-element elementor-element-573e79b e-con-full e-flex e-con e-child\" data-id=\"573e79b\" data-element_type=\"container\">\n\t\t\t\t<div class=\"elementor-element elementor-element-9a88626 elementor-hidden-desktop elementor-hidden-laptop elementor-hidden-tablet elementor-widget elementor-widget-image\" data-id=\"9a88626\" data-element_type=\"widget\" data-widget_type=\"image.default\">\n\t\t\t\t<div class=\"elementor-widget-container\">\n\t\t\t\t\t\t\t\t\t\t\t\t\t\t\t<img loading=\"lazy\" decoding=\"async\" width=\"800\" height=\"534\" src=\"https:\/\/discoverdouro.pt\/wp-content\/uploads\/2023\/12\/Ganchas-de-S.-Bras-1024x684.jpg\" class=\"attachment-large size-large wp-image-41138\" alt=\"\" srcset=\"https:\/\/discoverdouro.pt\/wp-content\/uploads\/2023\/12\/Ganchas-de-S.-Bras-1024x684.jpg 1024w, https:\/\/discoverdouro.pt\/wp-content\/uploads\/2023\/12\/Ganchas-de-S.-Bras-300x200.jpg 300w, https:\/\/discoverdouro.pt\/wp-content\/uploads\/2023\/12\/Ganchas-de-S.-Bras-768x513.jpg 768w, https:\/\/discoverdouro.pt\/wp-content\/uploads\/2023\/12\/Ganchas-de-S.-Bras.jpg 1212w\" sizes=\"(max-width: 800px) 100vw, 800px\" \/>\t\t\t\t\t\t\t\t\t\t\t\t\t\t\t<\/div>\n\t\t\t\t<\/div>\n\t\t\t\t<div class=\"elementor-element elementor-element-d0739d3 elementor-widget elementor-widget-heading\" data-id=\"d0739d3\" data-element_type=\"widget\" data-widget_type=\"heading.default\">\n\t\t\t\t<div class=\"elementor-widget-container\">\n\t\t\t\t\t<h2 class=\"elementor-heading-title elementor-size-default\">Ganchas de S\u00e3o Br\u00e1s<\/h2>\t\t\t\t<\/div>\n\t\t\t\t<\/div>\n\t\t\t\t<div class=\"elementor-element elementor-element-467e9b8 elementor-widget elementor-widget-text-editor\" data-id=\"467e9b8\" data-element_type=\"widget\" data-widget_type=\"text-editor.default\">\n\t\t\t\t<div class=\"elementor-widget-container\">\n\t\t\t\t\t\t\t\t\t<p>El 3 de febrero de cada a\u00f1o, se celebra una fiesta en honor de S\u00e3o Br\u00e1s en la iglesia de S\u00e3o Dinis, en Vila Real, en la que los que han hecho o cumplido promesas pasean por el cementerio, &#8220;sin abrir la boca ni decir una palabra para no meterse en l\u00edos&#8221;. Esta tradici\u00f3n est\u00e1 vinculada a la de Santa Luzia, cuando, el 13 de diciembre, las chicas compran Pitos para regalar a los chicos. Los chicos devuelven el regalo el 3 de febrero, regalando Ganchas a las chicas, quiz\u00e1s simbolizando &#8220;un anzuelo para pescar chicas con ganas de salir&#8221;.<\/p>\t\t\t\t\t\t\t\t<\/div>\n\t\t\t\t<\/div>\n\t\t\t\t<\/div>\n\t\t<div class=\"elementor-element elementor-element-86dace2 e-con-full elementor-hidden-mobile e-flex e-con e-child\" data-id=\"86dace2\" data-element_type=\"container\" data-settings=\"{&quot;background_background&quot;:&quot;classic&quot;}\">\n\t\t\t\t<\/div>\n\t\t\t\t\t<\/div>\n\t\t\t\t<\/div>\n\t\t<div class=\"elementor-element elementor-element-12af8b0 e-flex e-con-boxed e-con e-parent\" data-id=\"12af8b0\" data-element_type=\"container\">\n\t\t\t\t\t<div class=\"e-con-inner\">\n\t\t<div class=\"elementor-element elementor-element-d1daf70 e-con-full elementor-hidden-mobile e-flex e-con e-child\" data-id=\"d1daf70\" data-element_type=\"container\" data-settings=\"{&quot;background_background&quot;:&quot;classic&quot;}\">\n\t\t\t\t<\/div>\n\t\t<div class=\"elementor-element elementor-element-a37232c e-con-full e-flex e-con e-child\" data-id=\"a37232c\" data-element_type=\"container\">\n\t\t\t\t<div class=\"elementor-element elementor-element-83b8a35 elementor-hidden-desktop elementor-hidden-laptop elementor-hidden-tablet elementor-widget elementor-widget-image\" data-id=\"83b8a35\" data-element_type=\"widget\" data-widget_type=\"image.default\">\n\t\t\t\t<div class=\"elementor-widget-container\">\n\t\t\t\t\t\t\t\t\t\t\t\t\t\t\t<img loading=\"lazy\" decoding=\"async\" width=\"800\" height=\"648\" src=\"https:\/\/discoverdouro.pt\/wp-content\/uploads\/2023\/12\/Vinhos-Vila-Real.jpg\" class=\"attachment-large size-large wp-image-41142\" alt=\"\" srcset=\"https:\/\/discoverdouro.pt\/wp-content\/uploads\/2023\/12\/Vinhos-Vila-Real.jpg 999w, https:\/\/discoverdouro.pt\/wp-content\/uploads\/2023\/12\/Vinhos-Vila-Real-300x243.jpg 300w, https:\/\/discoverdouro.pt\/wp-content\/uploads\/2023\/12\/Vinhos-Vila-Real-768x622.jpg 768w\" sizes=\"(max-width: 800px) 100vw, 800px\" \/>\t\t\t\t\t\t\t\t\t\t\t\t\t\t\t<\/div>\n\t\t\t\t<\/div>\n\t\t\t\t<div class=\"elementor-element elementor-element-3872609 elementor-widget elementor-widget-heading\" data-id=\"3872609\" data-element_type=\"widget\" data-widget_type=\"heading.default\">\n\t\t\t\t<div class=\"elementor-widget-container\">\n\t\t\t\t\t<h2 class=\"elementor-heading-title elementor-size-default\">Vinos<\/h2>\t\t\t\t<\/div>\n\t\t\t\t<\/div>\n\t\t\t\t<div class=\"elementor-element elementor-element-bcf1564 elementor-widget elementor-widget-text-editor\" data-id=\"bcf1564\" data-element_type=\"widget\" data-widget_type=\"text-editor.default\">\n\t\t\t\t<div class=\"elementor-widget-container\">\n\t\t\t\t\t\t\t\t\t<p>Protegida de los vientos atl\u00e1nticos por el macizo monta\u00f1oso del Mar\u00e3o, la cuenca del Baixo Cargo, formada por valles escarpados y apretados, posee un microclima \u00fanico que, combinado con la naturaleza de su suelo de esquisto, permite que los vi\u00f1edos cultivados mediante procesos tradicionales produzcan uvas de excelente calidad. En el siglo XVIII, en 1756, las caracter\u00edsticas \u00fanicas de la regi\u00f3n llevaron al Marqu\u00e9s de Pombal a establecer la Regi\u00f3n Demarcada del Duero, la primera regi\u00f3n del mundo en ser definida y regulada con el fin de proteger las cualidades inimitables de los vinos all\u00ed producidos. Cabe destacar tambi\u00e9n que el municipio de Vila Real es cuna de varios vinos cuya calidad es conocida y reconocida internacionalmente. Ejemplo de ello es el famoso Mateus Rosado, que desde sus inicios lleva en su etiqueta la famosa Casa de Mateus, y, m\u00e1s recientemente, los vinos de la Adega de Vila Real, que ha sido distinguida nacional e internacionalmente en diversos concursos de especialidades.<\/p>\t\t\t\t\t\t\t\t<\/div>\n\t\t\t\t<\/div>\n\t\t\t\t<\/div>\n\t\t\t\t\t<\/div>\n\t\t\t\t<\/div>\n\t\t\t\t<\/div>\n\t\t","protected":false},"excerpt":{"rendered":"<p>Sabores y Conocimientos Vila Real Arte y artesan\u00eda Cer\u00e1mica negra de Bisalh\u00e3es Desde el 29 de noviembre de 2016, el mismo proceso est\u00e1 inscrito en la Lista del Patrimonio Cultural Inmaterial que requiere medidas urgentes de salvaguardia de la UNESCO, decisi\u00f3n adoptada en la 11\u00aa reuni\u00f3n del Comit\u00e9 Intergubernamental para la Salvaguardia del Patrimonio Cultural [&hellip;]<\/p>\n","protected":false},"author":40,"featured_media":0,"parent":0,"menu_order":0,"comment_status":"closed","ping_status":"closed","template":"","meta":{"footnotes":""},"class_list":["post-41560","page","type-page","status-publish","hentry"],"acf":[],"yoast_head":"<!-- This site is optimized with the Yoast SEO plugin v26.2 - https:\/\/yoast.com\/wordpress\/plugins\/seo\/ -->\n<title>Sabores y Conocimientos Vila Real - Discover Douro<\/title>\n<meta name=\"robots\" content=\"index, follow, max-snippet:-1, max-image-preview:large, max-video-preview:-1\" \/>\n<link rel=\"canonical\" href=\"https:\/\/discoverdouro.pt\/es\/sabores-y-conocimientos-vila-real\" \/>\n<meta property=\"og:locale\" content=\"es_ES\" \/>\n<meta property=\"og:type\" content=\"article\" \/>\n<meta property=\"og:title\" content=\"Sabores y Conocimientos Vila Real - Discover Douro\" \/>\n<meta property=\"og:description\" content=\"Sabores y Conocimientos Vila Real Arte y artesan\u00eda Cer\u00e1mica negra de Bisalh\u00e3es Desde el 29 de noviembre de 2016, el mismo proceso est\u00e1 inscrito en la Lista del Patrimonio Cultural Inmaterial que requiere medidas urgentes de salvaguardia de la UNESCO, decisi\u00f3n adoptada en la 11\u00aa reuni\u00f3n del Comit\u00e9 Intergubernamental para la Salvaguardia del Patrimonio Cultural [&hellip;]\" \/>\n<meta property=\"og:url\" content=\"https:\/\/discoverdouro.pt\/es\/sabores-y-conocimientos-vila-real\" \/>\n<meta property=\"og:site_name\" content=\"Discover Douro\" \/>\n<meta property=\"article:publisher\" content=\"https:\/\/www.facebook.com\/profile.php?id=61555234744391\" \/>\n<meta property=\"article:modified_time\" content=\"2024-01-22T13:55:39+00:00\" \/>\n<meta property=\"og:image\" content=\"https:\/\/www.discoverdouro.pt\/wp-content\/uploads\/2023\/12\/Olaria-Negra-de-Bisalhaes.jpg\" \/>\n<meta name=\"twitter:card\" content=\"summary_large_image\" \/>\n<meta name=\"twitter:site\" content=\"@DiscoverDouro\" \/>\n<meta name=\"twitter:label1\" content=\"Est. reading time\" \/>\n\t<meta name=\"twitter:data1\" content=\"8 minutes\" \/>\n<script type=\"application\/ld+json\" class=\"yoast-schema-graph\">{\"@context\":\"https:\/\/schema.org\",\"@graph\":[{\"@type\":\"WebPage\",\"@id\":\"https:\/\/discoverdouro.pt\/es\/sabores-y-conocimientos-vila-real\",\"url\":\"https:\/\/discoverdouro.pt\/es\/sabores-y-conocimientos-vila-real\",\"name\":\"Sabores y Conocimientos Vila Real - Discover Douro\",\"isPartOf\":{\"@id\":\"https:\/\/discoverdouro.pt\/es#website\"},\"primaryImageOfPage\":{\"@id\":\"https:\/\/discoverdouro.pt\/es\/sabores-y-conocimientos-vila-real#primaryimage\"},\"image\":{\"@id\":\"https:\/\/discoverdouro.pt\/es\/sabores-y-conocimientos-vila-real#primaryimage\"},\"thumbnailUrl\":\"https:\/\/www.discoverdouro.pt\/wp-content\/uploads\/2023\/12\/Olaria-Negra-de-Bisalhaes.jpg\",\"datePublished\":\"2023-12-15T22:41:58+00:00\",\"dateModified\":\"2024-01-22T13:55:39+00:00\",\"breadcrumb\":{\"@id\":\"https:\/\/discoverdouro.pt\/es\/sabores-y-conocimientos-vila-real#breadcrumb\"},\"inLanguage\":\"es\",\"potentialAction\":[{\"@type\":\"ReadAction\",\"target\":[\"https:\/\/discoverdouro.pt\/es\/sabores-y-conocimientos-vila-real\"]}]},{\"@type\":\"ImageObject\",\"inLanguage\":\"es\",\"@id\":\"https:\/\/discoverdouro.pt\/es\/sabores-y-conocimientos-vila-real#primaryimage\",\"url\":\"https:\/\/www.discoverdouro.pt\/wp-content\/uploads\/2023\/12\/Olaria-Negra-de-Bisalhaes.jpg\",\"contentUrl\":\"https:\/\/www.discoverdouro.pt\/wp-content\/uploads\/2023\/12\/Olaria-Negra-de-Bisalhaes.jpg\"},{\"@type\":\"BreadcrumbList\",\"@id\":\"https:\/\/discoverdouro.pt\/es\/sabores-y-conocimientos-vila-real#breadcrumb\",\"itemListElement\":[{\"@type\":\"ListItem\",\"position\":1,\"name\":\"Home\",\"item\":\"https:\/\/discoverdouro.pt\/es\"},{\"@type\":\"ListItem\",\"position\":2,\"name\":\"Sabores y Conocimientos Vila Real\"}]},{\"@type\":\"WebSite\",\"@id\":\"https:\/\/discoverdouro.pt\/es#website\",\"url\":\"https:\/\/discoverdouro.pt\/es\",\"name\":\"Discover Douro\",\"description\":\"O Para\u00edso de Portugal\",\"publisher\":{\"@id\":\"https:\/\/discoverdouro.pt\/es#organization\"},\"potentialAction\":[{\"@type\":\"SearchAction\",\"target\":{\"@type\":\"EntryPoint\",\"urlTemplate\":\"https:\/\/discoverdouro.pt\/es?s={search_term_string}\"},\"query-input\":{\"@type\":\"PropertyValueSpecification\",\"valueRequired\":true,\"valueName\":\"search_term_string\"}}],\"inLanguage\":\"es\"},{\"@type\":\"Organization\",\"@id\":\"https:\/\/discoverdouro.pt\/es#organization\",\"name\":\"Discover Douro\",\"url\":\"https:\/\/discoverdouro.pt\/es\",\"logo\":{\"@type\":\"ImageObject\",\"inLanguage\":\"es\",\"@id\":\"https:\/\/discoverdouro.pt\/es#\/schema\/logo\/image\/\",\"url\":\"https:\/\/www.discoverdouro.pt\/wp-content\/uploads\/2024\/01\/cropped-Icon_Discover.png\",\"contentUrl\":\"https:\/\/www.discoverdouro.pt\/wp-content\/uploads\/2024\/01\/cropped-Icon_Discover.png\",\"width\":512,\"height\":512,\"caption\":\"Discover Douro\"},\"image\":{\"@id\":\"https:\/\/discoverdouro.pt\/es#\/schema\/logo\/image\/\"},\"sameAs\":[\"https:\/\/www.facebook.com\/profile.php?id=61555234744391\",\"https:\/\/x.com\/DiscoverDouro\",\"https:\/\/www.instagram.com\/discover.douro\",\"https:\/\/www.tiktok.com\/@discoverdouro\",\"https:\/\/www.linkedin.com\/company\/discover-douro\/\"]}]}<\/script>\n<!-- \/ Yoast SEO plugin. -->","yoast_head_json":{"title":"Sabores y Conocimientos Vila Real - Discover Douro","robots":{"index":"index","follow":"follow","max-snippet":"max-snippet:-1","max-image-preview":"max-image-preview:large","max-video-preview":"max-video-preview:-1"},"canonical":"https:\/\/discoverdouro.pt\/es\/sabores-y-conocimientos-vila-real","og_locale":"es_ES","og_type":"article","og_title":"Sabores y Conocimientos Vila Real - Discover Douro","og_description":"Sabores y Conocimientos Vila Real Arte y artesan\u00eda Cer\u00e1mica negra de Bisalh\u00e3es Desde el 29 de noviembre de 2016, el mismo proceso est\u00e1 inscrito en la Lista del Patrimonio Cultural Inmaterial que requiere medidas urgentes de salvaguardia de la UNESCO, decisi\u00f3n adoptada en la 11\u00aa reuni\u00f3n del Comit\u00e9 Intergubernamental para la Salvaguardia del Patrimonio Cultural [&hellip;]","og_url":"https:\/\/discoverdouro.pt\/es\/sabores-y-conocimientos-vila-real","og_site_name":"Discover Douro","article_publisher":"https:\/\/www.facebook.com\/profile.php?id=61555234744391","article_modified_time":"2024-01-22T13:55:39+00:00","og_image":[{"url":"https:\/\/www.discoverdouro.pt\/wp-content\/uploads\/2023\/12\/Olaria-Negra-de-Bisalhaes.jpg","type":"","width":"","height":""}],"twitter_card":"summary_large_image","twitter_site":"@DiscoverDouro","twitter_misc":{"Est. reading time":"8 minutes"},"schema":{"@context":"https:\/\/schema.org","@graph":[{"@type":"WebPage","@id":"https:\/\/discoverdouro.pt\/es\/sabores-y-conocimientos-vila-real","url":"https:\/\/discoverdouro.pt\/es\/sabores-y-conocimientos-vila-real","name":"Sabores y Conocimientos Vila Real - Discover Douro","isPartOf":{"@id":"https:\/\/discoverdouro.pt\/es#website"},"primaryImageOfPage":{"@id":"https:\/\/discoverdouro.pt\/es\/sabores-y-conocimientos-vila-real#primaryimage"},"image":{"@id":"https:\/\/discoverdouro.pt\/es\/sabores-y-conocimientos-vila-real#primaryimage"},"thumbnailUrl":"https:\/\/www.discoverdouro.pt\/wp-content\/uploads\/2023\/12\/Olaria-Negra-de-Bisalhaes.jpg","datePublished":"2023-12-15T22:41:58+00:00","dateModified":"2024-01-22T13:55:39+00:00","breadcrumb":{"@id":"https:\/\/discoverdouro.pt\/es\/sabores-y-conocimientos-vila-real#breadcrumb"},"inLanguage":"es","potentialAction":[{"@type":"ReadAction","target":["https:\/\/discoverdouro.pt\/es\/sabores-y-conocimientos-vila-real"]}]},{"@type":"ImageObject","inLanguage":"es","@id":"https:\/\/discoverdouro.pt\/es\/sabores-y-conocimientos-vila-real#primaryimage","url":"https:\/\/www.discoverdouro.pt\/wp-content\/uploads\/2023\/12\/Olaria-Negra-de-Bisalhaes.jpg","contentUrl":"https:\/\/www.discoverdouro.pt\/wp-content\/uploads\/2023\/12\/Olaria-Negra-de-Bisalhaes.jpg"},{"@type":"BreadcrumbList","@id":"https:\/\/discoverdouro.pt\/es\/sabores-y-conocimientos-vila-real#breadcrumb","itemListElement":[{"@type":"ListItem","position":1,"name":"Home","item":"https:\/\/discoverdouro.pt\/es"},{"@type":"ListItem","position":2,"name":"Sabores y Conocimientos Vila Real"}]},{"@type":"WebSite","@id":"https:\/\/discoverdouro.pt\/es#website","url":"https:\/\/discoverdouro.pt\/es","name":"Discover Douro","description":"O Para\u00edso de Portugal","publisher":{"@id":"https:\/\/discoverdouro.pt\/es#organization"},"potentialAction":[{"@type":"SearchAction","target":{"@type":"EntryPoint","urlTemplate":"https:\/\/discoverdouro.pt\/es?s={search_term_string}"},"query-input":{"@type":"PropertyValueSpecification","valueRequired":true,"valueName":"search_term_string"}}],"inLanguage":"es"},{"@type":"Organization","@id":"https:\/\/discoverdouro.pt\/es#organization","name":"Discover Douro","url":"https:\/\/discoverdouro.pt\/es","logo":{"@type":"ImageObject","inLanguage":"es","@id":"https:\/\/discoverdouro.pt\/es#\/schema\/logo\/image\/","url":"https:\/\/www.discoverdouro.pt\/wp-content\/uploads\/2024\/01\/cropped-Icon_Discover.png","contentUrl":"https:\/\/www.discoverdouro.pt\/wp-content\/uploads\/2024\/01\/cropped-Icon_Discover.png","width":512,"height":512,"caption":"Discover Douro"},"image":{"@id":"https:\/\/discoverdouro.pt\/es#\/schema\/logo\/image\/"},"sameAs":["https:\/\/www.facebook.com\/profile.php?id=61555234744391","https:\/\/x.com\/DiscoverDouro","https:\/\/www.instagram.com\/discover.douro","https:\/\/www.tiktok.com\/@discoverdouro","https:\/\/www.linkedin.com\/company\/discover-douro\/"]}]}},"_links":{"self":[{"href":"https:\/\/discoverdouro.pt\/es\/wp-json\/wp\/v2\/pages\/41560","targetHints":{"allow":["GET"]}}],"collection":[{"href":"https:\/\/discoverdouro.pt\/es\/wp-json\/wp\/v2\/pages"}],"about":[{"href":"https:\/\/discoverdouro.pt\/es\/wp-json\/wp\/v2\/types\/page"}],"author":[{"embeddable":true,"href":"https:\/\/discoverdouro.pt\/es\/wp-json\/wp\/v2\/users\/40"}],"replies":[{"embeddable":true,"href":"https:\/\/discoverdouro.pt\/es\/wp-json\/wp\/v2\/comments?post=41560"}],"version-history":[{"count":22,"href":"https:\/\/discoverdouro.pt\/es\/wp-json\/wp\/v2\/pages\/41560\/revisions"}],"predecessor-version":[{"id":46692,"href":"https:\/\/discoverdouro.pt\/es\/wp-json\/wp\/v2\/pages\/41560\/revisions\/46692"}],"wp:attachment":[{"href":"https:\/\/discoverdouro.pt\/es\/wp-json\/wp\/v2\/media?parent=41560"}],"curies":[{"name":"wp","href":"https:\/\/api.w.org\/{rel}","templated":true}]}}