{"id":42397,"date":"2023-12-13T15:13:26","date_gmt":"2023-12-13T15:13:26","guid":{"rendered":"https:\/\/discoverdouro.digiupdev.com\/municipio\/s-joao-da-pesqueira"},"modified":"2024-04-16T14:12:41","modified_gmt":"2024-04-16T13:12:41","slug":"s-joao-da-pesqueira","status":"publish","type":"municipio","link":"https:\/\/discoverdouro.pt\/fr\/municipio\/s-joao-da-pesqueira","title":{"rendered":"S. Jo\u00e3o da Pesqueira"},"content":{"rendered":"\t\t<div data-elementor-type=\"wp-post\" data-elementor-id=\"42397\" class=\"elementor elementor-42397 elementor-40632\" data-elementor-post-type=\"municipio\">\n\t\t\t\t\t\t<section class=\"elementor-section elementor-top-section elementor-element elementor-element-1e11149 elementor-section-stretched elementor-section-boxed elementor-section-height-default elementor-section-height-default\" data-id=\"1e11149\" data-element_type=\"section\" data-settings=\"{&quot;stretch_section&quot;:&quot;section-stretched&quot;,&quot;background_background&quot;:&quot;classic&quot;}\">\n\t\t\t\t\t\t\t<div class=\"elementor-background-overlay\"><\/div>\n\t\t\t\t\t\t\t<div class=\"elementor-container elementor-column-gap-default\">\n\t\t\t\t\t<div class=\"elementor-column elementor-col-100 elementor-top-column elementor-element elementor-element-7668898\" data-id=\"7668898\" data-element_type=\"column\">\n\t\t\t<div class=\"elementor-widget-wrap elementor-element-populated\">\n\t\t\t\t\t\t\t<\/div>\n\t\t<\/div>\n\t\t\t\t\t<\/div>\n\t\t<\/section>\n\t\t<div class=\"elementor-element elementor-element-2bcb9cf e-flex e-con-boxed e-con e-parent\" data-id=\"2bcb9cf\" data-element_type=\"container\">\n\t\t\t\t\t<div class=\"e-con-inner\">\n\t\t<div class=\"elementor-element elementor-element-1b89e67 e-con-full e-flex e-con e-child\" data-id=\"1b89e67\" data-element_type=\"container\">\n\t\t\t\t<div class=\"elementor-element elementor-element-a182a32 elementor-widget elementor-widget-text-editor\" data-id=\"a182a32\" data-element_type=\"widget\" data-widget_type=\"text-editor.default\">\n\t\t\t\t<div class=\"elementor-widget-container\">\n\t\t\t\t\t\t\t\t\t<p>S\u00e3o Jo\u00e3o da Pesqueira<\/p><ol><li>Jo\u00e3o da Pesqueira se trouve au c\u0153ur de la premi\u00e8re r\u00e9gion viticole d\u00e9limit\u00e9e au monde\u00a0: le Douro. Le paysage est une succession sans fin de collines en terrasses qui surprennent par leur grandeur. L&#8217;huile d&#8217;olive et les amandes constituent \u00e9galement une part importante de sa production agricole.<\/li><\/ol><p>Son peuplement remonte \u00e0 des temps tr\u00e8s anciens\u00a0: d&#8217;innombrables vestiges arch\u00e9ologiques sont pr\u00e9sents sur l&#8217;ensemble du territoire de la commune. De nombreuses maisons \u00e0 blasons et des \u00e9glises s\u00e9culaires t\u00e9moignent des diff\u00e9rentes p\u00e9riodes de l&#8217;histoire.<\/p><ol><li>Jo\u00e3o da Pesqueira est fi\u00e8re de poss\u00e9der la plus ancienne charte du territoire portugais actuel, accord\u00e9e avant la cr\u00e9ation de la nationalit\u00e9 portugaise, entre 1055 et 1065, et qui a jou\u00e9 un r\u00f4le d\u00e9cisif dans la colonisation du territoire.<\/li><\/ol><p>Les diff\u00e9rents points de vue et leur horizon visuel sur le paysage agricole et culturel et l&#8217;importante ressource naturelle qu&#8217;est le fleuve Douro m\u00e9ritent d&#8217;\u00eatre soulign\u00e9s.<\/p><p>Toutes ces singularit\u00e9s ont \u00e9t\u00e9 reconnues en 2001 avec le classement de la r\u00e9gion viticole du Haut-Douro au patrimoine mondial de l&#8217;humanit\u00e9. Avec environ 20\u00a0%, S. Jo\u00e3o da Pesqueira est la municipalit\u00e9 qui poss\u00e8de la plus grande zone class\u00e9e.<\/p>\t\t\t\t\t\t\t\t<\/div>\n\t\t\t\t<\/div>\n\t\t\t\t<div class=\"elementor-element elementor-element-f964b73 elementor-widget elementor-widget-video\" data-id=\"f964b73\" data-element_type=\"widget\" data-settings=\"{&quot;youtube_url&quot;:&quot;https:\\\/\\\/www.youtube.com\\\/watch?v=h2Nw9uurYic&quot;,&quot;modestbranding&quot;:&quot;yes&quot;,&quot;yt_privacy&quot;:&quot;yes&quot;,&quot;lazy_load&quot;:&quot;yes&quot;,&quot;video_type&quot;:&quot;youtube&quot;,&quot;controls&quot;:&quot;yes&quot;}\" data-widget_type=\"video.default\">\n\t\t\t\t<div class=\"elementor-widget-container\">\n\t\t\t\t\t\t\t<div class=\"elementor-wrapper elementor-open-inline\">\n\t\t\t<div class=\"elementor-video\"><\/div>\t\t<\/div>\n\t\t\t\t\t\t<\/div>\n\t\t\t\t<\/div>\n\t\t\t\t<div class=\"elementor-element elementor-element-8a08746 elementor-widget elementor-widget-shortcode\" data-id=\"8a08746\" data-element_type=\"widget\" data-widget_type=\"shortcode.default\">\n\t\t\t\t<div class=\"elementor-widget-container\">\n\t\t\t\t\t\t\t<div class=\"elementor-shortcode\">      \n\n\n\n    <div class=\"icons\">\n\n        <div class=\"single_icon\">\n            <a href=\"\/onde-comer?mun=645117b2e8f4278a1691279e\">\n                <img decoding=\"async\" src=\"\/wp-content\/uploads\/2024\/01\/comer-2.png\">\n                <p class=\"title_icon\">O\u00f9 manger<\/p>\n            <\/a>\n        <\/div>\n        <div class=\"single_icon\">\n            <a href=\"\/onde-dormir?mun=645117b2e8f4278a1691279e\">\n                <img decoding=\"async\" src=\"\/wp-content\/uploads\/2024\/01\/dormir-2.png\">\n                <p class=\"title_icon\">O\u00f9 dormir ?<\/p>\n            <\/a>\n        <\/div>\n        <div class=\"single_icon\">\n            <a href=\"\/o-que-visitar?mun=645117b2e8f4278a1691279e\">\n                <img decoding=\"async\" src=\"\/wp-content\/uploads\/2024\/01\/patrimonio-2.png\">\n                <p class=\"title_icon\">Ce qu'il faut voir<\/p>\n            <\/a>\n        <\/div>\n        <div class=\"single_icon\">\n            <a href=\"\/onde-se-divertir?mun=645117b2e8f4278a1691279e\">\n                <img decoding=\"async\" src=\"\/wp-content\/uploads\/2024\/01\/Onde-se-Divertir-3.png\">\n                <p class=\"title_icon\">O\u00f9 s'amuser<\/p>\n            <\/a>\n        <\/div>\n        <div class=\"single_icon\">\n            <a href=\"\/itinerarios-municipio?mun=sao-joao-pesqueira\">\n                <img decoding=\"async\" src=\"\/wp-content\/uploads\/2024\/02\/itinerarios.png\">\n                <p class=\"title_icon\">Itin\u00e9raires<\/p>\n            <\/a>\n        <\/div>\n    \n    <\/div>     \n\n    <style>\n\n        .icons {\n            display: flex;\n            gap: 30px;\n        }\n\n        .single_icon {\n            text-align: center;\n        }\n\n        .icons img {\n            width: 58px !important;\n        }\n\n        p.title_icon {\n            margin: 32px 0 0;\n            color: #384B98;\n            font-size: 16px;\n            font-weight: 500;\n            text-transform: capitalize;\n            line-height: 42px;\n            word-wrap: break-word;\n        }\n\n        @media only screen and (max-width: 768px) {\n\n            .icons {\n                display: flex;\n                gap: 10px;\n            }\n\n            p.title_icon {\n                margin: 25px 0 0;\n                font-size: 12px;\n            }\n\n            .single_icon img {\n                width: 48px !important;\n                height: 48px;\n            }\n\n        }\n\n\n\n\n    <\/style>\n\n    <\/div>\n\t\t\t\t\t\t<\/div>\n\t\t\t\t<\/div>\n\t\t\t\t<\/div>\n\t\t<div class=\"elementor-element elementor-element-83a454e e-con-full e-flex e-con e-child\" data-id=\"83a454e\" data-element_type=\"container\">\n\t\t<div class=\"elementor-element elementor-element-96c0fcd e-flex e-con-boxed e-con e-child\" data-id=\"96c0fcd\" data-element_type=\"container\">\n\t\t\t\t\t<div class=\"e-con-inner\">\n\t\t\t\t<div class=\"elementor-element elementor-element-69ef1af elementor-widget elementor-widget-image\" data-id=\"69ef1af\" data-element_type=\"widget\" data-widget_type=\"image.default\">\n\t\t\t\t<div class=\"elementor-widget-container\">\n\t\t\t\t\t\t\t\t\t\t\t\t\t\t\t<img decoding=\"async\" width=\"251\" height=\"150\" src=\"https:\/\/discoverdouro.pt\/wp-content\/uploads\/2023\/07\/SaoJoaodaPesqueira-White.png\" class=\"attachment-full size-full wp-image-23810\" alt=\"\" \/>\t\t\t\t\t\t\t\t\t\t\t\t\t\t\t<\/div>\n\t\t\t\t<\/div>\n\t\t\t\t\t<\/div>\n\t\t\t\t<\/div>\n\t\t<div class=\"elementor-element elementor-element-d73c745 e-flex e-con-boxed e-con e-child\" data-id=\"d73c745\" data-element_type=\"container\">\n\t\t\t\t\t<div class=\"e-con-inner\">\n\t\t\t\t<div class=\"elementor-element elementor-element-7814d78 elementor-widget elementor-widget-image\" data-id=\"7814d78\" data-element_type=\"widget\" data-widget_type=\"image.default\">\n\t\t\t\t<div class=\"elementor-widget-container\">\n\t\t\t\t\t\t\t\t\t\t\t\t\t\t\t<img fetchpriority=\"high\" decoding=\"async\" width=\"1000\" height=\"1000\" src=\"https:\/\/discoverdouro.pt\/wp-content\/uploads\/2023\/12\/Mapa_SaoJoaodaPesqueira.png\" class=\"attachment-full size-full wp-image-42576\" alt=\"\" srcset=\"https:\/\/discoverdouro.pt\/wp-content\/uploads\/2023\/12\/Mapa_SaoJoaodaPesqueira.png 1000w, https:\/\/discoverdouro.pt\/wp-content\/uploads\/2023\/12\/Mapa_SaoJoaodaPesqueira-300x300.png 300w, https:\/\/discoverdouro.pt\/wp-content\/uploads\/2023\/12\/Mapa_SaoJoaodaPesqueira-150x150.png 150w, https:\/\/discoverdouro.pt\/wp-content\/uploads\/2023\/12\/Mapa_SaoJoaodaPesqueira-768x768.png 768w\" sizes=\"(max-width: 1000px) 100vw, 1000px\" \/>\t\t\t\t\t\t\t\t\t\t\t\t\t\t\t<\/div>\n\t\t\t\t<\/div>\n\t\t\t\t\t<\/div>\n\t\t\t\t<\/div>\n\t\t<div class=\"elementor-element elementor-element-c4a2f0d e-flex e-con-boxed e-con e-child\" data-id=\"c4a2f0d\" data-element_type=\"container\">\n\t\t\t\t\t<div class=\"e-con-inner\">\n\t\t\t\t<div class=\"elementor-element elementor-element-446909f elementor-widget elementor-widget-text-editor\" data-id=\"446909f\" data-element_type=\"widget\" data-widget_type=\"text-editor.default\">\n\t\t\t\t<div class=\"elementor-widget-container\">\n\t\t\t\t\t\t\t\t\t<p><strong>Code postal\u00a0: <\/strong>5130<br \/><strong>Densit\u00e9 de population\u00a0: <\/strong>25,5 &#8211; nombre moyen d&#8217;individus par km<sup>2<\/sup><br \/><strong>District\u00a0: <\/strong>Viseu<br \/><strong>F\u00eate de la commune\u00a0: <\/strong>24 juin<br \/><strong>Fondation de la commune (ou charte)\u00a0: Charte <\/strong>&#8211; 1055-1065<br \/><strong>Nombre de cantons\u00a0: <\/strong>r\u00e9organisation administrative &#8211; 11 mairies de cantons<br \/><strong>Saint patron\u00a0: <\/strong>St Jean<\/p>\t\t\t\t\t\t\t\t<\/div>\n\t\t\t\t<\/div>\n\t\t\t\t\t<\/div>\n\t\t\t\t<\/div>\n\t\t\t\t<\/div>\n\t\t\t\t\t<\/div>\n\t\t\t\t<\/div>\n\t\t<div class=\"elementor-element elementor-element-874245f e-flex e-con-boxed e-con e-parent\" data-id=\"874245f\" data-element_type=\"container\">\n\t\t\t\t\t<div class=\"e-con-inner\">\n\t\t\t\t<div class=\"elementor-element elementor-element-d176815 elementor-widget elementor-widget-shortcode\" data-id=\"d176815\" data-element_type=\"widget\" data-widget_type=\"shortcode.default\">\n\t\t\t\t<div class=\"elementor-widget-container\">\n\t\t\t\t\t\t\t<div class=\"elementor-shortcode\">        \n\n        \n        \n    <!--Styles para teste-->\n\n    <style>\n\n        h2.not_found {\n            text-align: left;\n            font-size:20px;\n        }\n        \n        \n        .list:has(.not_found) {\n            grid-template-columns: repeat(1, 1fr) !important;\n        }\n\n        h2.title_events{\n            font-size: 30px;\n            font-weight: 700;\n            line-height: 1.3em;\n        }\n\n        .list, .pagination {\n            display: grid;\n            grid-template-columns: repeat(3, 4fr);\n            gap: 64px 20px;\n        }\n\n        .card_record{\n            border-radius: 30px;\n            box-shadow: 0px 0px 5px 0px rgba(0,0,0,0.5);\n\n        }\n\n        .image_record img {\n            border-radius: 30px 30px 0 0;\n            height: 300px;\n            width: 100%;\n            object-fit: cover;\n            background-color: white;\n        }\n\n        .infos_record{\n            background-color: white;\n            height: 179px;\n            border-radius: 0px 0px 30px 30px ;\n            padding: 19px 19px;\n            display: flex;\n        }\n\n        .infos_record .column1 {\n            width: 90%;\n        }\n\n        .infos_record .column2 {\n            width: 10%;\n            text-align: center;\n            margin-left: 5px;\n        }\n\n        .title_record {\n            min-height: 70px;\n        }\n\n        .infos_record h2{\n            font-weight: 400;\n            font-size: 19px;\n            line-height: 21px;\n            color:black;\n            margin: 0;\n        }\n\n        .list{\n            margin-top:50px;\n            margin-bottom:80px;\n        }\n\n\n        .local {\n            display: flex;\n            gap: 12px;\n            padding-top: 18px;\n            width: 100%;\n            align-items: flex-end;\n        }\n\n        .icon img{\n            height: 16px;\n        }\n\n        .icon_list {\n            gap: 8px;\n            display: flex;\n            flex-direction: row;\n        }\n\n        .city{\n            font-size: 13px;\n        }\n\n\n        a.favourite_icon:hover img {\n            content: url(\/wp-content\/plugins\/discover-douro\/imgs\/heart-blue.svg);\n        }\n\n\n\n\n        @media only screen and (max-width: 768px) {\n\n\n            .list, .pagination {\n                display: grid;\n                grid-template-columns: repeat(1, 4fr);\n                \/* grid-template-rows: repeat(3, 600px); *\/\n                gap: 24px 20px;\n                padding: 10px;\n            }\n\n            .total{\n                text-align: center;\n            }\n\n            .pagination {\n                margin-top: 15px;\n            }\n\n            h2.not_found {\n                text-align: center;\n                margin: 120px 40px 100px 40px !important;\n                font-size:27px;\n            }\n\n        }\n\n\n\n\n    <\/style>\n\n\n\n\n\n    <\/div>\n\t\t\t\t\t\t<\/div>\n\t\t\t\t<\/div>\n\t\t\t\t\t<\/div>\n\t\t\t\t<\/div>\n\t\t<div class=\"elementor-element elementor-element-f4774c6 e-flex e-con-boxed e-con e-parent\" data-id=\"f4774c6\" data-element_type=\"container\">\n\t\t\t\t\t<div class=\"e-con-inner\">\n\t\t\t\t<div class=\"elementor-element elementor-element-eb5a3be elementor-widget elementor-widget-toggle\" data-id=\"eb5a3be\" data-element_type=\"widget\" data-widget_type=\"toggle.default\">\n\t\t\t\t<div class=\"elementor-widget-container\">\n\t\t\t\t\t\t\t<div class=\"elementor-toggle\">\n\t\t\t\t\t\t\t<div class=\"elementor-toggle-item\">\n\t\t\t\t\t<div id=\"elementor-tab-title-2461\" class=\"elementor-tab-title\" data-tab=\"1\" role=\"button\" aria-controls=\"elementor-tab-content-2461\" aria-expanded=\"false\">\n\t\t\t\t\t\t\t\t\t\t\t\t<span class=\"elementor-toggle-icon elementor-toggle-icon-left\" aria-hidden=\"true\">\n\t\t\t\t\t\t\t\t\t\t\t\t\t\t\t<span class=\"elementor-toggle-icon-closed\"><svg class=\"e-font-icon-svg e-fas-chevron-down\" viewBox=\"0 0 448 512\" xmlns=\"http:\/\/www.w3.org\/2000\/svg\"><path d=\"M207.029 381.476L12.686 187.132c-9.373-9.373-9.373-24.569 0-33.941l22.667-22.667c9.357-9.357 24.522-9.375 33.901-.04L224 284.505l154.745-154.021c9.379-9.335 24.544-9.317 33.901.04l22.667 22.667c9.373 9.373 9.373 24.569 0 33.941L240.971 381.476c-9.373 9.372-24.569 9.372-33.942 0z\"><\/path><\/svg><\/span>\n\t\t\t\t\t\t\t\t<span class=\"elementor-toggle-icon-opened\"><svg class=\"elementor-toggle-icon-opened e-font-icon-svg e-fas-chevron-up\" viewBox=\"0 0 448 512\" xmlns=\"http:\/\/www.w3.org\/2000\/svg\"><path d=\"M240.971 130.524l194.343 194.343c9.373 9.373 9.373 24.569 0 33.941l-22.667 22.667c-9.357 9.357-24.522 9.375-33.901.04L224 227.495 69.255 381.516c-9.379 9.335-24.544 9.317-33.901-.04l-22.667-22.667c-9.373-9.373-9.373-24.569 0-33.941L207.03 130.525c9.372-9.373 24.568-9.373 33.941-.001z\"><\/path><\/svg><\/span>\n\t\t\t\t\t\t\t\t\t\t\t\t\t<\/span>\n\t\t\t\t\t\t\t\t\t\t\t\t<a class=\"elementor-toggle-title\" tabindex=\"0\">Contacts Utiles<\/a>\n\t\t\t\t\t<\/div>\n\n\t\t\t\t\t<div id=\"elementor-tab-content-2461\" class=\"elementor-tab-content elementor-clearfix\" data-tab=\"1\" role=\"region\" aria-labelledby=\"elementor-tab-title-2461\"><div id=\"contentsContainer\" class=\"style-scope qowt-page\">\n<div id=\"contents\" class=\"style-scope qowt-page\">\n<p id=\"E612\" class=\"x-scope qowt-word-para-2\"><span id=\"E613\"><strong>N\u00famero Nacional de Emerg\u00eancia:<\/strong> 112<\/span><\/p>\n<p id=\"E614\" class=\"x-scope qowt-word-para-2\"><span id=\"E615\"><strong>Bombeiros \u2013 Linha Verde:<\/strong> 800 202 425<\/span><\/p>\n<p id=\"E616\" class=\"x-scope qowt-word-para-2\"><strong><span id=\"E617\">C\u00e2mara Municipal de S. Jo\u00e3o da Pesqueira<br \/><\/span><\/strong><span id=\"E619\">Av. Marques de Soveral 67 | 5130-321 S. Jo\u00e3o da Pesqueira | GPS. 41.146937, -7.406214 | T. +351 254 489 999 | <\/span><a id=\"E620\" contenteditable=\"false\" href=\"mailto:cmsjp@sjpesqueira.pt\" target=\"_blank\" rel=\"noopener\"><span id=\"E621\" class=\"qowt-stl-Hiperligao\">cmsjp@sjpesqueira.pt<\/span><\/a><span id=\"E622\"> | <\/span><span id=\"E623\"><a href=\"http:\/\/www.sjpesqueira.pt\">www.sjpesqueira.pt<\/a><\/span><\/p>\n<p id=\"E624\" class=\"x-scope qowt-word-para-2\"><strong><span id=\"E625\">Loja Interativa de Turismo<br \/><\/span><\/strong><span id=\"E627\">Av. Marques de Soveral 79 | 5130-321 S. Jo\u00e3o da Pesqueira | GPS. 41.147574, -7.408509 | T. +351 300 400 996 | turismo@sjpesqueira.pt<\/span><\/p>\n<p id=\"E628\" class=\"x-scope qowt-word-para-2\"><strong><span id=\"E629\">UCSP &#8211; Unidade de Cuidados de Sa\u00fade Prim\u00e1rios de S. Jo\u00e3o da Pesqueira<br \/><\/span><\/strong><span id=\"E631\">Av. Marques de Soveral 2 | 5130-321 S. Jo\u00e3o da Pesqueira | GPS. 41.145484,  <\/span><span id=\"E632\">-7.400911 | T. +351 254 489 400 | <\/span><span id=\"E633\">ucsp.sjoaopesqueira@arsnorte.min-saude.pt<\/span><\/p>\n<p id=\"E634\" class=\"x-scope qowt-word-para-2\"><strong><span id=\"E635\">Guarda Nacional Republicana &#8211; Posto Territorial de S. Jo\u00e3o da Pesqueira<br \/><\/span><\/strong><span id=\"E637\">Rua Oliveira dos Amores 17 | 5130-338 S. Jo\u00e3o da Pesqueira | GPS. 41.145213, -7.403548 | T. +351 254 48<\/span><span id=\"E638\">4 244 | <\/span><a id=\"E639\" contenteditable=\"false\" href=\"mailto:ct.vis.dmbr.psjp@gnr.pt\" target=\"_blank\" rel=\"noopener\"><span id=\"E640\" class=\"qowt-stl-Hiperligao\">ct.vis.dmbr.psjp@gnr.pt<\/span><\/a><span id=\"E641\"> | <\/span><a href=\"http:\/\/www.gnr.pt\"><span id=\"E642\">www.gnr.pt<\/span><\/a><\/p>\n<\/div>\n<\/div>\n<\/div>\n\t\t\t\t<\/div>\n\t\t\t\t\t\t\t\t<\/div>\n\t\t\t\t\t\t<\/div>\n\t\t\t\t<\/div>\n\t\t\t\t\t<\/div>\n\t\t\t\t<\/div>\n\t\t<div class=\"elementor-element elementor-element-33e5a6e e-con-full e-flex e-con e-parent\" data-id=\"33e5a6e\" data-element_type=\"container\">\n\t\t\t\t<div class=\"elementor-element elementor-element-3072953 elementor-widget elementor-widget-shortcode\" data-id=\"3072953\" data-element_type=\"widget\" data-widget_type=\"shortcode.default\">\n\t\t\t\t<div class=\"elementor-widget-container\">\n\t\t\t\t\t\t\t<div class=\"elementor-shortcode\">        \n    <div id=\"map\"><\/div>\n    <script async defer src=\"https:\/\/maps.googleapis.com\/maps\/api\/js?key=AIzaSyBlxeEJOXg6CEUTXDHxu-BmmzL02cXTKp0&callback=initMap\"><\/script>\n\n    <style>\n        #map {\n            height: 450px;\n            width: 100%;\n        }\n    <\/style>\n\n    <script>\n                                         \n\n        function initMap() {\n        var center = {lat: 41.146709, lng: -7.406555 };\n        var locations = [\n     ['<b><a href=\"\/poiss?slug=praca-da-republica\">Pra\u00e7a da Rep\u00fablica<\/a><\/b>', 41.147764, -7.404288, \"\/wp-content\/plugins\/discover-douro\/imgs\/o_que_visitar.png\"],\n     ['<b><a href=\"\/poiss?slug=casa-do-cabo\">Casa do Cabo <\/a><\/b>', 41.145916, -7.402393, \"\/wp-content\/plugins\/discover-douro\/imgs\/o_que_visitar.png\"],\n     ['<b><a href=\"\/poiss?slug=dolmen-de-areita\">Dolmen d Areita<\/a><\/b>', 41.04646, -7.471334, \"\/wp-content\/plugins\/discover-douro\/imgs\/o_que_visitar.png\"],\n     ['<b><a href=\"\/poiss?slug=igreja-matriz-de-santa-marinha-de-trevoes\">Igreja Matriz de Santa Marinha de Trev\u00f5es <\/a><\/b>', 41.081949, -7.43569, \"\/wp-content\/plugins\/discover-douro\/imgs\/o_que_visitar.png\"],\n     ['<b><a href=\"\/poiss?slug=palacio-de-cidro\">Palais du Cidr\u00f4<\/a><\/b>', 41.144714, -7.385977, \"\/wp-content\/plugins\/discover-douro\/imgs\/o_que_visitar.png\"],\n     ['<b><a href=\"\/poiss?slug=rua-dos-gatos\">Rua dos Gatos<\/a><\/b>', 41.148216, -7.403438, \"\/wp-content\/plugins\/discover-douro\/imgs\/o_que_visitar.png\"],\n     ['<b><a href=\"\/poiss?slug=museu-da-arte-sacra-de-trevoes\">Mus\u00e9e d art sacr\u00e9<\/a><\/b>', 41.081772, -7.435869, \"\/wp-content\/plugins\/discover-douro\/imgs\/o_que_visitar.png\"],\n     ['<b><a href=\"\/poiss?slug=museu-de-trevoes\">Mus\u00e9e de Trev\u00f5es<\/a><\/b>', 41.081805, -7.43561, \"\/wp-content\/plugins\/discover-douro\/imgs\/o_que_visitar.png\"],\n     ['<b><a href=\"\/poiss?slug=museu-do-azeite\">Museu do Azeite<\/a><\/b>', 41.087685, -7.481143, \"\/wp-content\/plugins\/discover-douro\/imgs\/o_que_visitar.png\"],\n     ['<b><a href=\"\/poiss?slug=museu-do-vinho\">Mus\u00e9e du vin<\/a><\/b>', 41.147653, -7.408433, \"\/wp-content\/plugins\/discover-douro\/imgs\/o_que_visitar.png\"],\n     ['<b><a href=\"\/poiss?slug=museu-eduardo-tavares\">Mus\u00e9e Eduardo Tavares<\/a><\/b>', 41.147667, -7.404265, \"\/wp-content\/plugins\/discover-douro\/imgs\/o_que_visitar.png\"],\n     ['<b><a href=\"\/poiss?slug=miradouro-da-quinta-de-vargelas\">Belv\u00e9d\u00e8re de Vargelas<\/a><\/b>', 41.135865, -7.322928, \"\/wp-content\/plugins\/discover-douro\/imgs\/o_que_visitar.png\"],\n     ['<b><a href=\"\/poiss?slug=miradouro-de-frei-estevao\">Belv\u00e9d\u00e8re de Frei Estev\u00e3o<\/a><\/b>', 41.172502, -7.490376, \"\/wp-content\/plugins\/discover-douro\/imgs\/o_que_visitar.png\"],\n     ['<b><a href=\"\/poiss?slug=miradouro-de-nossa-senhora-das-neves\">Belv\u00e9d\u00e8re de Nossa Senhora Das Neves<\/a><\/b>', 41.182784, -7.428492, \"\/wp-content\/plugins\/discover-douro\/imgs\/o_que_visitar.png\"],\n     ['<b><a href=\"\/poiss?slug=miradouro-de-nossa-senhora-de-lurdes\">Belv\u00e9d\u00e8re sur Nossa Senhora De Lurdes<\/a><\/b>', 41.193631, -7.399564, \"\/wp-content\/plugins\/discover-douro\/imgs\/o_que_visitar.png\"],\n     ['<b><a href=\"\/poiss?slug=miradouro-de-sao-salvador-do-mundo\">Belv\u00e9d\u00e8re de S\u00e3o Salvador do Mundo<\/a><\/b>', 41.151287, -7.365671, \"\/wp-content\/plugins\/discover-douro\/imgs\/o_que_visitar.png\"],\n     ['<b><a href=\"\/poiss?slug=miradouro-de-santa-barbara\">Belv\u00e9d\u00e8re de Santa B\u00e1rbara<\/a><\/b>', 41.138142, -7.342947, \"\/wp-content\/plugins\/discover-douro\/imgs\/o_que_visitar.png\"],\n     ['<b><a href=\"\/poiss?slug=miradouro-de-sao-paio\">Belv\u00e9d\u00e8re de S\u00e3o Paio<\/a><\/b>', 41.062068, -7.436982, \"\/wp-content\/plugins\/discover-douro\/imgs\/o_que_visitar.png\"],\n     ['<b><a href=\"\/poiss?slug=miradouro-senhora-d-alegria\">Belv\u00e9d\u00e8re Senhora da Alegria<\/a><\/b>', 41.019321, -7.502009, \"\/wp-content\/plugins\/discover-douro\/imgs\/o_que_visitar.png\"],\n     ['<b><a href=\"\/poiss?slug=piscina-municipal-de-sao-joao-da-pesqueira\">Parque da Mata do Cabo <\/a><\/b>', 41.146081, -7.401603, \"\/wp-content\/plugins\/discover-douro\/imgs\/onde_se_divertir.png\"],\n     ['<b><a href=\"\/poiss?slug=babhouse-casa-da-colmeia\">BABhouse Casa da Colmeia<\/a><\/b>', 41.185706, -7.414473, \"\/wp-content\/plugins\/discover-douro\/imgs\/onde_dormir.png\"],\n     ['<b><a href=\"\/poiss?slug=miradouro-da-quinta-das-carvalhas\">Belv\u00e9d\u00e8re de la Quinta Das Carvalhas<\/a><\/b>', 41.177471, -7.540272, \"\/wp-content\/plugins\/discover-douro\/imgs\/o_que_visitar.png\"],\n     ['<b><a href=\"\/poiss?slug=babhouse-casa-da-mata\">BABhouse Casa da Mata<\/a><\/b>', 41.184497, -7.414308, \"\/wp-content\/plugins\/discover-douro\/imgs\/onde_dormir.png\"],\n     ['<b><a href=\"\/poiss?slug=cineteatro\">Cin\u00e9-th\u00e9\u00e2tre<\/a><\/b>', 41.147651, -7.406329, \"\/wp-content\/plugins\/discover-douro\/imgs\/o_que_visitar.png\"],\n     ['<b><a href=\"\/poiss?slug=babhouse-casa-das-abelhas\">BABhouse Casa das Abelhas<\/a><\/b>', 41.184497, -7.414308, \"\/wp-content\/plugins\/discover-douro\/imgs\/onde_dormir.png\"],\n     ['<b><a href=\"\/poiss?slug=babhouse-casa-do-avo-pedoucas\">BABhouse casa do Av\u00f4 Pedoucas <\/a><\/b>', 41.185738, -7.414456, \"\/wp-content\/plugins\/discover-douro\/imgs\/onde_dormir.png\"],\n     ['<b><a href=\"\/poiss?slug=babhouse-garagem-do-adro\">BABhouse Garagem do Adro<\/a><\/b>', 41.185538, -7.414628, \"\/wp-content\/plugins\/discover-douro\/imgs\/onde_dormir.png\"],\n     ['<b><a href=\"\/poiss?slug=babhouse-loja-do-cavalo\">BABhouse Loja do Cavalo<\/a><\/b>', 41.184446, -7.414106, \"\/wp-content\/plugins\/discover-douro\/imgs\/onde_dormir.png\"],\n     ['<b><a href=\"\/poiss?slug=casa-do-olival\">Casa do Olival<\/a><\/b>', 41.12667, -7.321384, \"\/wp-content\/plugins\/discover-douro\/imgs\/onde_dormir.png\"],\n     ['<b><a href=\"\/poiss?slug=casa-do-olival1\">Casa do Olival1<\/a><\/b>', 41.126554, -7.321368, \"\/wp-content\/plugins\/discover-douro\/imgs\/onde_dormir.png\"],\n     ['<b><a href=\"\/poiss?slug=ferradosa-guesthouse\">Ferradosa GuestHouse<\/a><\/b>', 41.137443, -7.349425, \"\/wp-content\/plugins\/discover-douro\/imgs\/onde_dormir.png\"],\n     ['<b><a href=\"\/poiss?slug=house-da-didy\">House da Didy<\/a><\/b>', 41.148553, -7.40995, \"\/wp-content\/plugins\/discover-douro\/imgs\/onde_dormir.png\"],\n     ['<b><a href=\"\/poiss?slug=quinta-do-pessegueiro\">Quinta do Pessegueiro<\/a><\/b>', 41.192523, -7.508488, \"\/wp-content\/plugins\/discover-douro\/imgs\/onde_dormir.png\"],\n     ['<b><a href=\"\/poiss?slug=solar-corte-real\">Solar Corte Real<\/a><\/b>', 41.099342, -7.366786, \"\/wp-content\/plugins\/discover-douro\/imgs\/onde_dormir.png\"],\n     ['<b><a href=\"\/poiss?slug=nucleo-historico-de-paredes-da-beira\">Centre historique de Paredes Da Beira<\/a><\/b>', 41.064983, -7.476355, \"\/wp-content\/plugins\/discover-douro\/imgs\/o_que_visitar.png\"],\n     ['<b><a href=\"\/poiss?slug=nucleo-historico-de-trevoes\">Centre historique de Trev\u00f5es<\/a><\/b>', 41.081899, -7.435716, \"\/wp-content\/plugins\/discover-douro\/imgs\/o_que_visitar.png\"],\n     ['<b><a href=\"\/poiss?slug=ferradosa\">Ferradosa<\/a><\/b>', 41.144486, -7.331398, \"\/wp-content\/plugins\/discover-douro\/imgs\/o_que_visitar.png\"],\n     ['<b><a href=\"\/poiss?slug=loja-interactiva-de-turismo-de-sao-joao-da-pesqueira\">Office du tourisme de S\u00e3o Jo\u00e3o da Pesqueira <\/a><\/b>', 41.147574, -7.408509, \"\/wp-content\/plugins\/discover-douro\/imgs\/o_que_visitar.png\"],\n     ['<b><a href=\"\/poiss?slug=quinta-do-pessegueiro-atividades-turisticas\">Quinta do Pessegueiro<\/a><\/b>', 41.185856, -7.485409, \"\/wp-content\/plugins\/discover-douro\/imgs\/onde_se_divertir.png\"],\n     ['<b><a href=\"\/poiss?slug=a-toca-da-raposa\">A Toca da Raposa<\/a><\/b>', 41.16477, -7.474285, \"\/wp-content\/plugins\/discover-douro\/imgs\/onde_comer.png\"],\n     ['<b><a href=\"\/poiss?slug=adega-da-ana\">Adega da Ana<\/a><\/b>', 41.148751, -7.405409, \"\/wp-content\/plugins\/discover-douro\/imgs\/onde_comer.png\"],\n     ['<b><a href=\"\/poiss?slug=cais-da-ferradosa-restaurante\">Cais da Ferradosa Restaurante<\/a><\/b>', 41.14288, -7.34272, \"\/wp-content\/plugins\/discover-douro\/imgs\/onde_comer.png\"],\n     ['<b><a href=\"\/poiss?slug=restaurante-cantiflas\">Restaurante Cantiflas <\/a><\/b>', 41.13979, -7.42065, \"\/wp-content\/plugins\/discover-douro\/imgs\/onde_comer.png\"],\n     ['<b><a href=\"\/poiss?slug=casa-regional-o-forno-da-devesa\">Casa Regional - O Forno da Devesa<\/a><\/b>', 41.14853, -7.40688, \"\/wp-content\/plugins\/discover-douro\/imgs\/onde_comer.png\"],\n     ['<b><a href=\"\/poiss?slug=restaurante-o-sobreiro\">Restaurante O Sobreiro<\/a><\/b>', 41.095858, -7.373458, \"\/wp-content\/plugins\/discover-douro\/imgs\/onde_comer.png\"],\n     ['<b><a href=\"\/poiss?slug=pizzaria-restaurante-pesqueirense\">Pizzaria Restaurante Pesqueirense<\/a><\/b>', 41.150335, -7.411737, \"\/wp-content\/plugins\/discover-douro\/imgs\/onde_comer.png\"],\n     ['<b><a href=\"\/poiss?slug=tasquinha-da-praca\">Tasquinha da Pra\u00e7a <\/a><\/b>', 41.147987, -7.40467, \"\/wp-content\/plugins\/discover-douro\/imgs\/onde_comer.png\"],\n     ['<b><a href=\"\/poiss?slug=parque-das-bateiras\">Parque das Bateiras<\/a><\/b>', 41.174681, -7.551688, \"\/wp-content\/plugins\/discover-douro\/imgs\/o_que_visitar.png\"],\n     ['<b><a href=\"\/poiss?slug=ventozelo-hotel-e-quinta\">Ventozelo Hotel & Quinta<\/a><\/b>', 41.171217, -7.511855, \"\/wp-content\/plugins\/discover-douro\/imgs\/onde_dormir.png\"],\n     ['<b><a href=\"\/poiss?slug=cantina-de-ventozelo-restaurante-wine-bar\">Cantina de Ventozelo - Restaurant & Bar \u00e0 vins<\/a><\/b>', 41.3159, -7.4735, \"\/wp-content\/plugins\/discover-douro\/imgs\/onde_comer.png\"],\n     ['<b><a href=\"\/poiss?slug=restaurante-costa-verde\">Restaurant Costa Verde<\/a><\/b>', 41.1578, -7.4342, \"\/wp-content\/plugins\/discover-douro\/imgs\/onde_comer.png\"],\n     ['<b><a href=\"\/poiss?slug=restaurante-o-cruzeiro\">Restaurant O Cruzeiro<\/a><\/b>', 41.149471, -7.40949, \"\/wp-content\/plugins\/discover-douro\/imgs\/onde_comer.png\"],\n     ['<b><a href=\"\/poiss?slug=restaurante-e-churrasqueira-dom-pedro\">Restaurant et Grill Dom Pedro<\/a><\/b>', 41.1477, -7.4051, \"\/wp-content\/plugins\/discover-douro\/imgs\/onde_comer.png\"],\n     ['<b><a href=\"\/poiss?slug=cafe-e-restaurante-ruby-douro\">Ruby Douro<\/a><\/b>', 41.16644, -7.476547, \"\/wp-content\/plugins\/discover-douro\/imgs\/onde_comer.png\"],\n     ['<b><a href=\"\/poiss?slug=quinta-de-s-jose-casa-verde\">Quinta de S. Jos\u00e9 - Casa Verde<\/a><\/b>', 41.197295, -7.486041, \"\/wp-content\/plugins\/discover-douro\/imgs\/onde_dormir.png\"],\n     ['<b><a href=\"\/poiss?slug=quinta-de-s-jose-casa-rosa\">Quinta de S. Jos\u00e9 - Casa Rosa<\/a><\/b>', 41.197338, -7.486098, \"\/wp-content\/plugins\/discover-douro\/imgs\/onde_dormir.png\"],\n     ['<b><a href=\"\/poiss?slug=casas-do-prior\">Casas do Prior<\/a><\/b>', 41.1108, -7.4338, \"\/wp-content\/plugins\/discover-douro\/imgs\/onde_dormir.png\"],\n     ['<b><a href=\"\/poiss?slug=parque-de-campismo-e-caravanismo-da-mata-do-cabo\">Parque de Campismo e Caravanismo da Mata do Cabo<\/a><\/b>', 41.147787, -7.400126, \"\/wp-content\/plugins\/discover-douro\/imgs\/onde_dormir.png\"],\n     ['<b><a href=\"\/poiss?slug=douro-s-heart-stay\">Douro\u00b4s Heart Stay<\/a><\/b>', 41.147778, -7.408164, \"\/wp-content\/plugins\/discover-douro\/imgs\/onde_dormir.png\"],\n     ['<b><a href=\"\/poiss?slug=uva-douro-houses-casa-santana\">Uva Douro Houses - Casa Santana<\/a><\/b>', 41.170514, -7.53943, \"\/wp-content\/plugins\/discover-douro\/imgs\/onde_dormir.png\"],\n     ['<b><a href=\"\/poiss?slug=houses-sao-pedro\">Houses S\u00e3o Pedro<\/a><\/b>', 41.148006, -7.406338, \"\/wp-content\/plugins\/discover-douro\/imgs\/onde_dormir.png\"],\n     ['<b><a href=\"\/poiss?slug=babhouse-villa-jardim-das-oliveiras\">BABhouse Villa Jardim das Oliveiras<\/a><\/b>', 41.181102, -7.419442, \"\/wp-content\/plugins\/discover-douro\/imgs\/onde_dormir.png\"],\n     ['<b><a href=\"\/poiss?slug=house-of-lords\">House of Lords<\/a><\/b>', 41.147053, -7.404383, \"\/wp-content\/plugins\/discover-douro\/imgs\/onde_dormir.png\"],\n     ['<b><a href=\"\/poiss?slug=domus-vila-maria-douro\">Domus Vila Maria Douro<\/a><\/b>', 41.119808, -7.509233, \"\/wp-content\/plugins\/discover-douro\/imgs\/onde_dormir.png\"],\n     ['<b><a href=\"\/poiss?slug=quinta-da-coitada-alojamento-local\">Quinta da Coitada - Alojamento Local<\/a><\/b>', 41.187655, -7.438473, \"\/wp-content\/plugins\/discover-douro\/imgs\/onde_dormir.png\"],\n     ['<b><a href=\"\/poiss?slug=casa-milita\">Casa Milita<\/a><\/b>', 41.146831, -7.404188, \"\/wp-content\/plugins\/discover-douro\/imgs\/onde_dormir.png\"],\n     ['<b><a href=\"\/poiss?slug=house-dinavast\">House Dinavast<\/a><\/b>', 41.150444, -7.420355, \"\/wp-content\/plugins\/discover-douro\/imgs\/onde_dormir.png\"],\n     ['<b><a href=\"\/poiss?slug=luyt-quinta-de-alaude\">Luyt - Quinta de Ala\u00fade<\/a><\/b>', 41.185818, -7.483681, \"\/wp-content\/plugins\/discover-douro\/imgs\/onde_dormir.png\"],\n     ['<b><a href=\"\/poiss?slug=a-casa-das-avos\">A Casa das Av\u00f3s<\/a><\/b>', 41.14171, -7.33349, \"\/wp-content\/plugins\/discover-douro\/imgs\/onde_dormir.png\"],\n     ['<b><a href=\"\/poiss?slug=douro-valley-casa-da-praca\">Douro Valley - Casa da Pra\u00e7a<\/a><\/b>', 41.165347, -7.474969, \"\/wp-content\/plugins\/discover-douro\/imgs\/onde_dormir.png\"],\n     ['<b><a href=\"\/poiss?slug=casa-marisa\">Casa Marisa<\/a><\/b>', 41.14982, -7.411635, \"\/wp-content\/plugins\/discover-douro\/imgs\/onde_dormir.png\"],\n     ['<b><a href=\"\/poiss?slug=quinta-das-cabanas-lda\">Quinta das Cabanas, LD\u00aa<\/a><\/b>', 41.119468, -7.504541, \"\/wp-content\/plugins\/discover-douro\/imgs\/onde_dormir.png\"],\n     ['<b><a href=\"\/poiss?slug=casa-rustica-da-lavandeira\">Casa R\u00fastica da Lavandeira<\/a><\/b>', 41.070334, -7.395985, \"\/wp-content\/plugins\/discover-douro\/imgs\/onde_dormir.png\"],\n     ['<b><a href=\"\/poiss?slug=quinta-do-cachao\">Quinta do Cach\u00e3o<\/a><\/b>', 41.135021, -7.349845, \"\/wp-content\/plugins\/discover-douro\/imgs\/onde_dormir.png\"],\n     ['<b><a href=\"\/poiss?slug=quinta-do-monte-bravo\">Quinta do Monte Bravo<\/a><\/b>', 41.16441, -7.529229, \"\/wp-content\/plugins\/discover-douro\/imgs\/onde_dormir.png\"],\n     ['<b><a href=\"\/poiss?slug=quinta-da-gricha\">Quinta da Gricha<\/a><\/b>', 41.189855, -7.471353, \"\/wp-content\/plugins\/discover-douro\/imgs\/onde_dormir.png\"],\n     ['<b><a href=\"\/poiss?slug=lagar-antigo\">BABhouse Lagar Antigo - Cora\u00e7\u00e3o do Douro<\/a><\/b>', 41.120181, -7.433846, \"\/wp-content\/plugins\/discover-douro\/imgs\/onde_dormir.png\"],\n     ['<b><a href=\"\/poiss?slug=sala-museu-escola-de-riodades\">Sala Museu - Escola de Riodades<\/a><\/b>', 41.021678, -7.498753, \"\/wp-content\/plugins\/discover-douro\/imgs\/o_que_visitar.png\"],\n     ['<b><a href=\"\/poiss?slug=douro_walks\">Douro Walks<\/a><\/b>', 41.164927, -7.472425, \"\/wp-content\/plugins\/discover-douro\/imgs\/onde_se_divertir.png\"],\n            ];\n        var map = new google.maps.Map(document.getElementById('map'), {\n        zoom: 12,\n                center: center\n        });\n        var infowindow = new google.maps.InfoWindow({});\n        var marker, count;\n        for (count = 0; count < locations.length; count++) {\n        marker = new google.maps.Marker({\n        position: new google.maps.LatLng(locations[count][1], locations[count][2]),\n                map: map,\n                icon: locations[count][3],\n                title: locations[count][0]\n        });\n        google.maps.event.addListener(marker, 'click', (function (marker, count) {\n        return function () {\n        infowindow.setContent(locations[count][0]);\n        infowindow.open(map, marker);\n        }\n        })(marker, count));\n        }\n        }\n\n    <\/script>\n\n\n    <\/div>\n\t\t\t\t\t\t<\/div>\n\t\t\t\t<\/div>\n\t\t\t\t<\/div>\n\t\t\t\t<\/div>\n\t\t","protected":false},"featured_media":32210,"template":"","class_list":["post-42397","municipio","type-municipio","status-publish","has-post-thumbnail","hentry"],"acf":[],"yoast_head":"<!-- This site is optimized with the Yoast SEO plugin v26.2 - https:\/\/yoast.com\/wordpress\/plugins\/seo\/ -->\n<title>S. Jo\u00e3o da Pesqueira - Discover Douro<\/title>\n<meta name=\"robots\" content=\"index, follow, max-snippet:-1, max-image-preview:large, max-video-preview:-1\" \/>\n<link rel=\"canonical\" href=\"https:\/\/discoverdouro.pt\/fr\/municipio\/s-joao-da-pesqueira\" \/>\n<meta property=\"og:locale\" content=\"fr_FR\" \/>\n<meta property=\"og:type\" content=\"article\" \/>\n<meta property=\"og:title\" content=\"S. Jo\u00e3o da Pesqueira - Discover Douro\" \/>\n<meta property=\"og:description\" content=\"S\u00e3o Jo\u00e3o da Pesqueira Jo\u00e3o da Pesqueira se trouve au c\u0153ur de la premi\u00e8re r\u00e9gion viticole d\u00e9limit\u00e9e au monde\u00a0: le Douro. Le paysage est une succession sans fin de collines en terrasses qui surprennent par leur grandeur. L&#8217;huile d&#8217;olive et les amandes constituent \u00e9galement une part importante de sa production agricole. Son peuplement remonte \u00e0 [&hellip;]\" \/>\n<meta property=\"og:url\" content=\"https:\/\/discoverdouro.pt\/fr\/municipio\/s-joao-da-pesqueira\" \/>\n<meta property=\"og:site_name\" content=\"Discover Douro\" \/>\n<meta property=\"article:publisher\" content=\"https:\/\/www.facebook.com\/profile.php?id=61555234744391\" \/>\n<meta property=\"article:modified_time\" content=\"2024-04-16T13:12:41+00:00\" \/>\n<meta property=\"og:image\" content=\"https:\/\/discoverdouro.pt\/wp-content\/uploads\/2023\/09\/SaoJoaodaPesqueira-Black.png\" \/>\n\t<meta property=\"og:image:width\" content=\"251\" \/>\n\t<meta property=\"og:image:height\" content=\"150\" \/>\n\t<meta property=\"og:image:type\" content=\"image\/png\" \/>\n<meta name=\"twitter:card\" content=\"summary_large_image\" \/>\n<meta name=\"twitter:site\" content=\"@DiscoverDouro\" \/>\n<meta name=\"twitter:label1\" content=\"Est. reading time\" \/>\n\t<meta name=\"twitter:data1\" content=\"3 minutes\" \/>\n<script type=\"application\/ld+json\" class=\"yoast-schema-graph\">{\"@context\":\"https:\/\/schema.org\",\"@graph\":[{\"@type\":\"WebPage\",\"@id\":\"https:\/\/discoverdouro.pt\/fr\/municipio\/s-joao-da-pesqueira\",\"url\":\"https:\/\/discoverdouro.pt\/fr\/municipio\/s-joao-da-pesqueira\",\"name\":\"S. Jo\u00e3o da Pesqueira - Discover Douro\",\"isPartOf\":{\"@id\":\"https:\/\/discoverdouro.pt\/fr#website\"},\"primaryImageOfPage\":{\"@id\":\"https:\/\/discoverdouro.pt\/fr\/municipio\/s-joao-da-pesqueira#primaryimage\"},\"image\":{\"@id\":\"https:\/\/discoverdouro.pt\/fr\/municipio\/s-joao-da-pesqueira#primaryimage\"},\"thumbnailUrl\":\"https:\/\/discoverdouro.pt\/wp-content\/uploads\/2023\/09\/SaoJoaodaPesqueira-Black.png\",\"datePublished\":\"2023-12-13T15:13:26+00:00\",\"dateModified\":\"2024-04-16T13:12:41+00:00\",\"breadcrumb\":{\"@id\":\"https:\/\/discoverdouro.pt\/fr\/municipio\/s-joao-da-pesqueira#breadcrumb\"},\"inLanguage\":\"fr\",\"potentialAction\":[{\"@type\":\"ReadAction\",\"target\":[\"https:\/\/discoverdouro.pt\/fr\/municipio\/s-joao-da-pesqueira\"]}]},{\"@type\":\"ImageObject\",\"inLanguage\":\"fr\",\"@id\":\"https:\/\/discoverdouro.pt\/fr\/municipio\/s-joao-da-pesqueira#primaryimage\",\"url\":\"https:\/\/discoverdouro.pt\/wp-content\/uploads\/2023\/09\/SaoJoaodaPesqueira-Black.png\",\"contentUrl\":\"https:\/\/discoverdouro.pt\/wp-content\/uploads\/2023\/09\/SaoJoaodaPesqueira-Black.png\",\"width\":251,\"height\":150},{\"@type\":\"BreadcrumbList\",\"@id\":\"https:\/\/discoverdouro.pt\/fr\/municipio\/s-joao-da-pesqueira#breadcrumb\",\"itemListElement\":[{\"@type\":\"ListItem\",\"position\":1,\"name\":\"Home\",\"item\":\"https:\/\/discoverdouro.pt\/fr\"},{\"@type\":\"ListItem\",\"position\":2,\"name\":\"Munic\u00edpios\",\"item\":\"https:\/\/discoverdouro.pt\/fr\/municipio\"},{\"@type\":\"ListItem\",\"position\":3,\"name\":\"S. Jo\u00e3o da Pesqueira\"}]},{\"@type\":\"WebSite\",\"@id\":\"https:\/\/discoverdouro.pt\/fr#website\",\"url\":\"https:\/\/discoverdouro.pt\/fr\",\"name\":\"Discover Douro\",\"description\":\"O Para\u00edso de Portugal\",\"publisher\":{\"@id\":\"https:\/\/discoverdouro.pt\/fr#organization\"},\"potentialAction\":[{\"@type\":\"SearchAction\",\"target\":{\"@type\":\"EntryPoint\",\"urlTemplate\":\"https:\/\/discoverdouro.pt\/fr?s={search_term_string}\"},\"query-input\":{\"@type\":\"PropertyValueSpecification\",\"valueRequired\":true,\"valueName\":\"search_term_string\"}}],\"inLanguage\":\"fr\"},{\"@type\":\"Organization\",\"@id\":\"https:\/\/discoverdouro.pt\/fr#organization\",\"name\":\"Discover Douro\",\"url\":\"https:\/\/discoverdouro.pt\/fr\",\"logo\":{\"@type\":\"ImageObject\",\"inLanguage\":\"fr\",\"@id\":\"https:\/\/discoverdouro.pt\/fr#\/schema\/logo\/image\/\",\"url\":\"https:\/\/www.discoverdouro.pt\/wp-content\/uploads\/2024\/01\/cropped-Icon_Discover.png\",\"contentUrl\":\"https:\/\/www.discoverdouro.pt\/wp-content\/uploads\/2024\/01\/cropped-Icon_Discover.png\",\"width\":512,\"height\":512,\"caption\":\"Discover Douro\"},\"image\":{\"@id\":\"https:\/\/discoverdouro.pt\/fr#\/schema\/logo\/image\/\"},\"sameAs\":[\"https:\/\/www.facebook.com\/profile.php?id=61555234744391\",\"https:\/\/x.com\/DiscoverDouro\",\"https:\/\/www.instagram.com\/discover.douro\",\"https:\/\/www.tiktok.com\/@discoverdouro\",\"https:\/\/www.linkedin.com\/company\/discover-douro\/\"]}]}<\/script>\n<!-- \/ Yoast SEO plugin. -->","yoast_head_json":{"title":"S. Jo\u00e3o da Pesqueira - Discover Douro","robots":{"index":"index","follow":"follow","max-snippet":"max-snippet:-1","max-image-preview":"max-image-preview:large","max-video-preview":"max-video-preview:-1"},"canonical":"https:\/\/discoverdouro.pt\/fr\/municipio\/s-joao-da-pesqueira","og_locale":"fr_FR","og_type":"article","og_title":"S. Jo\u00e3o da Pesqueira - Discover Douro","og_description":"S\u00e3o Jo\u00e3o da Pesqueira Jo\u00e3o da Pesqueira se trouve au c\u0153ur de la premi\u00e8re r\u00e9gion viticole d\u00e9limit\u00e9e au monde\u00a0: le Douro. Le paysage est une succession sans fin de collines en terrasses qui surprennent par leur grandeur. L&#8217;huile d&#8217;olive et les amandes constituent \u00e9galement une part importante de sa production agricole. Son peuplement remonte \u00e0 [&hellip;]","og_url":"https:\/\/discoverdouro.pt\/fr\/municipio\/s-joao-da-pesqueira","og_site_name":"Discover Douro","article_publisher":"https:\/\/www.facebook.com\/profile.php?id=61555234744391","article_modified_time":"2024-04-16T13:12:41+00:00","og_image":[{"width":251,"height":150,"url":"https:\/\/discoverdouro.pt\/wp-content\/uploads\/2023\/09\/SaoJoaodaPesqueira-Black.png","type":"image\/png"}],"twitter_card":"summary_large_image","twitter_site":"@DiscoverDouro","twitter_misc":{"Est. reading time":"3 minutes"},"schema":{"@context":"https:\/\/schema.org","@graph":[{"@type":"WebPage","@id":"https:\/\/discoverdouro.pt\/fr\/municipio\/s-joao-da-pesqueira","url":"https:\/\/discoverdouro.pt\/fr\/municipio\/s-joao-da-pesqueira","name":"S. Jo\u00e3o da Pesqueira - Discover Douro","isPartOf":{"@id":"https:\/\/discoverdouro.pt\/fr#website"},"primaryImageOfPage":{"@id":"https:\/\/discoverdouro.pt\/fr\/municipio\/s-joao-da-pesqueira#primaryimage"},"image":{"@id":"https:\/\/discoverdouro.pt\/fr\/municipio\/s-joao-da-pesqueira#primaryimage"},"thumbnailUrl":"https:\/\/discoverdouro.pt\/wp-content\/uploads\/2023\/09\/SaoJoaodaPesqueira-Black.png","datePublished":"2023-12-13T15:13:26+00:00","dateModified":"2024-04-16T13:12:41+00:00","breadcrumb":{"@id":"https:\/\/discoverdouro.pt\/fr\/municipio\/s-joao-da-pesqueira#breadcrumb"},"inLanguage":"fr","potentialAction":[{"@type":"ReadAction","target":["https:\/\/discoverdouro.pt\/fr\/municipio\/s-joao-da-pesqueira"]}]},{"@type":"ImageObject","inLanguage":"fr","@id":"https:\/\/discoverdouro.pt\/fr\/municipio\/s-joao-da-pesqueira#primaryimage","url":"https:\/\/discoverdouro.pt\/wp-content\/uploads\/2023\/09\/SaoJoaodaPesqueira-Black.png","contentUrl":"https:\/\/discoverdouro.pt\/wp-content\/uploads\/2023\/09\/SaoJoaodaPesqueira-Black.png","width":251,"height":150},{"@type":"BreadcrumbList","@id":"https:\/\/discoverdouro.pt\/fr\/municipio\/s-joao-da-pesqueira#breadcrumb","itemListElement":[{"@type":"ListItem","position":1,"name":"Home","item":"https:\/\/discoverdouro.pt\/fr"},{"@type":"ListItem","position":2,"name":"Munic\u00edpios","item":"https:\/\/discoverdouro.pt\/fr\/municipio"},{"@type":"ListItem","position":3,"name":"S. Jo\u00e3o da Pesqueira"}]},{"@type":"WebSite","@id":"https:\/\/discoverdouro.pt\/fr#website","url":"https:\/\/discoverdouro.pt\/fr","name":"Discover Douro","description":"O Para\u00edso de Portugal","publisher":{"@id":"https:\/\/discoverdouro.pt\/fr#organization"},"potentialAction":[{"@type":"SearchAction","target":{"@type":"EntryPoint","urlTemplate":"https:\/\/discoverdouro.pt\/fr?s={search_term_string}"},"query-input":{"@type":"PropertyValueSpecification","valueRequired":true,"valueName":"search_term_string"}}],"inLanguage":"fr"},{"@type":"Organization","@id":"https:\/\/discoverdouro.pt\/fr#organization","name":"Discover Douro","url":"https:\/\/discoverdouro.pt\/fr","logo":{"@type":"ImageObject","inLanguage":"fr","@id":"https:\/\/discoverdouro.pt\/fr#\/schema\/logo\/image\/","url":"https:\/\/www.discoverdouro.pt\/wp-content\/uploads\/2024\/01\/cropped-Icon_Discover.png","contentUrl":"https:\/\/www.discoverdouro.pt\/wp-content\/uploads\/2024\/01\/cropped-Icon_Discover.png","width":512,"height":512,"caption":"Discover Douro"},"image":{"@id":"https:\/\/discoverdouro.pt\/fr#\/schema\/logo\/image\/"},"sameAs":["https:\/\/www.facebook.com\/profile.php?id=61555234744391","https:\/\/x.com\/DiscoverDouro","https:\/\/www.instagram.com\/discover.douro","https:\/\/www.tiktok.com\/@discoverdouro","https:\/\/www.linkedin.com\/company\/discover-douro\/"]}]}},"_links":{"self":[{"href":"https:\/\/discoverdouro.pt\/fr\/wp-json\/wp\/v2\/municipio\/42397","targetHints":{"allow":["GET"]}}],"collection":[{"href":"https:\/\/discoverdouro.pt\/fr\/wp-json\/wp\/v2\/municipio"}],"about":[{"href":"https:\/\/discoverdouro.pt\/fr\/wp-json\/wp\/v2\/types\/municipio"}],"version-history":[{"count":25,"href":"https:\/\/discoverdouro.pt\/fr\/wp-json\/wp\/v2\/municipio\/42397\/revisions"}],"predecessor-version":[{"id":54945,"href":"https:\/\/discoverdouro.pt\/fr\/wp-json\/wp\/v2\/municipio\/42397\/revisions\/54945"}],"wp:featuredmedia":[{"embeddable":true,"href":"https:\/\/discoverdouro.pt\/fr\/wp-json\/wp\/v2\/media\/32210"}],"wp:attachment":[{"href":"https:\/\/discoverdouro.pt\/fr\/wp-json\/wp\/v2\/media?parent=42397"}],"curies":[{"name":"wp","href":"https:\/\/api.w.org\/{rel}","templated":true}]}}