{"id":41558,"date":"2023-12-15T22:41:58","date_gmt":"2023-12-15T22:41:58","guid":{"rendered":"https:\/\/discoverdouro.digiupdev.com\/saberes-e-sabores-de-vila-real"},"modified":"2024-01-22T14:02:05","modified_gmt":"2024-01-22T14:02:05","slug":"saveurs-et-savoir-faire-vila-real","status":"publish","type":"page","link":"https:\/\/discoverdouro.pt\/fr\/saveurs-et-savoir-faire-vila-real","title":{"rendered":"Saveurs et Savoir-faire Vila Real"},"content":{"rendered":"\t\t<div data-elementor-type=\"wp-page\" data-elementor-id=\"41558\" class=\"elementor elementor-41558 elementor-41085\" data-elementor-post-type=\"page\">\n\t\t\t\t\t\t<section class=\"elementor-section elementor-top-section elementor-element elementor-element-fbc660c elementor-section-stretched elementor-section-boxed elementor-section-height-default elementor-section-height-default\" data-id=\"fbc660c\" data-element_type=\"section\" data-settings=\"{&quot;stretch_section&quot;:&quot;section-stretched&quot;,&quot;background_background&quot;:&quot;classic&quot;}\">\n\t\t\t\t\t\t\t<div class=\"elementor-background-overlay\"><\/div>\n\t\t\t\t\t\t\t<div class=\"elementor-container elementor-column-gap-default\">\n\t\t\t\t\t<div class=\"elementor-column elementor-col-100 elementor-top-column elementor-element elementor-element-b61beef\" data-id=\"b61beef\" data-element_type=\"column\">\n\t\t\t<div class=\"elementor-widget-wrap elementor-element-populated\">\n\t\t\t\t\t\t<div class=\"elementor-element elementor-element-94825bb elementor-widget elementor-widget-heading\" data-id=\"94825bb\" data-element_type=\"widget\" data-widget_type=\"heading.default\">\n\t\t\t\t<div class=\"elementor-widget-container\">\n\t\t\t\t\t<h1 class=\"elementor-heading-title elementor-size-default\">Saveurs et Savoir-faire<\/h1>\t\t\t\t<\/div>\n\t\t\t\t<\/div>\n\t\t\t\t<div class=\"elementor-element elementor-element-6ad0a8a elementor-widget elementor-widget-heading\" data-id=\"6ad0a8a\" data-element_type=\"widget\" data-widget_type=\"heading.default\">\n\t\t\t\t<div class=\"elementor-widget-container\">\n\t\t\t\t\t<h1 class=\"elementor-heading-title elementor-size-default\">Vila Real<\/h1>\t\t\t\t<\/div>\n\t\t\t\t<\/div>\n\t\t\t\t\t<\/div>\n\t\t<\/div>\n\t\t\t\t\t<\/div>\n\t\t<\/section>\n\t\t<div class=\"elementor-element elementor-element-6674c45 e-flex e-con-boxed e-con e-parent\" data-id=\"6674c45\" data-element_type=\"container\">\n\t\t\t\t\t<div class=\"e-con-inner\">\n\t\t\t\t<div class=\"elementor-element elementor-element-7a1ad1a elementor-widget elementor-widget-heading\" data-id=\"7a1ad1a\" data-element_type=\"widget\" data-widget_type=\"heading.default\">\n\t\t\t\t<div class=\"elementor-widget-container\">\n\t\t\t\t\t<h2 class=\"elementor-heading-title elementor-size-default\">Arts et artisanat<\/h2>\t\t\t\t<\/div>\n\t\t\t\t<\/div>\n\t\t\t\t\t<\/div>\n\t\t\t\t<\/div>\n\t\t<div class=\"elementor-element elementor-element-7a74e74 e-flex e-con-boxed e-con e-parent\" data-id=\"7a74e74\" data-element_type=\"container\">\n\t\t\t\t\t<div class=\"e-con-inner\">\n\t\t<div class=\"elementor-element elementor-element-a5e7e55 e-con-full elementor-hidden-mobile e-flex e-con e-child\" data-id=\"a5e7e55\" data-element_type=\"container\" data-settings=\"{&quot;background_background&quot;:&quot;classic&quot;}\">\n\t\t\t\t<\/div>\n\t\t<div class=\"elementor-element elementor-element-91909a9 e-con-full e-flex e-con e-child\" data-id=\"91909a9\" data-element_type=\"container\">\n\t\t\t\t<div class=\"elementor-element elementor-element-84ede70 elementor-hidden-desktop elementor-hidden-laptop elementor-hidden-tablet elementor-widget elementor-widget-image\" data-id=\"84ede70\" data-element_type=\"widget\" data-widget_type=\"image.default\">\n\t\t\t\t<div class=\"elementor-widget-container\">\n\t\t\t\t\t\t\t\t\t\t\t\t\t\t\t<img fetchpriority=\"high\" decoding=\"async\" width=\"800\" height=\"533\" src=\"https:\/\/discoverdouro.pt\/wp-content\/uploads\/2023\/12\/Olaria-Negra-de-Bisalhaes.jpg\" class=\"attachment-large size-large wp-image-41095\" alt=\"\" srcset=\"https:\/\/discoverdouro.pt\/wp-content\/uploads\/2023\/12\/Olaria-Negra-de-Bisalhaes.jpg 990w, https:\/\/discoverdouro.pt\/wp-content\/uploads\/2023\/12\/Olaria-Negra-de-Bisalhaes-300x200.jpg 300w, https:\/\/discoverdouro.pt\/wp-content\/uploads\/2023\/12\/Olaria-Negra-de-Bisalhaes-768x512.jpg 768w\" sizes=\"(max-width: 800px) 100vw, 800px\" \/>\t\t\t\t\t\t\t\t\t\t\t\t\t\t\t<\/div>\n\t\t\t\t<\/div>\n\t\t\t\t<div class=\"elementor-element elementor-element-62342ca elementor-widget elementor-widget-heading\" data-id=\"62342ca\" data-element_type=\"widget\" data-widget_type=\"heading.default\">\n\t\t\t\t<div class=\"elementor-widget-container\">\n\t\t\t\t\t<h2 class=\"elementor-heading-title elementor-size-default\">Poterie noire de Bisalh\u00e3es<\/h2>\t\t\t\t<\/div>\n\t\t\t\t<\/div>\n\t\t\t\t<div class=\"elementor-element elementor-element-82644ae elementor-widget elementor-widget-text-editor\" data-id=\"82644ae\" data-element_type=\"widget\" data-widget_type=\"text-editor.default\">\n\t\t\t\t<div class=\"elementor-widget-container\">\n\t\t\t\t\t\t\t\t\t<p>Depuis le 29 novembre 2016, ce m\u00eame processus est inscrit sur la Liste du patrimoine culturel immat\u00e9riel n\u00e9cessitant une sauvegarde urgente de l&#8217;UNESCO, une d\u00e9cision prise lors de la 11e r\u00e9union du Comit\u00e9 intergouvernemental pour la sauvegarde du patrimoine culturel immat\u00e9riel de l&#8217;Organisation des Nations unies pour l&#8217;\u00e9ducation, la science et la culture, qui s&#8217;est tenue \u00e0 Addis-Abeba, la capitale de l&#8217;\u00c9thiopie. Apr\u00e8s que le processus de fabrication de la Lou\u00e7a Preta de Bisalh\u00e3es a \u00e9t\u00e9 reconnu comme patrimoine culturel national le 5 mars 2015, par publication dans le Di\u00e1rio da Rep\u00fablica et inscription \u00e0 l&#8217;Inventaire national du patrimoine culturel immat\u00e9riel, la municipalit\u00e9 de Vila Real a d\u00e9cid\u00e9 de demander l&#8217;inscription de cette ancienne tradition sur la Liste du patrimoine culturel immat\u00e9riel n\u00e9cessitant une sauvegarde urgente de l&#8217;UNESCO. Ce processus complexe a dur\u00e9 plus d&#8217;un an, mais il s&#8217;est achev\u00e9 avec la nouvelle que tout le monde attendait. Cette reconnaissance internationale permettra de partager avec le monde entier le savoir ancestral des potiers de Bisalh\u00e3es et motivera la mise en \u0153uvre d&#8217;un vaste plan de sauvegarde con\u00e7u par la municipalit\u00e9 de Vila Real, allant de la formation des potiers \u00e0 la certification du processus, en passant par l&#8217;encouragement \u00e0 l&#8217;\u00e9mergence de nouvelles utilisations et de nouveaux designs pour ce mat\u00e9riau unique.<\/p>\t\t\t\t\t\t\t\t<\/div>\n\t\t\t\t<\/div>\n\t\t\t\t<\/div>\n\t\t\t\t\t<\/div>\n\t\t\t\t<\/div>\n\t\t<div class=\"elementor-element elementor-element-a79f591 e-flex e-con-boxed e-con e-parent\" data-id=\"a79f591\" data-element_type=\"container\">\n\t\t\t\t\t<div class=\"e-con-inner\">\n\t\t<div class=\"elementor-element elementor-element-dca07ba e-con-full e-flex e-con e-child\" data-id=\"dca07ba\" data-element_type=\"container\">\n\t\t\t\t<div class=\"elementor-element elementor-element-382a15d elementor-hidden-desktop elementor-hidden-laptop elementor-hidden-tablet elementor-widget elementor-widget-image\" data-id=\"382a15d\" data-element_type=\"widget\" data-widget_type=\"image.default\">\n\t\t\t\t<div class=\"elementor-widget-container\">\n\t\t\t\t\t\t\t\t\t\t\t\t\t\t\t<img decoding=\"async\" width=\"800\" height=\"554\" src=\"https:\/\/discoverdouro.pt\/wp-content\/uploads\/2023\/12\/Linho-de-Agarez-1024x709.jpg\" class=\"attachment-large size-large wp-image-41099\" alt=\"\" srcset=\"https:\/\/discoverdouro.pt\/wp-content\/uploads\/2023\/12\/Linho-de-Agarez-1024x709.jpg 1024w, https:\/\/discoverdouro.pt\/wp-content\/uploads\/2023\/12\/Linho-de-Agarez-300x208.jpg 300w, https:\/\/discoverdouro.pt\/wp-content\/uploads\/2023\/12\/Linho-de-Agarez-768x532.jpg 768w, https:\/\/discoverdouro.pt\/wp-content\/uploads\/2023\/12\/Linho-de-Agarez.jpg 1200w\" sizes=\"(max-width: 800px) 100vw, 800px\" \/>\t\t\t\t\t\t\t\t\t\t\t\t\t\t\t<\/div>\n\t\t\t\t<\/div>\n\t\t\t\t<div class=\"elementor-element elementor-element-31c1369 elementor-widget elementor-widget-heading\" data-id=\"31c1369\" data-element_type=\"widget\" data-widget_type=\"heading.default\">\n\t\t\t\t<div class=\"elementor-widget-container\">\n\t\t\t\t\t<h2 class=\"elementor-heading-title elementor-size-default\">Linge de maison Agarez<\/h2>\t\t\t\t<\/div>\n\t\t\t\t<\/div>\n\t\t\t\t<div class=\"elementor-element elementor-element-8ba2b0c elementor-widget elementor-widget-text-editor\" data-id=\"8ba2b0c\" data-element_type=\"widget\" data-widget_type=\"text-editor.default\">\n\t\t\t\t<div class=\"elementor-widget-container\">\n\t\t\t\t\t\t\t\t\t<p>En r\u00e8gle g\u00e9n\u00e9rale, chaque ferme de la r\u00e9gion poss\u00e9dait un m\u00e9tier \u00e0 tisser, dont on trouve encore des traces dans certains villages, comme Agarez, Mondr\u00f5es, Couto (Adoufe) et Mateus, o\u00f9 quelques artisanes travaillent encore le lin. Aujourd&#8217;hui, la culture locale de la plante est rare, mais les \u00e9tapes suivantes &#8211; effeuillage, teillage, filage et tissage &#8211; sont toujours pratiqu\u00e9es. Il s&#8217;agit d&#8217;un type d&#8217;artisanat tr\u00e8s pris\u00e9, en particulier les couvre-lits et les serviettes.<\/p>\t\t\t\t\t\t\t\t<\/div>\n\t\t\t\t<\/div>\n\t\t\t\t<\/div>\n\t\t<div class=\"elementor-element elementor-element-1fe8fd4 e-con-full elementor-hidden-mobile e-flex e-con e-child\" data-id=\"1fe8fd4\" data-element_type=\"container\" data-settings=\"{&quot;background_background&quot;:&quot;classic&quot;}\">\n\t\t\t\t<\/div>\n\t\t\t\t\t<\/div>\n\t\t\t\t<\/div>\n\t\t<div class=\"elementor-element elementor-element-fe2fd2b e-flex e-con-boxed e-con e-parent\" data-id=\"fe2fd2b\" data-element_type=\"container\">\n\t\t\t\t\t<div class=\"e-con-inner\">\n\t\t<div class=\"elementor-element elementor-element-3f2988f e-con-full elementor-hidden-mobile e-flex e-con e-child\" data-id=\"3f2988f\" data-element_type=\"container\" data-settings=\"{&quot;background_background&quot;:&quot;classic&quot;}\">\n\t\t\t\t<\/div>\n\t\t<div class=\"elementor-element elementor-element-23133dc e-con-full e-flex e-con e-child\" data-id=\"23133dc\" data-element_type=\"container\">\n\t\t\t\t<div class=\"elementor-element elementor-element-babf360 elementor-hidden-desktop elementor-hidden-laptop elementor-hidden-tablet elementor-widget elementor-widget-image\" data-id=\"babf360\" data-element_type=\"widget\" data-widget_type=\"image.default\">\n\t\t\t\t<div class=\"elementor-widget-container\">\n\t\t\t\t\t\t\t\t\t\t\t\t\t\t\t<img decoding=\"async\" width=\"800\" height=\"600\" src=\"https:\/\/discoverdouro.pt\/wp-content\/uploads\/2023\/12\/Latoaria-1024x768.jpg\" class=\"attachment-large size-large wp-image-41103\" alt=\"\" srcset=\"https:\/\/discoverdouro.pt\/wp-content\/uploads\/2023\/12\/Latoaria-1024x768.jpg 1024w, https:\/\/discoverdouro.pt\/wp-content\/uploads\/2023\/12\/Latoaria-300x225.jpg 300w, https:\/\/discoverdouro.pt\/wp-content\/uploads\/2023\/12\/Latoaria-768x576.jpg 768w, https:\/\/discoverdouro.pt\/wp-content\/uploads\/2023\/12\/Latoaria-1536x1152.jpg 1536w, https:\/\/discoverdouro.pt\/wp-content\/uploads\/2023\/12\/Latoaria.jpg 1707w\" sizes=\"(max-width: 800px) 100vw, 800px\" \/>\t\t\t\t\t\t\t\t\t\t\t\t\t\t\t<\/div>\n\t\t\t\t<\/div>\n\t\t\t\t<div class=\"elementor-element elementor-element-3a5e364 elementor-widget elementor-widget-heading\" data-id=\"3a5e364\" data-element_type=\"widget\" data-widget_type=\"heading.default\">\n\t\t\t\t<div class=\"elementor-widget-container\">\n\t\t\t\t\t<h2 class=\"elementor-heading-title elementor-size-default\">Ferblanterie<\/h2>\t\t\t\t<\/div>\n\t\t\t\t<\/div>\n\t\t\t\t<div class=\"elementor-element elementor-element-c4be03b elementor-widget elementor-widget-text-editor\" data-id=\"c4be03b\" data-element_type=\"widget\" data-widget_type=\"text-editor.default\">\n\t\t\t\t<div class=\"elementor-widget-container\">\n\t\t\t\t\t\t\t\t\t<p>Cette activit\u00e9 utilise des mat\u00e9riaux tels que l&#8217;\u00e9tain, l&#8217;acier et le fer-blanc, qui sont moul\u00e9s et manipul\u00e9s \u00e0 l&#8217;aide d&#8217;outils traditionnels pour cr\u00e9er une grande vari\u00e9t\u00e9 de pi\u00e8ces : arrosoirs, casseroles, seaux, lampes, etc.<\/p>\t\t\t\t\t\t\t\t<\/div>\n\t\t\t\t<\/div>\n\t\t\t\t<\/div>\n\t\t\t\t\t<\/div>\n\t\t\t\t<\/div>\n\t\t<div class=\"elementor-element elementor-element-fdd1fbb e-flex e-con-boxed e-con e-parent\" data-id=\"fdd1fbb\" data-element_type=\"container\">\n\t\t\t\t\t<div class=\"e-con-inner\">\n\t\t\t\t<div class=\"elementor-element elementor-element-c3d3222 elementor-widget elementor-widget-heading\" data-id=\"c3d3222\" data-element_type=\"widget\" data-widget_type=\"heading.default\">\n\t\t\t\t<div class=\"elementor-widget-container\">\n\t\t\t\t\t<h2 class=\"elementor-heading-title elementor-size-default\">Mesa de Vila Real<\/h2>\t\t\t\t<\/div>\n\t\t\t\t<\/div>\n\t\t\t\t\t<\/div>\n\t\t\t\t<\/div>\n\t\t<div class=\"elementor-element elementor-element-01d812c e-flex e-con-boxed e-con e-parent\" data-id=\"01d812c\" data-element_type=\"container\">\n\t\t\t\t\t<div class=\"e-con-inner\">\n\t\t<div class=\"elementor-element elementor-element-0d622d5 e-con-full e-flex e-con e-child\" data-id=\"0d622d5\" data-element_type=\"container\">\n\t\t\t\t<div class=\"elementor-element elementor-element-fa1e552 elementor-hidden-desktop elementor-hidden-laptop elementor-hidden-tablet elementor-widget elementor-widget-image\" data-id=\"fa1e552\" data-element_type=\"widget\" data-widget_type=\"image.default\">\n\t\t\t\t<div class=\"elementor-widget-container\">\n\t\t\t\t\t\t\t\t\t\t\t\t\t\t\t<img loading=\"lazy\" decoding=\"async\" width=\"800\" height=\"534\" src=\"https:\/\/discoverdouro.pt\/wp-content\/uploads\/2023\/12\/Mesa-de-Vila-Real-1024x684.jpg\" class=\"attachment-large size-large wp-image-41110\" alt=\"\" srcset=\"https:\/\/discoverdouro.pt\/wp-content\/uploads\/2023\/12\/Mesa-de-Vila-Real-1024x684.jpg 1024w, https:\/\/discoverdouro.pt\/wp-content\/uploads\/2023\/12\/Mesa-de-Vila-Real-300x200.jpg 300w, https:\/\/discoverdouro.pt\/wp-content\/uploads\/2023\/12\/Mesa-de-Vila-Real-768x513.jpg 768w, https:\/\/discoverdouro.pt\/wp-content\/uploads\/2023\/12\/Mesa-de-Vila-Real.jpg 1211w\" sizes=\"(max-width: 800px) 100vw, 800px\" \/>\t\t\t\t\t\t\t\t\t\t\t\t\t\t\t<\/div>\n\t\t\t\t<\/div>\n\t\t\t\t<div class=\"elementor-element elementor-element-b8c4c36 elementor-widget elementor-widget-heading\" data-id=\"b8c4c36\" data-element_type=\"widget\" data-widget_type=\"heading.default\">\n\t\t\t\t<div class=\"elementor-widget-container\">\n\t\t\t\t\t<h2 class=\"elementor-heading-title elementor-size-default\">Maronesa DOP <\/h2>\t\t\t\t<\/div>\n\t\t\t\t<\/div>\n\t\t\t\t<div class=\"elementor-element elementor-element-ca8064f elementor-widget elementor-widget-text-editor\" data-id=\"ca8064f\" data-element_type=\"widget\" data-widget_type=\"text-editor.default\">\n\t\t\t\t<div class=\"elementor-widget-container\">\n\t\t\t\t\t\t\t\t\t<p>La Carne Maronesa DOP est obtenue \u00e0 partir de bovins de la race Maronesa provenant de la zone d\u00e9limit\u00e9e par les montagnes de Mar\u00e3o, Alv\u00e3o et Padrela. Il s&#8217;agit d&#8217;une viande dont la graisse est de couleur blanche \u00e0 blanc ivoire, selon qu&#8217;il s&#8217;agit d&#8217;un veau ou d&#8217;un animal adulte. Le muscle est de couleur rose \u00e0 rouge fonc\u00e9, \u00e9galement en fonction de l&#8217;\u00e2ge de l&#8217;animal. La race Maronesa est d\u00e9finie comme une race de montagne, primitive, naturelle et rustique. Ses principales caract\u00e9ristiques physiques sont son pelage brun fonc\u00e9 \u00e0 noir et la touffe de poils sur la t\u00eate, de couleur plus claire. C&#8217;est \u00e0 ces bovins que l&#8217;on doit la saveur simple et d\u00e9licate, extr\u00eamement savoureuse et juteuse de la viande Maronesa DOP.<\/p>\t\t\t\t\t\t\t\t<\/div>\n\t\t\t\t<\/div>\n\t\t\t\t<\/div>\n\t\t<div class=\"elementor-element elementor-element-c072767 e-con-full elementor-hidden-mobile e-flex e-con e-child\" data-id=\"c072767\" data-element_type=\"container\" data-settings=\"{&quot;background_background&quot;:&quot;classic&quot;}\">\n\t\t\t\t<\/div>\n\t\t\t\t\t<\/div>\n\t\t\t\t<\/div>\n\t\t<div class=\"elementor-element elementor-element-1f71e67 e-flex e-con-boxed e-con e-parent\" data-id=\"1f71e67\" data-element_type=\"container\">\n\t\t\t\t\t<div class=\"e-con-inner\">\n\t\t<div class=\"elementor-element elementor-element-649b633 e-con-full elementor-hidden-mobile e-flex e-con e-child\" data-id=\"649b633\" data-element_type=\"container\" data-settings=\"{&quot;background_background&quot;:&quot;classic&quot;}\">\n\t\t\t\t<\/div>\n\t\t<div class=\"elementor-element elementor-element-d212075 e-con-full e-flex e-con e-child\" data-id=\"d212075\" data-element_type=\"container\">\n\t\t\t\t<div class=\"elementor-element elementor-element-a4585e7 elementor-hidden-desktop elementor-hidden-laptop elementor-hidden-tablet elementor-widget elementor-widget-image\" data-id=\"a4585e7\" data-element_type=\"widget\" data-widget_type=\"image.default\">\n\t\t\t\t<div class=\"elementor-widget-container\">\n\t\t\t\t\t\t\t\t\t\t\t\t\t\t\t<img loading=\"lazy\" decoding=\"async\" width=\"800\" height=\"415\" src=\"https:\/\/discoverdouro.pt\/wp-content\/uploads\/2023\/12\/Tripas-aos-Molhos-1024x531.jpg\" class=\"attachment-large size-large wp-image-41117\" alt=\"\" srcset=\"https:\/\/discoverdouro.pt\/wp-content\/uploads\/2023\/12\/Tripas-aos-Molhos-1024x531.jpg 1024w, https:\/\/discoverdouro.pt\/wp-content\/uploads\/2023\/12\/Tripas-aos-Molhos-300x155.jpg 300w, https:\/\/discoverdouro.pt\/wp-content\/uploads\/2023\/12\/Tripas-aos-Molhos-768x398.jpg 768w, https:\/\/discoverdouro.pt\/wp-content\/uploads\/2023\/12\/Tripas-aos-Molhos-1536x796.jpg 1536w, https:\/\/discoverdouro.pt\/wp-content\/uploads\/2023\/12\/Tripas-aos-Molhos.jpg 1561w\" sizes=\"(max-width: 800px) 100vw, 800px\" \/>\t\t\t\t\t\t\t\t\t\t\t\t\t\t\t<\/div>\n\t\t\t\t<\/div>\n\t\t\t\t<div class=\"elementor-element elementor-element-309bbb0 elementor-widget elementor-widget-heading\" data-id=\"309bbb0\" data-element_type=\"widget\" data-widget_type=\"heading.default\">\n\t\t\t\t<div class=\"elementor-widget-container\">\n\t\t\t\t\t<h2 class=\"elementor-heading-title elementor-size-default\">Tripas aos molhos<\/h2>\t\t\t\t<\/div>\n\t\t\t\t<\/div>\n\t\t\t\t<div class=\"elementor-element elementor-element-cd1d845 elementor-widget elementor-widget-text-editor\" data-id=\"cd1d845\" data-element_type=\"widget\" data-widget_type=\"text-editor.default\">\n\t\t\t\t<div class=\"elementor-widget-container\">\n\t\t\t\t\t\t\t\t\t<p>Rouler des morceaux de tripes et de tripes de b\u0153uf avec du jambon et un brin de persil au milieu. Faire cuire pendant quelques heures pour qu&#8217;elles soient tendres et savoureuses. Les tripes doivent \u00eatre tr\u00e8s bien lav\u00e9es \u00e0 l&#8217;eau bouillante et rinc\u00e9es souvent avec du citron pour \u00e9liminer tout go\u00fbt d\u00e9sagr\u00e9able. Faire de m\u00eame avec l&#8217;estomac de vache. Couper ensuite les tripes en petits carr\u00e9s et ajouter \u00e0 chaque carr\u00e9 un morceau de jambon de l&#8217;\u00e9paisseur d&#8217;un doigt et un brin de persil. Envelopper le tout avec la fine enveloppe et terminer par un n\u0153ud.<\/p>\t\t\t\t\t\t\t\t<\/div>\n\t\t\t\t<\/div>\n\t\t\t\t<\/div>\n\t\t\t\t\t<\/div>\n\t\t\t\t<\/div>\n\t\t<div class=\"elementor-element elementor-element-7ce667c e-flex e-con-boxed e-con e-parent\" data-id=\"7ce667c\" data-element_type=\"container\">\n\t\t\t\t\t<div class=\"e-con-inner\">\n\t\t<div class=\"elementor-element elementor-element-9172233 e-con-full e-flex e-con e-child\" data-id=\"9172233\" data-element_type=\"container\">\n\t\t\t\t<div class=\"elementor-element elementor-element-0a18174 elementor-hidden-desktop elementor-hidden-laptop elementor-hidden-tablet elementor-widget elementor-widget-image\" data-id=\"0a18174\" data-element_type=\"widget\" data-widget_type=\"image.default\">\n\t\t\t\t<div class=\"elementor-widget-container\">\n\t\t\t\t\t\t\t\t\t\t\t\t\t\t\t<img loading=\"lazy\" decoding=\"async\" width=\"800\" height=\"452\" src=\"https:\/\/discoverdouro.pt\/wp-content\/uploads\/2023\/12\/Covilhetes-1024x579.jpg\" class=\"attachment-large size-large wp-image-41121\" alt=\"\" srcset=\"https:\/\/discoverdouro.pt\/wp-content\/uploads\/2023\/12\/Covilhetes-1024x579.jpg 1024w, https:\/\/discoverdouro.pt\/wp-content\/uploads\/2023\/12\/Covilhetes-300x169.jpg 300w, https:\/\/discoverdouro.pt\/wp-content\/uploads\/2023\/12\/Covilhetes-768x434.jpg 768w, https:\/\/discoverdouro.pt\/wp-content\/uploads\/2023\/12\/Covilhetes.jpg 1432w\" sizes=\"(max-width: 800px) 100vw, 800px\" \/>\t\t\t\t\t\t\t\t\t\t\t\t\t\t\t<\/div>\n\t\t\t\t<\/div>\n\t\t\t\t<div class=\"elementor-element elementor-element-c372c25 elementor-widget elementor-widget-heading\" data-id=\"c372c25\" data-element_type=\"widget\" data-widget_type=\"heading.default\">\n\t\t\t\t<div class=\"elementor-widget-container\">\n\t\t\t\t\t<h2 class=\"elementor-heading-title elementor-size-default\">Covilhetes<\/h2>\t\t\t\t<\/div>\n\t\t\t\t<\/div>\n\t\t\t\t<div class=\"elementor-element elementor-element-6cc6867 elementor-widget elementor-widget-text-editor\" data-id=\"6cc6867\" data-element_type=\"widget\" data-widget_type=\"text-editor.default\">\n\t\t\t\t<div class=\"elementor-widget-container\">\n\t\t\t\t\t\t\t\t\t<p>Les covilhetes sont un type de tarte qui doit son nom au petit moule d&#8217;argile noire (de Bisalh\u00e3es) dans lequel elle \u00e9tait cuite. Aujourd&#8217;hui, le moule n&#8217;est plus en argile, mais le nom reste le m\u00eame. La tradition de cette sp\u00e9cialit\u00e9 est tr\u00e8s ancienne et est li\u00e9e aux f\u00eates de Saint Antoine, du Seigneur du Calvaire et de la Dame de l&#8217;Almodena, qui \u00e9taient les seules occasions o\u00f9 cette sp\u00e9cialit\u00e9 \u00e9tait vendue. Depuis le XIXe si\u00e8cle, les Covilhetes ont commenc\u00e9 \u00e0 gagner en notori\u00e9t\u00e9 dans la gastronomie de Vila-Realense, avec des personnes qui les vendaient dans les rues de la ville sur des plateaux recouverts de toiles de lin. Aujourd&#8217;hui, on peut acheter des Covilhetes dans n&#8217;importe quelle p\u00e2tisserie de Vila Real, car elles sont vendues quotidiennement.<\/p>\t\t\t\t\t\t\t\t<\/div>\n\t\t\t\t<\/div>\n\t\t\t\t<\/div>\n\t\t<div class=\"elementor-element elementor-element-279e051 e-con-full elementor-hidden-mobile e-flex e-con e-child\" data-id=\"279e051\" data-element_type=\"container\" data-settings=\"{&quot;background_background&quot;:&quot;classic&quot;}\">\n\t\t\t\t<\/div>\n\t\t\t\t\t<\/div>\n\t\t\t\t<\/div>\n\t\t<div class=\"elementor-element elementor-element-0a648ae e-flex e-con-boxed e-con e-parent\" data-id=\"0a648ae\" data-element_type=\"container\">\n\t\t\t\t\t<div class=\"e-con-inner\">\n\t\t<div class=\"elementor-element elementor-element-417dfe5 e-con-full elementor-hidden-mobile e-flex e-con e-child\" data-id=\"417dfe5\" data-element_type=\"container\" data-settings=\"{&quot;background_background&quot;:&quot;classic&quot;}\">\n\t\t\t\t<\/div>\n\t\t<div class=\"elementor-element elementor-element-12c5deb e-con-full e-flex e-con e-child\" data-id=\"12c5deb\" data-element_type=\"container\">\n\t\t\t\t<div class=\"elementor-element elementor-element-672f546 elementor-hidden-desktop elementor-hidden-laptop elementor-hidden-tablet elementor-widget elementor-widget-image\" data-id=\"672f546\" data-element_type=\"widget\" data-widget_type=\"image.default\">\n\t\t\t\t<div class=\"elementor-widget-container\">\n\t\t\t\t\t\t\t\t\t\t\t\t\t\t\t<img loading=\"lazy\" decoding=\"async\" width=\"800\" height=\"500\" src=\"https:\/\/discoverdouro.pt\/wp-content\/uploads\/2023\/12\/Cristas-de-Galo-1024x640.jpg\" class=\"attachment-large size-large wp-image-41125\" alt=\"\" srcset=\"https:\/\/discoverdouro.pt\/wp-content\/uploads\/2023\/12\/Cristas-de-Galo-1024x640.jpg 1024w, https:\/\/discoverdouro.pt\/wp-content\/uploads\/2023\/12\/Cristas-de-Galo-300x188.jpg 300w, https:\/\/discoverdouro.pt\/wp-content\/uploads\/2023\/12\/Cristas-de-Galo-768x480.jpg 768w, https:\/\/discoverdouro.pt\/wp-content\/uploads\/2023\/12\/Cristas-de-Galo.jpg 1200w\" sizes=\"(max-width: 800px) 100vw, 800px\" \/>\t\t\t\t\t\t\t\t\t\t\t\t\t\t\t<\/div>\n\t\t\t\t<\/div>\n\t\t\t\t<div class=\"elementor-element elementor-element-d78a570 elementor-widget elementor-widget-heading\" data-id=\"d78a570\" data-element_type=\"widget\" data-widget_type=\"heading.default\">\n\t\t\t\t<div class=\"elementor-widget-container\">\n\t\t\t\t\t<h2 class=\"elementor-heading-title elementor-size-default\">Cristas de Galo<\/h2>\t\t\t\t<\/div>\n\t\t\t\t<\/div>\n\t\t\t\t<div class=\"elementor-element elementor-element-cc19fa1 elementor-widget elementor-widget-text-editor\" data-id=\"cc19fa1\" data-element_type=\"widget\" data-widget_type=\"text-editor.default\">\n\t\t\t\t<div class=\"elementor-widget-container\">\n\t\t\t\t\t\t\t\t\t<p>Les Cristas de Galo sont une p\u00e2tisserie artisanale conventuelle typique de la ville de Vila Real, qui a la forme exacte d&#8217;une cr\u00eate de coq. La p\u00e2te est remplie de confiture d&#8217;amandes et d&#8217;\u0153ufs. Apr\u00e8s la cuisson au four, les past\u00e9is sont saupoudr\u00e9s de sucre. Les past\u00e9is de toucinho, \u00e9galement connus sous le nom de past\u00e9is de Vila Real et, plus r\u00e9cemment, de cristas ou cr\u00eates de coq, sont une cr\u00e9ation des religieuses du couvent de Nossa Senhora do Amparo, de l&#8217;ordre de Santa Clara, et sont certainement l&#8217;une des sp\u00e9cialit\u00e9s les plus repr\u00e9sentatives des sucreries conventuelles de Vila Real.<\/p>\t\t\t\t\t\t\t\t<\/div>\n\t\t\t\t<\/div>\n\t\t\t\t<\/div>\n\t\t\t\t\t<\/div>\n\t\t\t\t<\/div>\n\t\t<div class=\"elementor-element elementor-element-9498036 e-flex e-con-boxed e-con e-parent\" data-id=\"9498036\" data-element_type=\"container\">\n\t\t\t\t\t<div class=\"e-con-inner\">\n\t\t<div class=\"elementor-element elementor-element-483f996 e-con-full e-flex e-con e-child\" data-id=\"483f996\" data-element_type=\"container\">\n\t\t\t\t<div class=\"elementor-element elementor-element-25393f0 elementor-hidden-desktop elementor-hidden-laptop elementor-hidden-tablet elementor-widget elementor-widget-image\" data-id=\"25393f0\" data-element_type=\"widget\" data-widget_type=\"image.default\">\n\t\t\t\t<div class=\"elementor-widget-container\">\n\t\t\t\t\t\t\t\t\t\t\t\t\t\t\t<img loading=\"lazy\" decoding=\"async\" width=\"720\" height=\"480\" src=\"https:\/\/discoverdouro.pt\/wp-content\/uploads\/2023\/12\/Pitos-Santa-Luzia.jpg\" class=\"attachment-large size-large wp-image-41129\" alt=\"\" srcset=\"https:\/\/discoverdouro.pt\/wp-content\/uploads\/2023\/12\/Pitos-Santa-Luzia.jpg 720w, https:\/\/discoverdouro.pt\/wp-content\/uploads\/2023\/12\/Pitos-Santa-Luzia-300x200.jpg 300w\" sizes=\"(max-width: 720px) 100vw, 720px\" \/>\t\t\t\t\t\t\t\t\t\t\t\t\t\t\t<\/div>\n\t\t\t\t<\/div>\n\t\t\t\t<div class=\"elementor-element elementor-element-839a08b elementor-widget elementor-widget-heading\" data-id=\"839a08b\" data-element_type=\"widget\" data-widget_type=\"heading.default\">\n\t\t\t\t<div class=\"elementor-widget-container\">\n\t\t\t\t\t<h2 class=\"elementor-heading-title elementor-size-default\">Pitos de Santa Luzia<\/h2>\t\t\t\t<\/div>\n\t\t\t\t<\/div>\n\t\t\t\t<div class=\"elementor-element elementor-element-50fe0f3 elementor-widget elementor-widget-text-editor\" data-id=\"50fe0f3\" data-element_type=\"widget\" data-widget_type=\"text-editor.default\">\n\t\t\t\t<div class=\"elementor-widget-container\">\n\t\t\t\t\t\t\t\t\t<p>G\u00e2teaux faits d&#8217;une p\u00e2te tendre \u00e0 base de farine, de sucre, de saindoux, d&#8217;\u0153ufs et de sel, de 6 cm de c\u00f4t\u00e9 et d&#8217;environ 3 cm de haut. Les g\u00e2teaux ont plus ou moins la forme d&#8217;une pyramide carr\u00e9e ou d&#8217;un faisceau de lavadi\u00e8res, car ils sont faits \u00e0 partir d&#8217;un carr\u00e9 de p\u00e2te dont les bords sont tir\u00e9s vers le centre et vers le haut. La p\u00e2te tendre est remplie de confiture de potiron et de cannelle (\u00e0 base de potiron et de sucre, le sucre repr\u00e9sentant la moiti\u00e9 du poids du potiron, et \u00e9pic\u00e9e avec de la cannelle et du poivre).<\/p>\t\t\t\t\t\t\t\t<\/div>\n\t\t\t\t<\/div>\n\t\t\t\t<\/div>\n\t\t<div class=\"elementor-element elementor-element-1f32639 e-con-full elementor-hidden-mobile e-flex e-con e-child\" data-id=\"1f32639\" data-element_type=\"container\" data-settings=\"{&quot;background_background&quot;:&quot;classic&quot;}\">\n\t\t\t\t<\/div>\n\t\t\t\t\t<\/div>\n\t\t\t\t<\/div>\n\t\t<div class=\"elementor-element elementor-element-bd8588b e-flex e-con-boxed e-con e-parent\" data-id=\"bd8588b\" data-element_type=\"container\">\n\t\t\t\t\t<div class=\"e-con-inner\">\n\t\t<div class=\"elementor-element elementor-element-c59d29c e-con-full elementor-hidden-mobile e-flex e-con e-child\" data-id=\"c59d29c\" data-element_type=\"container\" data-settings=\"{&quot;background_background&quot;:&quot;classic&quot;}\">\n\t\t\t\t<\/div>\n\t\t<div class=\"elementor-element elementor-element-37dd009 e-con-full e-flex e-con e-child\" data-id=\"37dd009\" data-element_type=\"container\">\n\t\t\t\t<div class=\"elementor-element elementor-element-25a34c8 elementor-hidden-desktop elementor-hidden-laptop elementor-hidden-tablet elementor-widget elementor-widget-image\" data-id=\"25a34c8\" data-element_type=\"widget\" data-widget_type=\"image.default\">\n\t\t\t\t<div class=\"elementor-widget-container\">\n\t\t\t\t\t\t\t\t\t\t\t\t\t\t\t<img loading=\"lazy\" decoding=\"async\" width=\"800\" height=\"534\" src=\"https:\/\/discoverdouro.pt\/wp-content\/uploads\/2023\/12\/Cavacorios-1024x684.jpg\" class=\"attachment-large size-large wp-image-41133\" alt=\"\" srcset=\"https:\/\/discoverdouro.pt\/wp-content\/uploads\/2023\/12\/Cavacorios-1024x684.jpg 1024w, https:\/\/discoverdouro.pt\/wp-content\/uploads\/2023\/12\/Cavacorios-300x200.jpg 300w, https:\/\/discoverdouro.pt\/wp-content\/uploads\/2023\/12\/Cavacorios-768x513.jpg 768w, https:\/\/discoverdouro.pt\/wp-content\/uploads\/2023\/12\/Cavacorios.jpg 1212w\" sizes=\"(max-width: 800px) 100vw, 800px\" \/>\t\t\t\t\t\t\t\t\t\t\t\t\t\t\t<\/div>\n\t\t\t\t<\/div>\n\t\t\t\t<div class=\"elementor-element elementor-element-5510954 elementor-widget elementor-widget-heading\" data-id=\"5510954\" data-element_type=\"widget\" data-widget_type=\"heading.default\">\n\t\t\t\t<div class=\"elementor-widget-container\">\n\t\t\t\t\t<h2 class=\"elementor-heading-title elementor-size-default\">Cavac\u00f3rios<\/h2>\t\t\t\t<\/div>\n\t\t\t\t<\/div>\n\t\t\t\t<div class=\"elementor-element elementor-element-417a064 elementor-widget elementor-widget-text-editor\" data-id=\"417a064\" data-element_type=\"widget\" data-widget_type=\"text-editor.default\">\n\t\t\t\t<div class=\"elementor-widget-container\">\n\t\t\t\t\t\t\t\t\t<p>Les Cavac\u00f3rios sont des bonbons concaves en forme de bol qui, avec les Bexigas, sont typiques des f\u00eates en l&#8217;honneur de S\u00e3o L\u00e1zaro, consid\u00e9r\u00e9 comme le protecteur contre les maladies de la peau (variole, ampoules et autres).<\/p>\t\t\t\t\t\t\t\t<\/div>\n\t\t\t\t<\/div>\n\t\t\t\t<\/div>\n\t\t\t\t\t<\/div>\n\t\t\t\t<\/div>\n\t\t<div class=\"elementor-element elementor-element-1b9a859 e-flex e-con-boxed e-con e-parent\" data-id=\"1b9a859\" data-element_type=\"container\">\n\t\t\t\t\t<div class=\"e-con-inner\">\n\t\t<div class=\"elementor-element elementor-element-573e79b e-con-full e-flex e-con e-child\" data-id=\"573e79b\" data-element_type=\"container\">\n\t\t\t\t<div class=\"elementor-element elementor-element-44e2685 elementor-hidden-desktop elementor-hidden-laptop elementor-hidden-tablet elementor-widget elementor-widget-image\" data-id=\"44e2685\" data-element_type=\"widget\" data-widget_type=\"image.default\">\n\t\t\t\t<div class=\"elementor-widget-container\">\n\t\t\t\t\t\t\t\t\t\t\t\t\t\t\t<img loading=\"lazy\" decoding=\"async\" width=\"800\" height=\"534\" src=\"https:\/\/discoverdouro.pt\/wp-content\/uploads\/2023\/12\/Ganchas-de-S.-Bras-1024x684.jpg\" class=\"attachment-large size-large wp-image-41137\" alt=\"\" srcset=\"https:\/\/discoverdouro.pt\/wp-content\/uploads\/2023\/12\/Ganchas-de-S.-Bras-1024x684.jpg 1024w, https:\/\/discoverdouro.pt\/wp-content\/uploads\/2023\/12\/Ganchas-de-S.-Bras-300x200.jpg 300w, https:\/\/discoverdouro.pt\/wp-content\/uploads\/2023\/12\/Ganchas-de-S.-Bras-768x513.jpg 768w, https:\/\/discoverdouro.pt\/wp-content\/uploads\/2023\/12\/Ganchas-de-S.-Bras.jpg 1212w\" sizes=\"(max-width: 800px) 100vw, 800px\" \/>\t\t\t\t\t\t\t\t\t\t\t\t\t\t\t<\/div>\n\t\t\t\t<\/div>\n\t\t\t\t<div class=\"elementor-element elementor-element-d0739d3 elementor-widget elementor-widget-heading\" data-id=\"d0739d3\" data-element_type=\"widget\" data-widget_type=\"heading.default\">\n\t\t\t\t<div class=\"elementor-widget-container\">\n\t\t\t\t\t<h2 class=\"elementor-heading-title elementor-size-default\">Ganchas de S\u00e3o Br\u00e1s<\/h2>\t\t\t\t<\/div>\n\t\t\t\t<\/div>\n\t\t\t\t<div class=\"elementor-element elementor-element-467e9b8 elementor-widget elementor-widget-text-editor\" data-id=\"467e9b8\" data-element_type=\"widget\" data-widget_type=\"text-editor.default\">\n\t\t\t\t<div class=\"elementor-widget-container\">\n\t\t\t\t\t\t\t\t\t<p>Le 3 f\u00e9vrier de chaque ann\u00e9e, une f\u00eate en l&#8217;honneur de S\u00e3o Br\u00e1s est organis\u00e9e \u00e0 l&#8217;\u00e9glise S\u00e3o Dinis de Vila Real, o\u00f9 les personnes qui ont fait ou tenu des promesses font le tour du cimeti\u00e8re, &#8220;sans ouvrir la bouche ni dire un mot pour ne pas avoir d&#8217;ennuis&#8221;. Cette tradition est li\u00e9e \u00e0 celle de Santa Luzia o\u00f9, le 13 d\u00e9cembre, les filles ach\u00e8tent des Pitos pour les offrir aux gar\u00e7ons. Les gar\u00e7ons rendent le cadeau le 3 f\u00e9vrier, en donnant des Ganchas aux filles, ce qui symbolise peut-\u00eatre &#8220;un hame\u00e7on pour attraper les filles qui ont envie de sortir avec quelqu&#8217;un&#8221;.<\/p>\t\t\t\t\t\t\t\t<\/div>\n\t\t\t\t<\/div>\n\t\t\t\t<\/div>\n\t\t<div class=\"elementor-element elementor-element-86dace2 e-con-full elementor-hidden-mobile e-flex e-con e-child\" data-id=\"86dace2\" data-element_type=\"container\" data-settings=\"{&quot;background_background&quot;:&quot;classic&quot;}\">\n\t\t\t\t<\/div>\n\t\t\t\t\t<\/div>\n\t\t\t\t<\/div>\n\t\t<div class=\"elementor-element elementor-element-12af8b0 e-flex e-con-boxed e-con e-parent\" data-id=\"12af8b0\" data-element_type=\"container\">\n\t\t\t\t\t<div class=\"e-con-inner\">\n\t\t<div class=\"elementor-element elementor-element-d1daf70 e-con-full elementor-hidden-mobile e-flex e-con e-child\" data-id=\"d1daf70\" data-element_type=\"container\" data-settings=\"{&quot;background_background&quot;:&quot;classic&quot;}\">\n\t\t\t\t<\/div>\n\t\t<div class=\"elementor-element elementor-element-a37232c e-con-full e-flex e-con e-child\" data-id=\"a37232c\" data-element_type=\"container\">\n\t\t\t\t<div class=\"elementor-element elementor-element-d5b8a07 elementor-hidden-desktop elementor-hidden-laptop elementor-hidden-tablet elementor-widget elementor-widget-image\" data-id=\"d5b8a07\" data-element_type=\"widget\" data-widget_type=\"image.default\">\n\t\t\t\t<div class=\"elementor-widget-container\">\n\t\t\t\t\t\t\t\t\t\t\t\t\t\t\t<img loading=\"lazy\" decoding=\"async\" width=\"800\" height=\"648\" src=\"https:\/\/discoverdouro.pt\/wp-content\/uploads\/2023\/12\/Vinhos-Vila-Real.jpg\" class=\"attachment-large size-large wp-image-41141\" alt=\"\" srcset=\"https:\/\/discoverdouro.pt\/wp-content\/uploads\/2023\/12\/Vinhos-Vila-Real.jpg 999w, https:\/\/discoverdouro.pt\/wp-content\/uploads\/2023\/12\/Vinhos-Vila-Real-300x243.jpg 300w, https:\/\/discoverdouro.pt\/wp-content\/uploads\/2023\/12\/Vinhos-Vila-Real-768x622.jpg 768w\" sizes=\"(max-width: 800px) 100vw, 800px\" \/>\t\t\t\t\t\t\t\t\t\t\t\t\t\t\t<\/div>\n\t\t\t\t<\/div>\n\t\t\t\t<div class=\"elementor-element elementor-element-3872609 elementor-widget elementor-widget-heading\" data-id=\"3872609\" data-element_type=\"widget\" data-widget_type=\"heading.default\">\n\t\t\t\t<div class=\"elementor-widget-container\">\n\t\t\t\t\t<h2 class=\"elementor-heading-title elementor-size-default\">Vins<\/h2>\t\t\t\t<\/div>\n\t\t\t\t<\/div>\n\t\t\t\t<div class=\"elementor-element elementor-element-bcf1564 elementor-widget elementor-widget-text-editor\" data-id=\"bcf1564\" data-element_type=\"widget\" data-widget_type=\"text-editor.default\">\n\t\t\t\t<div class=\"elementor-widget-container\">\n\t\t\t\t\t\t\t\t\t<p>Prot\u00e9g\u00e9 des vents de l&#8217;Atlantique par le massif montagneux du Mar\u00e3o, le bassin versant du Baixo Cargo, form\u00e9 de vall\u00e9es \u00e9troites et accident\u00e9es, b\u00e9n\u00e9ficie d&#8217;un microclimat unique qui, associ\u00e9 \u00e0 la nature de son sol schisteux, permet aux vignobles cultiv\u00e9s selon des proc\u00e9d\u00e9s traditionnels de produire des raisins d&#8217;excellente qualit\u00e9. Au XVIIIe si\u00e8cle, en 1756, les caract\u00e9ristiques uniques de la r\u00e9gion ont conduit le marquis de Pombal \u00e0 cr\u00e9er la r\u00e9gion d\u00e9limit\u00e9e du Douro, la premi\u00e8re r\u00e9gion au monde \u00e0 \u00eatre d\u00e9finie et r\u00e9glement\u00e9e afin de prot\u00e9ger les qualit\u00e9s inimitables des vins qui y sont produits. Il convient \u00e9galement de mentionner que la municipalit\u00e9 de Vila Real est \u00e0 l&#8217;origine de plusieurs vins dont la qualit\u00e9 est connue et reconnue au niveau international. C&#8217;est le cas, par exemple, du c\u00e9l\u00e8bre Mateus Ros\u00e9 qui, depuis sa cr\u00e9ation, porte sur son \u00e9tiquette la c\u00e9l\u00e8bre Casa de Mateus, et, plus r\u00e9cemment, des vins de l&#8217;Adega de Vila Real, qui ont \u00e9t\u00e9 distingu\u00e9s au niveau national et international lors de divers concours de sp\u00e9cialit\u00e9s.<\/p>\t\t\t\t\t\t\t\t<\/div>\n\t\t\t\t<\/div>\n\t\t\t\t<\/div>\n\t\t\t\t\t<\/div>\n\t\t\t\t<\/div>\n\t\t\t\t<\/div>\n\t\t","protected":false},"excerpt":{"rendered":"<p>Saveurs et Savoir-faire Vila Real Arts et artisanat Poterie noire de Bisalh\u00e3es Depuis le 29 novembre 2016, ce m\u00eame processus est inscrit sur la Liste du patrimoine culturel immat\u00e9riel n\u00e9cessitant une sauvegarde urgente de l&#8217;UNESCO, une d\u00e9cision prise lors de la 11e r\u00e9union du Comit\u00e9 intergouvernemental pour la sauvegarde du patrimoine culturel immat\u00e9riel de l&#8217;Organisation [&hellip;]<\/p>\n","protected":false},"author":40,"featured_media":0,"parent":0,"menu_order":0,"comment_status":"closed","ping_status":"closed","template":"","meta":{"footnotes":""},"class_list":["post-41558","page","type-page","status-publish","hentry"],"acf":[],"yoast_head":"<!-- This site is optimized with the Yoast SEO plugin v26.2 - https:\/\/yoast.com\/wordpress\/plugins\/seo\/ -->\n<title>Saveurs et Savoir-faire Vila Real - Discover Douro<\/title>\n<meta name=\"robots\" content=\"index, follow, max-snippet:-1, max-image-preview:large, max-video-preview:-1\" \/>\n<link rel=\"canonical\" href=\"https:\/\/discoverdouro.pt\/fr\/saveurs-et-savoir-faire-vila-real\" \/>\n<meta property=\"og:locale\" content=\"fr_FR\" \/>\n<meta property=\"og:type\" content=\"article\" \/>\n<meta property=\"og:title\" content=\"Saveurs et Savoir-faire Vila Real - Discover Douro\" \/>\n<meta property=\"og:description\" content=\"Saveurs et Savoir-faire Vila Real Arts et artisanat Poterie noire de Bisalh\u00e3es Depuis le 29 novembre 2016, ce m\u00eame processus est inscrit sur la Liste du patrimoine culturel immat\u00e9riel n\u00e9cessitant une sauvegarde urgente de l&#8217;UNESCO, une d\u00e9cision prise lors de la 11e r\u00e9union du Comit\u00e9 intergouvernemental pour la sauvegarde du patrimoine culturel immat\u00e9riel de l&#8217;Organisation [&hellip;]\" \/>\n<meta property=\"og:url\" content=\"https:\/\/discoverdouro.pt\/fr\/saveurs-et-savoir-faire-vila-real\" \/>\n<meta property=\"og:site_name\" content=\"Discover Douro\" \/>\n<meta property=\"article:publisher\" content=\"https:\/\/www.facebook.com\/profile.php?id=61555234744391\" \/>\n<meta property=\"article:modified_time\" content=\"2024-01-22T14:02:05+00:00\" \/>\n<meta property=\"og:image\" content=\"https:\/\/www.discoverdouro.pt\/wp-content\/uploads\/2023\/12\/Olaria-Negra-de-Bisalhaes.jpg\" \/>\n<meta name=\"twitter:card\" content=\"summary_large_image\" \/>\n<meta name=\"twitter:site\" content=\"@DiscoverDouro\" \/>\n<meta name=\"twitter:label1\" content=\"Est. reading time\" \/>\n\t<meta name=\"twitter:data1\" content=\"9 minutes\" \/>\n<script type=\"application\/ld+json\" class=\"yoast-schema-graph\">{\"@context\":\"https:\/\/schema.org\",\"@graph\":[{\"@type\":\"WebPage\",\"@id\":\"https:\/\/discoverdouro.pt\/fr\/saveurs-et-savoir-faire-vila-real\",\"url\":\"https:\/\/discoverdouro.pt\/fr\/saveurs-et-savoir-faire-vila-real\",\"name\":\"Saveurs et Savoir-faire Vila Real - Discover Douro\",\"isPartOf\":{\"@id\":\"https:\/\/discoverdouro.pt\/fr#website\"},\"primaryImageOfPage\":{\"@id\":\"https:\/\/discoverdouro.pt\/fr\/saveurs-et-savoir-faire-vila-real#primaryimage\"},\"image\":{\"@id\":\"https:\/\/discoverdouro.pt\/fr\/saveurs-et-savoir-faire-vila-real#primaryimage\"},\"thumbnailUrl\":\"https:\/\/www.discoverdouro.pt\/wp-content\/uploads\/2023\/12\/Olaria-Negra-de-Bisalhaes.jpg\",\"datePublished\":\"2023-12-15T22:41:58+00:00\",\"dateModified\":\"2024-01-22T14:02:05+00:00\",\"breadcrumb\":{\"@id\":\"https:\/\/discoverdouro.pt\/fr\/saveurs-et-savoir-faire-vila-real#breadcrumb\"},\"inLanguage\":\"fr\",\"potentialAction\":[{\"@type\":\"ReadAction\",\"target\":[\"https:\/\/discoverdouro.pt\/fr\/saveurs-et-savoir-faire-vila-real\"]}]},{\"@type\":\"ImageObject\",\"inLanguage\":\"fr\",\"@id\":\"https:\/\/discoverdouro.pt\/fr\/saveurs-et-savoir-faire-vila-real#primaryimage\",\"url\":\"https:\/\/www.discoverdouro.pt\/wp-content\/uploads\/2023\/12\/Olaria-Negra-de-Bisalhaes.jpg\",\"contentUrl\":\"https:\/\/www.discoverdouro.pt\/wp-content\/uploads\/2023\/12\/Olaria-Negra-de-Bisalhaes.jpg\"},{\"@type\":\"BreadcrumbList\",\"@id\":\"https:\/\/discoverdouro.pt\/fr\/saveurs-et-savoir-faire-vila-real#breadcrumb\",\"itemListElement\":[{\"@type\":\"ListItem\",\"position\":1,\"name\":\"Home\",\"item\":\"https:\/\/discoverdouro.pt\/fr\"},{\"@type\":\"ListItem\",\"position\":2,\"name\":\"Saveurs et Savoir-faire Vila Real\"}]},{\"@type\":\"WebSite\",\"@id\":\"https:\/\/discoverdouro.pt\/fr#website\",\"url\":\"https:\/\/discoverdouro.pt\/fr\",\"name\":\"Discover Douro\",\"description\":\"O Para\u00edso de Portugal\",\"publisher\":{\"@id\":\"https:\/\/discoverdouro.pt\/fr#organization\"},\"potentialAction\":[{\"@type\":\"SearchAction\",\"target\":{\"@type\":\"EntryPoint\",\"urlTemplate\":\"https:\/\/discoverdouro.pt\/fr?s={search_term_string}\"},\"query-input\":{\"@type\":\"PropertyValueSpecification\",\"valueRequired\":true,\"valueName\":\"search_term_string\"}}],\"inLanguage\":\"fr\"},{\"@type\":\"Organization\",\"@id\":\"https:\/\/discoverdouro.pt\/fr#organization\",\"name\":\"Discover Douro\",\"url\":\"https:\/\/discoverdouro.pt\/fr\",\"logo\":{\"@type\":\"ImageObject\",\"inLanguage\":\"fr\",\"@id\":\"https:\/\/discoverdouro.pt\/fr#\/schema\/logo\/image\/\",\"url\":\"https:\/\/www.discoverdouro.pt\/wp-content\/uploads\/2024\/01\/cropped-Icon_Discover.png\",\"contentUrl\":\"https:\/\/www.discoverdouro.pt\/wp-content\/uploads\/2024\/01\/cropped-Icon_Discover.png\",\"width\":512,\"height\":512,\"caption\":\"Discover Douro\"},\"image\":{\"@id\":\"https:\/\/discoverdouro.pt\/fr#\/schema\/logo\/image\/\"},\"sameAs\":[\"https:\/\/www.facebook.com\/profile.php?id=61555234744391\",\"https:\/\/x.com\/DiscoverDouro\",\"https:\/\/www.instagram.com\/discover.douro\",\"https:\/\/www.tiktok.com\/@discoverdouro\",\"https:\/\/www.linkedin.com\/company\/discover-douro\/\"]}]}<\/script>\n<!-- \/ Yoast SEO plugin. -->","yoast_head_json":{"title":"Saveurs et Savoir-faire Vila Real - Discover Douro","robots":{"index":"index","follow":"follow","max-snippet":"max-snippet:-1","max-image-preview":"max-image-preview:large","max-video-preview":"max-video-preview:-1"},"canonical":"https:\/\/discoverdouro.pt\/fr\/saveurs-et-savoir-faire-vila-real","og_locale":"fr_FR","og_type":"article","og_title":"Saveurs et Savoir-faire Vila Real - Discover Douro","og_description":"Saveurs et Savoir-faire Vila Real Arts et artisanat Poterie noire de Bisalh\u00e3es Depuis le 29 novembre 2016, ce m\u00eame processus est inscrit sur la Liste du patrimoine culturel immat\u00e9riel n\u00e9cessitant une sauvegarde urgente de l&#8217;UNESCO, une d\u00e9cision prise lors de la 11e r\u00e9union du Comit\u00e9 intergouvernemental pour la sauvegarde du patrimoine culturel immat\u00e9riel de l&#8217;Organisation [&hellip;]","og_url":"https:\/\/discoverdouro.pt\/fr\/saveurs-et-savoir-faire-vila-real","og_site_name":"Discover Douro","article_publisher":"https:\/\/www.facebook.com\/profile.php?id=61555234744391","article_modified_time":"2024-01-22T14:02:05+00:00","og_image":[{"url":"https:\/\/www.discoverdouro.pt\/wp-content\/uploads\/2023\/12\/Olaria-Negra-de-Bisalhaes.jpg","type":"","width":"","height":""}],"twitter_card":"summary_large_image","twitter_site":"@DiscoverDouro","twitter_misc":{"Est. reading time":"9 minutes"},"schema":{"@context":"https:\/\/schema.org","@graph":[{"@type":"WebPage","@id":"https:\/\/discoverdouro.pt\/fr\/saveurs-et-savoir-faire-vila-real","url":"https:\/\/discoverdouro.pt\/fr\/saveurs-et-savoir-faire-vila-real","name":"Saveurs et Savoir-faire Vila Real - Discover Douro","isPartOf":{"@id":"https:\/\/discoverdouro.pt\/fr#website"},"primaryImageOfPage":{"@id":"https:\/\/discoverdouro.pt\/fr\/saveurs-et-savoir-faire-vila-real#primaryimage"},"image":{"@id":"https:\/\/discoverdouro.pt\/fr\/saveurs-et-savoir-faire-vila-real#primaryimage"},"thumbnailUrl":"https:\/\/www.discoverdouro.pt\/wp-content\/uploads\/2023\/12\/Olaria-Negra-de-Bisalhaes.jpg","datePublished":"2023-12-15T22:41:58+00:00","dateModified":"2024-01-22T14:02:05+00:00","breadcrumb":{"@id":"https:\/\/discoverdouro.pt\/fr\/saveurs-et-savoir-faire-vila-real#breadcrumb"},"inLanguage":"fr","potentialAction":[{"@type":"ReadAction","target":["https:\/\/discoverdouro.pt\/fr\/saveurs-et-savoir-faire-vila-real"]}]},{"@type":"ImageObject","inLanguage":"fr","@id":"https:\/\/discoverdouro.pt\/fr\/saveurs-et-savoir-faire-vila-real#primaryimage","url":"https:\/\/www.discoverdouro.pt\/wp-content\/uploads\/2023\/12\/Olaria-Negra-de-Bisalhaes.jpg","contentUrl":"https:\/\/www.discoverdouro.pt\/wp-content\/uploads\/2023\/12\/Olaria-Negra-de-Bisalhaes.jpg"},{"@type":"BreadcrumbList","@id":"https:\/\/discoverdouro.pt\/fr\/saveurs-et-savoir-faire-vila-real#breadcrumb","itemListElement":[{"@type":"ListItem","position":1,"name":"Home","item":"https:\/\/discoverdouro.pt\/fr"},{"@type":"ListItem","position":2,"name":"Saveurs et Savoir-faire Vila Real"}]},{"@type":"WebSite","@id":"https:\/\/discoverdouro.pt\/fr#website","url":"https:\/\/discoverdouro.pt\/fr","name":"Discover Douro","description":"O Para\u00edso de Portugal","publisher":{"@id":"https:\/\/discoverdouro.pt\/fr#organization"},"potentialAction":[{"@type":"SearchAction","target":{"@type":"EntryPoint","urlTemplate":"https:\/\/discoverdouro.pt\/fr?s={search_term_string}"},"query-input":{"@type":"PropertyValueSpecification","valueRequired":true,"valueName":"search_term_string"}}],"inLanguage":"fr"},{"@type":"Organization","@id":"https:\/\/discoverdouro.pt\/fr#organization","name":"Discover Douro","url":"https:\/\/discoverdouro.pt\/fr","logo":{"@type":"ImageObject","inLanguage":"fr","@id":"https:\/\/discoverdouro.pt\/fr#\/schema\/logo\/image\/","url":"https:\/\/www.discoverdouro.pt\/wp-content\/uploads\/2024\/01\/cropped-Icon_Discover.png","contentUrl":"https:\/\/www.discoverdouro.pt\/wp-content\/uploads\/2024\/01\/cropped-Icon_Discover.png","width":512,"height":512,"caption":"Discover Douro"},"image":{"@id":"https:\/\/discoverdouro.pt\/fr#\/schema\/logo\/image\/"},"sameAs":["https:\/\/www.facebook.com\/profile.php?id=61555234744391","https:\/\/x.com\/DiscoverDouro","https:\/\/www.instagram.com\/discover.douro","https:\/\/www.tiktok.com\/@discoverdouro","https:\/\/www.linkedin.com\/company\/discover-douro\/"]}]}},"_links":{"self":[{"href":"https:\/\/discoverdouro.pt\/fr\/wp-json\/wp\/v2\/pages\/41558","targetHints":{"allow":["GET"]}}],"collection":[{"href":"https:\/\/discoverdouro.pt\/fr\/wp-json\/wp\/v2\/pages"}],"about":[{"href":"https:\/\/discoverdouro.pt\/fr\/wp-json\/wp\/v2\/types\/page"}],"author":[{"embeddable":true,"href":"https:\/\/discoverdouro.pt\/fr\/wp-json\/wp\/v2\/users\/40"}],"replies":[{"embeddable":true,"href":"https:\/\/discoverdouro.pt\/fr\/wp-json\/wp\/v2\/comments?post=41558"}],"version-history":[{"count":22,"href":"https:\/\/discoverdouro.pt\/fr\/wp-json\/wp\/v2\/pages\/41558\/revisions"}],"predecessor-version":[{"id":46729,"href":"https:\/\/discoverdouro.pt\/fr\/wp-json\/wp\/v2\/pages\/41558\/revisions\/46729"}],"wp:attachment":[{"href":"https:\/\/discoverdouro.pt\/fr\/wp-json\/wp\/v2\/media?parent=41558"}],"curies":[{"name":"wp","href":"https:\/\/api.w.org\/{rel}","templated":true}]}}