{"id":41809,"date":"2023-12-11T15:16:10","date_gmt":"2023-12-11T15:16:10","guid":{"rendered":"https:\/\/discoverdouro.digiupdev.com\/saveurs-et-savoir-faire"},"modified":"2024-01-22T18:29:03","modified_gmt":"2024-01-22T18:29:03","slug":"saveurs-et-savoir-faire","status":"publish","type":"page","link":"https:\/\/discoverdouro.pt\/fr\/saveurs-et-savoir-faire","title":{"rendered":"Saveurs et savoir-faire"},"content":{"rendered":"\t\t<div data-elementor-type=\"wp-page\" data-elementor-id=\"41809\" class=\"elementor elementor-41809 elementor-40505\" data-elementor-post-type=\"page\">\n\t\t\t\t\t\t<section class=\"elementor-section elementor-top-section elementor-element elementor-element-0a5d3ee elementor-section-stretched elementor-section-boxed elementor-section-height-default elementor-section-height-default\" data-id=\"0a5d3ee\" data-element_type=\"section\" data-settings=\"{&quot;stretch_section&quot;:&quot;section-stretched&quot;,&quot;background_background&quot;:&quot;classic&quot;}\">\n\t\t\t\t\t\t\t<div class=\"elementor-background-overlay\"><\/div>\n\t\t\t\t\t\t\t<div class=\"elementor-container elementor-column-gap-default\">\n\t\t\t\t\t<div class=\"elementor-column elementor-col-100 elementor-top-column elementor-element elementor-element-cad7da6\" data-id=\"cad7da6\" data-element_type=\"column\">\n\t\t\t<div class=\"elementor-widget-wrap elementor-element-populated\">\n\t\t\t\t\t\t\t<\/div>\n\t\t<\/div>\n\t\t\t\t\t<\/div>\n\t\t<\/section>\n\t\t<div class=\"elementor-element elementor-element-ae29215 e-flex e-con-boxed e-con e-parent\" data-id=\"ae29215\" data-element_type=\"container\">\n\t\t\t\t\t<div class=\"e-con-inner\">\n\t\t\t\t<div class=\"elementor-element elementor-element-333a7f8 elementor-widget elementor-widget-heading\" data-id=\"333a7f8\" data-element_type=\"widget\" data-widget_type=\"heading.default\">\n\t\t\t\t<div class=\"elementor-widget-container\">\n\t\t\t\t\t<h2 class=\"elementor-heading-title elementor-size-default\">Produits endog\u00e8nes<\/h2>\t\t\t\t<\/div>\n\t\t\t\t<\/div>\n\t\t\t\t<div class=\"elementor-element elementor-element-ee83cd8 elementor-widget elementor-widget-text-editor\" data-id=\"ee83cd8\" data-element_type=\"widget\" data-widget_type=\"text-editor.default\">\n\t\t\t\t<div class=\"elementor-widget-container\">\n\t\t\t\t\t\t\t\t\t<p>Un territoire, trois sites du patrimoine mondial, trois parcs naturels, deux r\u00e9gions d\u00e9limit\u00e9es &#8211; dont l&#8217;une est la premi\u00e8re au monde \u00e0 avoir \u00e9t\u00e9 d\u00e9limit\u00e9e et r\u00e9glement\u00e9e au milieu du XVIIIe si\u00e8cle -, des c\u00e9pages uniques, des produits d&#8217;appellation d&#8217;origine prot\u00e9g\u00e9e, des races indig\u00e8nes et une biodiversit\u00e9 aussi vaste qu&#8217;\u00e9poustouflante sont quelques-uns des \u00e9pith\u00e8tes que la communaut\u00e9 intercommunale du Douro arbore fi\u00e8rement sur une carte des tr\u00e9sors abyssaux compos\u00e9e de dix-neuf municipalit\u00e9s sur une superficie de 4 031 km2.<\/p><p>Une grande partie de ce qu&#8217;est le Portugal aujourd&#8217;hui est due \u00e0 ce territoire aussi accident\u00e9 que fertile, situ\u00e9 au nord, dont les desseins sur l&#8217;histoire ont conduit les marins \u00e0 partir \u00e0 la conqu\u00eate du monde, marquant de mani\u00e8re ind\u00e9l\u00e9bile le patrimoine culturel du pays. Le caract\u00e8re du Douro, la richesse de son sol, l&#8217;excentricit\u00e9 de son climat, l&#8217;abondance de ses ressources naturelles et l&#8217;exceptionnalit\u00e9 de ses fruits ne sont qu&#8217;une partie de la magnificence de cette r\u00e9gion.<\/p><p>C&#8217;est une le\u00e7on d&#8217;histoire sans fin, un voyage au c\u0153ur des saveurs, des ar\u00f4mes, des textures et des odeurs de ces dix-neuf communes que l&#8217;on ressent et que l&#8217;on respire en explorant ces sanctuaires de la culture, de l&#8217;abondance et de la sagesse : Alij\u00f3, Armamar, Carrazeda de Ansi\u00e3es, Freixo de Espada \u00e0 Cinta, Lamego, Mes\u00e3o Frio, Moimenta da Beira, Mur\u00e7a, Penedono, Peso da R\u00e9gua, Sabrosa, S\u00e3o Jo\u00e3o da Pesqueira, Santa Marta de Penagui\u00e3o, Sernancelhe, Tabua\u00e7o, Tarouca, Torre de Moncorvo, Vila Nova de Foz C\u00f4a et Vila Real.<\/p>\t\t\t\t\t\t\t\t<\/div>\n\t\t\t\t<\/div>\n\t\t\t\t\t<\/div>\n\t\t\t\t<\/div>\n\t\t<div class=\"elementor-element elementor-element-5998d27 e-flex e-con-boxed e-con e-parent\" data-id=\"5998d27\" data-element_type=\"container\">\n\t\t\t\t\t<div class=\"e-con-inner\">\n\t\t<div class=\"elementor-element elementor-element-b2f3c1a e-con-full elementor-hidden-mobile e-flex e-con e-child\" data-id=\"b2f3c1a\" data-element_type=\"container\" data-settings=\"{&quot;background_background&quot;:&quot;classic&quot;}\">\n\t\t\t\t<\/div>\n\t\t<div class=\"elementor-element elementor-element-48105b4 e-con-full e-flex e-con e-child\" data-id=\"48105b4\" data-element_type=\"container\">\n\t\t\t\t<div class=\"elementor-element elementor-element-9d4e195 elementor-hidden-desktop elementor-hidden-laptop elementor-hidden-tablet elementor-widget elementor-widget-image\" data-id=\"9d4e195\" data-element_type=\"widget\" data-widget_type=\"image.default\">\n\t\t\t\t<div class=\"elementor-widget-container\">\n\t\t\t\t\t\t\t\t\t\t\t\t\t\t\t<img fetchpriority=\"high\" decoding=\"async\" width=\"683\" height=\"1024\" src=\"https:\/\/discoverdouro.pt\/wp-content\/uploads\/2023\/12\/ADARME_10-683x1024.jpg\" class=\"attachment-large size-large wp-image-40516\" alt=\"\" srcset=\"https:\/\/discoverdouro.pt\/wp-content\/uploads\/2023\/12\/ADARME_10-683x1024.jpg 683w, https:\/\/discoverdouro.pt\/wp-content\/uploads\/2023\/12\/ADARME_10-200x300.jpg 200w, https:\/\/discoverdouro.pt\/wp-content\/uploads\/2023\/12\/ADARME_10-768x1152.jpg 768w, https:\/\/discoverdouro.pt\/wp-content\/uploads\/2023\/12\/ADARME_10-1024x1536.jpg 1024w, https:\/\/discoverdouro.pt\/wp-content\/uploads\/2023\/12\/ADARME_10-1365x2048.jpg 1365w, https:\/\/discoverdouro.pt\/wp-content\/uploads\/2023\/12\/ADARME_10.jpg 1666w\" sizes=\"(max-width: 683px) 100vw, 683px\" \/>\t\t\t\t\t\t\t\t\t\t\t\t\t\t\t<\/div>\n\t\t\t\t<\/div>\n\t\t\t\t<div class=\"elementor-element elementor-element-6968bf7 elementor-widget elementor-widget-heading\" data-id=\"6968bf7\" data-element_type=\"widget\" data-widget_type=\"heading.default\">\n\t\t\t\t<div class=\"elementor-widget-container\">\n\t\t\t\t\t<h2 class=\"elementor-heading-title elementor-size-default\">Vins<\/h2>\t\t\t\t<\/div>\n\t\t\t\t<\/div>\n\t\t\t\t<div class=\"elementor-element elementor-element-36888d1 elementor-widget elementor-widget-text-editor\" data-id=\"36888d1\" data-element_type=\"widget\" data-widget_type=\"text-editor.default\">\n\t\t\t\t<div class=\"elementor-widget-container\">\n\t\t\t\t\t\t\t\t\t<p>Ce sont des vins uniques, n\u00e9s de la combinaison unique du sol, du climat et du travail des habitants du Douro. De tous les vins produits dans la premi\u00e8re r\u00e9gion d\u00e9limit\u00e9e et r\u00e9glement\u00e9e au monde (1756), le porto est sans aucun doute le plus remarquable et le plus sublime. Le porto est sans aucun doute le plus remarquable et le plus sublime. Connu depuis l&#8217;\u00e9poque romaine, il \u00e9tait achemin\u00e9 d\u00e8s le XVIe si\u00e8cle \u00e0 Vila Nova de Gaia dans des bateaux rabelo, pour \u00eatre export\u00e9 apr\u00e8s vieillissement et faire le bonheur des Anglais et d&#8217;autres peuples.<\/p><p>Mais ce territoire rec\u00e8le une multitude de nectars surprenants. Tant par la diff\u00e9rence de personnalit\u00e9 que par la distinction des couleurs, des textures et des ar\u00f4mes, permettant des go\u00fbts multiples qui renforcent, ann\u00e9e apr\u00e8s ann\u00e9e, la notori\u00e9t\u00e9 qu&#8217;il a acquise ces derni\u00e8res d\u00e9cennies. Qu&#8217;il s&#8217;agisse des plateaux fertiles du c\u00e9page muscat de Galice, d&#8217;o\u00f9 il est magnanime, ou de la r\u00e9gion de T\u00e1vora-Valdarna, d&#8217;o\u00f9 il provient.<br \/>ou de la r\u00e9gion d\u00e9limit\u00e9e de T\u00e1vora-Varosa, berceau du vin mousseux, les vins DOC du Douro et les domaines de la grande vall\u00e9e r\u00e9affirment leur h\u00e9ritage historique, remportant des prix et des distinctions dans le monde entier.<\/p>\t\t\t\t\t\t\t\t<\/div>\n\t\t\t\t<\/div>\n\t\t\t\t<\/div>\n\t\t\t\t\t<\/div>\n\t\t\t\t<\/div>\n\t\t<div class=\"elementor-element elementor-element-114a7a1 e-flex e-con-boxed e-con e-parent\" data-id=\"114a7a1\" data-element_type=\"container\">\n\t\t\t\t\t<div class=\"e-con-inner\">\n\t\t<div class=\"elementor-element elementor-element-5019c2e e-con-full e-flex e-con e-child\" data-id=\"5019c2e\" data-element_type=\"container\">\n\t\t\t\t<div class=\"elementor-element elementor-element-b0834c4 elementor-hidden-desktop elementor-hidden-laptop elementor-hidden-tablet elementor-widget elementor-widget-image\" data-id=\"b0834c4\" data-element_type=\"widget\" data-widget_type=\"image.default\">\n\t\t\t\t<div class=\"elementor-widget-container\">\n\t\t\t\t\t\t\t\t\t\t\t\t\t\t\t<img decoding=\"async\" width=\"800\" height=\"800\" src=\"https:\/\/discoverdouro.pt\/wp-content\/uploads\/2023\/12\/ADARME_26_PRODUTOS_ENDOGENOS_AZEITE_MED-1024x1024.jpg\" class=\"attachment-large size-large wp-image-40535\" alt=\"\" srcset=\"https:\/\/discoverdouro.pt\/wp-content\/uploads\/2023\/12\/ADARME_26_PRODUTOS_ENDOGENOS_AZEITE_MED-1024x1024.jpg 1024w, https:\/\/discoverdouro.pt\/wp-content\/uploads\/2023\/12\/ADARME_26_PRODUTOS_ENDOGENOS_AZEITE_MED-300x300.jpg 300w, https:\/\/discoverdouro.pt\/wp-content\/uploads\/2023\/12\/ADARME_26_PRODUTOS_ENDOGENOS_AZEITE_MED-150x150.jpg 150w, https:\/\/discoverdouro.pt\/wp-content\/uploads\/2023\/12\/ADARME_26_PRODUTOS_ENDOGENOS_AZEITE_MED-768x768.jpg 768w, https:\/\/discoverdouro.pt\/wp-content\/uploads\/2023\/12\/ADARME_26_PRODUTOS_ENDOGENOS_AZEITE_MED.jpg 1535w\" sizes=\"(max-width: 800px) 100vw, 800px\" \/>\t\t\t\t\t\t\t\t\t\t\t\t\t\t\t<\/div>\n\t\t\t\t<\/div>\n\t\t\t\t<div class=\"elementor-element elementor-element-d3e08b6 elementor-widget elementor-widget-heading\" data-id=\"d3e08b6\" data-element_type=\"widget\" data-widget_type=\"heading.default\">\n\t\t\t\t<div class=\"elementor-widget-container\">\n\t\t\t\t\t<h2 class=\"elementor-heading-title elementor-size-default\">Huile d'olive<\/h2>\t\t\t\t<\/div>\n\t\t\t\t<\/div>\n\t\t\t\t<div class=\"elementor-element elementor-element-5075dba elementor-widget elementor-widget-text-editor\" data-id=\"5075dba\" data-element_type=\"widget\" data-widget_type=\"text-editor.default\">\n\t\t\t\t<div class=\"elementor-widget-container\">\n\t\t\t\t\t\t\t\t\t<p>Ingr\u00e9dient essentiel de la gastronomie du Douro, l&#8217;huile d&#8217;olive pure et p\u00e9tillante de la r\u00e9gion est le fruit d&#8217;une alchimie ancienne, qui se perp\u00e9tue naturellement de g\u00e9n\u00e9ration en g\u00e9n\u00e9ration. Provenant des oliveraies des terres schisteuses typiques du Douro, b\u00e9nies par son microclimat, ses olives sont r\u00e9colt\u00e9es au bon moment, s\u00e9lectionn\u00e9es et nettoy\u00e9es selon des techniques traditionnelles, donnant naissance \u00e0 des huiles savoureuses aux ar\u00f4mes fruit\u00e9s.<\/p><p>Ce n&#8217;est qu&#8217;en visitant le Douro que l&#8217;on peut conna\u00eetre les meilleures ! Elles sont produites conform\u00e9ment aux normes de l&#8217;Union europ\u00e9enne, mais la mystique du processus artisanal se d\u00e9roule encore souvent dans les moulins centenaires des fermes et des domaines. Leur caract\u00e8re exceptionnel est reconnu par l&#8217;appellation d&#8217;origine prot\u00e9g\u00e9e (AOP). L&#8217;exp\u00e9rience qu&#8217;ils offrent m\u00e9rite un voyage \u00e0 leurs origines et&#8230; une longue d\u00e9gustation. A partir d&#8217;une large gamme de<br \/>d\u00e9licates, acides et aromatiques, les huiles d&#8217;olive produites dans le Douro sont depuis plusieurs d\u00e9cennies de v\u00e9ritables stars qui brillent dans les concours internationaux et transforment les plats gastronomiques en &#8220;or&#8221; gr\u00e2ce \u00e0 leur &#8220;touche Midas&#8221;.<\/p>\t\t\t\t\t\t\t\t<\/div>\n\t\t\t\t<\/div>\n\t\t\t\t<\/div>\n\t\t<div class=\"elementor-element elementor-element-3052bbe e-con-full elementor-hidden-mobile e-flex e-con e-child\" data-id=\"3052bbe\" data-element_type=\"container\" data-settings=\"{&quot;background_background&quot;:&quot;classic&quot;}\">\n\t\t\t\t<\/div>\n\t\t\t\t\t<\/div>\n\t\t\t\t<\/div>\n\t\t<div class=\"elementor-element elementor-element-691aee1 e-flex e-con-boxed e-con e-parent\" data-id=\"691aee1\" data-element_type=\"container\">\n\t\t\t\t\t<div class=\"e-con-inner\">\n\t\t<div class=\"elementor-element elementor-element-97c0d6a e-con-full elementor-hidden-mobile e-flex e-con e-child\" data-id=\"97c0d6a\" data-element_type=\"container\" data-settings=\"{&quot;background_background&quot;:&quot;classic&quot;}\">\n\t\t\t\t<\/div>\n\t\t<div class=\"elementor-element elementor-element-1e5d59c e-con-full e-flex e-con e-child\" data-id=\"1e5d59c\" data-element_type=\"container\">\n\t\t\t\t<div class=\"elementor-element elementor-element-c4ca13d elementor-hidden-desktop elementor-hidden-laptop elementor-hidden-tablet elementor-widget elementor-widget-image\" data-id=\"c4ca13d\" data-element_type=\"widget\" data-widget_type=\"image.default\">\n\t\t\t\t<div class=\"elementor-widget-container\">\n\t\t\t\t\t\t\t\t\t\t\t\t\t\t\t<img decoding=\"async\" width=\"800\" height=\"800\" src=\"https:\/\/discoverdouro.pt\/wp-content\/uploads\/2023\/12\/ADARME_37_PRODUTOS_ENDOGENOS_MED-1024x1024.jpg\" class=\"attachment-large size-large wp-image-40531\" alt=\"\" srcset=\"https:\/\/discoverdouro.pt\/wp-content\/uploads\/2023\/12\/ADARME_37_PRODUTOS_ENDOGENOS_MED-1024x1024.jpg 1024w, https:\/\/discoverdouro.pt\/wp-content\/uploads\/2023\/12\/ADARME_37_PRODUTOS_ENDOGENOS_MED-300x300.jpg 300w, https:\/\/discoverdouro.pt\/wp-content\/uploads\/2023\/12\/ADARME_37_PRODUTOS_ENDOGENOS_MED-150x150.jpg 150w, https:\/\/discoverdouro.pt\/wp-content\/uploads\/2023\/12\/ADARME_37_PRODUTOS_ENDOGENOS_MED-768x768.jpg 768w, https:\/\/discoverdouro.pt\/wp-content\/uploads\/2023\/12\/ADARME_37_PRODUTOS_ENDOGENOS_MED-1536x1536.jpg 1536w, https:\/\/discoverdouro.pt\/wp-content\/uploads\/2023\/12\/ADARME_37_PRODUTOS_ENDOGENOS_MED-2048x2048.jpg 2048w\" sizes=\"(max-width: 800px) 100vw, 800px\" \/>\t\t\t\t\t\t\t\t\t\t\t\t\t\t\t<\/div>\n\t\t\t\t<\/div>\n\t\t\t\t<div class=\"elementor-element elementor-element-8dbb3c0 elementor-widget elementor-widget-heading\" data-id=\"8dbb3c0\" data-element_type=\"widget\" data-widget_type=\"heading.default\">\n\t\t\t\t<div class=\"elementor-widget-container\">\n\t\t\t\t\t<h2 class=\"elementor-heading-title elementor-size-default\">Pomme<\/h2>\t\t\t\t<\/div>\n\t\t\t\t<\/div>\n\t\t\t\t<div class=\"elementor-element elementor-element-b326e44 elementor-widget elementor-widget-text-editor\" data-id=\"b326e44\" data-element_type=\"widget\" data-widget_type=\"text-editor.default\">\n\t\t\t\t<div class=\"elementor-widget-container\">\n\t\t\t\t\t\t\t\t\t<p>Les contrastes de terrain et de climat de la vall\u00e9e du Douro, si p\u00e9nalisants par la disparit\u00e9 des amplitudes thermiques qu&#8217;ils infligent \u00e0 la r\u00e9gion, sont \u00e0 la fois une b\u00e9n\u00e9diction pour son sol fertile et une partie du secret des pommes qui y sont produites. Des milliers d&#8217;hectares de pommiers, entrecoup\u00e9s de vignobles et bord\u00e9s d&#8217;oliviers, embellissent un paysage qui doit beaucoup \u00e0 la culture de ce fruit.<\/p><p>La pomme de ces r\u00e9gions est g\u00e9n\u00e9ralement aussi haute que les ch\u00e2teaux et les points de vue des environs, ce qui lui vaut le nom de &#8220;Ma\u00e7\u00e3 de Altitude&#8221; (pomme d&#8217;altitude). Son calibre remplit la main, fait \u00e9carquiller les yeux, mais c&#8217;est en bouche que toute sa splendeur se r\u00e9v\u00e8le. R\u00e9sistantes \u00e0 l&#8217;adversit\u00e9, ces pommes sont, du fait de leur altitude, plus aromatiques, plus croquantes et plus savoureuses que les autres vari\u00e9t\u00e9s cultiv\u00e9es ailleurs. Polyvalente et durable, la pomme du Douro est utilis\u00e9e dans les recettes de confiserie et dans les jus produits au Portugal. Des milliers de tonnes par an sont consomm\u00e9es au Portugal mais, pour le plus grand bonheur de beaucoup, elles arrivent d\u00e9sormais dans des pays aussi lointains que le Br\u00e9sil, l&#8217;Angola ou Duba\u00ef, car leur renomm\u00e9e, reconnue par des troph\u00e9es et des m\u00e9dailles, ne conna\u00eet pas de fronti\u00e8res.<\/p>\t\t\t\t\t\t\t\t<\/div>\n\t\t\t\t<\/div>\n\t\t\t\t<\/div>\n\t\t\t\t\t<\/div>\n\t\t\t\t<\/div>\n\t\t<div class=\"elementor-element elementor-element-840f449 e-flex e-con-boxed e-con e-parent\" data-id=\"840f449\" data-element_type=\"container\">\n\t\t\t\t\t<div class=\"e-con-inner\">\n\t\t<div class=\"elementor-element elementor-element-3e86ba9 e-con-full e-flex e-con e-child\" data-id=\"3e86ba9\" data-element_type=\"container\">\n\t\t\t\t<div class=\"elementor-element elementor-element-a0a2e2d elementor-hidden-desktop elementor-hidden-laptop elementor-hidden-tablet elementor-widget elementor-widget-image\" data-id=\"a0a2e2d\" data-element_type=\"widget\" data-widget_type=\"image.default\">\n\t\t\t\t<div class=\"elementor-widget-container\">\n\t\t\t\t\t\t\t\t\t\t\t\t\t\t\t<img loading=\"lazy\" decoding=\"async\" width=\"800\" height=\"800\" src=\"https:\/\/discoverdouro.pt\/wp-content\/uploads\/2023\/12\/ADARME_60_PROPDUTOS_ENDOGENOS_AMENDOA_MED-1024x1024.jpg\" class=\"attachment-large size-large wp-image-40539\" alt=\"\" srcset=\"https:\/\/discoverdouro.pt\/wp-content\/uploads\/2023\/12\/ADARME_60_PROPDUTOS_ENDOGENOS_AMENDOA_MED-1024x1024.jpg 1024w, https:\/\/discoverdouro.pt\/wp-content\/uploads\/2023\/12\/ADARME_60_PROPDUTOS_ENDOGENOS_AMENDOA_MED-300x300.jpg 300w, https:\/\/discoverdouro.pt\/wp-content\/uploads\/2023\/12\/ADARME_60_PROPDUTOS_ENDOGENOS_AMENDOA_MED-150x150.jpg 150w, https:\/\/discoverdouro.pt\/wp-content\/uploads\/2023\/12\/ADARME_60_PROPDUTOS_ENDOGENOS_AMENDOA_MED-768x768.jpg 768w, https:\/\/discoverdouro.pt\/wp-content\/uploads\/2023\/12\/ADARME_60_PROPDUTOS_ENDOGENOS_AMENDOA_MED-1536x1536.jpg 1536w, https:\/\/discoverdouro.pt\/wp-content\/uploads\/2023\/12\/ADARME_60_PROPDUTOS_ENDOGENOS_AMENDOA_MED.jpg 1979w\" sizes=\"(max-width: 800px) 100vw, 800px\" \/>\t\t\t\t\t\t\t\t\t\t\t\t\t\t\t<\/div>\n\t\t\t\t<\/div>\n\t\t\t\t<div class=\"elementor-element elementor-element-9170a25 elementor-widget elementor-widget-heading\" data-id=\"9170a25\" data-element_type=\"widget\" data-widget_type=\"heading.default\">\n\t\t\t\t<div class=\"elementor-widget-container\">\n\t\t\t\t\t<h2 class=\"elementor-heading-title elementor-size-default\">Amande<\/h2>\t\t\t\t<\/div>\n\t\t\t\t<\/div>\n\t\t\t\t<div class=\"elementor-element elementor-element-c569ecd elementor-widget elementor-widget-text-editor\" data-id=\"c569ecd\" data-element_type=\"widget\" data-widget_type=\"text-editor.default\">\n\t\t\t\t<div class=\"elementor-widget-container\">\n\t\t\t\t\t\t\t\t\t<p>L&#8217;amandier, un arbre d\u00e9licat que seules les terres au climat m\u00e9diterran\u00e9en, aux \u00e9t\u00e9s chauds et aux hivers rigoureux, ont le privil\u00e8ge de voir pousser et fleurir, se r\u00e9pand dans le paysage de plusieurs communes du Douro, les b\u00e9nissant deux fois par an : avec sa fleur et avec son fruit. Entre f\u00e9vrier et mars, des milliers d&#8217;amandiers poussent dans un majestueux lit blanc, entre vall\u00e9es et coteaux, sur des dizaines de kilom\u00e8tres. Lors des nombreuses f\u00eates locales consacr\u00e9es \u00e0 l&#8217;amandier en fleur, ou \u00e0 n&#8217;importe quel moment de l&#8217;ann\u00e9e, il est imp\u00e9ratif de conna\u00eetre les anciens rituels associ\u00e9s \u00e0 ce fruit cach\u00e9 dans une coque dure, aux propri\u00e9t\u00e9s inoubliables et pr\u00e9sent de mani\u00e8re incontournable dans les recettes traditionnelles du Douro. Grill\u00e9es, pel\u00e9es, pil\u00e9es, en farine (l&#8217;une des alternatives saines au gluten) ; recouvertes de p\u00e2te \u00e0 sucre en mille tours de bol ou donnant forme et consistance \u00e0 des g\u00e2teaux et des biscuits, elles sont sans aucun doute l&#8217;un des meilleurs pr\u00e9textes pour conna\u00eetre une r\u00e9gion aux paysages in\u00e9galables, au patrimoine sublime et aux mille exp\u00e9riences.<\/p>\t\t\t\t\t\t\t\t<\/div>\n\t\t\t\t<\/div>\n\t\t\t\t<\/div>\n\t\t<div class=\"elementor-element elementor-element-4ac6143 e-con-full elementor-hidden-mobile e-flex e-con e-child\" data-id=\"4ac6143\" data-element_type=\"container\" data-settings=\"{&quot;background_background&quot;:&quot;classic&quot;}\">\n\t\t\t\t<\/div>\n\t\t\t\t\t<\/div>\n\t\t\t\t<\/div>\n\t\t<div class=\"elementor-element elementor-element-5941b04 e-flex e-con-boxed e-con e-parent\" data-id=\"5941b04\" data-element_type=\"container\">\n\t\t\t\t\t<div class=\"e-con-inner\">\n\t\t<div class=\"elementor-element elementor-element-3484450 e-con-full elementor-hidden-mobile e-flex e-con e-child\" data-id=\"3484450\" data-element_type=\"container\" data-settings=\"{&quot;background_background&quot;:&quot;classic&quot;}\">\n\t\t\t\t<\/div>\n\t\t<div class=\"elementor-element elementor-element-83fe5fd e-con-full e-flex e-con e-child\" data-id=\"83fe5fd\" data-element_type=\"container\">\n\t\t\t\t<div class=\"elementor-element elementor-element-0c0681a elementor-hidden-desktop elementor-hidden-laptop elementor-hidden-tablet elementor-widget elementor-widget-image\" data-id=\"0c0681a\" data-element_type=\"widget\" data-widget_type=\"image.default\">\n\t\t\t\t<div class=\"elementor-widget-container\">\n\t\t\t\t\t\t\t\t\t\t\t\t\t\t\t<img loading=\"lazy\" decoding=\"async\" width=\"800\" height=\"800\" src=\"https:\/\/discoverdouro.pt\/wp-content\/uploads\/2023\/12\/ADARME_71_PRODUTOS_ENDOGENOS_CASTANHA-1024x1024.jpg\" class=\"attachment-large size-large wp-image-40527\" alt=\"\" srcset=\"https:\/\/discoverdouro.pt\/wp-content\/uploads\/2023\/12\/ADARME_71_PRODUTOS_ENDOGENOS_CASTANHA-1024x1024.jpg 1024w, https:\/\/discoverdouro.pt\/wp-content\/uploads\/2023\/12\/ADARME_71_PRODUTOS_ENDOGENOS_CASTANHA-300x300.jpg 300w, https:\/\/discoverdouro.pt\/wp-content\/uploads\/2023\/12\/ADARME_71_PRODUTOS_ENDOGENOS_CASTANHA-150x150.jpg 150w, https:\/\/discoverdouro.pt\/wp-content\/uploads\/2023\/12\/ADARME_71_PRODUTOS_ENDOGENOS_CASTANHA-768x768.jpg 768w, https:\/\/discoverdouro.pt\/wp-content\/uploads\/2023\/12\/ADARME_71_PRODUTOS_ENDOGENOS_CASTANHA.jpg 1535w\" sizes=\"(max-width: 800px) 100vw, 800px\" \/>\t\t\t\t\t\t\t\t\t\t\t\t\t\t\t<\/div>\n\t\t\t\t<\/div>\n\t\t\t\t<div class=\"elementor-element elementor-element-7f56ff9 elementor-widget elementor-widget-heading\" data-id=\"7f56ff9\" data-element_type=\"widget\" data-widget_type=\"heading.default\">\n\t\t\t\t<div class=\"elementor-widget-container\">\n\t\t\t\t\t<h2 class=\"elementor-heading-title elementor-size-default\">Marron<\/h2>\t\t\t\t<\/div>\n\t\t\t\t<\/div>\n\t\t\t\t<div class=\"elementor-element elementor-element-a618a2b elementor-widget elementor-widget-text-editor\" data-id=\"a618a2b\" data-element_type=\"widget\" data-widget_type=\"text-editor.default\">\n\t\t\t\t<div class=\"elementor-widget-container\">\n\t\t\t\t\t\t\t\t\t<p>C&#8217;est avec la fin de la r\u00e9colte et l&#8217;arriv\u00e9e de l&#8217;automne que commence l&#8217;agitation dans les bosquets. Des milliers de tonnes de ch\u00e2taignes sont s\u00e9par\u00e9es chaque ann\u00e9e du h\u00e9risson sec qui les a prot\u00e9g\u00e9es de la chaleur et du froid pour \u00eatre rapidement distribu\u00e9es dans tout le pays ou export\u00e9es vers le Br\u00e9sil, l&#8217;Italie ou la France.<\/p><p>Les habitants du Douro entretiennent une relation ancestrale avec ce fruit. Ils reconnaissent dans leurs arbres feuillus une r\u00e9sistance \u00e0 l&#8217;\u00e9preuve du temps ; ils sont fiers de leurs bucoliques ch\u00e2taigneraies \u00e0 perte de vue, o\u00f9 se cachent de tendres champignons et o\u00f9 s&#8217;abritent li\u00e8vres, lapins et sangliers, qui attirent tant de chasseurs dans ces contr\u00e9es. Les rituels autour de la ch\u00e2taigne &#8211; principalement de la vari\u00e9t\u00e9 Marta\u00ednha, la plus recherch\u00e9e sur les march\u00e9s &#8211; donnent lieu \u00e0 de multiples c\u00e9l\u00e9brations. En novembre, pour S\u00e3o Martinho, les magustos sont une constante sur tout le territoire. Les plats de gibier, le vin, les &#8220;f\u00eates de la ch\u00e2taigne&#8221; et les paysages polychromes sont autant d&#8217;arguments irr\u00e9futables pour visiter le Douro en automne et en toutes saisons.<\/p>\t\t\t\t\t\t\t\t<\/div>\n\t\t\t\t<\/div>\n\t\t\t\t<\/div>\n\t\t\t\t\t<\/div>\n\t\t\t\t<\/div>\n\t\t\t\t<\/div>\n\t\t","protected":false},"excerpt":{"rendered":"<p>Produits endog\u00e8nes Un territoire, trois sites du patrimoine mondial, trois parcs naturels, deux r\u00e9gions d\u00e9limit\u00e9es &#8211; dont l&#8217;une est la premi\u00e8re au monde \u00e0 avoir \u00e9t\u00e9 d\u00e9limit\u00e9e et r\u00e9glement\u00e9e au milieu du XVIIIe si\u00e8cle -, des c\u00e9pages uniques, des produits d&#8217;appellation d&#8217;origine prot\u00e9g\u00e9e, des races indig\u00e8nes et une biodiversit\u00e9 aussi vaste qu&#8217;\u00e9poustouflante sont quelques-uns des [&hellip;]<\/p>\n","protected":false},"author":40,"featured_media":0,"parent":0,"menu_order":0,"comment_status":"closed","ping_status":"closed","template":"","meta":{"footnotes":""},"class_list":["post-41809","page","type-page","status-publish","hentry"],"acf":[],"yoast_head":"<!-- This site is optimized with the Yoast SEO plugin v26.2 - https:\/\/yoast.com\/wordpress\/plugins\/seo\/ -->\n<title>Saveurs et savoir-faire - Discover Douro<\/title>\n<meta name=\"robots\" content=\"index, follow, max-snippet:-1, max-image-preview:large, max-video-preview:-1\" \/>\n<link rel=\"canonical\" href=\"https:\/\/discoverdouro.pt\/fr\/saveurs-et-savoir-faire\" \/>\n<meta property=\"og:locale\" content=\"fr_FR\" \/>\n<meta property=\"og:type\" content=\"article\" \/>\n<meta property=\"og:title\" content=\"Saveurs et savoir-faire - Discover Douro\" \/>\n<meta property=\"og:description\" content=\"Produits endog\u00e8nes Un territoire, trois sites du patrimoine mondial, trois parcs naturels, deux r\u00e9gions d\u00e9limit\u00e9es &#8211; dont l&#8217;une est la premi\u00e8re au monde \u00e0 avoir \u00e9t\u00e9 d\u00e9limit\u00e9e et r\u00e9glement\u00e9e au milieu du XVIIIe si\u00e8cle -, des c\u00e9pages uniques, des produits d&#8217;appellation d&#8217;origine prot\u00e9g\u00e9e, des races indig\u00e8nes et une biodiversit\u00e9 aussi vaste qu&#8217;\u00e9poustouflante sont quelques-uns des [&hellip;]\" \/>\n<meta property=\"og:url\" content=\"https:\/\/discoverdouro.pt\/fr\/saveurs-et-savoir-faire\" \/>\n<meta property=\"og:site_name\" content=\"Discover Douro\" \/>\n<meta property=\"article:publisher\" content=\"https:\/\/www.facebook.com\/profile.php?id=61555234744391\" \/>\n<meta property=\"article:modified_time\" content=\"2024-01-22T18:29:03+00:00\" \/>\n<meta property=\"og:image\" content=\"https:\/\/www.discoverdouro.pt\/wp-content\/uploads\/2023\/12\/ADARME_10-683x1024.jpg\" \/>\n<meta name=\"twitter:card\" content=\"summary_large_image\" \/>\n<meta name=\"twitter:site\" content=\"@DiscoverDouro\" \/>\n<meta name=\"twitter:label1\" content=\"Est. reading time\" \/>\n\t<meta name=\"twitter:data1\" content=\"8 minutes\" \/>\n<script type=\"application\/ld+json\" class=\"yoast-schema-graph\">{\"@context\":\"https:\/\/schema.org\",\"@graph\":[{\"@type\":\"WebPage\",\"@id\":\"https:\/\/discoverdouro.pt\/fr\/saveurs-et-savoir-faire\",\"url\":\"https:\/\/discoverdouro.pt\/fr\/saveurs-et-savoir-faire\",\"name\":\"Saveurs et savoir-faire - Discover Douro\",\"isPartOf\":{\"@id\":\"https:\/\/discoverdouro.pt\/fr#website\"},\"primaryImageOfPage\":{\"@id\":\"https:\/\/discoverdouro.pt\/fr\/saveurs-et-savoir-faire#primaryimage\"},\"image\":{\"@id\":\"https:\/\/discoverdouro.pt\/fr\/saveurs-et-savoir-faire#primaryimage\"},\"thumbnailUrl\":\"https:\/\/www.discoverdouro.pt\/wp-content\/uploads\/2023\/12\/ADARME_10-683x1024.jpg\",\"datePublished\":\"2023-12-11T15:16:10+00:00\",\"dateModified\":\"2024-01-22T18:29:03+00:00\",\"breadcrumb\":{\"@id\":\"https:\/\/discoverdouro.pt\/fr\/saveurs-et-savoir-faire#breadcrumb\"},\"inLanguage\":\"fr\",\"potentialAction\":[{\"@type\":\"ReadAction\",\"target\":[\"https:\/\/discoverdouro.pt\/fr\/saveurs-et-savoir-faire\"]}]},{\"@type\":\"ImageObject\",\"inLanguage\":\"fr\",\"@id\":\"https:\/\/discoverdouro.pt\/fr\/saveurs-et-savoir-faire#primaryimage\",\"url\":\"https:\/\/www.discoverdouro.pt\/wp-content\/uploads\/2023\/12\/ADARME_10-683x1024.jpg\",\"contentUrl\":\"https:\/\/www.discoverdouro.pt\/wp-content\/uploads\/2023\/12\/ADARME_10-683x1024.jpg\"},{\"@type\":\"BreadcrumbList\",\"@id\":\"https:\/\/discoverdouro.pt\/fr\/saveurs-et-savoir-faire#breadcrumb\",\"itemListElement\":[{\"@type\":\"ListItem\",\"position\":1,\"name\":\"Home\",\"item\":\"https:\/\/discoverdouro.pt\/fr\"},{\"@type\":\"ListItem\",\"position\":2,\"name\":\"Saveurs et savoir-faire\"}]},{\"@type\":\"WebSite\",\"@id\":\"https:\/\/discoverdouro.pt\/fr#website\",\"url\":\"https:\/\/discoverdouro.pt\/fr\",\"name\":\"Discover Douro\",\"description\":\"O Para\u00edso de Portugal\",\"publisher\":{\"@id\":\"https:\/\/discoverdouro.pt\/fr#organization\"},\"potentialAction\":[{\"@type\":\"SearchAction\",\"target\":{\"@type\":\"EntryPoint\",\"urlTemplate\":\"https:\/\/discoverdouro.pt\/fr?s={search_term_string}\"},\"query-input\":{\"@type\":\"PropertyValueSpecification\",\"valueRequired\":true,\"valueName\":\"search_term_string\"}}],\"inLanguage\":\"fr\"},{\"@type\":\"Organization\",\"@id\":\"https:\/\/discoverdouro.pt\/fr#organization\",\"name\":\"Discover Douro\",\"url\":\"https:\/\/discoverdouro.pt\/fr\",\"logo\":{\"@type\":\"ImageObject\",\"inLanguage\":\"fr\",\"@id\":\"https:\/\/discoverdouro.pt\/fr#\/schema\/logo\/image\/\",\"url\":\"https:\/\/www.discoverdouro.pt\/wp-content\/uploads\/2024\/01\/cropped-Icon_Discover.png\",\"contentUrl\":\"https:\/\/www.discoverdouro.pt\/wp-content\/uploads\/2024\/01\/cropped-Icon_Discover.png\",\"width\":512,\"height\":512,\"caption\":\"Discover Douro\"},\"image\":{\"@id\":\"https:\/\/discoverdouro.pt\/fr#\/schema\/logo\/image\/\"},\"sameAs\":[\"https:\/\/www.facebook.com\/profile.php?id=61555234744391\",\"https:\/\/x.com\/DiscoverDouro\",\"https:\/\/www.instagram.com\/discover.douro\",\"https:\/\/www.tiktok.com\/@discoverdouro\",\"https:\/\/www.linkedin.com\/company\/discover-douro\/\"]}]}<\/script>\n<!-- \/ Yoast SEO plugin. -->","yoast_head_json":{"title":"Saveurs et savoir-faire - Discover Douro","robots":{"index":"index","follow":"follow","max-snippet":"max-snippet:-1","max-image-preview":"max-image-preview:large","max-video-preview":"max-video-preview:-1"},"canonical":"https:\/\/discoverdouro.pt\/fr\/saveurs-et-savoir-faire","og_locale":"fr_FR","og_type":"article","og_title":"Saveurs et savoir-faire - Discover Douro","og_description":"Produits endog\u00e8nes Un territoire, trois sites du patrimoine mondial, trois parcs naturels, deux r\u00e9gions d\u00e9limit\u00e9es &#8211; dont l&#8217;une est la premi\u00e8re au monde \u00e0 avoir \u00e9t\u00e9 d\u00e9limit\u00e9e et r\u00e9glement\u00e9e au milieu du XVIIIe si\u00e8cle -, des c\u00e9pages uniques, des produits d&#8217;appellation d&#8217;origine prot\u00e9g\u00e9e, des races indig\u00e8nes et une biodiversit\u00e9 aussi vaste qu&#8217;\u00e9poustouflante sont quelques-uns des [&hellip;]","og_url":"https:\/\/discoverdouro.pt\/fr\/saveurs-et-savoir-faire","og_site_name":"Discover Douro","article_publisher":"https:\/\/www.facebook.com\/profile.php?id=61555234744391","article_modified_time":"2024-01-22T18:29:03+00:00","og_image":[{"url":"https:\/\/www.discoverdouro.pt\/wp-content\/uploads\/2023\/12\/ADARME_10-683x1024.jpg","type":"","width":"","height":""}],"twitter_card":"summary_large_image","twitter_site":"@DiscoverDouro","twitter_misc":{"Est. reading time":"8 minutes"},"schema":{"@context":"https:\/\/schema.org","@graph":[{"@type":"WebPage","@id":"https:\/\/discoverdouro.pt\/fr\/saveurs-et-savoir-faire","url":"https:\/\/discoverdouro.pt\/fr\/saveurs-et-savoir-faire","name":"Saveurs et savoir-faire - Discover Douro","isPartOf":{"@id":"https:\/\/discoverdouro.pt\/fr#website"},"primaryImageOfPage":{"@id":"https:\/\/discoverdouro.pt\/fr\/saveurs-et-savoir-faire#primaryimage"},"image":{"@id":"https:\/\/discoverdouro.pt\/fr\/saveurs-et-savoir-faire#primaryimage"},"thumbnailUrl":"https:\/\/www.discoverdouro.pt\/wp-content\/uploads\/2023\/12\/ADARME_10-683x1024.jpg","datePublished":"2023-12-11T15:16:10+00:00","dateModified":"2024-01-22T18:29:03+00:00","breadcrumb":{"@id":"https:\/\/discoverdouro.pt\/fr\/saveurs-et-savoir-faire#breadcrumb"},"inLanguage":"fr","potentialAction":[{"@type":"ReadAction","target":["https:\/\/discoverdouro.pt\/fr\/saveurs-et-savoir-faire"]}]},{"@type":"ImageObject","inLanguage":"fr","@id":"https:\/\/discoverdouro.pt\/fr\/saveurs-et-savoir-faire#primaryimage","url":"https:\/\/www.discoverdouro.pt\/wp-content\/uploads\/2023\/12\/ADARME_10-683x1024.jpg","contentUrl":"https:\/\/www.discoverdouro.pt\/wp-content\/uploads\/2023\/12\/ADARME_10-683x1024.jpg"},{"@type":"BreadcrumbList","@id":"https:\/\/discoverdouro.pt\/fr\/saveurs-et-savoir-faire#breadcrumb","itemListElement":[{"@type":"ListItem","position":1,"name":"Home","item":"https:\/\/discoverdouro.pt\/fr"},{"@type":"ListItem","position":2,"name":"Saveurs et savoir-faire"}]},{"@type":"WebSite","@id":"https:\/\/discoverdouro.pt\/fr#website","url":"https:\/\/discoverdouro.pt\/fr","name":"Discover Douro","description":"O Para\u00edso de Portugal","publisher":{"@id":"https:\/\/discoverdouro.pt\/fr#organization"},"potentialAction":[{"@type":"SearchAction","target":{"@type":"EntryPoint","urlTemplate":"https:\/\/discoverdouro.pt\/fr?s={search_term_string}"},"query-input":{"@type":"PropertyValueSpecification","valueRequired":true,"valueName":"search_term_string"}}],"inLanguage":"fr"},{"@type":"Organization","@id":"https:\/\/discoverdouro.pt\/fr#organization","name":"Discover Douro","url":"https:\/\/discoverdouro.pt\/fr","logo":{"@type":"ImageObject","inLanguage":"fr","@id":"https:\/\/discoverdouro.pt\/fr#\/schema\/logo\/image\/","url":"https:\/\/www.discoverdouro.pt\/wp-content\/uploads\/2024\/01\/cropped-Icon_Discover.png","contentUrl":"https:\/\/www.discoverdouro.pt\/wp-content\/uploads\/2024\/01\/cropped-Icon_Discover.png","width":512,"height":512,"caption":"Discover Douro"},"image":{"@id":"https:\/\/discoverdouro.pt\/fr#\/schema\/logo\/image\/"},"sameAs":["https:\/\/www.facebook.com\/profile.php?id=61555234744391","https:\/\/x.com\/DiscoverDouro","https:\/\/www.instagram.com\/discover.douro","https:\/\/www.tiktok.com\/@discoverdouro","https:\/\/www.linkedin.com\/company\/discover-douro\/"]}]}},"_links":{"self":[{"href":"https:\/\/discoverdouro.pt\/fr\/wp-json\/wp\/v2\/pages\/41809","targetHints":{"allow":["GET"]}}],"collection":[{"href":"https:\/\/discoverdouro.pt\/fr\/wp-json\/wp\/v2\/pages"}],"about":[{"href":"https:\/\/discoverdouro.pt\/fr\/wp-json\/wp\/v2\/types\/page"}],"author":[{"embeddable":true,"href":"https:\/\/discoverdouro.pt\/fr\/wp-json\/wp\/v2\/users\/40"}],"replies":[{"embeddable":true,"href":"https:\/\/discoverdouro.pt\/fr\/wp-json\/wp\/v2\/comments?post=41809"}],"version-history":[{"count":21,"href":"https:\/\/discoverdouro.pt\/fr\/wp-json\/wp\/v2\/pages\/41809\/revisions"}],"predecessor-version":[{"id":47220,"href":"https:\/\/discoverdouro.pt\/fr\/wp-json\/wp\/v2\/pages\/41809\/revisions\/47220"}],"wp:attachment":[{"href":"https:\/\/discoverdouro.pt\/fr\/wp-json\/wp\/v2\/media?parent=41809"}],"curies":[{"name":"wp","href":"https:\/\/api.w.org\/{rel}","templated":true}]}}